{"id":27041,"date":"2026-01-16T08:00:24","date_gmt":"2026-01-16T07:00:24","guid":{"rendered":"https:\/\/www.dudelange.lu\/?post_type=avis&#038;p=27041"},"modified":"2026-01-16T09:57:10","modified_gmt":"2026-01-16T08:57:10","slug":"boite-a-livres-pour-enfants-creche-italie","status":"publish","type":"avis","link":"https:\/\/www.dudelange.lu\/index.php\/avis\/boite-a-livres-pour-enfants-creche-italie\/","title":{"rendered":"Bo\u00eete \u00e0 livres pour enfants \u00ab\u00a0Cr\u00e8che Italie\u00a0\u00bb"},"content":{"rendered":"<p>Vous avez encore chez vous des livres pour enfants et vous souhaitez en faire profiter d\u2019autres ?<\/p>\n<p>Une bo\u00eete \u00e0 livres pour enfants se trouve depuis peu pr\u00e8s de la cr\u00e8che Italie. Les enfants peuvent y d\u00e9poser les livres dont ils n\u2019ont plus besoin et prendre gratuitement un livre \u00e0 la place.<\/p>\n<p>Les livres doivent \u00eatre <strong>destin\u00e9s aux enfants de 0 \u00e0 12 ans et \u00eatre en bon \u00e9tat\u00a0<\/strong>! Ils peuvent \u00eatre dans n\u2019importe quelle langue, avec ou sans texte.<\/p>\n<p>Ce projet a \u00e9t\u00e9 initi\u00e9 par la cr\u00e8che Italie, en coop\u00e9ration avec la maison relais Italie, le foyer Diddelfamill et le Service Ensemble Quartiers Dudelange. Cette jolie bo\u00eete \u00e0 livres a \u00e9t\u00e9 construite par les menuisiers de la Ville de Dudelange.<\/p>\n<p>Il s\u2019agit d\u2019un projet qui soutient le d\u00e9veloppement durable et le multilinguisme. Les enfants ont ainsi la possibilit\u00e9 de lire ou de feuilleter de nouveaux livres, ou de se les faire lire.<\/p>\n<p>La bo\u00eete \u00e0 livres est toujours ouverte. Vous pouvez d\u00e9poser vos livres directement dans la bo\u00eete \u00e0 livres ou aux adresses suivantes\u00a0:<\/p>\n<ul>\n<li>Cr\u00e8che Italie (149, rue des Mini\u00e8res, L- 3526 Dudelange)<\/li>\n<li>Maison Relais Italie ( 61, rue Gare Usines, L-3481 Dudelange)<\/li>\n<li>Foyer Diddelfamill (145, rue des Mini\u00e8res, L-3526 Dudelange)<\/li>\n<li>Service Ensemble Quartiers Dudelange (149, rue des Mini\u00e8res, L- 3526 Dudelange).<\/li>\n<\/ul>\n<p>Ses services se chargeront alors de d\u00e9poser r\u00e9guli\u00e8rement les livres dans la bo\u00eete.<\/p>\n<p>&#8211;<\/p>\n<p><strong>Kannerbicherschaf \u00ab\u00a0Cr\u00e8che Italie\u00a0\u00bb<\/strong><\/p>\n<p>Dir hutt nach Kannerbicher doheem a w\u00ebllt anere Kanner eng Freed domat maachen?<\/p>\n<p>Bei der Cr\u00e8che Italien steet zanter Kuerzem ee Kannerbicherschaf. D\u2019Kanner k\u00ebnnen hir Bicher, d\u00e9i se net m\u00e9i w\u00ebllen dra stellen a sech een anert Buch gratis eraushuelen.<\/p>\n<p>D\u2019Bicher solle f<strong>ir Kanner am Alter vun 0 bis 12 Joer sinn a mussen nach an der Rei sinn<\/strong>! Si k\u00ebnnen an alle Sprooche sinn, mat oder ouni Text.<\/p>\n<p>D\u00ebse Projet gouf vun der Cr\u00e8che Italien initi\u00e9iert, an Zesummenaarbecht matt der Maison Relais Italien, dem Foyer Diddelfamill an dem Service Ensemble Quartiers Dudelange. Gebaut gouf dee flotte Bicherschaf vun de Schr\u00e4iner vun der Gemeng Diddeleng.<\/p>\n<p>Et ass ee Projet am S\u00ebnn vun der Nohaltegkeet a vun der M\u00e9isproochegkeet. D\u2019Kanner hunn sou d\u2019M\u00e9iglechkeet \u00ebmmer r\u00ebm flott an nei Bicher ze entdecken, selwer ze liesen, ze kucken der virgelies ze kr\u00e9ien.<\/p>\n<p>De Schaf ass \u00ebmmer op. Dir k\u00ebnnt \u00c4r Bicher selwer dra stellen oder wann et der m\u00e9i sinn, k\u00ebnnt Dir d\u2019Bicher och a follgenden Haiser ofginn:<\/p>\n<ul>\n<li>Cr\u00e8che Italien (149, rue des Mini\u00e8res, L- 3526 Dudelange)<\/li>\n<li>Maison Relais Italien ( 61, rue Gare Usines, L-3481 Dudelange)<\/li>\n<li>Foyer Diddelfamill (145, rue des Mini\u00e8res, L-3526 Dudelange)<\/li>\n<li>Service Ensemble Quartiers Dudelange (149, rue des Mini\u00e8res, L- 3526 Dudelange)<\/li>\n<\/ul>\n<p>De Schaf g\u00ebtt da reegelm\u00e9isseg vun de verschiddene Servicer opgef\u00ebllt.<\/p>\n<p>&#8211;<\/p>\n<p>[PDF]: <span style=\"text-decoration: underline;\"><span style=\"color: #ef4030; text-decoration: underline;\"><a style=\"color: #ef4030; text-decoration: underline;\" href=\"https:\/\/sadudelangedata.blob.core.windows.net\/files\/2025\/03\/Regles-Boite-a-livres-pour-enfants-Quartier-Italie.pdf\" target=\"_blank\" rel=\"noopener\">R\u00e8gles \u00e0 respecter<\/a><\/span><\/span><\/p>\n<p>&nbsp;<\/p>\n<p><strong>Infos:<\/strong><br \/>\nCr\u00e8che Italie<br \/>\n149 rue des Mini\u00e8res, L-3526 Dudelange<br \/>\nTel.: 51 61 21 5650<br \/>\nEmail: <span style=\"text-decoration: underline;\"><span style=\"color: #ef4030;\"><a style=\"color: #ef4030; text-decoration: underline;\" href=\"mailto:creche_italie@dudelange.lu\">creche_italie@dudelange.lu<\/a><\/span><\/span><\/p>\n<p>&nbsp;<\/p>\n","protected":false},"excerpt":{"rendered":"<p>Kannerbicherschaf Cr\u00e8che Italie<\/p>\n","protected":false},"featured_media":27043,"template":"","categories":[],"class_list":["post-27041","avis","type-avis","status-publish","has-post-thumbnail","hentry"],"date_debut_affichage":"0000-00-00 00:00:00","date_fin_affichage":"0000-00-00 00:00:00","description_ecran":"","place_hotel_de_ville":"0","gare_dudelange_ville":"0","lycee_nic_biever":"0","preview":"0","visuel_prepare":false,"ordre_affichage_ecran":"0","picture_url":"https:\/\/sadudelangedata.blob.core.windows.net\/files\/2025\/03\/children-reading-books-003.png","publishpress_future_action":{"enabled":false,"date":"2026-05-08 04:13:14","action":"change-status","newStatus":"trash","terms":[],"taxonomy":"category","extraData":[]},"publishpress_future_workflow_manual_trigger":{"enabledWorkflows":[]},"_links":{"self":[{"href":"https:\/\/www.dudelange.lu\/index.php\/wp-json\/wp\/v2\/avis\/27041","targetHints":{"allow":["GET"]}}],"collection":[{"href":"https:\/\/www.dudelange.lu\/index.php\/wp-json\/wp\/v2\/avis"}],"about":[{"href":"https:\/\/www.dudelange.lu\/index.php\/wp-json\/wp\/v2\/types\/avis"}],"wp:featuredmedia":[{"embeddable":true,"href":"https:\/\/www.dudelange.lu\/index.php\/wp-json\/wp\/v2\/media\/27043"}],"wp:attachment":[{"href":"https:\/\/www.dudelange.lu\/index.php\/wp-json\/wp\/v2\/media?parent=27041"}],"wp:term":[{"taxonomy":"category","embeddable":true,"href":"https:\/\/www.dudelange.lu\/index.php\/wp-json\/wp\/v2\/categories?post=27041"}],"curies":[{"name":"wp","href":"https:\/\/api.w.org\/{rel}","templated":true}]}}