{"id":30156,"date":"2026-03-09T11:33:06","date_gmt":"2026-03-09T10:33:06","guid":{"rendered":"https:\/\/www.dudelange.lu\/?post_type=avis&#038;p=30156"},"modified":"2026-03-09T11:33:06","modified_gmt":"2026-03-09T10:33:06","slug":"rue-de-letang","status":"publish","type":"avis","link":"https:\/\/www.dudelange.lu\/index.php\/avis\/rue-de-letang\/","title":{"rendered":"Rue de l&rsquo;\u00c9tang"},"content":{"rendered":"<p>Du lundi 16 mars 2026 \u00e0 7h au vendredi 31 juillet 2026 \u00e0 17h, la rue de l\u2019Etang sera barr\u00e9e entre la rue \u2018\u2018Am Duerf\u2019\u2019 et la rue Jean Jaur\u00e8s, pour travaux de r\u00e9am\u00e9nagement et renouvellement des r\u00e9seaux.<\/p>\n<p>Merci de votre compr\u00e9hension.<\/p>\n<p>&#8212;<\/p>\n<p>Von Montag, 16. M\u00e4rz 2026, 7 Uhr, bis Freitag, 31. Juli 2026, 17 Uhr, wird die Rue de l&rsquo;Etang zwischen der Rue \u201eAm Duerf\u201d und der Rue Jean Jaur\u00e8s wegen Umbauarbeiten und Erneuerung der Versorgungsnetze gesperrt sein.<\/p>\n<p>Vielen Dank f\u00fcr Ihr Verst\u00e4ndnis.<\/p>\n<p>&nbsp;<\/p>\n<p>&nbsp;<\/p>\n<p>&nbsp;<\/p>\n","protected":false},"excerpt":{"rendered":"<p>16.3 &#8211; 31.7.2026<\/p>\n","protected":false},"featured_media":17044,"template":"","categories":[141],"class_list":["post-30156","avis","type-avis","status-publish","has-post-thumbnail","hentry","category-info-chantier"],"date_debut_affichage":"0000-00-00 00:00:00","date_fin_affichage":"0000-00-00 00:00:00","description_ecran":"","place_hotel_de_ville":"0","gare_dudelange_ville":"0","lycee_nic_biever":"0","preview":"0","visuel_prepare":false,"ordre_affichage_ecran":"0","picture_url":"https:\/\/sadudelangedata.blob.core.windows.net\/files\/2022\/05\/Info-trafic.png","publishpress_future_action":{"enabled":false,"date":"2026-05-08 03:38:31","action":"change-status","newStatus":"trash","terms":[],"taxonomy":"category","extraData":[]},"publishpress_future_workflow_manual_trigger":{"enabledWorkflows":[]},"_links":{"self":[{"href":"https:\/\/www.dudelange.lu\/index.php\/wp-json\/wp\/v2\/avis\/30156","targetHints":{"allow":["GET"]}}],"collection":[{"href":"https:\/\/www.dudelange.lu\/index.php\/wp-json\/wp\/v2\/avis"}],"about":[{"href":"https:\/\/www.dudelange.lu\/index.php\/wp-json\/wp\/v2\/types\/avis"}],"wp:featuredmedia":[{"embeddable":true,"href":"https:\/\/www.dudelange.lu\/index.php\/wp-json\/wp\/v2\/media\/17044"}],"wp:attachment":[{"href":"https:\/\/www.dudelange.lu\/index.php\/wp-json\/wp\/v2\/media?parent=30156"}],"wp:term":[{"taxonomy":"category","embeddable":true,"href":"https:\/\/www.dudelange.lu\/index.php\/wp-json\/wp\/v2\/categories?post=30156"}],"curies":[{"name":"wp","href":"https:\/\/api.w.org\/{rel}","templated":true}]}}