{"id":30676,"date":"2026-04-27T11:40:11","date_gmt":"2026-04-27T09:40:11","guid":{"rendered":"https:\/\/www.dudelange.lu\/?post_type=avis&#038;p=30676"},"modified":"2026-04-27T11:40:11","modified_gmt":"2026-04-27T09:40:11","slug":"buerfeisswee","status":"publish","type":"avis","link":"https:\/\/www.dudelange.lu\/index.php\/avis\/buerfeisswee\/","title":{"rendered":"Buerf\u00e9isswee"},"content":{"rendered":"<div dir=\"auto\">Et ass souw\u00e4it! De Buerf\u00e9isswee am Park Le\u2019h zu Diddeleng ass er\u00ebm offiziell op. Entdeckt mat \u00c4re F\u00e9iss an \u00c4re S\u00ebnner d\u00e9i 19 verschidde Statiounen a gitt \u00ebnnert anerem iwwer Sand, Holz, Kokosnossschuelen, Schifer, asw.<\/div>\n<div dir=\"auto\">De Buerf\u00e9isswee ass all Dag op. Den Depart an d\u2019Arriv\u00e9e sinn hannert der Concertsb\u00fcn am Park Le\u2019h!<\/div>\n<div dir=\"auto\">&#8212;-<\/div>\n<div dir=\"auto\">Le chemin sensoriel au Parc Le\u2019h \u00e0 Dudelange est de nouveau ouvert. D\u00e9couvrez avec vos pieds et tous vos sens les 19 stations de ce parcours en marchant sur le sable, le bois, les \u00e9corces de coco, l\u2019ardoise, etc.<\/div>\n<div dir=\"auto\">Il est ouvert chaque jour de la semaine, son d\u00e9part et son arriv\u00e9e se situent derri\u00e8re la sc\u00e8ne du parc Le\u2019h.<\/div>\n<div dir=\"auto\"><\/div>\n<div dir=\"auto\"><span style=\"text-decoration: underline;\"><span style=\"color: #ef4030;\"><a style=\"color: #ef4030; text-decoration: underline;\" href=\"https:\/\/www.dudelange.lu\/index.php\/chemin-sensoriel\/\">Infos<\/a><\/span><\/span><\/div>\n","protected":false},"excerpt":{"rendered":"<p>Le chemin sensoriel au Parc Le\u2019h est de nouveau ouvert.<\/p>\n","protected":false},"featured_media":20422,"template":"","categories":[],"class_list":["post-30676","avis","type-avis","status-publish","has-post-thumbnail","hentry"],"date_debut_affichage":"0000-00-00 00:00:00","date_fin_affichage":"0000-00-00 00:00:00","description_ecran":"","place_hotel_de_ville":"0","gare_dudelange_ville":"0","lycee_nic_biever":"0","preview":"0","visuel_prepare":false,"ordre_affichage_ecran":"0","picture_url":"https:\/\/sadudelangedata.blob.core.windows.net\/files\/2023\/04\/199427933_2210586852405865_6295385936465990829_n.jpg","publishpress_future_action":{"enabled":false,"date":"2026-05-04 16:15:28","action":"change-status","newStatus":"trash","terms":[],"taxonomy":"category","extraData":[]},"publishpress_future_workflow_manual_trigger":{"enabledWorkflows":[]},"_links":{"self":[{"href":"https:\/\/www.dudelange.lu\/index.php\/wp-json\/wp\/v2\/avis\/30676","targetHints":{"allow":["GET"]}}],"collection":[{"href":"https:\/\/www.dudelange.lu\/index.php\/wp-json\/wp\/v2\/avis"}],"about":[{"href":"https:\/\/www.dudelange.lu\/index.php\/wp-json\/wp\/v2\/types\/avis"}],"wp:featuredmedia":[{"embeddable":true,"href":"https:\/\/www.dudelange.lu\/index.php\/wp-json\/wp\/v2\/media\/20422"}],"wp:attachment":[{"href":"https:\/\/www.dudelange.lu\/index.php\/wp-json\/wp\/v2\/media?parent=30676"}],"wp:term":[{"taxonomy":"category","embeddable":true,"href":"https:\/\/www.dudelange.lu\/index.php\/wp-json\/wp\/v2\/categories?post=30676"}],"curies":[{"name":"wp","href":"https:\/\/api.w.org\/{rel}","templated":true}]}}