{"id":30677,"date":"2026-04-28T11:29:04","date_gmt":"2026-04-28T09:29:04","guid":{"rendered":"https:\/\/www.dudelange.lu\/?post_type=avis&#038;p=30677"},"modified":"2026-04-28T11:29:04","modified_gmt":"2026-04-28T09:29:04","slug":"mise-en-place-dune-unite-de-police-locale-a-dudelange","status":"publish","type":"avis","link":"https:\/\/www.dudelange.lu\/index.php\/avis\/mise-en-place-dune-unite-de-police-locale-a-dudelange\/","title":{"rendered":"Mise en place d\u2019une unit\u00e9 de police locale \u00e0 Dudelange"},"content":{"rendered":"<p>\u00c0 compter du <strong>1<sup>er<\/sup> juin 2026<\/strong>, la Ville de Dudelange disposera une unit\u00e9 de police locale. Sa mission consistera \u00e0 assurer la pr\u00e9vention, l&rsquo;ordre public et la s\u00e9curit\u00e9 sur le territoire communal. Gr\u00e2ce \u00e0 sa pr\u00e9sence visible dans des lieux strat\u00e9giques, elle vise \u00e9galement \u00e0 renforcer le sentiment de s\u00e9curit\u00e9 des citoyen\u00b7nes.<\/p>\n<p>Le projet de loi n\u00b0 8513 relatif \u00e0 la cr\u00e9ation d&rsquo;une unit\u00e9 de police locale a \u00e9t\u00e9 adopt\u00e9 par la Chambre des d\u00e9put\u00e9s le 16 octobre 2025.<\/p>\n<p>Le 21 octobre 2025, le coll\u00e8ge des bourgmestre et \u00e9chevin\u00b7es de la Ville de Dudelange a adress\u00e9 une demande \u00e9crite au ministre des Affaires int\u00e9rieures concernant la cr\u00e9ation d\u2019une telle unit\u00e9 au sein du commissariat de police de Dudelange.<\/p>\n<blockquote><p>\u00ab Nous sommes convaincu\u00b7es qu\u2019une pr\u00e9sence physique renforc\u00e9e de la police sur le territoire communal contribuera \u00e0 intensifier le travail de proximit\u00e9 d\u00e9j\u00e0 en place. De plus, cela permettra d\u2019\u00e9tablir une relation de confiance avec les citoyen\u00b7nes ainsi qu\u2019avec les acteur\u00b7rices locaux\u00b7ales. La police est un interlocuteur des citoyen\u00b7nes et contribue \u00e0 am\u00e9liorer la pr\u00e9vention et la gestion des incidents sur le territoire communal de Dudelange \u00bb, souligne le bourgmestre de Dudelange, Dan Biancalana.<\/p><\/blockquote>\n<p>La mise en place d&rsquo;une unit\u00e9 de police locale n\u00e9cessite une analyse pr\u00e9alable de la part de la police. Celle-ci a \u00e9t\u00e9 r\u00e9alis\u00e9e en concertation avec les autorit\u00e9s communales. Dans le cadre d&rsquo;une r\u00e9union du comit\u00e9 de pr\u00e9vention communal, une discussion a eu lieu le 13 janvier 2026 avec des repr\u00e9sentant \u00b7es du commissariat de Dudelange et de la direction r\u00e9gionale. \u00c0 l&rsquo;issue d&rsquo;un \u00e9change constructif et sur proposition commune, il a \u00e9t\u00e9 possible d&rsquo;identifier et de d\u00e9limiter un espace public particuli\u00e8rement propice \u00e0 la mise en place d&rsquo;une unit\u00e9 de police locale.<\/p>\n<p><strong>Cette zone comprend les espaces publics suivants :<\/strong><\/p>\n<ul>\n<li>au sud : la zone autour du centre culturel \u00ab opderschmelz \u00bb (CCRD) et du Centre national de l&rsquo;Audiovisuel (CNA),<\/li>\n<li>au nord : la rue Dominique Lang, depuis le parc \u00c9mile Mayrisch jusqu&rsquo;\u00e0 la gare Dudelange-Ville,<\/li>\n<li>\u00e0 l&rsquo;ouest : la ligne ferroviaire des CFL,<\/li>\n<li>et \u00e0 l&rsquo;est : la rue de la Lib\u00e9ration et la rue du Commerce.<\/li>\n<\/ul>\n<p>La zone pr\u00e9vue pour la surveillance et la pr\u00e9sence d\u2019une unit\u00e9 de police locale se situe au centre-ville. Cette zone est particuli\u00e8rement fr\u00e9quent\u00e9e tout au long de la journ\u00e9e. Compte tenu de la forte affluence et de la diversit\u00e9 des usager\u00b7\u00e8res, la pr\u00e9sence permanente d\u2019une unit\u00e9 de police se justifie afin de renforcer la s\u00e9curit\u00e9, d\u2019assurer la pr\u00e9vention et de favoriser la proximit\u00e9 avec les citoyen\u00b7nes.<\/p>\n<p>La cr\u00e9ation de cette unit\u00e9 de police locale sera \u00e9galement int\u00e9gr\u00e9e parmi les points soulev\u00e9s dans le Plan de s\u00e9curit\u00e9 locale actuellement en cours d\u2019\u00e9laboration.<\/p>\n<p><em>Le coll\u00e8ge des bourgmestre et \u00e9chevins,<br \/>\nDan Biancalana, bourgmestre<br \/>\nLoris Spina, Josiane Di Bartolomeo-Ries, Ren\u00e9 Manderscheid, Claudia Dall\u2019Agnol, \u00e9chevin\u00b7es<\/em><\/p>\n<p>____<\/p>\n<p style=\"text-align: center;\"><strong>Einf\u00fchrung einer lokalen Polizeieinheit in D\u00fcdelingen<\/strong><\/p>\n<p>Ab dem <strong>1. Juni 2026<\/strong> hat die Stadt D\u00fcdelingen eine lokale Polizeieinheit. Ihre Aufgabe ist es, f\u00fcr Pr\u00e4vention, \u00f6ffentliche Ordnung und Sicherheit vor Ort zu sorgen. Durch ihre sichtbare Pr\u00e4senz an strategisch wichtigen Orten soll sie zudem das Sicherheitsgef\u00fchl der B\u00fcrger*innen st\u00e4rken.<\/p>\n<p>Der entsprechende Gesetzentwurf Nr. 8513 zur Einrichtung einer lokalen Polizeieinheit wurde am 16. Oktober 2025 vom Abgeordnetenhaus verabschiedet.<\/p>\n<p>Am 21. Oktober 2025 richtete das B\u00fcrgermeister- und Sch\u00f6ffenkollegium der Stadt D\u00fcdelingen eine schriftliche Anfrage an den Innenminister in der es um die Einrichtung einer solchen Einheit in der Polizeidienststelle von D\u00fcdelingen ging.<\/p>\n<blockquote><p><em>\u201eWir sind \u00fcberzeugt, dass eine verst\u00e4rkte physische Pr\u00e4senz der Polizei im Stadtgebiet dazu beitragen wird, die bereits bestehende b\u00fcrgernahe Arbeit zu intensivieren. Au\u00dferdem wird ein Vertrauensverh\u00e4ltnis zu den B\u00fcrger*innen und lokalen Akteur*innen aufgebaut. Die Polizei ist Ansprechpartner f\u00fcr die B\u00fcrger*innen und tr\u00e4gt dazu bei, die Pr\u00e4vention und Bew\u00e4ltigung von Vorf\u00e4llen im Stadtgebiet von D\u00fcdelingen zu verbessern\u201c<\/em>, unterstreicht der D\u00fcdelinger B\u00fcrgermeister Dan Biancalana.<\/p><\/blockquote>\n<p>Die Einrichtung einer lokalen Polizeieinheit setzt eine vorherige Analyse seitens der Polizei voraus. Diese wurde in Abstimmung mit den kommunalen Beh\u00f6rden durchgef\u00fchrt. Im Rahmen einer Sitzung des kommunalen Pr\u00e4ventionsausschusses fand am 13. Januar 2026 ein Gespr\u00e4ch mit Vertreter*innen der Polizeidienststelle D\u00fcdelingen und der Regionaldirektion statt. Nach einem konstruktiven Austausch gelang es auf gemeinsamen Vorschlag hin, einen \u00f6ffentlichen Raum zu identifizieren und abzugrenzen, der sich besonders gut f\u00fcr die Einrichtung einer lokalen Polizeieinheit eignet.<\/p>\n<p><strong>Dieses Areal umfasst folgende Bereiche im \u00f6ffentlichen Raum:<\/strong><\/p>\n<ul>\n<li>im S\u00fcden: den Bereich rund um das Kulturzentrum \u201eopderschmelz\u201d (CCRD) und das Centre national de l&rsquo;Audiovisuel (CNA),<\/li>\n<li>im Norden die Rue Dominique Lang ab dem Parc \u00c9mile Mayrisch bis zum Stadtbahnhof (Dudelange-Ville),<\/li>\n<li>im Westen die CFL-Bahnstrecke,<\/li>\n<li>und im Osten die Rue de la Lib\u00e9ration und die Rue du Commerce.<\/li>\n<\/ul>\n<p>Das f\u00fcr die \u00dcberwachung und Pr\u00e4senz einer \u00f6rtlichen Polizeieinheit vorgesehene Gebiet liegt im Zentrum der Stadt. Dieser Bereich ist den ganzen Tag \u00fcber besonders stark frequentiert. Angesichts des hohen Besucher*innenaufkommens und der Vielfalt der Nutzer*innen ist die st\u00e4ndige Pr\u00e4senz einer Polizeieinheit gerechtfertigt, um die Sicherheit zu st\u00e4rken, Pr\u00e4vention zu gew\u00e4hrleisten und die B\u00fcrger*innenn\u00e4he zu f\u00f6rdern.<\/p>\n<p>Die Einf\u00fchrung der lokalen Polizeieinheit wird ebenfalls in den derzeit in Ausarbeitung befindlichen Plan f\u00fcr die lokale Sicherheit aufgenommen.<\/p>\n<p><em>Das B\u00fcrgermeister- und Sch\u00f6ff*innenkollegium<\/em><br \/>\n<em>Dan Biancalana, B\u00fcrgermeister<\/em><br \/>\n<em>Loris Spina, Josiane Di Bartolomeo-Ries, Ren\u00e9 Manderscheid, Claudia Dall\u2019Agnol, Sch\u00f6ff*innen<\/em><\/p>\n","protected":false},"excerpt":{"rendered":"<p>\u00c0 compter du 1er juin 2026<\/p>\n","protected":false},"featured_media":30667,"template":"","categories":[],"class_list":["post-30677","avis","type-avis","status-publish","has-post-thumbnail","hentry"],"date_debut_affichage":"0000-00-00 00:00:00","date_fin_affichage":"0000-00-00 00:00:00","description_ecran":"","place_hotel_de_ville":"0","gare_dudelange_ville":"0","lycee_nic_biever":"0","preview":"0","visuel_prepare":false,"ordre_affichage_ecran":"0","picture_url":"https:\/\/sadudelangedata.blob.core.windows.net\/files\/2026\/04\/Police-locale.jpg","publishpress_future_action":{"enabled":false,"date":"2026-05-05 15:58:43","action":"change-status","newStatus":"trash","terms":[],"taxonomy":"category","extraData":[]},"publishpress_future_workflow_manual_trigger":{"enabledWorkflows":[]},"_links":{"self":[{"href":"https:\/\/www.dudelange.lu\/index.php\/wp-json\/wp\/v2\/avis\/30677","targetHints":{"allow":["GET"]}}],"collection":[{"href":"https:\/\/www.dudelange.lu\/index.php\/wp-json\/wp\/v2\/avis"}],"about":[{"href":"https:\/\/www.dudelange.lu\/index.php\/wp-json\/wp\/v2\/types\/avis"}],"wp:featuredmedia":[{"embeddable":true,"href":"https:\/\/www.dudelange.lu\/index.php\/wp-json\/wp\/v2\/media\/30667"}],"wp:attachment":[{"href":"https:\/\/www.dudelange.lu\/index.php\/wp-json\/wp\/v2\/media?parent=30677"}],"wp:term":[{"taxonomy":"category","embeddable":true,"href":"https:\/\/www.dudelange.lu\/index.php\/wp-json\/wp\/v2\/categories?post=30677"}],"curies":[{"name":"wp","href":"https:\/\/api.w.org\/{rel}","templated":true}]}}