{"id":19997,"date":"2023-03-13T10:52:40","date_gmt":"2023-03-13T09:52:40","guid":{"rendered":"https:\/\/www.dudelange.lu\/?post_type=evenement&#038;p=19997"},"modified":"2023-03-13T11:03:35","modified_gmt":"2023-03-13T10:03:35","slug":"femmes-culture-expo-promenade-women-on-the-move","status":"publish","type":"evenement","link":"https:\/\/www.dudelange.lu\/index.php\/evenement\/femmes-culture-expo-promenade-women-on-the-move\/","title":{"rendered":"Femmes* &#038; Culture &#8211; Vernissage &#038; promenade: Women on the move"},"content":{"rendered":"<p><strong>VERNISSAGE DE L&rsquo;EXPOSITION \u00ab\u00a0FEMMES EN MIGRATION\u00a0\u00bb<br \/>\n<\/strong><strong>Vendredi le 24 mars \u00e0 16h30 \u00e0 l&rsquo;H\u00f4tel de ville<\/strong>.<br \/>\nLa manifestation sera suivie par le verre de l&rsquo;amiti\u00e9. <span style=\"text-decoration: underline; color: #ef4030;\">Acc\u00e8s libre et gratuit<\/span>.<\/p>\n<p><em>Le r\u00e9seau \u00ab\u00a0Women on the Move\u00a0\u00bb regroupe des chercheures et chercheurs de 49 pays travaillant sur le th\u00e8me des femmes en migration et se propose de mettre en lumi\u00e8re la contribution de ces derni\u00e8res \u00e0 la construction de l&rsquo;Europe. Un regard disciplinaire port\u00e9 sur le sujet, qui devrait permettre de r\u00e9v\u00e9ler des facettes compl\u00e9mentaires de la condition des femmes plac\u00e9es en contexte migratoire. De ce r\u00e9seau est n\u00e9e l\u2019exposition Women on the Move que la Ville de Dudelange s\u2019appr\u00eate \u00e0 accueillir.<\/em><\/p>\n<p>L&rsquo;exposition restera en place <strong>jusqu&rsquo;au 31 mars 2023<\/strong> et pourra \u00eatre d\u00e9couverte aux heures d&rsquo;ouvertures de l&rsquo;h\u00f4tel de ville: Lundi, mardi et vendredi: 8h-12h et 13h-17h \/ Mercredi: 8h-12h et 13h-19h \/ Jeudi: 8h-17h.<\/p>\n<p>&nbsp;<\/p>\n<p><strong>PROMENADE \u00ab\u00a0FEMMES EN MIGRATION\u00a0\u00bb<br \/>\n<\/strong><b>Samedi 25 mars \u00e0 partir de 15h00.<br \/>\n<\/b>Une promenade \u00e0 travers les quartiers de Dudelange.<br \/>\nDur\u00e9e approximative 2h. Inscription &amp; infos:\u00a0 <span style=\"text-decoration: underline;\"><span style=\"color: #ef4030;\"><a style=\"color: #ef4030; text-decoration: underline;\" href=\"mailto:info@cdmh.lu\">info@cdmh.lu<\/a><\/span><\/span><\/p>\n<p><em>Organisation : CDMH &#8211; Centre de Documentation sur les Migrations humaines, R\u00e9seau \u00ab Women on the Move \u00bb, soutenu par la Ville de Dudelange, le Minist\u00e8re de la Culture, Radio Dudelange<\/em><\/p>\n","protected":false},"featured_media":19998,"template":"","categories":[],"class_list":["post-19997","evenement","type-evenement","status-publish","has-post-thumbnail","hentry"],"date_from":"2023-03-24 16:30:00","date_to":"2023-03-25 17:00:00","jour_entier":"1","date_debut_affichage":"0000-00-00 00:00:00","date_fin_affichage":"0000-00-00 00:00:00","description_ecran":"","organisateur":"","place_name":"H\u00f4tel de Ville","address":"","website":"","prix":[],"place_hotel_de_ville":"0","gare_dudelange_ville":"0","lycee_nic_biever":"0","preview":"0","visuel_prepare":false,"latitude":"","longitude":"","ordre_affichage_ecran":[],"import_id":"","export_id":"","picture_url":"https:\/\/sadudelangedata.blob.core.windows.net\/files\/2023\/03\/femmesculture-expo.jpg","publishpress_future_action":{"enabled":false,"date":"2026-05-06 07:01:39","action":"change-status","newStatus":"trash","terms":[],"taxonomy":"category","extraData":[]},"publishpress_future_workflow_manual_trigger":{"enabledWorkflows":[]},"_links":{"self":[{"href":"https:\/\/www.dudelange.lu\/index.php\/wp-json\/wp\/v2\/evenement\/19997","targetHints":{"allow":["GET"]}}],"collection":[{"href":"https:\/\/www.dudelange.lu\/index.php\/wp-json\/wp\/v2\/evenement"}],"about":[{"href":"https:\/\/www.dudelange.lu\/index.php\/wp-json\/wp\/v2\/types\/evenement"}],"wp:featuredmedia":[{"embeddable":true,"href":"https:\/\/www.dudelange.lu\/index.php\/wp-json\/wp\/v2\/media\/19998"}],"wp:attachment":[{"href":"https:\/\/www.dudelange.lu\/index.php\/wp-json\/wp\/v2\/media?parent=19997"}],"wp:term":[{"taxonomy":"category","embeddable":true,"href":"https:\/\/www.dudelange.lu\/index.php\/wp-json\/wp\/v2\/categories?post=19997"}],"curies":[{"name":"wp","href":"https:\/\/api.w.org\/{rel}","templated":true}]}}