{"id":20052,"date":"2023-03-20T13:10:26","date_gmt":"2023-03-20T12:10:26","guid":{"rendered":"https:\/\/www.dudelange.lu\/?post_type=evenement&#038;p=20052"},"modified":"2023-04-14T11:55:20","modified_gmt":"2023-04-14T09:55:20","slug":"foire-economie-energie","status":"publish","type":"evenement","link":"https:\/\/www.dudelange.lu\/index.php\/evenement\/foire-economie-energie\/","title":{"rendered":"Foire \u00e0 l&rsquo;\u00e9conomie d&rsquo;\u00e9nergie"},"content":{"rendered":"<p>Nous vivons actuellement dans un contexte qui nous impose de faire des \u00e9conomies d\u2019\u00e9nergies. Mais quels sont les moyens concrets de faire des \u00e9conomies dans mon logement et de produire moi m\u00eame de l\u2019\u00e9lectricit\u00e9 ? Pour trouver des id\u00e9es et vous informer, rejoignez-nous le<br \/>\nSAMEDI 29 AVRIL 2023 DE 10H \u00c0 16H \u00c0 L\u2019H\u00d4TEL DE VILLE.<\/p>\n<p>STANDS D\u2019INFORMATION :<\/p>\n<ul>\n<li>Ville de Dudelange : Service \u00e9cologique, Service des autorisations de b\u00e2tir<\/li>\n<li>Klima-Agence<\/li>\n<li>Entreprises locales (toiture, sanitaire, peinture, chauffagiste, fabricant de fen\u00eatre, constructeur de fa\u00e7ade, etc.)<\/li>\n<\/ul>\n<p>MINI-CONF\u00c9RENCES :<\/p>\n<ul>\n<li>R\u00e9novation des logements<\/li>\n<li>Subsides<\/li>\n<li>Modes de chauffage, etc.<\/li>\n<\/ul>\n<p>&#8211;<\/p>\n<p><strong>ENERGIESPARMESSE<\/strong><\/p>\n<p>Wir leben gegenw\u00e4rtig in einer Zeit, die Energiesparma\u00dfnahmen von uns verlangt. Aber was kann ich konkret tun, um W\u00e4rme und Strom zu sparen und selber Strom zu produzieren? Um Ideen zu sammeln und sich zu informieren, besuchen Sie uns am<br \/>\nSAMSTAG, DEM 29. APRIL 2023 VON 10 BIS 16 UHR IM RATHAUS.<\/p>\n<p>INFORMATIONSST\u00c4NDE:<\/p>\n<ul>\n<li>Stadt D\u00fcdelingen: Umweltamt, Dienststelle f\u00fcr Baugenehmigungen<\/li>\n<li>Klima-Agence<\/li>\n<li>Lokale Unternehmen (Dachdecker, Sanit\u00e4r, Maler, Heizungsinstallateur, Fenster- und Fassadenbauer, usw.).<\/li>\n<\/ul>\n<p>MINI-KONFERENZEN:<\/p>\n<ul>\n<li>Wohnungsrenovierung<\/li>\n<li>Subventionen<\/li>\n<li>Heizmethoden, usw.<\/li>\n<\/ul>\n<p>&#8211;<\/p>\n<p><strong>Acc\u00e8s\/Anreise Place de l&rsquo;H\u00f4tel de Ville<\/strong><\/p>\n<ul>\n<li>Bus 4\/5\/8\/9\/10\/631\/Champs-Vall\u00e9e &gt;Gemeng\u2019<\/li>\n<li>Train\/Zug 60a &gt; Dudelange-Centre<\/li>\n<li>V\u00ebl\u2019Ok &gt; Place de l\u2019H\u00f4tel de Ville<\/li>\n<\/ul>\n<p>Infos : <a href=\"http:\/\/www.mobiliteit.lu\">www.mobiliteit.lu<\/a> \/ <a href=\"http:\/\/www.velok.lu\">www.velok.lu<\/a><\/p>\n","protected":false},"featured_media":20039,"template":["Evenement"],"categories":[],"class_list":["post-20052","evenement","type-evenement","status-publish","has-post-thumbnail","hentry"],"date_from":"2023-04-29 10:00:00","date_to":"2023-04-29 16:00:00","jour_entier":"0","date_debut_affichage":"2023-04-14 07:00:00","date_fin_affichage":"2023-04-29 16:00:00","description_ecran":"","organisateur":"www.dudelange.lu > Agenda","place_name":"H\u00f4tel de Ville","address":"","website":"","prix":[],"place_hotel_de_ville":"1","gare_dudelange_ville":"1","lycee_nic_biever":"1","preview":"1","visuel_prepare":false,"latitude":"","longitude":"","ordre_affichage_ecran":[],"import_id":"","export_id":"","picture_url":"https:\/\/sadudelangedata.blob.core.windows.net\/files\/2023\/03\/energiesparmesse-agenda.jpg","publishpress_future_action":{"enabled":false,"date":"2026-05-08 11:23:07","action":"change-status","newStatus":"trash","terms":[],"taxonomy":"category","extraData":[]},"publishpress_future_workflow_manual_trigger":{"enabledWorkflows":[]},"_links":{"self":[{"href":"https:\/\/www.dudelange.lu\/index.php\/wp-json\/wp\/v2\/evenement\/20052","targetHints":{"allow":["GET"]}}],"collection":[{"href":"https:\/\/www.dudelange.lu\/index.php\/wp-json\/wp\/v2\/evenement"}],"about":[{"href":"https:\/\/www.dudelange.lu\/index.php\/wp-json\/wp\/v2\/types\/evenement"}],"wp:featuredmedia":[{"embeddable":true,"href":"https:\/\/www.dudelange.lu\/index.php\/wp-json\/wp\/v2\/media\/20039"}],"wp:attachment":[{"href":"https:\/\/www.dudelange.lu\/index.php\/wp-json\/wp\/v2\/media?parent=20052"}],"wp:term":[{"taxonomy":"category","embeddable":true,"href":"https:\/\/www.dudelange.lu\/index.php\/wp-json\/wp\/v2\/categories?post=20052"}],"curies":[{"name":"wp","href":"https:\/\/api.w.org\/{rel}","templated":true}]}}