{"id":20131,"date":"2023-03-31T08:29:31","date_gmt":"2023-03-31T06:29:31","guid":{"rendered":"https:\/\/www.dudelange.lu\/?post_type=evenement&#038;p=20131"},"modified":"2023-04-06T16:43:39","modified_gmt":"2023-04-06T14:43:39","slug":"verification-des-bornes-frontieres","status":"publish","type":"evenement","link":"https:\/\/www.dudelange.lu\/index.php\/evenement\/verification-des-bornes-frontieres\/","title":{"rendered":"V\u00e9rification des bornes fronti\u00e8res"},"content":{"rendered":"<p>La Ville de Dudelange invite tous les int\u00e9ress\u00e9s \u00e0 participer \u00e0 la campagne de v\u00e9rification des bornes fronti\u00e8res le long de la fronti\u00e8re fran\u00e7aise, entre la \u00ab V\u00e9ierh\u00e4remark \u00bb et le \u00ab Thilleweier \u00bb. Cette v\u00e9rification annuelle existe depuis la convention franco-luxembourgeoise du 15 respectivement 18 octobre 1853.<\/p>\n<p>La v\u00e9rification aura lieu le samedi 22 avril de 9h00 \u00e0 14h00.<br \/>\nRendez-vous \u00e0 9h00 \u00e0 l\u2019entr\u00e9e de la for\u00eat Wal.<br \/>\n(Arr\u00eat de bus le plus proche : Kraizbierg)<\/p>\n<ul>\n<li>Max. 20 participants<\/li>\n<li>Chaussures de marche requises<\/li>\n<li>Langues : Luxembourgeois &amp; Fran\u00e7ais<\/li>\n<\/ul>\n<p><strong><span style=\"text-decoration: underline;\">Inscription gratuite jusqu\u2019au 14 avril<\/span>:<\/strong><br \/>\nVille de Dudelange<br \/>\nSecr\u00e9tariat communal &#8211; Yves Goergen<br \/>\nT 516121-275, <a href=\"mailto:yves.goergen@dudelange.lu\"><span style=\"text-decoration: underline;\">yves.goergen@dudelange.lu<\/span><\/a><\/p>\n","protected":false},"featured_media":20134,"template":["Evenement"],"categories":[],"class_list":["post-20131","evenement","type-evenement","status-publish","has-post-thumbnail","hentry"],"date_from":"2023-04-22 09:00:00","date_to":"2023-04-22 14:00:00","jour_entier":"0","date_debut_affichage":"2023-04-06 15:00:00","date_fin_affichage":"2023-04-14 17:00:00","description_ecran":"","organisateur":"www.dudelange.lu > Agenda","place_name":"For\u00eat Wal","address":"","website":"","prix":[],"place_hotel_de_ville":"1","gare_dudelange_ville":"1","lycee_nic_biever":"1","preview":"1","visuel_prepare":false,"latitude":"","longitude":"","ordre_affichage_ecran":[],"import_id":"","export_id":"","picture_url":"https:\/\/sadudelangedata.blob.core.windows.net\/files\/2023\/03\/borne-frontiere.jpg","publishpress_future_action":{"enabled":false,"date":"2026-05-09 15:22:18","action":"change-status","newStatus":"trash","terms":[],"taxonomy":"category","extraData":[]},"publishpress_future_workflow_manual_trigger":{"enabledWorkflows":[]},"_links":{"self":[{"href":"https:\/\/www.dudelange.lu\/index.php\/wp-json\/wp\/v2\/evenement\/20131","targetHints":{"allow":["GET"]}}],"collection":[{"href":"https:\/\/www.dudelange.lu\/index.php\/wp-json\/wp\/v2\/evenement"}],"about":[{"href":"https:\/\/www.dudelange.lu\/index.php\/wp-json\/wp\/v2\/types\/evenement"}],"wp:featuredmedia":[{"embeddable":true,"href":"https:\/\/www.dudelange.lu\/index.php\/wp-json\/wp\/v2\/media\/20134"}],"wp:attachment":[{"href":"https:\/\/www.dudelange.lu\/index.php\/wp-json\/wp\/v2\/media?parent=20131"}],"wp:term":[{"taxonomy":"category","embeddable":true,"href":"https:\/\/www.dudelange.lu\/index.php\/wp-json\/wp\/v2\/categories?post=20131"}],"curies":[{"name":"wp","href":"https:\/\/api.w.org\/{rel}","templated":true}]}}