{"id":20333,"date":"2023-04-19T12:00:15","date_gmt":"2023-04-19T10:00:15","guid":{"rendered":"https:\/\/www.dudelange.lu\/?post_type=evenement&#038;p=20333"},"modified":"2023-05-03T17:48:47","modified_gmt":"2023-05-03T15:48:47","slug":"mois-du-respect","status":"publish","type":"evenement","link":"https:\/\/www.dudelange.lu\/index.php\/evenement\/mois-du-respect\/","title":{"rendered":"Mois du Respect"},"content":{"rendered":"<p>La 2\u00e8me \u00e9dition du Mois du Respect se d\u00e9roulera cette ann\u00e9e du 2 au 28 mai. Le Mois du Respect est organis\u00e9 par le service \u00e0 l\u2019\u00c9galit\u00e9 des Chances de la Ville de Dudelange, le service Ensemble Quartiers Dudelange d\u2019Inter-Actions asbl et par l\u2019asbl respect.lu. Cette ann\u00e9e le Mois du Respect s\u2019est vu attribuer pour th\u00e8me la <strong>communication<\/strong> avec comme slogan \u00ab\u00a0So, w\u00e9i schw\u00e4tz du matt m\u00e4r\u00a0?!\u00a0\u00bb &#8211; \u00ab\u00a0Dis, comment tu me parles\u00a0?!\u00a0\u00bb.<\/p>\n<p>Cette th\u00e9matique sera trait\u00e9e de fa\u00e7on approfondie et permettra de structurer les activit\u00e9s et les \u00e9changes propos\u00e9s par les diff\u00e9rents services organisateurs. Les activit\u00e9s ont \u00e9t\u00e9 con\u00e7ues pour toutes les classes d\u2019\u00e2ge et int\u00e8grent un grand nombre d\u2019acteurs sp\u00e9cialis\u00e9s.<\/p>\n<p>Retrouvez toute la programmation dans la brochure d\u00e9di\u00e9e: <span style=\"text-decoration: underline;\"><span style=\"color: #ef4030; text-decoration: underline;\"><a style=\"color: #ef4030; text-decoration: underline;\" href=\"https:\/\/sadudelangedata.blob.core.windows.net\/files\/2023\/04\/MdR_Programme_DEF-Web-Versioun.pdf\" target=\"_blank\" rel=\"noopener\">Brochure Programme Mois du Respect 2023<\/a><\/span><\/span><\/p>\n","protected":false},"featured_media":20334,"template":["Evenement"],"categories":[],"class_list":["post-20333","evenement","type-evenement","status-publish","has-post-thumbnail","hentry"],"date_from":"2023-05-02 19:00:00","date_to":"2023-05-27 15:00:00","jour_entier":"1","date_debut_affichage":"2023-04-21 07:00:00","date_fin_affichage":"2023-05-27 22:00:00","description_ecran":"","organisateur":"www.dudelange.lu > Agenda","place_name":"VeWa","address":"","website":"https:\/\/www.facebook.com\/moisdurespect","prix":[],"place_hotel_de_ville":"1","gare_dudelange_ville":"1","lycee_nic_biever":"1","preview":"1","visuel_prepare":false,"latitude":"","longitude":"","ordre_affichage_ecran":"0","import_id":"","export_id":"","picture_url":"https:\/\/sadudelangedata.blob.core.windows.net\/files\/2023\/04\/mois-du-respect.jpg","publishpress_future_action":{"enabled":false,"date":"2026-05-08 12:07:12","action":"change-status","newStatus":"trash","terms":[],"taxonomy":"category","extraData":[]},"publishpress_future_workflow_manual_trigger":{"enabledWorkflows":[]},"_links":{"self":[{"href":"https:\/\/www.dudelange.lu\/index.php\/wp-json\/wp\/v2\/evenement\/20333","targetHints":{"allow":["GET"]}}],"collection":[{"href":"https:\/\/www.dudelange.lu\/index.php\/wp-json\/wp\/v2\/evenement"}],"about":[{"href":"https:\/\/www.dudelange.lu\/index.php\/wp-json\/wp\/v2\/types\/evenement"}],"wp:featuredmedia":[{"embeddable":true,"href":"https:\/\/www.dudelange.lu\/index.php\/wp-json\/wp\/v2\/media\/20334"}],"wp:attachment":[{"href":"https:\/\/www.dudelange.lu\/index.php\/wp-json\/wp\/v2\/media?parent=20333"}],"wp:term":[{"taxonomy":"category","embeddable":true,"href":"https:\/\/www.dudelange.lu\/index.php\/wp-json\/wp\/v2\/categories?post=20333"}],"curies":[{"name":"wp","href":"https:\/\/api.w.org\/{rel}","templated":true}]}}