{"id":22460,"date":"2023-11-17T10:55:34","date_gmt":"2023-11-17T09:55:34","guid":{"rendered":"https:\/\/www.dudelange.lu\/?post_type=evenement&#038;p=22460"},"modified":"2023-11-17T10:55:34","modified_gmt":"2023-11-17T09:55:34","slug":"contes-en-mouvement","status":"publish","type":"evenement","link":"https:\/\/www.dudelange.lu\/index.php\/evenement\/contes-en-mouvement\/","title":{"rendered":"Contes en mouvement"},"content":{"rendered":"<ul>\n<li><strong>Samedi, le 25 novembre 2023 \u00e0 10h00-11h30<\/strong><\/li>\n<li><strong>Biblioth\u00e8que publique r\u00e9gionale (24 rue du Commerce)<\/strong><\/li>\n<li>Pour enfants de 3 \u00e0 11 ans, en langue fran\u00e7aise<\/li>\n<\/ul>\n<p>Serge Daniel Kabor\u00e9, danseur et conteur, propose deux \u00e0 trois contes avec interaction des participants. Chaque histoire finit toujours par une le\u00e7on \u00e0 retenir ou une morale de bienveillance. Les enfants, encadr\u00e9s par Serge, s\u2019inspireront ensuite des contes pour cr\u00e9er une danse et vivre ainsi le conte en mouvement. Laissez-vous tenter par cette exp\u00e9rience !<\/p>\n<p><strong>Participation gratuite sur r\u00e9servation :<\/strong><br \/>\nT\u00e9l. 516121-250 \/ <span style=\"text-decoration: underline;\"><a href=\"mailto:bibliotheque@dudelange.lu\">bibliotheque@dudelange.lu<\/a><\/span><\/p>\n","protected":false},"featured_media":22461,"template":["Evenement"],"categories":[],"class_list":["post-22460","evenement","type-evenement","status-publish","has-post-thumbnail","hentry"],"date_from":"2023-11-25 10:00:00","date_to":"2023-11-25 11:30:00","jour_entier":"0","date_debut_affichage":"2023-11-15 07:00:00","date_fin_affichage":"2023-11-25 11:30:00","description_ecran":"","organisateur":"www.dudelange.lu > Agenda","place_name":"Biblioth\u00e8que","address":"","website":"","prix":[],"place_hotel_de_ville":"1","gare_dudelange_ville":"1","lycee_nic_biever":"1","preview":"1","visuel_prepare":false,"latitude":"","longitude":"","ordre_affichage_ecran":"7","import_id":"","export_id":"","picture_url":"https:\/\/sadudelangedata.blob.core.windows.net\/files\/2023\/11\/lecture-sdk-web.png","publishpress_future_action":{"enabled":false,"date":"2026-05-07 11:15:49","action":"change-status","newStatus":"trash","terms":[],"taxonomy":"category","extraData":[]},"publishpress_future_workflow_manual_trigger":{"enabledWorkflows":[]},"_links":{"self":[{"href":"https:\/\/www.dudelange.lu\/index.php\/wp-json\/wp\/v2\/evenement\/22460","targetHints":{"allow":["GET"]}}],"collection":[{"href":"https:\/\/www.dudelange.lu\/index.php\/wp-json\/wp\/v2\/evenement"}],"about":[{"href":"https:\/\/www.dudelange.lu\/index.php\/wp-json\/wp\/v2\/types\/evenement"}],"wp:featuredmedia":[{"embeddable":true,"href":"https:\/\/www.dudelange.lu\/index.php\/wp-json\/wp\/v2\/media\/22461"}],"wp:attachment":[{"href":"https:\/\/www.dudelange.lu\/index.php\/wp-json\/wp\/v2\/media?parent=22460"}],"wp:term":[{"taxonomy":"category","embeddable":true,"href":"https:\/\/www.dudelange.lu\/index.php\/wp-json\/wp\/v2\/categories?post=22460"}],"curies":[{"name":"wp","href":"https:\/\/api.w.org\/{rel}","templated":true}]}}