{"id":24155,"date":"2024-05-13T18:01:28","date_gmt":"2024-05-13T16:01:28","guid":{"rendered":"https:\/\/www.dudelange.lu\/?post_type=evenement&#038;p=24155"},"modified":"2024-07-26T08:38:40","modified_gmt":"2024-07-26T06:38:40","slug":"letzebuerger-dag-2024","status":"publish","type":"evenement","link":"https:\/\/www.dudelange.lu\/index.php\/evenement\/letzebuerger-dag-2024\/","title":{"rendered":"L\u00ebtzebuerger Dag"},"content":{"rendered":"<p>De 27. Juli f\u00ebnnt d\u00e9i 1. Editioun vum L\u00ebtzebuerger Dag statt. Um Programm sti flott Animatiounen a L\u00ebtzebuerger Spezialit\u00e9iten.<\/p>\n<p>&#8211;<\/p>\n<p>Le 27 juillet aura lieu la premi\u00e8re \u00e9dition du \u201cL\u00ebtzebuerger Dag\u201d (journ\u00e9e luxembourgeoise). Au programme : de nombreuses animations et des sp\u00e9cialit\u00e9s luxembourgeoises.<\/p>\n<p>&nbsp;<\/p>\n<p><strong>Programme:<\/strong><\/p>\n<p><span style=\"text-decoration: underline;\"><strong>Place Kinnen<\/strong><\/span><\/p>\n<p>Animatiounen a Concerten op der Stage \u201cKinnen\u201d \/ Animations et concerts :<\/p>\n<ul style=\"list-style-type: disc;\">\n<li>11h-15h DJ &amp; Animations<\/li>\n<li>15h-16h Lidderuucht<\/li>\n<li>16:00-16:30 Norah Nouche (Dance)<\/li>\n<li>16:30-17h30 DJ &amp; Animations<\/li>\n<li>17:30-18h Onduge Gesellen<\/li>\n<li>18h:30 -19h Southboy and Friends<\/li>\n<li>19h-20h Nicool &amp; DJ FKI<\/li>\n<li>19h-22h DJ Sam le Bien (Hits made in Lux)<\/li>\n<\/ul>\n<p>Concert Formaticus (K\u00e9is &amp; W\u00e4in) \/ Place Am Duerf<br class=\"html-br\" \/>\u2022 17h-20h Fernande Pletschette<\/p>\n<p>L\u00ebtzebuerger Kascht \/ sp\u00e9cialit\u00e9s luxembourgeoises :<\/p>\n<ul style=\"list-style-type: disc;\">\n<li>Caf\u00e9 du Centre: Mario \u2013 Kniddelen<\/li>\n<li>Caf\u00e9 Safe : Wirschtercher mat Gromperenzalot<\/li>\n<li>Restaurant Al Dente: Luxringer a K\u00e9iswupp<\/li>\n<li>Restaurant Amarcord: Feierstengszalot<\/li>\n<li>Restaurant Table du Chef: Ham, Fritten &amp; Zalot<\/li>\n<li>Hotel Charbonnade: W\u00e4inzoossiss mat Pur\u00e9e a Moschterzooss<\/li>\n<li>Caf\u00e9 Badass: Gromperekichelcher<\/li>\n<li>Restaurant \u00e0 C\u00f4t\u00e9: Hierken mat gequellte Gromperen<\/li>\n<li>Microbrauerei: Brauerei Minettsdapp<\/li>\n<li>Microbrauerei: Twisted Cat<\/li>\n<li>Weltbuttek: Kaffi an Kuch<\/li>\n<li>co-labor: Jusen &amp; fr\u00ebsch Friichten<\/li>\n<\/ul>\n<p>Artisten d\u00e9i Installatiounen maachen \/ Installations de diff\u00e9rents artistes :<\/p>\n<ul>\n<li>Jo Malano<\/li>\n<li>Daniel MacLloyd<\/li>\n<li>Raphael Gindt<\/li>\n<li>Anne Lindner<\/li>\n<li>Thierry Harpes<\/li>\n<\/ul>\n<p>Mat dob\u00e4i ass och den <strong>Zichelchen<\/strong> vun der Bierenger Kiermes \/<br \/>\nAvec la participation du <strong>petit train<\/strong> \u00ab\u00a0Bierenger Zichelchen\u00a0\u00bb.<\/p>\n<p>&nbsp;<\/p>\n<p><span style=\"text-decoration: underline;\"><strong>Place Am Duerf <\/strong><\/span><\/p>\n<p>\u00ab\u00a0Chill Out Zone\u00a0\u00bb<br \/>\nAnimatiounen an Ateliers participativ \u2013 Plaz Am Duerf \/ Animations et ateliers participatifs<\/p>\n<ul>\n<li>Stand Formaticus : Assortimenter vu W\u00e4iner, Cr\u00e9mant a K\u00e9is \/ assortiments de vins, cr\u00e9mants et fromages<\/li>\n<li>Fernande Pletschette (L\u00ebtzebuerger Lidder\/chansons luxembourgeoises)<\/li>\n<li>Plage am Duerf<\/li>\n<li>Zenter fir L\u00ebtzebuerger Sprooch &amp; Maison Relais Baltzing<\/li>\n<li>Freed um Liesen<\/li>\n<li>Languages.lu<\/li>\n<\/ul>\n<p>&nbsp;<\/p>\n<div class=\"x11i5rnm xat24cr x1mh8g0r x1vvkbs xtlvy1s\"><span style=\"text-decoration: underline;\">Acc\u00e8s\/Anreise<\/span>:<\/div>\n<ul>\n<li class=\"x11i5rnm xat24cr x1mh8g0r x1vvkbs xtlvy1s\">Bus 4\/5\/8\/9\/10\/631\/507\/633\/DudBus 1 \u2013 Arr\u00eat\/Haltestelle \u2018Gemeng\u2019<\/li>\n<li class=\"x11i5rnm xat24cr x1mh8g0r x1vvkbs xtlvy1s\">Train\/Zug 60a \u2013 suite au travaux de la gare de Bettembourg: bus de remplacement, arr\u00eat \u2018Schwaarze Wee\u2019<\/li>\n<li class=\"x11i5rnm xat24cr x1mh8g0r x1vvkbs xtlvy1s\">V\u00ebl\u2019Ok \u2013 Place de l\u2019H\u00f4tel de Ville<\/li>\n<li class=\"x11i5rnm xat24cr x1mh8g0r x1vvkbs xtlvy1s\">Infos :\u00a0<a title=\"Www.mobiliteit.lu\" href=\"http:\/\/www.mobiliteit.lu\/\">www.mobiliteit.lu<\/a>\u00a0\/\u00a0<a title=\"Www.velok.lu\" href=\"http:\/\/www.velok.lu\/\">www.velok.lu<\/a><\/li>\n<\/ul>\n","protected":false},"featured_media":24720,"template":["Evenement"],"categories":[],"class_list":["post-24155","evenement","type-evenement","status-publish","has-post-thumbnail","hentry"],"date_from":"2024-07-27 11:00:00","date_to":"2024-07-27 22:00:00","jour_entier":"0","date_debut_affichage":"2024-07-08 00:00:00","date_fin_affichage":"2024-07-28 00:00:00","description_ecran":"","organisateur":"www.dudelange.lu > Agenda","place_name":"Centre-ville","address":"","website":"","prix":[],"place_hotel_de_ville":"1","gare_dudelange_ville":"1","lycee_nic_biever":"1","preview":"1","visuel_prepare":false,"latitude":"","longitude":"","ordre_affichage_ecran":"7","import_id":"","export_id":"","picture_url":"https:\/\/sadudelangedata.blob.core.windows.net\/files\/2024\/05\/DEF_LetzebuergerDag_HeaderAgenda_v01.png","publishpress_future_action":{"enabled":false,"date":"2026-05-07 08:26:42","action":"change-status","newStatus":"trash","terms":[],"taxonomy":"category","extraData":[]},"publishpress_future_workflow_manual_trigger":{"enabledWorkflows":[]},"_links":{"self":[{"href":"https:\/\/www.dudelange.lu\/index.php\/wp-json\/wp\/v2\/evenement\/24155","targetHints":{"allow":["GET"]}}],"collection":[{"href":"https:\/\/www.dudelange.lu\/index.php\/wp-json\/wp\/v2\/evenement"}],"about":[{"href":"https:\/\/www.dudelange.lu\/index.php\/wp-json\/wp\/v2\/types\/evenement"}],"wp:featuredmedia":[{"embeddable":true,"href":"https:\/\/www.dudelange.lu\/index.php\/wp-json\/wp\/v2\/media\/24720"}],"wp:attachment":[{"href":"https:\/\/www.dudelange.lu\/index.php\/wp-json\/wp\/v2\/media?parent=24155"}],"wp:term":[{"taxonomy":"category","embeddable":true,"href":"https:\/\/www.dudelange.lu\/index.php\/wp-json\/wp\/v2\/categories?post=24155"}],"curies":[{"name":"wp","href":"https:\/\/api.w.org\/{rel}","templated":true}]}}