{"id":26729,"date":"2025-02-11T16:57:40","date_gmt":"2025-02-11T15:57:40","guid":{"rendered":"https:\/\/www.dudelange.lu\/?post_type=evenement&#038;p=26729"},"modified":"2025-02-12T14:20:49","modified_gmt":"2025-02-12T13:20:49","slug":"film-wunderschoner","status":"publish","type":"evenement","link":"https:\/\/www.dudelange.lu\/index.php\/evenement\/film-wunderschoner\/","title":{"rendered":"Film: Wundersch\u00f6ner"},"content":{"rendered":"<p><span style=\"color: #ef4030;\">Im Rahmen des Programms Frauen* &amp; Kultur 2025<\/span><\/p>\n<p><strong>WUNDERSCH\u00d6NER<\/strong><br \/>\n19:00 UHR Cin\u00e9 Starlight (CNA) (<a title=\"Google Maps\" href=\"https:\/\/maps.app.goo.gl\/LQTe7RJ6tEvyfsccA\"><span style=\"text-decoration: underline;\">Google maps<\/span><\/a>)<\/p>\n<p><em>Am Vorabend des internationalen Frauen*tags: ein Wohlf\u00fchlabend f\u00fcr Frauen* und alle anderen<\/em><\/p>\n<p>Filmvorf\u00fchrung 2025 | Deutsche OV | 132 Min. | Fortsetzung der Kom\u00f6die \u201eWundersch\u00f6n\u201c (2022) von Regisseurin Karoline Herfurth<\/p>\n<p>F\u00fcnf Frauen wollen ihr Leben und ihren Selbstwert nicht l\u00e4nger danach ausrichten, begehrenswert zu sein. Egal, ob d\u00fcnn, dick, jung, alt, welche Hautfarbe, wir k\u00f6nnen alle ganz divers attraktiv sein. Fast jede Frau w\u00e4chst damit auf, an sich arbeiten zu m\u00fcssen, um begehrenswert zu bleiben. Warum? Was w\u00e4re, wenn wir stattdessen f\u00fcr das Recht k\u00e4mpfen, wirklich frei zu sein? Was, wenn wir unsere ganze Zeit und Kraft nicht mehr investieren w\u00fcrden, um geh\u00f6rt zu werden, sondern die Welt anf\u00e4ngt, uns zu h\u00f6ren?<\/p>\n<ul>\n<li><strong>Eintritt frei, mit Reservierung:<br \/>\n<\/strong>Service \u00e0 l&rsquo;\u00e9galit\u00e9 des chances<br \/>\nTel. 516121-7130, <span style=\"text-decoration: underline;\"><a href=\"mailto:egalite@dudelange.lu\">egalite@dudelange.lu<\/a><\/span><\/li>\n<\/ul>\n<p>&nbsp;<\/p>\n<hr \/>\n<p><span style=\"color: #ef4030;\"><br \/>\nDans le cadre du programme Femmes* &amp; Culture 2025<\/span><\/p>\n<p><strong>WUNDERSCH\u00d6NER<\/strong><br \/>\n19:00 Cin\u00e9 Starlight (CNA) (<a title=\"Google Maps\" href=\"https:\/\/maps.app.goo.gl\/LQTe7RJ6tEvyfsccA\"><span style=\"text-decoration: underline;\">Google maps<\/span><\/a>)<\/p>\n<p><em>\u00c0 la veille de la journ\u00e9e internationale des femmes* : une soir\u00e9e bien-\u00eatre pour les femmes* et tout\u00b7es les autres<\/em><\/p>\n<p>Projection de film 2025 | <strong>V.O. allemande<\/strong>| 132 min. | Suite de la com\u00e9die \u00ab Wundersch\u00f6n \u00bb (2022) de la r\u00e9alisatrice Karoline Herfurth<\/p>\n<p>Cinq femmes ne veulent plus baser leur vie et leur estime de soi sur le fait d\u2019\u00eatre d\u00e9sirable. Que l\u2019on soit mince, grosse, jeune ou vieille, et peut importe la couleur de peau, nous pouvons toutes \u00eatre s\u00e9duisantes \u00e0 notre mani\u00e8re. Presque toutes les femmes grandissent avec l\u2019id\u00e9e qu\u2019elles doivent travailler sur elles pour rester d\u00e9sirables. Pourquoi ? Et si nous nous battions plut\u00f4t pour le droit d&rsquo;\u00eatre libre ? Et si nous n\u2019investissions plus tout notre temps et nos \u00e9nergies \u00e0 essayer d\u2019\u00eatre entendues, mais c&rsquo;est le monde qui commencerait \u00e0 nous entendre ?<\/p>\n<ul>\n<li><strong>Entr\u00e9e gratuite, sur r\u00e9servation<br \/>\n<\/strong>Service \u00e0 l&rsquo;\u00e9galit\u00e9 des chances<br \/>\nT\u00e9l. 516121-7130, <span style=\"text-decoration: underline;\"><a href=\"mailto:egalite@dudelange.lu\">egalite@dudelange.lu<\/a><\/span><\/li>\n<\/ul>\n<p>&nbsp;<\/p>\n<hr \/>\n<p>&nbsp;<\/p>\n<p><strong>Anreise\/Acc\u00e8s:<\/strong><\/p>\n<ul>\n<li>TICE City Bus 8, RGTR Bus 507 &gt; Centre culturel \/ CNA<\/li>\n<li>CFL Train\/Zug 60A &gt; Dudelange-Centre<\/li>\n<li>V\u00ebl\u2019Ok &gt; Centre culturel \/ CNA<\/li>\n<li>Infos :\u00a0<a title=\"Www.mobiliteit.lu\" href=\"http:\/\/www.mobiliteit.lu\/\" target=\"_blank\" rel=\"noopener\">www.mobiliteit.lu<\/a>\u00a0\/\u00a0<a title=\"Www.velok.lu\" href=\"http:\/\/www.velok.lu\/\" target=\"_blank\" rel=\"noopener\">www.velok.lu<\/a><\/li>\n<\/ul>\n","protected":false},"featured_media":26730,"template":["Evenement"],"categories":[],"class_list":["post-26729","evenement","type-evenement","status-publish","has-post-thumbnail","hentry"],"date_from":"2025-03-07 19:00:00","date_to":"2025-03-07 21:00:00","jour_entier":"0","date_debut_affichage":"2025-02-20 07:00:00","date_fin_affichage":"2025-03-07 19:00:00","description_ecran":"","organisateur":"www.dudelange.lu > Agenda","place_name":"Cin\u00e9 Starlight","address":"","website":"","prix":"0.00","place_hotel_de_ville":"1","gare_dudelange_ville":"1","lycee_nic_biever":"1","preview":"1","visuel_prepare":false,"latitude":"","longitude":"","ordre_affichage_ecran":"6","import_id":"","export_id":"film-wunderschoner-NZCX3v","picture_url":"https:\/\/sadudelangedata.blob.core.windows.net\/files\/2025\/02\/Wunderschoener.png","publishpress_future_action":{"enabled":false,"date":"2026-05-08 23:47:01","action":"change-status","newStatus":"trash","terms":[],"taxonomy":"category","extraData":[]},"publishpress_future_workflow_manual_trigger":{"enabledWorkflows":[]},"_links":{"self":[{"href":"https:\/\/www.dudelange.lu\/index.php\/wp-json\/wp\/v2\/evenement\/26729","targetHints":{"allow":["GET"]}}],"collection":[{"href":"https:\/\/www.dudelange.lu\/index.php\/wp-json\/wp\/v2\/evenement"}],"about":[{"href":"https:\/\/www.dudelange.lu\/index.php\/wp-json\/wp\/v2\/types\/evenement"}],"wp:featuredmedia":[{"embeddable":true,"href":"https:\/\/www.dudelange.lu\/index.php\/wp-json\/wp\/v2\/media\/26730"}],"wp:attachment":[{"href":"https:\/\/www.dudelange.lu\/index.php\/wp-json\/wp\/v2\/media?parent=26729"}],"wp:term":[{"taxonomy":"category","embeddable":true,"href":"https:\/\/www.dudelange.lu\/index.php\/wp-json\/wp\/v2\/categories?post=26729"}],"curies":[{"name":"wp","href":"https:\/\/api.w.org\/{rel}","templated":true}]}}