{"id":29689,"date":"2026-01-05T16:21:10","date_gmt":"2026-01-05T15:21:10","guid":{"rendered":"https:\/\/www.dudelange.lu\/?post_type=evenement&#038;p=29689"},"modified":"2026-01-28T14:29:31","modified_gmt":"2026-01-28T13:29:31","slug":"estranha-forma-catarina-barbosa","status":"publish","type":"evenement","link":"https:\/\/www.dudelange.lu\/index.php\/evenement\/estranha-forma-catarina-barbosa\/","title":{"rendered":"Estranha Forma &#8211;  Catarina Barbosa"},"content":{"rendered":"<div class=\"event-detail__headline\">\n<p>\u00ab\u00a0Estranha forma\u00a0\u00bb est un solo qui\u00a0est interpr\u00e9t\u00e9 et chor\u00e9graphi\u00e9\u00a0par Catarina Barbosa.<\/p>\n<\/div>\n<div class=\"event-detail__body\">\n<div>C&rsquo;est un coup de\u00a0gueule, un appel, un t\u00e9moignage,\u00a0un questionnement sur la femme\u00a0qui se r\u00e9veille un jour, voit sa vie,\u00a0observe son existence et ce\u00a0demande comment elle en est\u00a0arriv\u00e9 l\u00e0.<br \/>\nC\u2019est aussi un questionnement\u00a0sur l\u2019\u00e9ducation artistique,\u00a0sexuelle et sur l\u2019environnement\u00a0dans lequel on \u00e9volue.<\/div>\n<div>Estranha Forma c\u2019est ce moment\u00a0de vie, celui qui vous retourne,\u00a0qui vous rend folle, celui que\u00a0toutes femmes a surement d\u00e9j\u00e0\u00a0v\u00e9cu, celui o\u00f9 on se questionne\u00a0sur sa propre existence.<br \/>\nCette cr\u00e9ation est un solo\u00a0introspectif qui navigue entre\u00a0les souvenirs, les r\u00f4les impos\u00e9s\u00a0et les d\u00e9sirs enfouis. M\u00e8ne une\u00a0r\u00e9flexion sur la f\u00e9minit\u00e9,\u00a0l\u2019h\u00e9ritage culturel, l\u2019\u00e9ducation\u00a0sexuelle, l\u2019image du corps, et\u00a0toutes les contradictions qui\u00a0nous traversent quand on\u00a0grandit avec des r\u00e8gles qu\u2019on\u00a0n\u2019a pas choisies.<\/div>\n<\/div>\n","protected":false},"featured_media":29712,"template":["Evenement"],"categories":[],"class_list":["post-29689","evenement","type-evenement","status-publish","has-post-thumbnail","hentry"],"date_from":"2026-02-24 20:00:00","date_to":"0000-00-00 00:00:00","jour_entier":"0","date_debut_affichage":"2026-01-06 00:19:00","date_fin_affichage":"2026-02-24 00:00:00","description_ecran":"","organisateur":"","place_name":"opderschmelz","address":"","website":"https:\/\/opderschmelz.lu\/agenda\/2150_2237","prix":"0.00","place_hotel_de_ville":"1","gare_dudelange_ville":"1","lycee_nic_biever":"1","preview":"1","visuel_prepare":false,"latitude":"","longitude":"","ordre_affichage_ecran":"11","import_id":"","export_id":"estranha-forma-8211-catarina-barbosa-si6AMw","picture_url":"https:\/\/sadudelangedata.blob.core.windows.net\/files\/2026\/01\/Estranha-Forma.jpg","publishpress_future_action":{"enabled":false,"date":"2026-05-08 04:12:51","action":"change-status","newStatus":"trash","terms":[],"taxonomy":"category","extraData":[]},"publishpress_future_workflow_manual_trigger":{"enabledWorkflows":[]},"_links":{"self":[{"href":"https:\/\/www.dudelange.lu\/index.php\/wp-json\/wp\/v2\/evenement\/29689","targetHints":{"allow":["GET"]}}],"collection":[{"href":"https:\/\/www.dudelange.lu\/index.php\/wp-json\/wp\/v2\/evenement"}],"about":[{"href":"https:\/\/www.dudelange.lu\/index.php\/wp-json\/wp\/v2\/types\/evenement"}],"wp:featuredmedia":[{"embeddable":true,"href":"https:\/\/www.dudelange.lu\/index.php\/wp-json\/wp\/v2\/media\/29712"}],"wp:attachment":[{"href":"https:\/\/www.dudelange.lu\/index.php\/wp-json\/wp\/v2\/media?parent=29689"}],"wp:term":[{"taxonomy":"category","embeddable":true,"href":"https:\/\/www.dudelange.lu\/index.php\/wp-json\/wp\/v2\/categories?post=29689"}],"curies":[{"name":"wp","href":"https:\/\/api.w.org\/{rel}","templated":true}]}}