{"id":29697,"date":"2026-01-06T09:59:48","date_gmt":"2026-01-06T08:59:48","guid":{"rendered":"https:\/\/www.dudelange.lu\/?post_type=evenement&#038;p=29697"},"modified":"2026-01-28T14:31:45","modified_gmt":"2026-01-28T13:31:45","slug":"moving-shadows","status":"publish","type":"evenement","link":"https:\/\/www.dudelange.lu\/index.php\/evenement\/moving-shadows\/","title":{"rendered":"Moving Shadows"},"content":{"rendered":"<div class=\"event-detail__headline\">\n<p>Sept artistes, un \u00e9cran, de la lumi\u00e8re et de la musique : il n&rsquo;en faut pas plus pour un voyage fantastique. Les artistes, danseurs et mimes enchantent leur public avec des images en filigrane.<\/p>\n<\/div>\n<div class=\"event-detail__body\">\n<p>Avec une pr\u00e9cision \u00e9tonnante et une aisance d\u00e9concertante, les Moving Shadows cr\u00e9ent une succession d&rsquo;images po\u00e9tiques \u00e0 partir de corps fluides, tourbillonnant avec fougue dans la lumi\u00e8re avant de dispara\u00eetre \u00e0 nouveau dans les profondeurs myst\u00e9rieuses de la salle. Derri\u00e8re l&rsquo;\u00e9cran, leurs corps se fondent en paysages, animaux et b\u00e2timents. Le r\u00e9sultat devant l&rsquo;\u00e9cran : un public enchant\u00e9. Les Mobil\u00e9s avec Moving Shadows sont sous les feux de la rampe mondiale depuis qu&rsquo;ils montent r\u00e9guli\u00e8rement sur le podium des concours de talents. Peu importe o\u00f9 ils se produisent, ils sont acclam\u00e9s avec enthousiasme. Les m\u00e9dias et les spectateurs sont unanimes : un th\u00e9\u00e2tre d&rsquo;ombres qui \u00e9clipse tout le reste ! LUMI\u00c8RES \u00c9TEINTES \u2013 SPOT ALLUM\u00c9 ! Notre monde nous concerne tous ! C&rsquo;est pourquoi les artistes poursuivent avec leur programme actuel \u00ab Our World ! \u00bb exactement l\u00e0 o\u00f9 ils ont \u00e9lectris\u00e9 leurs fans jusqu&rsquo;\u00e0 pr\u00e9sent : il est encore plus po\u00e9tique, plus cr\u00e9atif, plus \u00e9tonnant. Il visualise \u00e0 la fois les c\u00f4t\u00e9s positifs et n\u00e9gatifs de notre monde dans une incroyable combinaison de l\u00e9g\u00e8ret\u00e9, de pr\u00e9cision, de po\u00e9sie, de com\u00e9die, de danse, d&rsquo;artistique, d&rsquo;art et de mouvement.<\/p>\n<\/div>\n","protected":false},"featured_media":29710,"template":["Evenement"],"categories":[50],"class_list":["post-29697","evenement","type-evenement","status-publish","has-post-thumbnail","hentry","category-culture"],"date_from":"2026-03-04 20:00:00","date_to":"0000-00-00 00:00:00","jour_entier":"0","date_debut_affichage":"2026-01-07 00:00:00","date_fin_affichage":"2026-03-04 00:00:00","description_ecran":"","organisateur":"","place_name":"opderschmelz","address":"","website":"https:\/\/opderschmelz.lu\/agenda\/2120_2181","prix":"35.00","place_hotel_de_ville":"1","gare_dudelange_ville":"1","lycee_nic_biever":"1","preview":"1","visuel_prepare":false,"latitude":"","longitude":"","ordre_affichage_ecran":"10","import_id":"","export_id":"moving-shadows-e3HAJr","picture_url":"https:\/\/sadudelangedata.blob.core.windows.net\/files\/2026\/01\/Moving-Shadow.jpg","publishpress_future_action":{"enabled":false,"date":"2026-05-08 04:12:25","action":"change-status","newStatus":"trash","terms":[],"taxonomy":"category","extraData":[]},"publishpress_future_workflow_manual_trigger":{"enabledWorkflows":[]},"_links":{"self":[{"href":"https:\/\/www.dudelange.lu\/index.php\/wp-json\/wp\/v2\/evenement\/29697","targetHints":{"allow":["GET"]}}],"collection":[{"href":"https:\/\/www.dudelange.lu\/index.php\/wp-json\/wp\/v2\/evenement"}],"about":[{"href":"https:\/\/www.dudelange.lu\/index.php\/wp-json\/wp\/v2\/types\/evenement"}],"wp:featuredmedia":[{"embeddable":true,"href":"https:\/\/www.dudelange.lu\/index.php\/wp-json\/wp\/v2\/media\/29710"}],"wp:attachment":[{"href":"https:\/\/www.dudelange.lu\/index.php\/wp-json\/wp\/v2\/media?parent=29697"}],"wp:term":[{"taxonomy":"category","embeddable":true,"href":"https:\/\/www.dudelange.lu\/index.php\/wp-json\/wp\/v2\/categories?post=29697"}],"curies":[{"name":"wp","href":"https:\/\/api.w.org\/{rel}","templated":true}]}}