{"id":31623,"date":"2026-08-14T14:35:08","date_gmt":"2026-08-14T12:35:08","guid":{"rendered":"https:\/\/www.dudelange.lu\/?post_type=evenement&#038;p=31623"},"modified":"2026-08-14T14:35:52","modified_gmt":"2026-08-14T12:35:52","slug":"bellibimbam","status":"publish","type":"evenement","link":"https:\/\/www.dudelange.lu\/index.php\/evenement\/bellibimbam\/","title":{"rendered":"Kannerliesung"},"content":{"rendered":"<p><em><span style=\"color: #ef4030;\"><strong>De klengen H\u00e4r Bellibimbam an de Monsieur Lugaru<\/strong><\/span><\/em><\/p>\n<p><strong>Samschdeg, 10.10.2026 \/ 10h30-11h15<\/strong><br \/>\nBiblioth\u00e8que Publique R\u00e9gionale (24 rue du Commerce)<\/p>\n<ul>\n<li>Vu 5 Joer un<\/li>\n<li>Gratis Umeldung: T 51 61 21 250, <span style=\"text-decoration: underline;\"><a href=\"mailto:bibliotheque@dudelange.lu\">bibliotheque@dudelange.lu<\/a><\/span><\/li>\n<\/ul>\n<p><em>De klengen H\u00e4r Bellibimbam souz bei sech doheem an e war immens zefridde mat sech a grad esou zefridde mat der Welt. An dunn huet et un der Dier geklappt. <\/em><em>Dobausse stoung de groussen H\u00e4r Lugaru, ma de klengen, courag\u00e9ierten H\u00e4r Bellibimbam l\u00e9isst hien eran an zerw\u00e9iert him all M\u00e9igleches z\u2018iessen an ze dr\u00e9nken a l\u00e9isst en iwwert d\u2018Nuecht bei sech raschten. <\/em><em>Den Dag drop gi mir gewuer, dass vill Leit am Duerf Angscht virum H\u00e4r Lugaru hunn, an den H\u00e4r Bellibimbam versteet net, firwat. Den H\u00e4r Lugaru, duerch seng St\u00e4erkt an H\u00ebllefsbereetschaft, ka lues a lues d\u2018Vertraue vun den Duerfleit gewannen, ma nach laang net vun allen\u2026 <\/em><em>Ob den H\u00e4r Lugaru sech dann elo awer er\u00ebm muss op de Wee maachen?<\/em><\/p>\n<p>Biblioth\u00e8que Publique R\u00e9gionale<br \/>\n24 rue du Commerce, L-3450 Dudelange<br \/>\nT 516121 &#8211; 250<br \/>\n<span style=\"text-decoration: underline;\"><a href=\"mailto:bibliotheque@dudelange.lu\">bibliotheque@dudelange.lu<\/a><\/span><\/p>\n","protected":false},"featured_media":31624,"template":["Evenement"],"categories":[],"class_list":["post-31623","evenement","type-evenement","status-publish","has-post-thumbnail","hentry"],"date_from":"2026-10-10 10:30:00","date_to":"2026-10-10 11:15:00","jour_entier":"0","date_debut_affichage":"2026-09-24 07:00:00","date_fin_affichage":"2026-10-10 10:30:00","description_ecran":"","organisateur":"bibliodudelange.lu","place_name":"Biblioth\u00e8que","address":"","website":"","prix":"0.00","place_hotel_de_ville":"1","gare_dudelange_ville":"1","lycee_nic_biever":"1","preview":"1","visuel_prepare":false,"latitude":"","longitude":"","ordre_affichage_ecran":"30","import_id":"","export_id":"","picture_url":"https:\/\/sadudelangedata.blob.core.windows.net\/files\/2026\/08\/lecture-bib.png","publishpress_future_action":{"enabled":false,"date":"2026-09-08 08:23:09","action":"change-status","newStatus":"trash","terms":[],"taxonomy":"category","extraData":[]},"publishpress_future_workflow_manual_trigger":{"enabledWorkflows":[]},"_links":{"self":[{"href":"https:\/\/www.dudelange.lu\/index.php\/wp-json\/wp\/v2\/evenement\/31623","targetHints":{"allow":["GET"]}}],"collection":[{"href":"https:\/\/www.dudelange.lu\/index.php\/wp-json\/wp\/v2\/evenement"}],"about":[{"href":"https:\/\/www.dudelange.lu\/index.php\/wp-json\/wp\/v2\/types\/evenement"}],"wp:featuredmedia":[{"embeddable":true,"href":"https:\/\/www.dudelange.lu\/index.php\/wp-json\/wp\/v2\/media\/31624"}],"wp:attachment":[{"href":"https:\/\/www.dudelange.lu\/index.php\/wp-json\/wp\/v2\/media?parent=31623"}],"wp:term":[{"taxonomy":"category","embeddable":true,"href":"https:\/\/www.dudelange.lu\/index.php\/wp-json\/wp\/v2\/categories?post=31623"}],"curies":[{"name":"wp","href":"https:\/\/api.w.org\/{rel}","templated":true}]}}