{"id":13215,"date":"2021-09-19T07:00:56","date_gmt":"2021-09-19T05:00:56","guid":{"rendered":"https:\/\/dudelange.devoteamlab.lu\/?page_id=13215"},"modified":"2026-03-26T10:26:36","modified_gmt":"2026-03-26T09:26:36","slug":"refonte-du-pag","status":"publish","type":"page","link":"https:\/\/www.dudelange.lu\/index.php\/refonte-du-pag\/","title":{"rendered":"PAG (Plan d&rsquo;Am\u00e9nagement G\u00e9n\u00e9ral)"},"content":{"rendered":"<p>Consultez ci-dessous la version coordonn\u00e9e des parties \u00e9crite et graphique du PAG (version coordonn\u00e9e janvier 2026) suite \u00e0 l\u2019approbation d\u00e9finitive du dossier de modification ponctuelle du PAG n\u00b06.<\/p>\n<p>\u00bb Le dossier de modification ponctuelle n\u00b06 a \u00e9t\u00e9 approuv\u00e9 par Monsieur le Ministre des Affaires Int\u00e9rieures le 13\/01\/2026 sous la r\u00e9f\u00e9rence 60C\/031\/2024.<\/p>\n<p>Conform\u00e9ment \u00e0 l\u2019article 19 de la loi modifi\u00e9e du 19 juillet 2004 concernant l\u2019am\u00e9nagement communal et le d\u00e9veloppement urbain, le Projet d\u2019Am\u00e9nagement G\u00e9n\u00e9ral, qui rev\u00eat un caract\u00e8re r\u00e9glementaire, <span style=\"text-decoration: underline;\">devient obligatoire trois jours apr\u00e8s la date du 25 f\u00e9vrier 2026<\/span>.<\/p>\n<p>&nbsp;<\/p>\n<p><strong>Documents \u00e0 consulter:<\/strong><\/p>\n<ul>\n<li><strong>Plan d&rsquo;Am\u00e9nagement G\u00e9n\u00e9ral (PAG):<\/strong>\n<ul>\n<li><a href=\"https:\/\/sadudelangedata.blob.core.windows.net\/files\/2026\/03\/PAG-PE.pdf\"><span style=\"text-decoration: underline;\"><span style=\"color: #ef4030; text-decoration: underline;\">Partie \u00e9crite approuv\u00e9e<\/span><\/span><\/a>\u00a0(PDF, 721KB)<\/li>\n<li><a href=\"https:\/\/sadudelangedata.blob.core.windows.net\/files\/2025\/06\/PAG-PG.pdf\"><span style=\"text-decoration: underline;\"><span style=\"color: #ef4030; text-decoration: underline;\">Partie graphique approuv\u00e9e<\/span><\/span><\/a> (PDF, 16MB)<\/li>\n<\/ul>\n<\/li>\n<\/ul>\n<p>&nbsp;<\/p>\n<ul>\n<li><strong>Sch\u00e9mas directeurs:<\/strong>\n<ul>\n<li><span style=\"text-decoration: underline;\"><span style=\"color: #ef4030;\"><a style=\"color: #ef4030; text-decoration: underline;\" href=\"https:\/\/sadudelangedata.blob.core.windows.net\/files\/2024\/10\/SCHEMAS-DIRECTEURS.zip\" target=\"_blank\" rel=\"noopener\">Sch\u00e9mas directeurs<\/a><\/span><\/span> (ZIP, 229MB)<\/li>\n<\/ul>\n<\/li>\n<\/ul>\n<p>&nbsp;<\/p>\n<ul>\n<li><strong>Strategische Umweltpr\u00fcfung (SUP):<\/strong>\n<ul>\n<li><span style=\"text-decoration: underline;\"><span style=\"color: #ef4030;\"><a style=\"color: #ef4030; text-decoration: underline;\" href=\"https:\/\/sadudelangedata.blob.core.windows.net\/files\/2023\/02\/Strategische-Umweltprufung-SUP.zip\" target=\"_blank\" rel=\"noopener\">Strategische Umweltpr\u00fcfung (SUP)<\/a><\/span><\/span> (ZIP, 715MB)<\/li>\n<li><span style=\"color: #ef4030;\"><a style=\"color: #ef4030;\" href=\"https:\/\/sadudelangedata.blob.core.windows.net\/files\/2023\/02\/SUP_PAG_Dudelange_Publikation-Art.-10-SUP-Gesetz.pdf\" target=\"_blank\" rel=\"noopener\"><span style=\"text-decoration: underline;\">SUP Zusammenfassende Erkl\u00e4rung gem\u00e4\u00df Art. 10 SUP-Gesetz<\/span><\/a><\/span> (PDF, 676KB)<\/li>\n<\/ul>\n<\/li>\n<\/ul>\n<p>&nbsp;<\/p>\n<ul>\n<li><span style=\"text-decoration: underline;\"><span style=\"color: #ef4030;\"><a style=\"color: #ef4030; text-decoration: underline;\" href=\"https:\/\/sadudelangedata.blob.core.windows.net\/files\/2026\/02\/20260225_VdD_AvisAppM_SAD_D6_PAGPAPQE_ComE-ReiBul-2Jo.pdf\">Avis au public du 25.2.2026<\/a><\/span><\/span> (PDF, 516KB)<\/li>\n<\/ul>\n<p>&nbsp;<\/p>\n<p><strong><br \/>\nContact<\/strong><br \/>\nService de l\u2019Architecture et des Domaines<br \/>\nSecr\u00e9tariat<br \/>\nT 51 61 21 -381\/-384<br \/>\n<a href=\"mailto:sad@dudelange.lu\">sad@dudelange.lu<\/a><\/p>\n","protected":false},"excerpt":{"rendered":"<p>Consultez ci-dessous la version coordonn\u00e9e des parties \u00e9crite et graphique [&hellip;]<\/p>\n","protected":false},"author":1,"featured_media":13947,"parent":0,"menu_order":0,"comment_status":"closed","ping_status":"closed","template":"","meta":{"footnotes":""},"class_list":["post-13215","page","type-page","status-publish","has-post-thumbnail","hentry"],"publishpress_future_action":{"enabled":false,"date":"2026-05-07 13:09:14","action":"change-status","newStatus":"draft","terms":[],"taxonomy":"","extraData":[]},"publishpress_future_workflow_manual_trigger":{"enabledWorkflows":[]},"_links":{"self":[{"href":"https:\/\/www.dudelange.lu\/index.php\/wp-json\/wp\/v2\/pages\/13215","targetHints":{"allow":["GET"]}}],"collection":[{"href":"https:\/\/www.dudelange.lu\/index.php\/wp-json\/wp\/v2\/pages"}],"about":[{"href":"https:\/\/www.dudelange.lu\/index.php\/wp-json\/wp\/v2\/types\/page"}],"author":[{"embeddable":true,"href":"https:\/\/www.dudelange.lu\/index.php\/wp-json\/wp\/v2\/users\/1"}],"replies":[{"embeddable":true,"href":"https:\/\/www.dudelange.lu\/index.php\/wp-json\/wp\/v2\/comments?post=13215"}],"version-history":[{"count":68,"href":"https:\/\/www.dudelange.lu\/index.php\/wp-json\/wp\/v2\/pages\/13215\/revisions"}],"predecessor-version":[{"id":30295,"href":"https:\/\/www.dudelange.lu\/index.php\/wp-json\/wp\/v2\/pages\/13215\/revisions\/30295"}],"wp:featuredmedia":[{"embeddable":true,"href":"https:\/\/www.dudelange.lu\/index.php\/wp-json\/wp\/v2\/media\/13947"}],"wp:attachment":[{"href":"https:\/\/www.dudelange.lu\/index.php\/wp-json\/wp\/v2\/media?parent=13215"}],"curies":[{"name":"wp","href":"https:\/\/api.w.org\/{rel}","templated":true}]}}