{"id":13633,"date":"2021-10-28T08:27:19","date_gmt":"2021-10-28T06:27:19","guid":{"rendered":"https:\/\/dudelange.devoteamlab.lu\/?page_id=13633"},"modified":"2023-08-18T11:16:46","modified_gmt":"2023-08-18T09:16:46","slug":"cine-starlight","status":"publish","type":"page","link":"https:\/\/www.dudelange.lu\/index.php\/cine-starlight\/","title":{"rendered":"Cin\u00e9 Starlight"},"content":{"rendered":"<p>Les locaux du Centre National de l\u2019Audiovisuel h\u00e9bergent les deux salles du Cin\u00e9 Starlight qui proposent une programmation diversifi\u00e9e. Outre les sorties de films actuels, le CNA organise \u00e9galement des s\u00e9ances \u00e0 th\u00e8mes, des rencontres avec des r\u00e9alisateurs et des soir\u00e9es autour du patrimoine national.<\/p>\n<p><strong>Cin\u00e9 Starlight<\/strong><br \/>\nCentre national de l\u2019audiovisuel<br \/>\n1B rue du Centenaire L-3475 Dudelange<br \/>\n<a href=\"http:\/\/www.cinestarlight.lu\" target=\"_blank\" rel=\"noopener\"><span style=\"text-decoration: underline;\"><span style=\"color: #ef4030; text-decoration: underline;\">www.cinestarlight.lu<\/span><\/span><\/a><br \/>\n<a href=\"https:\/\/www.facebook.com\/CineStarlight\" target=\"_blank\" rel=\"noopener\"><span style=\"text-decoration: underline;\"><span style=\"color: #ef4030; text-decoration: underline;\">Facebook<\/span><\/span><\/a><\/p>\n","protected":false},"excerpt":{"rendered":"<p>Les locaux du Centre National de l\u2019Audiovisuel h\u00e9bergent les deux [&hellip;]<\/p>\n","protected":false},"author":8,"featured_media":21544,"parent":0,"menu_order":0,"comment_status":"closed","ping_status":"closed","template":"","meta":{"footnotes":""},"class_list":["post-13633","page","type-page","status-publish","has-post-thumbnail","hentry"],"publishpress_future_action":{"enabled":false,"date":"2026-05-07 03:11:57","action":"change-status","newStatus":"draft","terms":[],"taxonomy":"","extraData":[]},"publishpress_future_workflow_manual_trigger":{"enabledWorkflows":[]},"_links":{"self":[{"href":"https:\/\/www.dudelange.lu\/index.php\/wp-json\/wp\/v2\/pages\/13633","targetHints":{"allow":["GET"]}}],"collection":[{"href":"https:\/\/www.dudelange.lu\/index.php\/wp-json\/wp\/v2\/pages"}],"about":[{"href":"https:\/\/www.dudelange.lu\/index.php\/wp-json\/wp\/v2\/types\/page"}],"author":[{"embeddable":true,"href":"https:\/\/www.dudelange.lu\/index.php\/wp-json\/wp\/v2\/users\/8"}],"replies":[{"embeddable":true,"href":"https:\/\/www.dudelange.lu\/index.php\/wp-json\/wp\/v2\/comments?post=13633"}],"version-history":[{"count":3,"href":"https:\/\/www.dudelange.lu\/index.php\/wp-json\/wp\/v2\/pages\/13633\/revisions"}],"predecessor-version":[{"id":13668,"href":"https:\/\/www.dudelange.lu\/index.php\/wp-json\/wp\/v2\/pages\/13633\/revisions\/13668"}],"wp:featuredmedia":[{"embeddable":true,"href":"https:\/\/www.dudelange.lu\/index.php\/wp-json\/wp\/v2\/media\/21544"}],"wp:attachment":[{"href":"https:\/\/www.dudelange.lu\/index.php\/wp-json\/wp\/v2\/media?parent=13633"}],"curies":[{"name":"wp","href":"https:\/\/api.w.org\/{rel}","templated":true}]}}