{"id":18418,"date":"2022-09-27T11:09:53","date_gmt":"2022-09-27T09:09:53","guid":{"rendered":"https:\/\/www.dudelange.lu\/?page_id=18418"},"modified":"2026-03-26T10:29:01","modified_gmt":"2026-03-26T09:29:01","slug":"pap-qe-en-vigueur","status":"publish","type":"page","link":"https:\/\/www.dudelange.lu\/index.php\/pap-qe-en-vigueur\/","title":{"rendered":"PAP QE (Plan d&rsquo;Am\u00e9nagement Particulier \u00ab\u00a0Quartiers Existants\u00a0\u00bb)"},"content":{"rendered":"<p>Consultez ci-dessous la version coordonn\u00e9e de la partie \u00e9crite et du plan de rep\u00e9rage du PAP QE (version coordonn\u00e9e janvier 2026) suite \u00e0 l\u2019approbation d\u00e9finitive du dossier de modification ponctuelle du PAP QE n\u00b06.<\/p>\n<p>\u00bb\u00a0\u00a0 Le dossier de modification ponctuelle n\u00b06 a \u00e9t\u00e9 approuv\u00e9 par Monsieur le Ministre des Affaires Int\u00e9rieures le 13\/01\/2026 sous la r\u00e9f\u00e9rence 20022\/60C.<\/p>\n<p>Conform\u00e9ment \u00e0 l\u2019article 31 de la loi modifi\u00e9e du 19 juillet 2004 concernant l\u2019am\u00e9nagement communal et le d\u00e9veloppement urbain, le Projet d\u2019Am\u00e9nagement G\u00e9n\u00e9ral, qui rev\u00eat un caract\u00e8re r\u00e9glementaire,\u00a0<u>devient obligatoire trois jours apr\u00e8s la date du 25 f\u00e9vrier 2026<\/u>.<\/p>\n<p>Documents \u00e0 consulter:\u200b<\/p>\n<ul>\n<li>Plan d&rsquo;Am\u00e9nagement Particulier \u00ab quartiers existants \u00bb (PAP QE):\n<ul>\n<li><span style=\"text-decoration: underline;\"><span style=\"color: #ef4030;\"><a style=\"color: #ef4030; text-decoration: underline;\" href=\"https:\/\/sadudelangedata.blob.core.windows.net\/files\/2026\/03\/PAP-QE-PE.pdf\">Partie \u00e9crite approuv\u00e9e<\/a><\/span><\/span> (PDF, 1,36MB)<\/li>\n<li><span style=\"text-decoration: underline;\"><span style=\"color: #ef4030; text-decoration: underline;\"><a style=\"color: #ef4030; text-decoration: underline;\" href=\"https:\/\/sadudelangedata.blob.core.windows.net\/files\/2025\/07\/Partie-graphique-approuvee-PAP-QE-PG.pdf\" target=\"_blank\" rel=\"noopener\">Partie graphique approuv\u00e9e<\/a><\/span><\/span> \u200b(PDF, 2,78MB)<\/li>\n<\/ul>\n<\/li>\n<\/ul>\n<ul>\n<li><span style=\"text-decoration: underline;\"><span style=\"color: #ef4030;\"><a style=\"color: #ef4030; text-decoration: underline;\" href=\"https:\/\/sadudelangedata.blob.core.windows.net\/files\/2026\/02\/20260225_VdD_AvisAppM_SAD_D6_PAGPAPQE_ComE-ReiBul-2Jo.pdf\">Avis au public du 25.2.2026<\/a><\/span><\/span> (PDF, 516KB)<\/li>\n<\/ul>\n<p>&nbsp;<\/p>\n<p><strong>Contact<\/strong><br \/>\nService de l\u2019Architecture et des Domaines<br \/>\nSecr\u00e9tariat<br \/>\nT 51 61 21 -381\/-384<br \/>\n<a href=\"mailto:sad@dudelange.lu\">sad@dudelange.lu<\/a><\/p>\n","protected":false},"excerpt":{"rendered":"<p>Consultez ci-dessous la version coordonn\u00e9e de la partie \u00e9crite et [&hellip;]<\/p>\n","protected":false},"author":8,"featured_media":15020,"parent":0,"menu_order":0,"comment_status":"closed","ping_status":"closed","template":"","meta":{"footnotes":""},"class_list":["post-18418","page","type-page","status-publish","has-post-thumbnail","hentry"],"publishpress_future_action":{"enabled":false,"date":"2026-05-09 08:04:30","action":"change-status","newStatus":"draft","terms":[],"taxonomy":"","extraData":[]},"publishpress_future_workflow_manual_trigger":{"enabledWorkflows":[]},"_links":{"self":[{"href":"https:\/\/www.dudelange.lu\/index.php\/wp-json\/wp\/v2\/pages\/18418","targetHints":{"allow":["GET"]}}],"collection":[{"href":"https:\/\/www.dudelange.lu\/index.php\/wp-json\/wp\/v2\/pages"}],"about":[{"href":"https:\/\/www.dudelange.lu\/index.php\/wp-json\/wp\/v2\/types\/page"}],"author":[{"embeddable":true,"href":"https:\/\/www.dudelange.lu\/index.php\/wp-json\/wp\/v2\/users\/8"}],"replies":[{"embeddable":true,"href":"https:\/\/www.dudelange.lu\/index.php\/wp-json\/wp\/v2\/comments?post=18418"}],"version-history":[{"count":10,"href":"https:\/\/www.dudelange.lu\/index.php\/wp-json\/wp\/v2\/pages\/18418\/revisions"}],"predecessor-version":[{"id":30297,"href":"https:\/\/www.dudelange.lu\/index.php\/wp-json\/wp\/v2\/pages\/18418\/revisions\/30297"}],"wp:featuredmedia":[{"embeddable":true,"href":"https:\/\/www.dudelange.lu\/index.php\/wp-json\/wp\/v2\/media\/15020"}],"wp:attachment":[{"href":"https:\/\/www.dudelange.lu\/index.php\/wp-json\/wp\/v2\/media?parent=18418"}],"curies":[{"name":"wp","href":"https:\/\/api.w.org\/{rel}","templated":true}]}}