{"id":1859,"date":"2021-08-12T15:49:38","date_gmt":"2021-08-12T14:49:38","guid":{"rendered":"http:\/\/app-dudelange-dev.azurewebsites.net\/?page_id=1859"},"modified":"2023-03-01T17:00:34","modified_gmt":"2023-03-01T16:00:34","slug":"agenda","status":"publish","type":"page","link":"https:\/\/www.dudelange.lu\/index.php\/agenda\/","title":{"rendered":"Agenda"},"content":{"rendered":"<div class=\"fusion-fullwidth fullwidth-box fusion-builder-row-1 fusion-flex-container nonhundred-percent-fullwidth non-hundred-percent-height-scrolling\" style=\"background-color: rgba(255,255,255,0);background-position: center center;background-repeat: no-repeat;border-width: 0px 0px 0px 0px;border-color:#e2e2e2;border-style:solid;\" ><div class=\"fusion-builder-row fusion-row fusion-flex-align-items-flex-start\" style=\"max-width:1424.8px;margin-left: calc(-4% \/ 2 );margin-right: calc(-4% \/ 2 );\"><div class=\"fusion-layout-column fusion_builder_column fusion-builder-column-0 fusion_builder_column_1_1 1_1 fusion-flex-column\"><div class=\"fusion-column-wrapper fusion-flex-justify-content-flex-start fusion-content-layout-column\" style=\"background-position:left top;background-repeat:no-repeat;-webkit-background-size:cover;-moz-background-size:cover;-o-background-size:cover;background-size:cover;padding: 0px 0px 0px 0px;\"><div class=\"fusion-post-cards fusion-post-cards-1 fusion-grid-archive hidden\"><ul class=\"fusion-grid fusion-grid-2 fusion-flex-align-items-stretch fusion-grid-container-infinite fusion-grid-container-load-more\" data-pages=\"25\"><li class=\"fusion-layout-column fusion_builder_column fusion-builder-column-1 fusion-flex-column card_actu post-card fusion-grid-column fusion-post-cards-grid-column\"><div class=\"fusion-column-wrapper fusion-column-has-shadow fusion-flex-justify-content-space-between fusion-content-layout-column\" style=\"background-position:left top;background-blend-mode: overlay;background-repeat:no-repeat;-webkit-background-size:cover;-moz-background-size:cover;-o-background-size:cover;background-size:cover;background-color:#ffffff;box-shadow:2px 2px 4px 0px rgba(0,0,0,0.2);;padding: 30px 30px 0px 30px;\"><div class=\"fusion-widget fusion-widget-element fusion-widget-area fusion-content-widget-area wpWidget-1\" style=\"border-width:0px;border-style:solid;\"><div class=\"evenement-tile-content\"><div class=\"event_date\" style=\"line-height: 1px; margin-bottom: 20px;\">15.12.2026 19:00 - 15.12.2026 20:30<\/div><div class=\"event_title\" style=\"font-size: 32px; font-weight: bold; min-height: 80px;\"><a href=https:\/\/www.dudelange.lu\/index.php\/evenement\/cafe-des-langues-1512\/>Caf\u00e9 des langues<\/a><\/div><div style=\"border-bottom: 2px solid #ef4030; width: 28%; margin-bottom: 20px;\"><\/div><div class=\"event_venue\"><i class=\"fas fa-home\" style=\"font-size: 16px;\"><\/i>&nbsp;&nbsp;Centre culturel opderschmelz<\/div><\/div><\/div><div class=\"fusion-classic-product-image-wrapper fusion-woo-product-image fusion-post-card-image fusion-post-card-image-1 vdd-event-image\" data-layout=\"static\"><div  class=\"fusion-image-wrapper\" aria-haspopup=\"true\">\n\t\t\t\t  \t\t\t<a href=\"https:\/\/www.dudelange.lu\/index.php\/evenement\/cafe-des-langues-1512\/\" aria-label=\"Caf\u00e9 des langues\">\n\t\t\t\t\t\t\t<img decoding=\"async\" width=\"1140\" height=\"400\" src=\"https:\/\/sadudelangedata.blob.core.windows.net\/files\/2023\/02\/Cafe-des-langues.png\" class=\"attachment-full size-full lazyload wp-post-image\" alt=\"\" srcset=\"data:image\/svg+xml,%3Csvg%20xmlns%3D%27http%3A%2F%2Fwww.w3.org%2F2000%2Fsvg%27%20width%3D%271140%27%20height%3D%27400%27%20viewBox%3D%270%200%201140%20400%27%3E%3Crect%20width%3D%271140%27%20height%3D%27400%27%20fill-opacity%3D%220%22%2F%3E%3C%2Fsvg%3E\" data-orig-src=\"https:\/\/sadudelangedata.blob.core.windows.net\/files\/2023\/02\/Cafe-des-langues.png\" data-srcset=\"https:\/\/sadudelangedata.blob.core.windows.net\/files\/2023\/02\/Cafe-des-langues-200x70.png 200w, https:\/\/sadudelangedata.blob.core.windows.net\/files\/2023\/02\/Cafe-des-langues-400x140.png 400w, https:\/\/sadudelangedata.blob.core.windows.net\/files\/2023\/02\/Cafe-des-langues-600x211.png 600w, https:\/\/sadudelangedata.blob.core.windows.net\/files\/2023\/02\/Cafe-des-langues-800x281.png 800w, https:\/\/sadudelangedata.blob.core.windows.net\/files\/2023\/02\/Cafe-des-langues.png 1140w\" data-sizes=\"auto\" \/>\t\t\t<\/a>\n\t\t\t\t\t\t\t\t<\/div>\n<\/div><\/div><style type=\"text\/css\">.fusion-builder-column-1 > .fusion-column-wrapper {padding-top : 30px !important;padding-right : 30px !important;padding-bottom : 0px !important;padding-left : 30px !important;}<\/style><\/li>\n<li class=\"fusion-layout-column fusion_builder_column fusion-builder-column-2 fusion-flex-column card_actu post-card fusion-grid-column fusion-post-cards-grid-column\"><div class=\"fusion-column-wrapper fusion-column-has-shadow fusion-flex-justify-content-space-between fusion-content-layout-column\" style=\"background-position:left top;background-blend-mode: overlay;background-repeat:no-repeat;-webkit-background-size:cover;-moz-background-size:cover;-o-background-size:cover;background-size:cover;background-color:#ffffff;box-shadow:2px 2px 4px 0px rgba(0,0,0,0.2);;padding: 30px 30px 0px 30px;\"><div class=\"fusion-widget fusion-widget-element fusion-widget-area fusion-content-widget-area wpWidget-2\" style=\"border-width:0px;border-style:solid;\"><div class=\"evenement-tile-content\"><div class=\"event_date\" style=\"line-height: 1px; margin-bottom: 20px;\">30.11.2026 19:00 - 30.11.2026 20:30<\/div><div class=\"event_title\" style=\"font-size: 32px; font-weight: bold; min-height: 80px;\"><a href=https:\/\/www.dudelange.lu\/index.php\/evenement\/cafe-des-langues-3011\/>Caf\u00e9 des langues<\/a><\/div><div style=\"border-bottom: 2px solid #ef4030; width: 28%; margin-bottom: 20px;\"><\/div><div class=\"event_venue\"><i class=\"fas fa-home\" style=\"font-size: 16px;\"><\/i>&nbsp;&nbsp;Centre culturel opderschmelz<\/div><\/div><\/div><div class=\"fusion-classic-product-image-wrapper fusion-woo-product-image fusion-post-card-image fusion-post-card-image-1 vdd-event-image\" data-layout=\"static\"><div  class=\"fusion-image-wrapper\" aria-haspopup=\"true\">\n\t\t\t\t  \t\t\t<a href=\"https:\/\/www.dudelange.lu\/index.php\/evenement\/cafe-des-langues-3011\/\" aria-label=\"Caf\u00e9 des langues\">\n\t\t\t\t\t\t\t<img decoding=\"async\" width=\"1140\" height=\"400\" src=\"https:\/\/sadudelangedata.blob.core.windows.net\/files\/2023\/02\/Cafe-des-langues.png\" class=\"attachment-full size-full lazyload wp-post-image\" alt=\"\" srcset=\"data:image\/svg+xml,%3Csvg%20xmlns%3D%27http%3A%2F%2Fwww.w3.org%2F2000%2Fsvg%27%20width%3D%271140%27%20height%3D%27400%27%20viewBox%3D%270%200%201140%20400%27%3E%3Crect%20width%3D%271140%27%20height%3D%27400%27%20fill-opacity%3D%220%22%2F%3E%3C%2Fsvg%3E\" data-orig-src=\"https:\/\/sadudelangedata.blob.core.windows.net\/files\/2023\/02\/Cafe-des-langues.png\" data-srcset=\"https:\/\/sadudelangedata.blob.core.windows.net\/files\/2023\/02\/Cafe-des-langues-200x70.png 200w, https:\/\/sadudelangedata.blob.core.windows.net\/files\/2023\/02\/Cafe-des-langues-400x140.png 400w, https:\/\/sadudelangedata.blob.core.windows.net\/files\/2023\/02\/Cafe-des-langues-600x211.png 600w, https:\/\/sadudelangedata.blob.core.windows.net\/files\/2023\/02\/Cafe-des-langues-800x281.png 800w, https:\/\/sadudelangedata.blob.core.windows.net\/files\/2023\/02\/Cafe-des-langues.png 1140w\" data-sizes=\"auto\" \/>\t\t\t<\/a>\n\t\t\t\t\t\t\t\t<\/div>\n<\/div><\/div><style type=\"text\/css\">.fusion-builder-column-2 > .fusion-column-wrapper {padding-top : 30px !important;padding-right : 30px !important;padding-bottom : 0px !important;padding-left : 30px !important;}<\/style><\/li>\n<li class=\"fusion-layout-column fusion_builder_column fusion-builder-column-3 fusion-flex-column card_actu post-card fusion-grid-column fusion-post-cards-grid-column\"><div class=\"fusion-column-wrapper fusion-column-has-shadow fusion-flex-justify-content-space-between fusion-content-layout-column\" style=\"background-position:left top;background-blend-mode: overlay;background-repeat:no-repeat;-webkit-background-size:cover;-moz-background-size:cover;-o-background-size:cover;background-size:cover;background-color:#ffffff;box-shadow:2px 2px 4px 0px rgba(0,0,0,0.2);;padding: 30px 30px 0px 30px;\"><div class=\"fusion-widget fusion-widget-element fusion-widget-area fusion-content-widget-area wpWidget-3\" style=\"border-width:0px;border-style:solid;\"><div class=\"evenement-tile-content\"><div class=\"event_date\" style=\"line-height: 1px; margin-bottom: 20px;\">17.11.2026 19:00 - 17.11.2026 20:30<\/div><div class=\"event_title\" style=\"font-size: 32px; font-weight: bold; min-height: 80px;\"><a href=https:\/\/www.dudelange.lu\/index.php\/evenement\/cafe-des-langues-1711\/>Caf\u00e9 des langues<\/a><\/div><div style=\"border-bottom: 2px solid #ef4030; width: 28%; margin-bottom: 20px;\"><\/div><div class=\"event_venue\"><i class=\"fas fa-home\" style=\"font-size: 16px;\"><\/i>&nbsp;&nbsp;Centre culturel opderschmelz<\/div><\/div><\/div><div class=\"fusion-classic-product-image-wrapper fusion-woo-product-image fusion-post-card-image fusion-post-card-image-1 vdd-event-image\" data-layout=\"static\"><div  class=\"fusion-image-wrapper\" aria-haspopup=\"true\">\n\t\t\t\t  \t\t\t<a href=\"https:\/\/www.dudelange.lu\/index.php\/evenement\/cafe-des-langues-1711\/\" aria-label=\"Caf\u00e9 des langues\">\n\t\t\t\t\t\t\t<img decoding=\"async\" width=\"1140\" height=\"400\" src=\"https:\/\/sadudelangedata.blob.core.windows.net\/files\/2023\/02\/Cafe-des-langues.png\" class=\"attachment-full size-full lazyload wp-post-image\" alt=\"\" srcset=\"data:image\/svg+xml,%3Csvg%20xmlns%3D%27http%3A%2F%2Fwww.w3.org%2F2000%2Fsvg%27%20width%3D%271140%27%20height%3D%27400%27%20viewBox%3D%270%200%201140%20400%27%3E%3Crect%20width%3D%271140%27%20height%3D%27400%27%20fill-opacity%3D%220%22%2F%3E%3C%2Fsvg%3E\" data-orig-src=\"https:\/\/sadudelangedata.blob.core.windows.net\/files\/2023\/02\/Cafe-des-langues.png\" data-srcset=\"https:\/\/sadudelangedata.blob.core.windows.net\/files\/2023\/02\/Cafe-des-langues-200x70.png 200w, https:\/\/sadudelangedata.blob.core.windows.net\/files\/2023\/02\/Cafe-des-langues-400x140.png 400w, https:\/\/sadudelangedata.blob.core.windows.net\/files\/2023\/02\/Cafe-des-langues-600x211.png 600w, https:\/\/sadudelangedata.blob.core.windows.net\/files\/2023\/02\/Cafe-des-langues-800x281.png 800w, https:\/\/sadudelangedata.blob.core.windows.net\/files\/2023\/02\/Cafe-des-langues.png 1140w\" data-sizes=\"auto\" \/>\t\t\t<\/a>\n\t\t\t\t\t\t\t\t<\/div>\n<\/div><\/div><style type=\"text\/css\">.fusion-builder-column-3 > .fusion-column-wrapper {padding-top : 30px !important;padding-right : 30px !important;padding-bottom : 0px !important;padding-left : 30px !important;}<\/style><\/li>\n<li class=\"fusion-layout-column fusion_builder_column fusion-builder-column-4 fusion-flex-column card_actu post-card fusion-grid-column fusion-post-cards-grid-column\"><div class=\"fusion-column-wrapper fusion-column-has-shadow fusion-flex-justify-content-space-between fusion-content-layout-column\" style=\"background-position:left top;background-blend-mode: overlay;background-repeat:no-repeat;-webkit-background-size:cover;-moz-background-size:cover;-o-background-size:cover;background-size:cover;background-color:#ffffff;box-shadow:2px 2px 4px 0px rgba(0,0,0,0.2);;padding: 30px 30px 0px 30px;\"><div class=\"fusion-widget fusion-widget-element fusion-widget-area fusion-content-widget-area wpWidget-4\" style=\"border-width:0px;border-style:solid;\"><div class=\"evenement-tile-content\"><div class=\"event_date\" style=\"line-height: 1px; margin-bottom: 20px;\">03.11.2026 19:00 - 03.11.2026 20:30<\/div><div class=\"event_title\" style=\"font-size: 32px; font-weight: bold; min-height: 80px;\"><a href=https:\/\/www.dudelange.lu\/index.php\/evenement\/cafe-des-langues-0311\/>Caf\u00e9 des langues<\/a><\/div><div style=\"border-bottom: 2px solid #ef4030; width: 28%; margin-bottom: 20px;\"><\/div><div class=\"event_venue\"><i class=\"fas fa-home\" style=\"font-size: 16px;\"><\/i>&nbsp;&nbsp;Centre culturel opderschmelz<\/div><\/div><\/div><div class=\"fusion-classic-product-image-wrapper fusion-woo-product-image fusion-post-card-image fusion-post-card-image-1 vdd-event-image\" data-layout=\"static\"><div  class=\"fusion-image-wrapper\" aria-haspopup=\"true\">\n\t\t\t\t  \t\t\t<a href=\"https:\/\/www.dudelange.lu\/index.php\/evenement\/cafe-des-langues-0311\/\" aria-label=\"Caf\u00e9 des langues\">\n\t\t\t\t\t\t\t<img decoding=\"async\" width=\"1140\" height=\"400\" src=\"https:\/\/sadudelangedata.blob.core.windows.net\/files\/2023\/02\/Cafe-des-langues.png\" class=\"attachment-full size-full lazyload wp-post-image\" alt=\"\" srcset=\"data:image\/svg+xml,%3Csvg%20xmlns%3D%27http%3A%2F%2Fwww.w3.org%2F2000%2Fsvg%27%20width%3D%271140%27%20height%3D%27400%27%20viewBox%3D%270%200%201140%20400%27%3E%3Crect%20width%3D%271140%27%20height%3D%27400%27%20fill-opacity%3D%220%22%2F%3E%3C%2Fsvg%3E\" data-orig-src=\"https:\/\/sadudelangedata.blob.core.windows.net\/files\/2023\/02\/Cafe-des-langues.png\" data-srcset=\"https:\/\/sadudelangedata.blob.core.windows.net\/files\/2023\/02\/Cafe-des-langues-200x70.png 200w, https:\/\/sadudelangedata.blob.core.windows.net\/files\/2023\/02\/Cafe-des-langues-400x140.png 400w, https:\/\/sadudelangedata.blob.core.windows.net\/files\/2023\/02\/Cafe-des-langues-600x211.png 600w, https:\/\/sadudelangedata.blob.core.windows.net\/files\/2023\/02\/Cafe-des-langues-800x281.png 800w, https:\/\/sadudelangedata.blob.core.windows.net\/files\/2023\/02\/Cafe-des-langues.png 1140w\" data-sizes=\"auto\" \/>\t\t\t<\/a>\n\t\t\t\t\t\t\t\t<\/div>\n<\/div><\/div><style type=\"text\/css\">.fusion-builder-column-4 > .fusion-column-wrapper {padding-top : 30px !important;padding-right : 30px !important;padding-bottom : 0px !important;padding-left : 30px !important;}<\/style><\/li>\n<li class=\"fusion-layout-column fusion_builder_column fusion-builder-column-5 fusion-flex-column card_actu post-card fusion-grid-column fusion-post-cards-grid-column\"><div class=\"fusion-column-wrapper fusion-column-has-shadow fusion-flex-justify-content-space-between fusion-content-layout-column\" style=\"background-position:left top;background-blend-mode: overlay;background-repeat:no-repeat;-webkit-background-size:cover;-moz-background-size:cover;-o-background-size:cover;background-size:cover;background-color:#ffffff;box-shadow:2px 2px 4px 0px rgba(0,0,0,0.2);;padding: 30px 30px 0px 30px;\"><div class=\"fusion-widget fusion-widget-element fusion-widget-area fusion-content-widget-area wpWidget-5\" style=\"border-width:0px;border-style:solid;\"><div class=\"evenement-tile-content\"><div class=\"event_date\" style=\"line-height: 1px; margin-bottom: 20px;\">06.10.2026 19:00 - 06.10.2026 20:30<\/div><div class=\"event_title\" style=\"font-size: 32px; font-weight: bold; min-height: 80px;\"><a href=https:\/\/www.dudelange.lu\/index.php\/evenement\/cafe-des-langues-0610\/>Caf\u00e9 des langues<\/a><\/div><div style=\"border-bottom: 2px solid #ef4030; width: 28%; margin-bottom: 20px;\"><\/div><div class=\"event_venue\"><i class=\"fas fa-home\" style=\"font-size: 16px;\"><\/i>&nbsp;&nbsp;Centre culturel opderschmelz<\/div><\/div><\/div><div class=\"fusion-classic-product-image-wrapper fusion-woo-product-image fusion-post-card-image fusion-post-card-image-1 vdd-event-image\" data-layout=\"static\"><div  class=\"fusion-image-wrapper\" aria-haspopup=\"true\">\n\t\t\t\t  \t\t\t<a href=\"https:\/\/www.dudelange.lu\/index.php\/evenement\/cafe-des-langues-0610\/\" aria-label=\"Caf\u00e9 des langues\">\n\t\t\t\t\t\t\t<img decoding=\"async\" width=\"1140\" height=\"400\" src=\"https:\/\/sadudelangedata.blob.core.windows.net\/files\/2023\/02\/Cafe-des-langues.png\" class=\"attachment-full size-full lazyload wp-post-image\" alt=\"\" srcset=\"data:image\/svg+xml,%3Csvg%20xmlns%3D%27http%3A%2F%2Fwww.w3.org%2F2000%2Fsvg%27%20width%3D%271140%27%20height%3D%27400%27%20viewBox%3D%270%200%201140%20400%27%3E%3Crect%20width%3D%271140%27%20height%3D%27400%27%20fill-opacity%3D%220%22%2F%3E%3C%2Fsvg%3E\" data-orig-src=\"https:\/\/sadudelangedata.blob.core.windows.net\/files\/2023\/02\/Cafe-des-langues.png\" data-srcset=\"https:\/\/sadudelangedata.blob.core.windows.net\/files\/2023\/02\/Cafe-des-langues-200x70.png 200w, https:\/\/sadudelangedata.blob.core.windows.net\/files\/2023\/02\/Cafe-des-langues-400x140.png 400w, https:\/\/sadudelangedata.blob.core.windows.net\/files\/2023\/02\/Cafe-des-langues-600x211.png 600w, https:\/\/sadudelangedata.blob.core.windows.net\/files\/2023\/02\/Cafe-des-langues-800x281.png 800w, https:\/\/sadudelangedata.blob.core.windows.net\/files\/2023\/02\/Cafe-des-langues.png 1140w\" data-sizes=\"auto\" \/>\t\t\t<\/a>\n\t\t\t\t\t\t\t\t<\/div>\n<\/div><\/div><style type=\"text\/css\">.fusion-builder-column-5 > .fusion-column-wrapper {padding-top : 30px !important;padding-right : 30px !important;padding-bottom : 0px !important;padding-left : 30px !important;}<\/style><\/li>\n<li class=\"fusion-layout-column fusion_builder_column fusion-builder-column-6 fusion-flex-column card_actu post-card fusion-grid-column fusion-post-cards-grid-column\"><div class=\"fusion-column-wrapper fusion-column-has-shadow fusion-flex-justify-content-space-between fusion-content-layout-column\" style=\"background-position:left top;background-blend-mode: overlay;background-repeat:no-repeat;-webkit-background-size:cover;-moz-background-size:cover;-o-background-size:cover;background-size:cover;background-color:#ffffff;box-shadow:2px 2px 4px 0px rgba(0,0,0,0.2);;padding: 30px 30px 0px 30px;\"><div class=\"fusion-widget fusion-widget-element fusion-widget-area fusion-content-widget-area wpWidget-6\" style=\"border-width:0px;border-style:solid;\"><div class=\"evenement-tile-content\"><div class=\"event_date\" style=\"line-height: 1px; margin-bottom: 20px;\">23.09.2026 19:00 - 23.09.2026 20:30<\/div><div class=\"event_title\" style=\"font-size: 32px; font-weight: bold; min-height: 80px;\"><a href=https:\/\/www.dudelange.lu\/index.php\/evenement\/cafe-des-langues-0926\/>Caf\u00e9 des langues<\/a><\/div><div style=\"border-bottom: 2px solid #ef4030; width: 28%; margin-bottom: 20px;\"><\/div><div class=\"event_venue\"><i class=\"fas fa-home\" style=\"font-size: 16px;\"><\/i>&nbsp;&nbsp;Centre culturel opderschmelz<\/div><\/div><\/div><div class=\"fusion-classic-product-image-wrapper fusion-woo-product-image fusion-post-card-image fusion-post-card-image-1 vdd-event-image\" data-layout=\"static\"><div  class=\"fusion-image-wrapper\" aria-haspopup=\"true\">\n\t\t\t\t  \t\t\t<a href=\"https:\/\/www.dudelange.lu\/index.php\/evenement\/cafe-des-langues-0926\/\" aria-label=\"Caf\u00e9 des langues\">\n\t\t\t\t\t\t\t<img decoding=\"async\" width=\"1140\" height=\"400\" src=\"https:\/\/sadudelangedata.blob.core.windows.net\/files\/2023\/02\/Cafe-des-langues.png\" class=\"attachment-full size-full lazyload wp-post-image\" alt=\"\" srcset=\"data:image\/svg+xml,%3Csvg%20xmlns%3D%27http%3A%2F%2Fwww.w3.org%2F2000%2Fsvg%27%20width%3D%271140%27%20height%3D%27400%27%20viewBox%3D%270%200%201140%20400%27%3E%3Crect%20width%3D%271140%27%20height%3D%27400%27%20fill-opacity%3D%220%22%2F%3E%3C%2Fsvg%3E\" data-orig-src=\"https:\/\/sadudelangedata.blob.core.windows.net\/files\/2023\/02\/Cafe-des-langues.png\" data-srcset=\"https:\/\/sadudelangedata.blob.core.windows.net\/files\/2023\/02\/Cafe-des-langues-200x70.png 200w, https:\/\/sadudelangedata.blob.core.windows.net\/files\/2023\/02\/Cafe-des-langues-400x140.png 400w, https:\/\/sadudelangedata.blob.core.windows.net\/files\/2023\/02\/Cafe-des-langues-600x211.png 600w, https:\/\/sadudelangedata.blob.core.windows.net\/files\/2023\/02\/Cafe-des-langues-800x281.png 800w, https:\/\/sadudelangedata.blob.core.windows.net\/files\/2023\/02\/Cafe-des-langues.png 1140w\" data-sizes=\"auto\" \/>\t\t\t<\/a>\n\t\t\t\t\t\t\t\t<\/div>\n<\/div><\/div><style type=\"text\/css\">.fusion-builder-column-6 > .fusion-column-wrapper {padding-top : 30px !important;padding-right : 30px !important;padding-bottom : 0px !important;padding-left : 30px !important;}<\/style><\/li>\n<li class=\"fusion-layout-column fusion_builder_column fusion-builder-column-7 fusion-flex-column card_actu post-card fusion-grid-column fusion-post-cards-grid-column\"><div class=\"fusion-column-wrapper fusion-column-has-shadow fusion-flex-justify-content-space-between fusion-content-layout-column\" style=\"background-position:left top;background-blend-mode: overlay;background-repeat:no-repeat;-webkit-background-size:cover;-moz-background-size:cover;-o-background-size:cover;background-size:cover;background-color:#ffffff;box-shadow:2px 2px 4px 0px rgba(0,0,0,0.2);;padding: 30px 30px 0px 30px;\"><div class=\"fusion-widget fusion-widget-element fusion-widget-area fusion-content-widget-area wpWidget-7\" style=\"border-width:0px;border-style:solid;\"><div class=\"evenement-tile-content\"><div class=\"event_date\" style=\"line-height: 1px; margin-bottom: 20px;\">29.10.2026 - 29.10.2026<\/div><div class=\"event_title\" style=\"font-size: 32px; font-weight: bold; min-height: 80px;\"><a href=https:\/\/www.dudelange.lu\/index.php\/evenement\/e-banking-03\/>E\u2011Banking pour senior\u00b7es<\/a><\/div><div style=\"border-bottom: 2px solid #ef4030; width: 28%; margin-bottom: 20px;\"><\/div><div class=\"event_venue\"><i class=\"fas fa-home\" style=\"font-size: 16px;\"><\/i>&nbsp;&nbsp;Hall polyvalent<\/div><\/div><\/div><div class=\"fusion-classic-product-image-wrapper fusion-woo-product-image fusion-post-card-image fusion-post-card-image-1 vdd-event-image\" data-layout=\"static\"><div  class=\"fusion-image-wrapper\" aria-haspopup=\"true\">\n\t\t\t\t  \t\t\t<a href=\"https:\/\/www.dudelange.lu\/index.php\/evenement\/e-banking-03\/\" aria-label=\"E\u2011Banking pour senior\u00b7es\">\n\t\t\t\t\t\t\t<img decoding=\"async\" width=\"1040\" height=\"400\" src=\"data:image\/svg+xml,%3Csvg%20xmlns%3D%27http%3A%2F%2Fwww.w3.org%2F2000%2Fsvg%27%20width%3D%271040%27%20height%3D%27400%27%20viewBox%3D%270%200%201040%20400%27%3E%3Crect%20width%3D%271040%27%20height%3D%27400%27%20fill-opacity%3D%220%22%2F%3E%3C%2Fsvg%3E\" class=\"attachment-full size-full lazyload wp-post-image\" alt=\"\" data-orig-src=\"https:\/\/sadudelangedata.blob.core.windows.net\/files\/2026\/08\/e-banking.png\" \/>\t\t\t<\/a>\n\t\t\t\t\t\t\t\t<\/div>\n<\/div><\/div><style type=\"text\/css\">.fusion-builder-column-7 > .fusion-column-wrapper {padding-top : 30px !important;padding-right : 30px !important;padding-bottom : 0px !important;padding-left : 30px !important;}<\/style><\/li>\n<li class=\"fusion-layout-column fusion_builder_column fusion-builder-column-8 fusion-flex-column card_actu post-card fusion-grid-column fusion-post-cards-grid-column\"><div class=\"fusion-column-wrapper fusion-column-has-shadow fusion-flex-justify-content-space-between fusion-content-layout-column\" style=\"background-position:left top;background-blend-mode: overlay;background-repeat:no-repeat;-webkit-background-size:cover;-moz-background-size:cover;-o-background-size:cover;background-size:cover;background-color:#ffffff;box-shadow:2px 2px 4px 0px rgba(0,0,0,0.2);;padding: 30px 30px 0px 30px;\"><div class=\"fusion-widget fusion-widget-element fusion-widget-area fusion-content-widget-area wpWidget-8\" style=\"border-width:0px;border-style:solid;\"><div class=\"evenement-tile-content\"><div class=\"event_date\" style=\"line-height: 1px; margin-bottom: 20px;\">15.10.2026 15:00 - 15.10.2026 17:00<\/div><div class=\"event_title\" style=\"font-size: 32px; font-weight: bold; min-height: 80px;\"><a href=https:\/\/www.dudelange.lu\/index.php\/evenement\/e-banking-02\/>E\u2011Banking pour senior\u00b7es<\/a><\/div><div style=\"border-bottom: 2px solid #ef4030; width: 28%; margin-bottom: 20px;\"><\/div><div class=\"event_venue\"><i class=\"fas fa-home\" style=\"font-size: 16px;\"><\/i>&nbsp;&nbsp;Hall polyvalent<\/div><\/div><\/div><div class=\"fusion-classic-product-image-wrapper fusion-woo-product-image fusion-post-card-image fusion-post-card-image-1 vdd-event-image\" data-layout=\"static\"><div  class=\"fusion-image-wrapper\" aria-haspopup=\"true\">\n\t\t\t\t  \t\t\t<a href=\"https:\/\/www.dudelange.lu\/index.php\/evenement\/e-banking-02\/\" aria-label=\"E\u2011Banking pour senior\u00b7es\">\n\t\t\t\t\t\t\t<img decoding=\"async\" width=\"1040\" height=\"400\" src=\"data:image\/svg+xml,%3Csvg%20xmlns%3D%27http%3A%2F%2Fwww.w3.org%2F2000%2Fsvg%27%20width%3D%271040%27%20height%3D%27400%27%20viewBox%3D%270%200%201040%20400%27%3E%3Crect%20width%3D%271040%27%20height%3D%27400%27%20fill-opacity%3D%220%22%2F%3E%3C%2Fsvg%3E\" class=\"attachment-full size-full lazyload wp-post-image\" alt=\"\" data-orig-src=\"https:\/\/sadudelangedata.blob.core.windows.net\/files\/2026\/08\/e-banking.png\" \/>\t\t\t<\/a>\n\t\t\t\t\t\t\t\t<\/div>\n<\/div><\/div><style type=\"text\/css\">.fusion-builder-column-8 > .fusion-column-wrapper {padding-top : 30px !important;padding-right : 30px !important;padding-bottom : 0px !important;padding-left : 30px !important;}<\/style><\/li>\n<li class=\"fusion-layout-column fusion_builder_column fusion-builder-column-9 fusion-flex-column card_actu post-card fusion-grid-column fusion-post-cards-grid-column\"><div class=\"fusion-column-wrapper fusion-column-has-shadow fusion-flex-justify-content-space-between fusion-content-layout-column\" style=\"background-position:left top;background-blend-mode: overlay;background-repeat:no-repeat;-webkit-background-size:cover;-moz-background-size:cover;-o-background-size:cover;background-size:cover;background-color:#ffffff;box-shadow:2px 2px 4px 0px rgba(0,0,0,0.2);;padding: 30px 30px 0px 30px;\"><div class=\"fusion-widget fusion-widget-element fusion-widget-area fusion-content-widget-area wpWidget-9\" style=\"border-width:0px;border-style:solid;\"><div class=\"evenement-tile-content\"><div class=\"event_date\" style=\"line-height: 1px; margin-bottom: 20px;\">29.09.2026 09:30 - 29.09.2026 11:30<\/div><div class=\"event_title\" style=\"font-size: 32px; font-weight: bold; min-height: 80px;\"><a href=https:\/\/www.dudelange.lu\/index.php\/evenement\/e-banking-01\/>E\u2011Banking pour senior\u00b7es<\/a><\/div><div style=\"border-bottom: 2px solid #ef4030; width: 28%; margin-bottom: 20px;\"><\/div><div class=\"event_venue\"><i class=\"fas fa-home\" style=\"font-size: 16px;\"><\/i>&nbsp;&nbsp;GMP<\/div><\/div><\/div><div class=\"fusion-classic-product-image-wrapper fusion-woo-product-image fusion-post-card-image fusion-post-card-image-1 vdd-event-image\" data-layout=\"static\"><div  class=\"fusion-image-wrapper\" aria-haspopup=\"true\">\n\t\t\t\t  \t\t\t<a href=\"https:\/\/www.dudelange.lu\/index.php\/evenement\/e-banking-01\/\" aria-label=\"E\u2011Banking pour senior\u00b7es\">\n\t\t\t\t\t\t\t<img decoding=\"async\" width=\"1040\" height=\"400\" src=\"data:image\/svg+xml,%3Csvg%20xmlns%3D%27http%3A%2F%2Fwww.w3.org%2F2000%2Fsvg%27%20width%3D%271040%27%20height%3D%27400%27%20viewBox%3D%270%200%201040%20400%27%3E%3Crect%20width%3D%271040%27%20height%3D%27400%27%20fill-opacity%3D%220%22%2F%3E%3C%2Fsvg%3E\" class=\"attachment-full size-full lazyload wp-post-image\" alt=\"\" data-orig-src=\"https:\/\/sadudelangedata.blob.core.windows.net\/files\/2026\/08\/e-banking.png\" \/>\t\t\t<\/a>\n\t\t\t\t\t\t\t\t<\/div>\n<\/div><\/div><style type=\"text\/css\">.fusion-builder-column-9 > .fusion-column-wrapper {padding-top : 30px !important;padding-right : 30px !important;padding-bottom : 0px !important;padding-left : 30px !important;}<\/style><\/li>\n<li class=\"fusion-layout-column fusion_builder_column fusion-builder-column-10 fusion-flex-column card_actu post-card fusion-grid-column fusion-post-cards-grid-column\"><div class=\"fusion-column-wrapper fusion-column-has-shadow fusion-flex-justify-content-space-between fusion-content-layout-column\" style=\"background-position:left top;background-blend-mode: overlay;background-repeat:no-repeat;-webkit-background-size:cover;-moz-background-size:cover;-o-background-size:cover;background-size:cover;background-color:#ffffff;box-shadow:2px 2px 4px 0px rgba(0,0,0,0.2);;padding: 30px 30px 0px 30px;\"><div class=\"fusion-widget fusion-widget-element fusion-widget-area fusion-content-widget-area wpWidget-10\" style=\"border-width:0px;border-style:solid;\"><div class=\"evenement-tile-content\"><div class=\"event_date\" style=\"line-height: 1px; margin-bottom: 20px;\">10.10.2026 - 10.10.2026<\/div><div class=\"event_title\" style=\"font-size: 32px; font-weight: bold; min-height: 80px;\"><a href=https:\/\/www.dudelange.lu\/index.php\/evenement\/film-mothers-baby\/>Film: Mother's baby<\/a><\/div><div style=\"border-bottom: 2px solid #ef4030; width: 28%; margin-bottom: 20px;\"><\/div><div class=\"event_venue\"><i class=\"fas fa-home\" style=\"font-size: 16px;\"><\/i>&nbsp;&nbsp;Cin\u00e9 Le Paris, Bettembourg<\/div><\/div><\/div><div class=\"fusion-classic-product-image-wrapper fusion-woo-product-image fusion-post-card-image fusion-post-card-image-1 vdd-event-image\" data-layout=\"static\"><div  class=\"fusion-image-wrapper\" aria-haspopup=\"true\">\n\t\t\t\t  \t\t\t<a href=\"https:\/\/www.dudelange.lu\/index.php\/evenement\/film-mothers-baby\/\" aria-label=\"Film: Mother&rsquo;s baby\">\n\t\t\t\t\t\t\t<img decoding=\"async\" width=\"3840\" height=\"1604\" src=\"data:image\/svg+xml,%3Csvg%20xmlns%3D%27http%3A%2F%2Fwww.w3.org%2F2000%2Fsvg%27%20width%3D%273840%27%20height%3D%271604%27%20viewBox%3D%270%200%203840%201604%27%3E%3Crect%20width%3D%273840%27%20height%3D%271604%27%20fill-opacity%3D%220%22%2F%3E%3C%2Fsvg%3E\" class=\"attachment-full size-full lazyload wp-post-image\" alt=\"\" data-orig-src=\"https:\/\/sadudelangedata.blob.core.windows.net\/files\/2026\/08\/Mothers-Baby-web.jpg\" \/>\t\t\t<\/a>\n\t\t\t\t\t\t\t\t<\/div>\n<\/div><\/div><style type=\"text\/css\">.fusion-builder-column-10 > .fusion-column-wrapper {padding-top : 30px !important;padding-right : 30px !important;padding-bottom : 0px !important;padding-left : 30px !important;}<\/style><\/li>\n<li class=\"fusion-layout-column fusion_builder_column fusion-builder-column-11 fusion-flex-column card_actu post-card fusion-grid-column fusion-post-cards-grid-column\"><div class=\"fusion-column-wrapper fusion-column-has-shadow fusion-flex-justify-content-space-between fusion-content-layout-column\" style=\"background-position:left top;background-blend-mode: overlay;background-repeat:no-repeat;-webkit-background-size:cover;-moz-background-size:cover;-o-background-size:cover;background-size:cover;background-color:#ffffff;box-shadow:2px 2px 4px 0px rgba(0,0,0,0.2);;padding: 30px 30px 0px 30px;\"><div class=\"fusion-widget fusion-widget-element fusion-widget-area fusion-content-widget-area wpWidget-11\" style=\"border-width:0px;border-style:solid;\"><div class=\"evenement-tile-content\"><div class=\"event_date\" style=\"line-height: 1px; margin-bottom: 20px;\">10.10.2026 09:30 - 10.10.2026 12:30<\/div><div class=\"event_title\" style=\"font-size: 32px; font-weight: bold; min-height: 80px;\"><a href=https:\/\/www.dudelange.lu\/index.php\/evenement\/forum-etre-mere\/>Forum: \u00catre m\u00e8re<\/a><\/div><div style=\"border-bottom: 2px solid #ef4030; width: 28%; margin-bottom: 20px;\"><\/div><div class=\"event_venue\"><i class=\"fas fa-home\" style=\"font-size: 16px;\"><\/i>&nbsp;&nbsp;H\u00f4tel de Ville<\/div><\/div><\/div><div class=\"fusion-classic-product-image-wrapper fusion-woo-product-image fusion-post-card-image fusion-post-card-image-1 vdd-event-image\" data-layout=\"static\"><div  class=\"fusion-image-wrapper\" aria-haspopup=\"true\">\n\t\t\t\t  \t\t\t<a href=\"https:\/\/www.dudelange.lu\/index.php\/evenement\/forum-etre-mere\/\" aria-label=\"Forum: \u00catre m\u00e8re\">\n\t\t\t\t\t\t\t<img decoding=\"async\" width=\"1040\" height=\"400\" src=\"data:image\/svg+xml,%3Csvg%20xmlns%3D%27http%3A%2F%2Fwww.w3.org%2F2000%2Fsvg%27%20width%3D%271040%27%20height%3D%27400%27%20viewBox%3D%270%200%201040%20400%27%3E%3Crect%20width%3D%271040%27%20height%3D%27400%27%20fill-opacity%3D%220%22%2F%3E%3C%2Fsvg%3E\" class=\"attachment-full size-full lazyload wp-post-image\" alt=\"\" data-orig-src=\"https:\/\/sadudelangedata.blob.core.windows.net\/files\/2026\/08\/forum-mere-web.png\" \/>\t\t\t<\/a>\n\t\t\t\t\t\t\t\t<\/div>\n<\/div><\/div><style type=\"text\/css\">.fusion-builder-column-11 > .fusion-column-wrapper {padding-top : 30px !important;padding-right : 30px !important;padding-bottom : 0px !important;padding-left : 30px !important;}<\/style><\/li>\n<li class=\"fusion-layout-column fusion_builder_column fusion-builder-column-12 fusion-flex-column card_actu post-card fusion-grid-column fusion-post-cards-grid-column\"><div class=\"fusion-column-wrapper fusion-column-has-shadow fusion-flex-justify-content-space-between fusion-content-layout-column\" style=\"background-position:left top;background-blend-mode: overlay;background-repeat:no-repeat;-webkit-background-size:cover;-moz-background-size:cover;-o-background-size:cover;background-size:cover;background-color:#ffffff;box-shadow:2px 2px 4px 0px rgba(0,0,0,0.2);;padding: 30px 30px 0px 30px;\"><div class=\"fusion-widget fusion-widget-element fusion-widget-area fusion-content-widget-area wpWidget-12\" style=\"border-width:0px;border-style:solid;\"><div class=\"evenement-tile-content\"><div class=\"event_date\" style=\"line-height: 1px; margin-bottom: 20px;\">01.10.2026 08:30 - 01.10.2026 10:00<\/div><div class=\"event_title\" style=\"font-size: 32px; font-weight: bold; min-height: 80px;\"><a href=https:\/\/www.dudelange.lu\/index.php\/evenement\/seniors-cafe-croissant\/>Internationalen Senior*innendag<\/a><\/div><div style=\"border-bottom: 2px solid #ef4030; width: 28%; margin-bottom: 20px;\"><\/div><div class=\"event_venue\"><i class=\"fas fa-home\" style=\"font-size: 16px;\"><\/i>&nbsp;&nbsp;Pl. H\u00f4tel de Ville<\/div><\/div><\/div><div class=\"fusion-classic-product-image-wrapper fusion-woo-product-image fusion-post-card-image fusion-post-card-image-1 vdd-event-image\" data-layout=\"static\"><div  class=\"fusion-image-wrapper\" aria-haspopup=\"true\">\n\t\t\t\t  \t\t\t<a href=\"https:\/\/www.dudelange.lu\/index.php\/evenement\/seniors-cafe-croissant\/\" aria-label=\"Internationalen Senior*innendag\">\n\t\t\t\t\t\t\t<img decoding=\"async\" width=\"1040\" height=\"400\" src=\"data:image\/svg+xml,%3Csvg%20xmlns%3D%27http%3A%2F%2Fwww.w3.org%2F2000%2Fsvg%27%20width%3D%271040%27%20height%3D%27400%27%20viewBox%3D%270%200%201040%20400%27%3E%3Crect%20width%3D%271040%27%20height%3D%27400%27%20fill-opacity%3D%220%22%2F%3E%3C%2Fsvg%3E\" class=\"attachment-full size-full lazyload wp-post-image\" alt=\"\" data-orig-src=\"https:\/\/sadudelangedata.blob.core.windows.net\/files\/2026\/08\/seniors-breakfast2.png\" \/>\t\t\t<\/a>\n\t\t\t\t\t\t\t\t<\/div>\n<\/div><\/div><style type=\"text\/css\">.fusion-builder-column-12 > .fusion-column-wrapper {padding-top : 30px !important;padding-right : 30px !important;padding-bottom : 0px !important;padding-left : 30px !important;}<\/style><\/li>\n<li class=\"fusion-layout-column fusion_builder_column fusion-builder-column-13 fusion-flex-column card_actu post-card fusion-grid-column fusion-post-cards-grid-column\"><div class=\"fusion-column-wrapper fusion-column-has-shadow fusion-flex-justify-content-space-between fusion-content-layout-column\" style=\"background-position:left top;background-blend-mode: overlay;background-repeat:no-repeat;-webkit-background-size:cover;-moz-background-size:cover;-o-background-size:cover;background-size:cover;background-color:#ffffff;box-shadow:2px 2px 4px 0px rgba(0,0,0,0.2);;padding: 30px 30px 0px 30px;\"><div class=\"fusion-widget fusion-widget-element fusion-widget-area fusion-content-widget-area wpWidget-13\" style=\"border-width:0px;border-style:solid;\"><div class=\"evenement-tile-content\"><div class=\"event_date\" style=\"line-height: 1px; margin-bottom: 20px;\">28.10.2026 19:00 - 28.10.2026 20:30<\/div><div class=\"event_title\" style=\"font-size: 32px; font-weight: bold; min-height: 80px;\"><a href=https:\/\/www.dudelange.lu\/index.php\/evenement\/letz-druddel\/>Kabarettistesch Liesung<\/a><\/div><div style=\"border-bottom: 2px solid #ef4030; width: 28%; margin-bottom: 20px;\"><\/div><div class=\"event_venue\"><i class=\"fas fa-home\" style=\"font-size: 16px;\"><\/i>&nbsp;&nbsp;Biblioth\u00e8que<\/div><\/div><\/div><div class=\"fusion-classic-product-image-wrapper fusion-woo-product-image fusion-post-card-image fusion-post-card-image-1 vdd-event-image\" data-layout=\"static\"><div  class=\"fusion-image-wrapper\" aria-haspopup=\"true\">\n\t\t\t\t  \t\t\t<a href=\"https:\/\/www.dudelange.lu\/index.php\/evenement\/letz-druddel\/\" aria-label=\"Kabarettistesch Liesung\">\n\t\t\t\t\t\t\t<img decoding=\"async\" width=\"1040\" height=\"400\" src=\"data:image\/svg+xml,%3Csvg%20xmlns%3D%27http%3A%2F%2Fwww.w3.org%2F2000%2Fsvg%27%20width%3D%271040%27%20height%3D%27400%27%20viewBox%3D%270%200%201040%20400%27%3E%3Crect%20width%3D%271040%27%20height%3D%27400%27%20fill-opacity%3D%220%22%2F%3E%3C%2Fsvg%3E\" class=\"attachment-full size-full lazyload wp-post-image\" alt=\"\" data-orig-src=\"https:\/\/sadudelangedata.blob.core.windows.net\/files\/2026\/08\/weydert-bib.png\" \/>\t\t\t<\/a>\n\t\t\t\t\t\t\t\t<\/div>\n<\/div><\/div><style type=\"text\/css\">.fusion-builder-column-13 > .fusion-column-wrapper {padding-top : 30px !important;padding-right : 30px !important;padding-bottom : 0px !important;padding-left : 30px !important;}<\/style><\/li>\n<li class=\"fusion-layout-column fusion_builder_column fusion-builder-column-14 fusion-flex-column card_actu post-card fusion-grid-column fusion-post-cards-grid-column\"><div class=\"fusion-column-wrapper fusion-column-has-shadow fusion-flex-justify-content-space-between fusion-content-layout-column\" style=\"background-position:left top;background-blend-mode: overlay;background-repeat:no-repeat;-webkit-background-size:cover;-moz-background-size:cover;-o-background-size:cover;background-size:cover;background-color:#ffffff;box-shadow:2px 2px 4px 0px rgba(0,0,0,0.2);;padding: 30px 30px 0px 30px;\"><div class=\"fusion-widget fusion-widget-element fusion-widget-area fusion-content-widget-area wpWidget-14\" style=\"border-width:0px;border-style:solid;\"><div class=\"evenement-tile-content\"><div class=\"event_date\" style=\"line-height: 1px; margin-bottom: 20px;\">31.10.2026 10:30 - 31.10.2026 11:15<\/div><div class=\"event_title\" style=\"font-size: 32px; font-weight: bold; min-height: 80px;\"><a href=https:\/\/www.dudelange.lu\/index.php\/evenement\/kannerliesung-halloween\/>Kannerliesung<\/a><\/div><div style=\"border-bottom: 2px solid #ef4030; width: 28%; margin-bottom: 20px;\"><\/div><div class=\"event_venue\"><i class=\"fas fa-home\" style=\"font-size: 16px;\"><\/i>&nbsp;&nbsp;Biblioth\u00e8que<\/div><\/div><\/div><div class=\"fusion-classic-product-image-wrapper fusion-woo-product-image fusion-post-card-image fusion-post-card-image-1 vdd-event-image\" data-layout=\"static\"><div  class=\"fusion-image-wrapper\" aria-haspopup=\"true\">\n\t\t\t\t  \t\t\t<a href=\"https:\/\/www.dudelange.lu\/index.php\/evenement\/kannerliesung-halloween\/\" aria-label=\"Kannerliesung\">\n\t\t\t\t\t\t\t<img decoding=\"async\" width=\"1040\" height=\"400\" src=\"data:image\/svg+xml,%3Csvg%20xmlns%3D%27http%3A%2F%2Fwww.w3.org%2F2000%2Fsvg%27%20width%3D%271040%27%20height%3D%27400%27%20viewBox%3D%270%200%201040%20400%27%3E%3Crect%20width%3D%271040%27%20height%3D%27400%27%20fill-opacity%3D%220%22%2F%3E%3C%2Fsvg%3E\" class=\"attachment-full size-full lazyload wp-post-image\" alt=\"\" data-orig-src=\"https:\/\/sadudelangedata.blob.core.windows.net\/files\/2026\/08\/halloween-bib.png\" \/>\t\t\t<\/a>\n\t\t\t\t\t\t\t\t<\/div>\n<\/div><\/div><style type=\"text\/css\">.fusion-builder-column-14 > .fusion-column-wrapper {padding-top : 30px !important;padding-right : 30px !important;padding-bottom : 0px !important;padding-left : 30px !important;}<\/style><\/li>\n<li class=\"fusion-layout-column fusion_builder_column fusion-builder-column-15 fusion-flex-column card_actu post-card fusion-grid-column fusion-post-cards-grid-column\"><div class=\"fusion-column-wrapper fusion-column-has-shadow fusion-flex-justify-content-space-between fusion-content-layout-column\" style=\"background-position:left top;background-blend-mode: overlay;background-repeat:no-repeat;-webkit-background-size:cover;-moz-background-size:cover;-o-background-size:cover;background-size:cover;background-color:#ffffff;box-shadow:2px 2px 4px 0px rgba(0,0,0,0.2);;padding: 30px 30px 0px 30px;\"><div class=\"fusion-widget fusion-widget-element fusion-widget-area fusion-content-widget-area wpWidget-15\" style=\"border-width:0px;border-style:solid;\"><div class=\"evenement-tile-content\"><div class=\"event_date\" style=\"line-height: 1px; margin-bottom: 20px;\">07.11.2026 10:30 - 07.11.2026 11:15<\/div><div class=\"event_title\" style=\"font-size: 32px; font-weight: bold; min-height: 80px;\"><a href=https:\/\/www.dudelange.lu\/index.php\/evenement\/kannerliesung-pt\/>Leitura para crian\u00e7as<\/a><\/div><div style=\"border-bottom: 2px solid #ef4030; width: 28%; margin-bottom: 20px;\"><\/div><div class=\"event_venue\"><i class=\"fas fa-home\" style=\"font-size: 16px;\"><\/i>&nbsp;&nbsp;Biblioth\u00e8que<\/div><\/div><\/div><div class=\"fusion-classic-product-image-wrapper fusion-woo-product-image fusion-post-card-image fusion-post-card-image-1 vdd-event-image\" data-layout=\"static\"><div  class=\"fusion-image-wrapper\" aria-haspopup=\"true\">\n\t\t\t\t  \t\t\t<a href=\"https:\/\/www.dudelange.lu\/index.php\/evenement\/kannerliesung-pt\/\" aria-label=\"Leitura para crian\u00e7as\">\n\t\t\t\t\t\t\t<img decoding=\"async\" width=\"1040\" height=\"400\" src=\"data:image\/svg+xml,%3Csvg%20xmlns%3D%27http%3A%2F%2Fwww.w3.org%2F2000%2Fsvg%27%20width%3D%271040%27%20height%3D%27400%27%20viewBox%3D%270%200%201040%20400%27%3E%3Crect%20width%3D%271040%27%20height%3D%27400%27%20fill-opacity%3D%220%22%2F%3E%3C%2Fsvg%3E\" class=\"attachment-full size-full lazyload wp-post-image\" alt=\"\" data-orig-src=\"https:\/\/sadudelangedata.blob.core.windows.net\/files\/2026\/08\/lecture-bib.png\" \/>\t\t\t<\/a>\n\t\t\t\t\t\t\t\t<\/div>\n<\/div><\/div><style type=\"text\/css\">.fusion-builder-column-15 > .fusion-column-wrapper {padding-top : 30px !important;padding-right : 30px !important;padding-bottom : 0px !important;padding-left : 30px !important;}<\/style><\/li>\n<li class=\"fusion-layout-column fusion_builder_column fusion-builder-column-16 fusion-flex-column card_actu post-card fusion-grid-column fusion-post-cards-grid-column\"><div class=\"fusion-column-wrapper fusion-column-has-shadow fusion-flex-justify-content-space-between fusion-content-layout-column\" style=\"background-position:left top;background-blend-mode: overlay;background-repeat:no-repeat;-webkit-background-size:cover;-moz-background-size:cover;-o-background-size:cover;background-size:cover;background-color:#ffffff;box-shadow:2px 2px 4px 0px rgba(0,0,0,0.2);;padding: 30px 30px 0px 30px;\"><div class=\"fusion-widget fusion-widget-element fusion-widget-area fusion-content-widget-area wpWidget-16\" style=\"border-width:0px;border-style:solid;\"><div class=\"evenement-tile-content\"><div class=\"event_date\" style=\"line-height: 1px; margin-bottom: 20px;\">05.12.2026 10:30 - 05.12.2026 11:15<\/div><div class=\"event_title\" style=\"font-size: 32px; font-weight: bold; min-height: 80px;\"><a href=https:\/\/www.dudelange.lu\/index.php\/evenement\/kannerliesung-kleeschen\/>Kannerliesung<\/a><\/div><div style=\"border-bottom: 2px solid #ef4030; width: 28%; margin-bottom: 20px;\"><\/div><div class=\"event_venue\"><i class=\"fas fa-home\" style=\"font-size: 16px;\"><\/i>&nbsp;&nbsp;Biblioth\u00e8que<\/div><\/div><\/div><div class=\"fusion-classic-product-image-wrapper fusion-woo-product-image fusion-post-card-image fusion-post-card-image-1 vdd-event-image\" data-layout=\"static\"><div  class=\"fusion-image-wrapper\" aria-haspopup=\"true\">\n\t\t\t\t  \t\t\t<a href=\"https:\/\/www.dudelange.lu\/index.php\/evenement\/kannerliesung-kleeschen\/\" aria-label=\"Kannerliesung\">\n\t\t\t\t\t\t\t<img decoding=\"async\" width=\"1040\" height=\"400\" src=\"data:image\/svg+xml,%3Csvg%20xmlns%3D%27http%3A%2F%2Fwww.w3.org%2F2000%2Fsvg%27%20width%3D%271040%27%20height%3D%27400%27%20viewBox%3D%270%200%201040%20400%27%3E%3Crect%20width%3D%271040%27%20height%3D%27400%27%20fill-opacity%3D%220%22%2F%3E%3C%2Fsvg%3E\" class=\"attachment-full size-full lazyload wp-post-image\" alt=\"\" data-orig-src=\"https:\/\/sadudelangedata.blob.core.windows.net\/files\/2026\/08\/st-nicolas-bib.png\" \/>\t\t\t<\/a>\n\t\t\t\t\t\t\t\t<\/div>\n<\/div><\/div><style type=\"text\/css\">.fusion-builder-column-16 > .fusion-column-wrapper {padding-top : 30px !important;padding-right : 30px !important;padding-bottom : 0px !important;padding-left : 30px !important;}<\/style><\/li>\n<li class=\"fusion-layout-column fusion_builder_column fusion-builder-column-17 fusion-flex-column card_actu post-card fusion-grid-column fusion-post-cards-grid-column\"><div class=\"fusion-column-wrapper fusion-column-has-shadow fusion-flex-justify-content-space-between fusion-content-layout-column\" style=\"background-position:left top;background-blend-mode: overlay;background-repeat:no-repeat;-webkit-background-size:cover;-moz-background-size:cover;-o-background-size:cover;background-size:cover;background-color:#ffffff;box-shadow:2px 2px 4px 0px rgba(0,0,0,0.2);;padding: 30px 30px 0px 30px;\"><div class=\"fusion-widget fusion-widget-element fusion-widget-area fusion-content-widget-area wpWidget-17\" style=\"border-width:0px;border-style:solid;\"><div class=\"evenement-tile-content\"><div class=\"event_date\" style=\"line-height: 1px; margin-bottom: 20px;\">14.11.2026 14:00 - 14.11.2026 15:30<\/div><div class=\"event_title\" style=\"font-size: 32px; font-weight: bold; min-height: 80px;\"><a href=https:\/\/www.dudelange.lu\/index.php\/evenement\/ressources-lu\/>Ressources en ligne<\/a><\/div><div style=\"border-bottom: 2px solid #ef4030; width: 28%; margin-bottom: 20px;\"><\/div><div class=\"event_venue\"><i class=\"fas fa-home\" style=\"font-size: 16px;\"><\/i>&nbsp;&nbsp;CNA<\/div><\/div><\/div><div class=\"fusion-classic-product-image-wrapper fusion-woo-product-image fusion-post-card-image fusion-post-card-image-1 vdd-event-image\" data-layout=\"static\"><div  class=\"fusion-image-wrapper\" aria-haspopup=\"true\">\n\t\t\t\t  \t\t\t<a href=\"https:\/\/www.dudelange.lu\/index.php\/evenement\/ressources-lu\/\" aria-label=\"Ressources en ligne\">\n\t\t\t\t\t\t\t<img decoding=\"async\" width=\"1040\" height=\"400\" src=\"data:image\/svg+xml,%3Csvg%20xmlns%3D%27http%3A%2F%2Fwww.w3.org%2F2000%2Fsvg%27%20width%3D%271040%27%20height%3D%27400%27%20viewBox%3D%270%200%201040%20400%27%3E%3Crect%20width%3D%271040%27%20height%3D%27400%27%20fill-opacity%3D%220%22%2F%3E%3C%2Fsvg%3E\" class=\"attachment-full size-full lazyload wp-post-image\" alt=\"\" data-orig-src=\"https:\/\/sadudelangedata.blob.core.windows.net\/files\/2026\/08\/laptop-bib.png\" \/>\t\t\t<\/a>\n\t\t\t\t\t\t\t\t<\/div>\n<\/div><\/div><style type=\"text\/css\">.fusion-builder-column-17 > .fusion-column-wrapper {padding-top : 30px !important;padding-right : 30px !important;padding-bottom : 0px !important;padding-left : 30px !important;}<\/style><\/li>\n<li class=\"fusion-layout-column fusion_builder_column fusion-builder-column-18 fusion-flex-column card_actu post-card fusion-grid-column fusion-post-cards-grid-column\"><div class=\"fusion-column-wrapper fusion-column-has-shadow fusion-flex-justify-content-space-between fusion-content-layout-column\" style=\"background-position:left top;background-blend-mode: overlay;background-repeat:no-repeat;-webkit-background-size:cover;-moz-background-size:cover;-o-background-size:cover;background-size:cover;background-color:#ffffff;box-shadow:2px 2px 4px 0px rgba(0,0,0,0.2);;padding: 30px 30px 0px 30px;\"><div class=\"fusion-widget fusion-widget-element fusion-widget-area fusion-content-widget-area wpWidget-18\" style=\"border-width:0px;border-style:solid;\"><div class=\"evenement-tile-content\"><div class=\"event_date\" style=\"line-height: 1px; margin-bottom: 20px;\">17.10.2026 14:00 - 17.10.2026 15:30<\/div><div class=\"event_title\" style=\"font-size: 32px; font-weight: bold; min-height: 80px;\"><a href=https:\/\/www.dudelange.lu\/index.php\/evenement\/ressources-fr\/>Ressources en ligne<\/a><\/div><div style=\"border-bottom: 2px solid #ef4030; width: 28%; margin-bottom: 20px;\"><\/div><div class=\"event_venue\"><i class=\"fas fa-home\" style=\"font-size: 16px;\"><\/i>&nbsp;&nbsp;Biblioth\u00e8que<\/div><\/div><\/div><div class=\"fusion-classic-product-image-wrapper fusion-woo-product-image fusion-post-card-image fusion-post-card-image-1 vdd-event-image\" data-layout=\"static\"><div  class=\"fusion-image-wrapper\" aria-haspopup=\"true\">\n\t\t\t\t  \t\t\t<a href=\"https:\/\/www.dudelange.lu\/index.php\/evenement\/ressources-fr\/\" aria-label=\"Ressources en ligne\">\n\t\t\t\t\t\t\t<img decoding=\"async\" width=\"1040\" height=\"400\" src=\"data:image\/svg+xml,%3Csvg%20xmlns%3D%27http%3A%2F%2Fwww.w3.org%2F2000%2Fsvg%27%20width%3D%271040%27%20height%3D%27400%27%20viewBox%3D%270%200%201040%20400%27%3E%3Crect%20width%3D%271040%27%20height%3D%27400%27%20fill-opacity%3D%220%22%2F%3E%3C%2Fsvg%3E\" class=\"attachment-full size-full lazyload wp-post-image\" alt=\"\" data-orig-src=\"https:\/\/sadudelangedata.blob.core.windows.net\/files\/2026\/08\/laptop-bib.png\" \/>\t\t\t<\/a>\n\t\t\t\t\t\t\t\t<\/div>\n<\/div><\/div><style type=\"text\/css\">.fusion-builder-column-18 > .fusion-column-wrapper {padding-top : 30px !important;padding-right : 30px !important;padding-bottom : 0px !important;padding-left : 30px !important;}<\/style><\/li>\n<li class=\"fusion-layout-column fusion_builder_column fusion-builder-column-19 fusion-flex-column card_actu post-card fusion-grid-column fusion-post-cards-grid-column\"><div class=\"fusion-column-wrapper fusion-column-has-shadow fusion-flex-justify-content-space-between fusion-content-layout-column\" style=\"background-position:left top;background-blend-mode: overlay;background-repeat:no-repeat;-webkit-background-size:cover;-moz-background-size:cover;-o-background-size:cover;background-size:cover;background-color:#ffffff;box-shadow:2px 2px 4px 0px rgba(0,0,0,0.2);;padding: 30px 30px 0px 30px;\"><div class=\"fusion-widget fusion-widget-element fusion-widget-area fusion-content-widget-area wpWidget-19\" style=\"border-width:0px;border-style:solid;\"><div class=\"evenement-tile-content\"><div class=\"event_date\" style=\"line-height: 1px; margin-bottom: 20px;\">10.10.2026 10:30 - 10.10.2026 11:15<\/div><div class=\"event_title\" style=\"font-size: 32px; font-weight: bold; min-height: 80px;\"><a href=https:\/\/www.dudelange.lu\/index.php\/evenement\/bellibimbam\/>Kannerliesung<\/a><\/div><div style=\"border-bottom: 2px solid #ef4030; width: 28%; margin-bottom: 20px;\"><\/div><div class=\"event_venue\"><i class=\"fas fa-home\" style=\"font-size: 16px;\"><\/i>&nbsp;&nbsp;Biblioth\u00e8que<\/div><\/div><\/div><div class=\"fusion-classic-product-image-wrapper fusion-woo-product-image fusion-post-card-image fusion-post-card-image-1 vdd-event-image\" data-layout=\"static\"><div  class=\"fusion-image-wrapper\" aria-haspopup=\"true\">\n\t\t\t\t  \t\t\t<a href=\"https:\/\/www.dudelange.lu\/index.php\/evenement\/bellibimbam\/\" aria-label=\"Kannerliesung\">\n\t\t\t\t\t\t\t<img decoding=\"async\" width=\"1040\" height=\"400\" src=\"data:image\/svg+xml,%3Csvg%20xmlns%3D%27http%3A%2F%2Fwww.w3.org%2F2000%2Fsvg%27%20width%3D%271040%27%20height%3D%27400%27%20viewBox%3D%270%200%201040%20400%27%3E%3Crect%20width%3D%271040%27%20height%3D%27400%27%20fill-opacity%3D%220%22%2F%3E%3C%2Fsvg%3E\" class=\"attachment-full size-full lazyload wp-post-image\" alt=\"\" data-orig-src=\"https:\/\/sadudelangedata.blob.core.windows.net\/files\/2026\/08\/lecture-bib.png\" \/>\t\t\t<\/a>\n\t\t\t\t\t\t\t\t<\/div>\n<\/div><\/div><style type=\"text\/css\">.fusion-builder-column-19 > .fusion-column-wrapper {padding-top : 30px !important;padding-right : 30px !important;padding-bottom : 0px !important;padding-left : 30px !important;}<\/style><\/li>\n<li class=\"fusion-layout-column fusion_builder_column fusion-builder-column-20 fusion-flex-column card_actu post-card fusion-grid-column fusion-post-cards-grid-column\"><div class=\"fusion-column-wrapper fusion-column-has-shadow fusion-flex-justify-content-space-between fusion-content-layout-column\" style=\"background-position:left top;background-blend-mode: overlay;background-repeat:no-repeat;-webkit-background-size:cover;-moz-background-size:cover;-o-background-size:cover;background-size:cover;background-color:#ffffff;box-shadow:2px 2px 4px 0px rgba(0,0,0,0.2);;padding: 30px 30px 0px 30px;\"><div class=\"fusion-widget fusion-widget-element fusion-widget-area fusion-content-widget-area wpWidget-20\" style=\"border-width:0px;border-style:solid;\"><div class=\"evenement-tile-content\"><div class=\"event_date\" style=\"line-height: 1px; margin-bottom: 20px;\">27.04.2027 14:30 - 27.04.2027 16:30<\/div><div class=\"event_title\" style=\"font-size: 32px; font-weight: bold; min-height: 80px;\"><a href=https:\/\/www.dudelange.lu\/index.php\/evenement\/beesecure3\/>BeeSecure-Workshop fir Kanner<\/a><\/div><div style=\"border-bottom: 2px solid #ef4030; width: 28%; margin-bottom: 20px;\"><\/div><div class=\"event_venue\"><i class=\"fas fa-home\" style=\"font-size: 16px;\"><\/i>&nbsp;&nbsp;H\u00f4tel de Ville<\/div><\/div><\/div><div class=\"fusion-classic-product-image-wrapper fusion-woo-product-image fusion-post-card-image fusion-post-card-image-1 vdd-event-image\" data-layout=\"static\"><div  class=\"fusion-image-wrapper\" aria-haspopup=\"true\">\n\t\t\t\t  \t\t\t<a href=\"https:\/\/www.dudelange.lu\/index.php\/evenement\/beesecure3\/\" aria-label=\"BeeSecure-Workshop fir Kanner\">\n\t\t\t\t\t\t\t<img decoding=\"async\" width=\"1040\" height=\"400\" src=\"data:image\/svg+xml,%3Csvg%20xmlns%3D%27http%3A%2F%2Fwww.w3.org%2F2000%2Fsvg%27%20width%3D%271040%27%20height%3D%27400%27%20viewBox%3D%270%200%201040%20400%27%3E%3Crect%20width%3D%271040%27%20height%3D%27400%27%20fill-opacity%3D%220%22%2F%3E%3C%2Fsvg%3E\" class=\"attachment-full size-full lazyload wp-post-image\" alt=\"\" data-orig-src=\"https:\/\/sadudelangedata.blob.core.windows.net\/files\/2026\/09\/bee-secure-internet-2.png\" \/>\t\t\t<\/a>\n\t\t\t\t\t\t\t\t<\/div>\n<\/div><\/div><style type=\"text\/css\">.fusion-builder-column-20 > .fusion-column-wrapper {padding-top : 30px !important;padding-right : 30px !important;padding-bottom : 0px !important;padding-left : 30px !important;}<\/style><\/li>\n<li class=\"fusion-layout-column fusion_builder_column fusion-builder-column-21 fusion-flex-column card_actu post-card fusion-grid-column fusion-post-cards-grid-column\"><div class=\"fusion-column-wrapper fusion-column-has-shadow fusion-flex-justify-content-space-between fusion-content-layout-column\" style=\"background-position:left top;background-blend-mode: overlay;background-repeat:no-repeat;-webkit-background-size:cover;-moz-background-size:cover;-o-background-size:cover;background-size:cover;background-color:#ffffff;box-shadow:2px 2px 4px 0px rgba(0,0,0,0.2);;padding: 30px 30px 0px 30px;\"><div class=\"fusion-widget fusion-widget-element fusion-widget-area fusion-content-widget-area wpWidget-21\" style=\"border-width:0px;border-style:solid;\"><div class=\"evenement-tile-content\"><div class=\"event_date\" style=\"line-height: 1px; margin-bottom: 20px;\">09.03.2027 14:30 - 09.03.2027 16:30<\/div><div class=\"event_title\" style=\"font-size: 32px; font-weight: bold; min-height: 80px;\"><a href=https:\/\/www.dudelange.lu\/index.php\/evenement\/beesecure2\/>BeeSecure-Workshop fir Kanner<\/a><\/div><div style=\"border-bottom: 2px solid #ef4030; width: 28%; margin-bottom: 20px;\"><\/div><div class=\"event_venue\"><i class=\"fas fa-home\" style=\"font-size: 16px;\"><\/i>&nbsp;&nbsp;H\u00f4tel de Ville<\/div><\/div><\/div><div class=\"fusion-classic-product-image-wrapper fusion-woo-product-image fusion-post-card-image fusion-post-card-image-1 vdd-event-image\" data-layout=\"static\"><div  class=\"fusion-image-wrapper\" aria-haspopup=\"true\">\n\t\t\t\t  \t\t\t<a href=\"https:\/\/www.dudelange.lu\/index.php\/evenement\/beesecure2\/\" aria-label=\"BeeSecure-Workshop fir Kanner\">\n\t\t\t\t\t\t\t<img decoding=\"async\" width=\"7549\" height=\"2903\" src=\"data:image\/svg+xml,%3Csvg%20xmlns%3D%27http%3A%2F%2Fwww.w3.org%2F2000%2Fsvg%27%20width%3D%277549%27%20height%3D%272903%27%20viewBox%3D%270%200%207549%202903%27%3E%3Crect%20width%3D%277549%27%20height%3D%272903%27%20fill-opacity%3D%220%22%2F%3E%3C%2Fsvg%3E\" class=\"attachment-full size-full lazyload wp-post-image\" alt=\"\" data-orig-src=\"https:\/\/sadudelangedata.blob.core.windows.net\/files\/2026\/08\/bee-secure-internet.png\" \/>\t\t\t<\/a>\n\t\t\t\t\t\t\t\t<\/div>\n<\/div><\/div><style type=\"text\/css\">.fusion-builder-column-21 > .fusion-column-wrapper {padding-top : 30px !important;padding-right : 30px !important;padding-bottom : 0px !important;padding-left : 30px !important;}<\/style><\/li>\n<li class=\"fusion-layout-column fusion_builder_column fusion-builder-column-22 fusion-flex-column card_actu post-card fusion-grid-column fusion-post-cards-grid-column\"><div class=\"fusion-column-wrapper fusion-column-has-shadow fusion-flex-justify-content-space-between fusion-content-layout-column\" style=\"background-position:left top;background-blend-mode: overlay;background-repeat:no-repeat;-webkit-background-size:cover;-moz-background-size:cover;-o-background-size:cover;background-size:cover;background-color:#ffffff;box-shadow:2px 2px 4px 0px rgba(0,0,0,0.2);;padding: 30px 30px 0px 30px;\"><div class=\"fusion-widget fusion-widget-element fusion-widget-area fusion-content-widget-area wpWidget-22\" style=\"border-width:0px;border-style:solid;\"><div class=\"evenement-tile-content\"><div class=\"event_date\" style=\"line-height: 1px; margin-bottom: 20px;\">12.11.2026 18:00 - 12.11.2026 20:00<\/div><div class=\"event_title\" style=\"font-size: 32px; font-weight: bold; min-height: 80px;\"><a href=https:\/\/www.dudelange.lu\/index.php\/evenement\/bee-secure-1\/>S\u00e9cher am Internet \u00ebnnerwee sinn<\/a><\/div><div style=\"border-bottom: 2px solid #ef4030; width: 28%; margin-bottom: 20px;\"><\/div><div class=\"event_venue\"><i class=\"fas fa-home\" style=\"font-size: 16px;\"><\/i>&nbsp;&nbsp;H\u00f4tel de Ville<\/div><\/div><\/div><div class=\"fusion-classic-product-image-wrapper fusion-woo-product-image fusion-post-card-image fusion-post-card-image-1 vdd-event-image\" data-layout=\"static\"><div  class=\"fusion-image-wrapper\" aria-haspopup=\"true\">\n\t\t\t\t  \t\t\t<a href=\"https:\/\/www.dudelange.lu\/index.php\/evenement\/bee-secure-1\/\" aria-label=\"S\u00e9cher am Internet \u00ebnnerwee sinn\">\n\t\t\t\t\t\t\t<img decoding=\"async\" width=\"3748\" height=\"1442\" src=\"data:image\/svg+xml,%3Csvg%20xmlns%3D%27http%3A%2F%2Fwww.w3.org%2F2000%2Fsvg%27%20width%3D%273748%27%20height%3D%271442%27%20viewBox%3D%270%200%203748%201442%27%3E%3Crect%20width%3D%273748%27%20height%3D%271442%27%20fill-opacity%3D%220%22%2F%3E%3C%2Fsvg%3E\" class=\"attachment-full size-full lazyload wp-post-image\" alt=\"\" data-orig-src=\"https:\/\/sadudelangedata.blob.core.windows.net\/files\/2026\/08\/formation-beesecure-elteren-web.png\" \/>\t\t\t<\/a>\n\t\t\t\t\t\t\t\t<\/div>\n<\/div><\/div><style type=\"text\/css\">.fusion-builder-column-22 > .fusion-column-wrapper {padding-top : 30px !important;padding-right : 30px !important;padding-bottom : 0px !important;padding-left : 30px !important;}<\/style><\/li>\n<\/ul><div class=\"fusion-infinite-scroll-trigger\"><\/div><div class=\"pagination infinite-scroll clearfix\" style=\"display:none;\"><span class=\"current\">1<\/span><a href=\"https:\/\/www.dudelange.lu\/index.php\/wp-json\/wp\/v2\/pages\/1859\/page\/2\/\" class=\"inactive\">2<\/a><a class=\"pagination-next\" rel=\"next\" href=\"https:\/\/www.dudelange.lu\/index.php\/wp-json\/wp\/v2\/pages\/1859\/page\/2\/\"><span class=\"page-text\">Suivant<\/span><span class=\"page-next\"><\/span><\/a><\/div><div class=\"fusion-clearfix\"><\/div><button class=\"fusion-load-more-button fusion-product-button fusion-clearfix\">Load More \u00c9v\u00e8nements<\/button><\/div><style>.fusion-post-cards.fusion-post-cards-1 .infinite-scroll-hide{display:none;}.fusion-post-cards.fusion-post-cards-1 ul.fusion-grid{margin-right:calc((42px)\/ -2);margin-left:calc((42px)\/ -2);margin-top:calc((42px)\/ -2);}.fusion-post-cards.fusion-post-cards-1 ul.fusion-grid > .fusion-grid-column{padding-left:calc((42px)\/ 2);padding-right:calc((42px)\/ 2);padding-top:calc((42px)\/ 2);padding-bottom:calc((42px)\/ 2);}.fusion-post-cards.fusion-post-cards-1 ul.fusion-grid > .fusion-grid-column > .fusion-column-inner-bg{margin-left:calc((42px)\/ 2);margin-right:calc((42px)\/ 2);margin-top:calc((42px)\/ 2);margin-bottom:calc((42px)\/ 2);}.fusion-post-cards.fusion-post-cards-1 .fusion-post-card-image-1{margin-top:20px;margin-right:-30px;margin-left:-30px;}<\/style><div class=\"fusion-widget fusion-widget-element fusion-widget-area fusion-content-widget-area wpWidget-23\" style=\"border-width:0px;border-style:solid;\"><div class=\"fusion-post-cards fusion-post-cards-1 fusion-grid-archive\">\n                <ul class=\"fusion-grid fusion-grid-2 fusion-flex-align-items-stretch fusion-grid-container-infinite fusion-grid-container-load-more\"><li class=\"fusion-layout-column fusion_builder_column fusion-builder-column-7 fusion-flex-column post-card fusion-grid-column fusion-post-cards-grid-column\">\n                    <div class=\"fusion-column-wrapper fusion-column-has-shadow fusion-flex-justify-content-space-between fusion-content-layout-column\" style=\"background-position:left top;background-blend-mode: overlay;background-repeat:no-repeat;-webkit-background-size:cover;-moz-background-size:cover;-o-background-size:cover;background-size:cover;background-color:#ffffff;box-shadow:2px 2px 4px 0px rgba(0,0,0,0.2);;padding: 30px 30px 0px 30px;\">\n                    <div class=\"fusion-widget fusion-widget-element fusion-widget-area fusion-content-widget-area wpWidget-1\" style=\"border-width:0px;border-style:solid;\">\n                    <div class=\"evenement-tile-content\"><div class=\"event_date\" style=\"line-height: 1px; margin-bottom: 20px;\">10.09.2026 09:00 - 10.09.2026 13:00<\/div><div class=\"event_title\" style=\"font-size: 32px; font-weight: bold; min-height: 80px; margin-bottom: 12px;\"><a href=https:\/\/www.dudelange.lu\/index.php\/evenement\/matinee-sante\/>Matin\u00e9e Sant\u00e9<\/a><\/div><div style=\"border-bottom: 2px solid #ef4030; width: 28%; margin-bottom: 20px;\"><\/div><div class=\"event_venue\"><i class=\"fas fa-home\" style=\"font-size: 16px;\"><\/i>&nbsp;&nbsp;Pl. H\u00f4tel de Ville<\/div><\/div><\/div>\n                    <div class=\"fusion-classic-product-image-wrapper fusion-woo-product-image fusion-post-card-image fusion-post-card-image-1 vdd-event-image\" data-layout=\"static\"><div class=\"fusion-image-wrapper\" aria-haspopup=\"true\">\n                        <a href=\"https:\/\/www.dudelange.lu\/index.php\/evenement\/matinee-sante\/\" aria-label=\"\">\n                      <img decoding=\"async\" src=\"https:\/\/sadudelangedata.blob.core.windows.net\/files\/2024\/08\/MatineeSante-Agenda.png\" class=\"attachment-full size-full wp-post-image lazyloaded\" alt=\"\" data-orig-src=\"https:\/\/sadudelangedata.blob.core.windows.net\/files\/2024\/08\/MatineeSante-Agenda.png\">\t\t\t<\/a>\n                          <\/div>\n    <\/div><\/div>\n    <style type=\"text\/css\">.fusion-builder-column-7 > .fusion-column-wrapper {padding-top : 30px !important;padding-right : 30px !important;padding-bottom : 0px !important;padding-left : 30px !important;}<\/style><\/li><li class=\"fusion-layout-column fusion_builder_column fusion-builder-column-7 fusion-flex-column post-card fusion-grid-column fusion-post-cards-grid-column\">\n                    <div class=\"fusion-column-wrapper fusion-column-has-shadow fusion-flex-justify-content-space-between fusion-content-layout-column\" style=\"background-position:left top;background-blend-mode: overlay;background-repeat:no-repeat;-webkit-background-size:cover;-moz-background-size:cover;-o-background-size:cover;background-size:cover;background-color:#ffffff;box-shadow:2px 2px 4px 0px rgba(0,0,0,0.2);;padding: 30px 30px 0px 30px;\">\n                    <div class=\"fusion-widget fusion-widget-element fusion-widget-area fusion-content-widget-area wpWidget-1\" style=\"border-width:0px;border-style:solid;\">\n                    <div class=\"evenement-tile-content\"><div class=\"event_date\" style=\"line-height: 1px; margin-bottom: 20px;\">11.09.2026 20:00<\/div><div class=\"event_title\" style=\"font-size: 32px; font-weight: bold; min-height: 80px; margin-bottom: 12px;\"><a href=https:\/\/www.dudelange.lu\/index.php\/evenement\/raftside-2\/>RAFTSIDE<\/a><\/div><div style=\"border-bottom: 2px solid #ef4030; width: 28%; margin-bottom: 20px;\"><\/div><div class=\"event_venue\"><i class=\"fas fa-home\" style=\"font-size: 16px;\"><\/i>&nbsp;&nbsp;opderschmelz<\/div><div class=\"event_website\"><a href=https:\/\/opderschmelz.lu\/agenda\/2210_2333 target=\"_blank\"><i class=\"fas fa-mouse-pointer\" style=\"font-size: 16px;\"><\/i>&nbsp;&nbsp;https:\/\/opderschmelz.lu\/agenda\/2210_2333<\/a><\/div><\/div><\/div>\n                    <div class=\"fusion-classic-product-image-wrapper fusion-woo-product-image fusion-post-card-image fusion-post-card-image-1 vdd-event-image\" data-layout=\"static\"><div class=\"fusion-image-wrapper\" aria-haspopup=\"true\">\n                        <a href=\"https:\/\/www.dudelange.lu\/index.php\/evenement\/raftside-2\/\" aria-label=\"\">\n                      <img decoding=\"async\" src=\"https:\/\/sadudelangedata.blob.core.windows.net\/files\/2026\/08\/RAFTSIDE_wide.jpg\" class=\"attachment-full size-full wp-post-image lazyloaded\" alt=\"\" data-orig-src=\"https:\/\/sadudelangedata.blob.core.windows.net\/files\/2026\/08\/RAFTSIDE_wide.jpg\">\t\t\t<\/a>\n                          <\/div>\n    <\/div><\/div>\n    <style type=\"text\/css\">.fusion-builder-column-7 > .fusion-column-wrapper {padding-top : 30px !important;padding-right : 30px !important;padding-bottom : 0px !important;padding-left : 30px !important;}<\/style><\/li><li class=\"fusion-layout-column fusion_builder_column fusion-builder-column-7 fusion-flex-column post-card fusion-grid-column fusion-post-cards-grid-column\">\n                    <div class=\"fusion-column-wrapper fusion-column-has-shadow fusion-flex-justify-content-space-between fusion-content-layout-column\" style=\"background-position:left top;background-blend-mode: overlay;background-repeat:no-repeat;-webkit-background-size:cover;-moz-background-size:cover;-o-background-size:cover;background-size:cover;background-color:#ffffff;box-shadow:2px 2px 4px 0px rgba(0,0,0,0.2);;padding: 30px 30px 0px 30px;\">\n                    <div class=\"fusion-widget fusion-widget-element fusion-widget-area fusion-content-widget-area wpWidget-1\" style=\"border-width:0px;border-style:solid;\">\n                    <div class=\"evenement-tile-content\"><div class=\"event_date\" style=\"line-height: 1px; margin-bottom: 20px;\">12.09.2026 - 13.09.2026<\/div><div class=\"event_title\" style=\"font-size: 32px; font-weight: bold; min-height: 80px; margin-bottom: 12px;\"><a href=https:\/\/www.dudelange.lu\/index.php\/evenement\/butschebuerger-buergfest\/>Butschebuerger Buergfest<\/a><\/div><div style=\"border-bottom: 2px solid #ef4030; width: 28%; margin-bottom: 20px;\"><\/div><div class=\"event_venue\"><i class=\"fas fa-home\" style=\"font-size: 16px;\"><\/i>&nbsp;&nbsp;Dudelange-Boudersberg<\/div><\/div><\/div>\n                    <div class=\"fusion-classic-product-image-wrapper fusion-woo-product-image fusion-post-card-image fusion-post-card-image-1 vdd-event-image\" data-layout=\"static\"><div class=\"fusion-image-wrapper\" aria-haspopup=\"true\">\n                        <a href=\"https:\/\/www.dudelange.lu\/index.php\/evenement\/butschebuerger-buergfest\/\" aria-label=\"\">\n                      <img decoding=\"async\" src=\"https:\/\/sadudelangedata.blob.core.windows.net\/files\/2022\/04\/Butschebuerger-Buergfest.png\" class=\"attachment-full size-full wp-post-image lazyloaded\" alt=\"\" data-orig-src=\"https:\/\/sadudelangedata.blob.core.windows.net\/files\/2022\/04\/Butschebuerger-Buergfest.png\">\t\t\t<\/a>\n                          <\/div>\n    <\/div><\/div>\n    <style type=\"text\/css\">.fusion-builder-column-7 > .fusion-column-wrapper {padding-top : 30px !important;padding-right : 30px !important;padding-bottom : 0px !important;padding-left : 30px !important;}<\/style><\/li><li class=\"fusion-layout-column fusion_builder_column fusion-builder-column-7 fusion-flex-column post-card fusion-grid-column fusion-post-cards-grid-column\">\n                    <div class=\"fusion-column-wrapper fusion-column-has-shadow fusion-flex-justify-content-space-between fusion-content-layout-column\" style=\"background-position:left top;background-blend-mode: overlay;background-repeat:no-repeat;-webkit-background-size:cover;-moz-background-size:cover;-o-background-size:cover;background-size:cover;background-color:#ffffff;box-shadow:2px 2px 4px 0px rgba(0,0,0,0.2);;padding: 30px 30px 0px 30px;\">\n                    <div class=\"fusion-widget fusion-widget-element fusion-widget-area fusion-content-widget-area wpWidget-1\" style=\"border-width:0px;border-style:solid;\">\n                    <div class=\"evenement-tile-content\"><div class=\"event_date\" style=\"line-height: 1px; margin-bottom: 20px;\">13.09.2026 10:00 - 13.09.2026 18:00<\/div><div class=\"event_title\" style=\"font-size: 32px; font-weight: bold; min-height: 80px; margin-bottom: 12px;\"><a href=https:\/\/www.dudelange.lu\/index.php\/evenement\/muppeschwammen\/>Muppeschwammen<\/a><\/div><div style=\"border-bottom: 2px solid #ef4030; width: 28%; margin-bottom: 20px;\"><\/div><div class=\"event_venue\"><i class=\"fas fa-home\" style=\"font-size: 16px;\"><\/i>&nbsp;&nbsp;Piscine en plein air<\/div><\/div><\/div>\n                    <div class=\"fusion-classic-product-image-wrapper fusion-woo-product-image fusion-post-card-image fusion-post-card-image-1 vdd-event-image\" data-layout=\"static\"><div class=\"fusion-image-wrapper\" aria-haspopup=\"true\">\n                        <a href=\"https:\/\/www.dudelange.lu\/index.php\/evenement\/muppeschwammen\/\" aria-label=\"\">\n                      <img decoding=\"async\" src=\"https:\/\/sadudelangedata.blob.core.windows.net\/files\/2025\/02\/Muppeschwammen_26.png\" class=\"attachment-full size-full wp-post-image lazyloaded\" alt=\"\" data-orig-src=\"https:\/\/sadudelangedata.blob.core.windows.net\/files\/2025\/02\/Muppeschwammen_26.png\">\t\t\t<\/a>\n                          <\/div>\n    <\/div><\/div>\n    <style type=\"text\/css\">.fusion-builder-column-7 > .fusion-column-wrapper {padding-top : 30px !important;padding-right : 30px !important;padding-bottom : 0px !important;padding-left : 30px !important;}<\/style><\/li><li class=\"fusion-layout-column fusion_builder_column fusion-builder-column-7 fusion-flex-column post-card fusion-grid-column fusion-post-cards-grid-column\">\n                    <div class=\"fusion-column-wrapper fusion-column-has-shadow fusion-flex-justify-content-space-between fusion-content-layout-column\" style=\"background-position:left top;background-blend-mode: overlay;background-repeat:no-repeat;-webkit-background-size:cover;-moz-background-size:cover;-o-background-size:cover;background-size:cover;background-color:#ffffff;box-shadow:2px 2px 4px 0px rgba(0,0,0,0.2);;padding: 30px 30px 0px 30px;\">\n                    <div class=\"fusion-widget fusion-widget-element fusion-widget-area fusion-content-widget-area wpWidget-1\" style=\"border-width:0px;border-style:solid;\">\n                    <div class=\"evenement-tile-content\"><div class=\"event_date\" style=\"line-height: 1px; margin-bottom: 20px;\">19.09.2026 10:00 - 19.09.2026 16:00<\/div><div class=\"event_title\" style=\"font-size: 32px; font-weight: bold; min-height: 80px; margin-bottom: 12px;\"><a href=https:\/\/www.dudelange.lu\/index.php\/evenement\/kannerfloumaart\/>Kannerfloumaart<\/a><\/div><div style=\"border-bottom: 2px solid #ef4030; width: 28%; margin-bottom: 20px;\"><\/div><div class=\"event_venue\"><i class=\"fas fa-home\" style=\"font-size: 16px;\"><\/i>&nbsp;&nbsp;Pl. H\u00f4tel de Ville<\/div><\/div><\/div>\n                    <div class=\"fusion-classic-product-image-wrapper fusion-woo-product-image fusion-post-card-image fusion-post-card-image-1 vdd-event-image\" data-layout=\"static\"><div class=\"fusion-image-wrapper\" aria-haspopup=\"true\">\n                        <a href=\"https:\/\/www.dudelange.lu\/index.php\/evenement\/kannerfloumaart\/\" aria-label=\"\">\n                      <img decoding=\"async\" src=\"https:\/\/sadudelangedata.blob.core.windows.net\/files\/2024\/08\/Marche-aux-puces-web.png\" class=\"attachment-full size-full wp-post-image lazyloaded\" alt=\"\" data-orig-src=\"https:\/\/sadudelangedata.blob.core.windows.net\/files\/2024\/08\/Marche-aux-puces-web.png\">\t\t\t<\/a>\n                          <\/div>\n    <\/div><\/div>\n    <style type=\"text\/css\">.fusion-builder-column-7 > .fusion-column-wrapper {padding-top : 30px !important;padding-right : 30px !important;padding-bottom : 0px !important;padding-left : 30px !important;}<\/style><\/li><li class=\"fusion-layout-column fusion_builder_column fusion-builder-column-7 fusion-flex-column post-card fusion-grid-column fusion-post-cards-grid-column\">\n                    <div class=\"fusion-column-wrapper fusion-column-has-shadow fusion-flex-justify-content-space-between fusion-content-layout-column\" style=\"background-position:left top;background-blend-mode: overlay;background-repeat:no-repeat;-webkit-background-size:cover;-moz-background-size:cover;-o-background-size:cover;background-size:cover;background-color:#ffffff;box-shadow:2px 2px 4px 0px rgba(0,0,0,0.2);;padding: 30px 30px 0px 30px;\">\n                    <div class=\"fusion-widget fusion-widget-element fusion-widget-area fusion-content-widget-area wpWidget-1\" style=\"border-width:0px;border-style:solid;\">\n                    <div class=\"evenement-tile-content\"><div class=\"event_date\" style=\"line-height: 1px; margin-bottom: 20px;\">19.09.2026 10:00 - 19.09.2026 16:00<\/div><div class=\"event_title\" style=\"font-size: 32px; font-weight: bold; min-height: 80px; margin-bottom: 12px;\"><a href=https:\/\/www.dudelange.lu\/index.php\/evenement\/journee-de-la-mobilite\/>Journ\u00e9e de la mobilit\u00e9<\/a><\/div><div style=\"border-bottom: 2px solid #ef4030; width: 28%; margin-bottom: 20px;\"><\/div><div class=\"event_venue\"><i class=\"fas fa-home\" style=\"font-size: 16px;\"><\/i>&nbsp;&nbsp;Pl. H\u00f4tel de Ville<\/div><\/div><\/div>\n                    <div class=\"fusion-classic-product-image-wrapper fusion-woo-product-image fusion-post-card-image fusion-post-card-image-1 vdd-event-image\" data-layout=\"static\"><div class=\"fusion-image-wrapper\" aria-haspopup=\"true\">\n                        <a href=\"https:\/\/www.dudelange.lu\/index.php\/evenement\/journee-de-la-mobilite\/\" aria-label=\"\">\n                      <img decoding=\"async\" src=\"https:\/\/sadudelangedata.blob.core.windows.net\/files\/2025\/02\/Journee-Mobilite.png\" class=\"attachment-full size-full wp-post-image lazyloaded\" alt=\"\" data-orig-src=\"https:\/\/sadudelangedata.blob.core.windows.net\/files\/2025\/02\/Journee-Mobilite.png\">\t\t\t<\/a>\n                          <\/div>\n    <\/div><\/div>\n    <style type=\"text\/css\">.fusion-builder-column-7 > .fusion-column-wrapper {padding-top : 30px !important;padding-right : 30px !important;padding-bottom : 0px !important;padding-left : 30px !important;}<\/style><\/li><li class=\"fusion-layout-column fusion_builder_column fusion-builder-column-7 fusion-flex-column post-card fusion-grid-column fusion-post-cards-grid-column\">\n                    <div class=\"fusion-column-wrapper fusion-column-has-shadow fusion-flex-justify-content-space-between fusion-content-layout-column\" style=\"background-position:left top;background-blend-mode: overlay;background-repeat:no-repeat;-webkit-background-size:cover;-moz-background-size:cover;-o-background-size:cover;background-size:cover;background-color:#ffffff;box-shadow:2px 2px 4px 0px rgba(0,0,0,0.2);;padding: 30px 30px 0px 30px;\">\n                    <div class=\"fusion-widget fusion-widget-element fusion-widget-area fusion-content-widget-area wpWidget-1\" style=\"border-width:0px;border-style:solid;\">\n                    <div class=\"evenement-tile-content\"><div class=\"event_date\" style=\"line-height: 1px; margin-bottom: 20px;\">19.09.2026 10:00 - 19.09.2026 16:00<\/div><div class=\"event_title\" style=\"font-size: 32px; font-weight: bold; min-height: 80px; margin-bottom: 12px;\"><a href=https:\/\/www.dudelange.lu\/index.php\/evenement\/rendez-vous-benevolat\/>Rendez-vous du b\u00e9n\u00e9volat<\/a><\/div><div style=\"border-bottom: 2px solid #ef4030; width: 28%; margin-bottom: 20px;\"><\/div><div class=\"event_venue\"><i class=\"fas fa-home\" style=\"font-size: 16px;\"><\/i>&nbsp;&nbsp;Place Frantz Kinnen<\/div><\/div><\/div>\n                    <div class=\"fusion-classic-product-image-wrapper fusion-woo-product-image fusion-post-card-image fusion-post-card-image-1 vdd-event-image\" data-layout=\"static\"><div class=\"fusion-image-wrapper\" aria-haspopup=\"true\">\n                        <a href=\"https:\/\/www.dudelange.lu\/index.php\/evenement\/rendez-vous-benevolat\/\" aria-label=\"\">\n                      <img decoding=\"async\" src=\"https:\/\/sadudelangedata.blob.core.windows.net\/files\/2026\/07\/volunteer.png\" class=\"attachment-full size-full wp-post-image lazyloaded\" alt=\"\" data-orig-src=\"https:\/\/sadudelangedata.blob.core.windows.net\/files\/2026\/07\/volunteer.png\">\t\t\t<\/a>\n                          <\/div>\n    <\/div><\/div>\n    <style type=\"text\/css\">.fusion-builder-column-7 > .fusion-column-wrapper {padding-top : 30px !important;padding-right : 30px !important;padding-bottom : 0px !important;padding-left : 30px !important;}<\/style><\/li><li class=\"fusion-layout-column fusion_builder_column fusion-builder-column-7 fusion-flex-column post-card fusion-grid-column fusion-post-cards-grid-column\">\n                    <div class=\"fusion-column-wrapper fusion-column-has-shadow fusion-flex-justify-content-space-between fusion-content-layout-column\" style=\"background-position:left top;background-blend-mode: overlay;background-repeat:no-repeat;-webkit-background-size:cover;-moz-background-size:cover;-o-background-size:cover;background-size:cover;background-color:#ffffff;box-shadow:2px 2px 4px 0px rgba(0,0,0,0.2);;padding: 30px 30px 0px 30px;\">\n                    <div class=\"fusion-widget fusion-widget-element fusion-widget-area fusion-content-widget-area wpWidget-1\" style=\"border-width:0px;border-style:solid;\">\n                    <div class=\"evenement-tile-content\"><div class=\"event_date\" style=\"line-height: 1px; margin-bottom: 20px;\">22.09.2026 20:00<\/div><div class=\"event_title\" style=\"font-size: 32px; font-weight: bold; min-height: 80px; margin-bottom: 12px;\"><a href=https:\/\/www.dudelange.lu\/index.php\/evenement\/fun-lovin-criminals-2\/>Fun Lovin' Criminals<\/a><\/div><div style=\"border-bottom: 2px solid #ef4030; width: 28%; margin-bottom: 20px;\"><\/div><div class=\"event_venue\"><i class=\"fas fa-home\" style=\"font-size: 16px;\"><\/i>&nbsp;&nbsp;opderschmelz<\/div><div class=\"event_website\"><a href=https:\/\/opderschmelz.lu\/agenda\/2174_2281 target=\"_blank\"><i class=\"fas fa-mouse-pointer\" style=\"font-size: 16px;\"><\/i>&nbsp;&nbsp;https:\/\/opderschmelz.lu\/agenda\/2174_2281<\/a><\/div><\/div><\/div>\n                    <div class=\"fusion-classic-product-image-wrapper fusion-woo-product-image fusion-post-card-image fusion-post-card-image-1 vdd-event-image\" data-layout=\"static\"><div class=\"fusion-image-wrapper\" aria-haspopup=\"true\">\n                        <a href=\"https:\/\/www.dudelange.lu\/index.php\/evenement\/fun-lovin-criminals-2\/\" aria-label=\"\">\n                      <img decoding=\"async\" src=\"https:\/\/sadudelangedata.blob.core.windows.net\/files\/2026\/04\/FUN-LOVING-CRIMINALS-5-NEWSLETTER.png\" class=\"attachment-full size-full wp-post-image lazyloaded\" alt=\"\" data-orig-src=\"https:\/\/sadudelangedata.blob.core.windows.net\/files\/2026\/04\/FUN-LOVING-CRIMINALS-5-NEWSLETTER.png\">\t\t\t<\/a>\n                          <\/div>\n    <\/div><\/div>\n    <style type=\"text\/css\">.fusion-builder-column-7 > .fusion-column-wrapper {padding-top : 30px !important;padding-right : 30px !important;padding-bottom : 0px !important;padding-left : 30px !important;}<\/style><\/li><li class=\"fusion-layout-column fusion_builder_column fusion-builder-column-7 fusion-flex-column post-card fusion-grid-column fusion-post-cards-grid-column\">\n                    <div class=\"fusion-column-wrapper fusion-column-has-shadow fusion-flex-justify-content-space-between fusion-content-layout-column\" style=\"background-position:left top;background-blend-mode: overlay;background-repeat:no-repeat;-webkit-background-size:cover;-moz-background-size:cover;-o-background-size:cover;background-size:cover;background-color:#ffffff;box-shadow:2px 2px 4px 0px rgba(0,0,0,0.2);;padding: 30px 30px 0px 30px;\">\n                    <div class=\"fusion-widget fusion-widget-element fusion-widget-area fusion-content-widget-area wpWidget-1\" style=\"border-width:0px;border-style:solid;\">\n                    <div class=\"evenement-tile-content\"><div class=\"event_date\" style=\"line-height: 1px; margin-bottom: 20px;\">23.09.2026 19:00 - 23.09.2026 20:30<\/div><div class=\"event_title\" style=\"font-size: 32px; font-weight: bold; min-height: 80px; margin-bottom: 12px;\"><a href=https:\/\/www.dudelange.lu\/index.php\/evenement\/cafe-des-langues-0926\/>Caf\u00e9 des langues<\/a><\/div><div style=\"border-bottom: 2px solid #ef4030; width: 28%; margin-bottom: 20px;\"><\/div><div class=\"event_venue\"><i class=\"fas fa-home\" style=\"font-size: 16px;\"><\/i>&nbsp;&nbsp;Centre culturel opderschmelz<\/div><\/div><\/div>\n                    <div class=\"fusion-classic-product-image-wrapper fusion-woo-product-image fusion-post-card-image fusion-post-card-image-1 vdd-event-image\" data-layout=\"static\"><div class=\"fusion-image-wrapper\" aria-haspopup=\"true\">\n                        <a href=\"https:\/\/www.dudelange.lu\/index.php\/evenement\/cafe-des-langues-0926\/\" aria-label=\"\">\n                      <img decoding=\"async\" src=\"https:\/\/sadudelangedata.blob.core.windows.net\/files\/2023\/02\/Cafe-des-langues.png\" class=\"attachment-full size-full wp-post-image lazyloaded\" alt=\"\" data-orig-src=\"https:\/\/sadudelangedata.blob.core.windows.net\/files\/2023\/02\/Cafe-des-langues.png\">\t\t\t<\/a>\n                          <\/div>\n    <\/div><\/div>\n    <style type=\"text\/css\">.fusion-builder-column-7 > .fusion-column-wrapper {padding-top : 30px !important;padding-right : 30px !important;padding-bottom : 0px !important;padding-left : 30px !important;}<\/style><\/li><li class=\"fusion-layout-column fusion_builder_column fusion-builder-column-7 fusion-flex-column post-card fusion-grid-column fusion-post-cards-grid-column\">\n                    <div class=\"fusion-column-wrapper fusion-column-has-shadow fusion-flex-justify-content-space-between fusion-content-layout-column\" style=\"background-position:left top;background-blend-mode: overlay;background-repeat:no-repeat;-webkit-background-size:cover;-moz-background-size:cover;-o-background-size:cover;background-size:cover;background-color:#ffffff;box-shadow:2px 2px 4px 0px rgba(0,0,0,0.2);;padding: 30px 30px 0px 30px;\">\n                    <div class=\"fusion-widget fusion-widget-element fusion-widget-area fusion-content-widget-area wpWidget-1\" style=\"border-width:0px;border-style:solid;\">\n                    <div class=\"evenement-tile-content\"><div class=\"event_date\" style=\"line-height: 1px; margin-bottom: 20px;\">25.09.2026 20:00<\/div><div class=\"event_title\" style=\"font-size: 32px; font-weight: bold; min-height: 80px; margin-bottom: 12px;\"><a href=https:\/\/www.dudelange.lu\/index.php\/evenement\/jeff-buckley-tribute\/>Jeff Buckley Tribute<\/a><\/div><div style=\"border-bottom: 2px solid #ef4030; width: 28%; margin-bottom: 20px;\"><\/div><div class=\"event_venue\"><i class=\"fas fa-home\" style=\"font-size: 16px;\"><\/i>&nbsp;&nbsp;opderschmelz<\/div><div class=\"event_website\"><a href=https:\/\/opderschmelz.lu\/agenda\/2167_2267 target=\"_blank\"><i class=\"fas fa-mouse-pointer\" style=\"font-size: 16px;\"><\/i>&nbsp;&nbsp;https:\/\/opderschmelz.lu\/agenda\/2167_2267<\/a><\/div><\/div><\/div>\n                    <div class=\"fusion-classic-product-image-wrapper fusion-woo-product-image fusion-post-card-image fusion-post-card-image-1 vdd-event-image\" data-layout=\"static\"><div class=\"fusion-image-wrapper\" aria-haspopup=\"true\">\n                        <a href=\"https:\/\/www.dudelange.lu\/index.php\/evenement\/jeff-buckley-tribute\/\" aria-label=\"\">\n                      <img decoding=\"async\" src=\"https:\/\/sadudelangedata.blob.core.windows.net\/files\/2026\/04\/pieter-peirsman-grace7008_SQUARE-1-Large.jpeg\" class=\"attachment-full size-full wp-post-image lazyloaded\" alt=\"\" data-orig-src=\"https:\/\/sadudelangedata.blob.core.windows.net\/files\/2026\/04\/pieter-peirsman-grace7008_SQUARE-1-Large.jpeg\">\t\t\t<\/a>\n                          <\/div>\n    <\/div><\/div>\n    <style type=\"text\/css\">.fusion-builder-column-7 > .fusion-column-wrapper {padding-top : 30px !important;padding-right : 30px !important;padding-bottom : 0px !important;padding-left : 30px !important;}<\/style><\/li><li class=\"fusion-layout-column fusion_builder_column fusion-builder-column-7 fusion-flex-column post-card fusion-grid-column fusion-post-cards-grid-column\">\n                    <div class=\"fusion-column-wrapper fusion-column-has-shadow fusion-flex-justify-content-space-between fusion-content-layout-column\" style=\"background-position:left top;background-blend-mode: overlay;background-repeat:no-repeat;-webkit-background-size:cover;-moz-background-size:cover;-o-background-size:cover;background-size:cover;background-color:#ffffff;box-shadow:2px 2px 4px 0px rgba(0,0,0,0.2);;padding: 30px 30px 0px 30px;\">\n                    <div class=\"fusion-widget fusion-widget-element fusion-widget-area fusion-content-widget-area wpWidget-1\" style=\"border-width:0px;border-style:solid;\">\n                    <div class=\"evenement-tile-content\"><div class=\"event_date\" style=\"line-height: 1px; margin-bottom: 20px;\">26.09.2026 09:00 - 26.09.2026 18:00<\/div><div class=\"event_title\" style=\"font-size: 32px; font-weight: bold; min-height: 80px; margin-bottom: 12px;\"><a href=https:\/\/www.dudelange.lu\/index.php\/evenement\/hierschtbraderie\/>Hierschtbraderie<\/a><\/div><div style=\"border-bottom: 2px solid #ef4030; width: 28%; margin-bottom: 20px;\"><\/div><div class=\"event_venue\"><i class=\"fas fa-home\" style=\"font-size: 16px;\"><\/i>&nbsp;&nbsp;Centre-ville<\/div><\/div><\/div>\n                    <div class=\"fusion-classic-product-image-wrapper fusion-woo-product-image fusion-post-card-image fusion-post-card-image-1 vdd-event-image\" data-layout=\"static\"><div class=\"fusion-image-wrapper\" aria-haspopup=\"true\">\n                        <a href=\"https:\/\/www.dudelange.lu\/index.php\/evenement\/hierschtbraderie\/\" aria-label=\"\">\n                      <img decoding=\"async\" src=\"https:\/\/sadudelangedata.blob.core.windows.net\/files\/2022\/11\/shopping.gif\" class=\"attachment-full size-full wp-post-image lazyloaded\" alt=\"\" data-orig-src=\"https:\/\/sadudelangedata.blob.core.windows.net\/files\/2022\/11\/shopping.gif\">\t\t\t<\/a>\n                          <\/div>\n    <\/div><\/div>\n    <style type=\"text\/css\">.fusion-builder-column-7 > .fusion-column-wrapper {padding-top : 30px !important;padding-right : 30px !important;padding-bottom : 0px !important;padding-left : 30px !important;}<\/style><\/li><li class=\"fusion-layout-column fusion_builder_column fusion-builder-column-7 fusion-flex-column post-card fusion-grid-column fusion-post-cards-grid-column\">\n                    <div class=\"fusion-column-wrapper fusion-column-has-shadow fusion-flex-justify-content-space-between fusion-content-layout-column\" style=\"background-position:left top;background-blend-mode: overlay;background-repeat:no-repeat;-webkit-background-size:cover;-moz-background-size:cover;-o-background-size:cover;background-size:cover;background-color:#ffffff;box-shadow:2px 2px 4px 0px rgba(0,0,0,0.2);;padding: 30px 30px 0px 30px;\">\n                    <div class=\"fusion-widget fusion-widget-element fusion-widget-area fusion-content-widget-area wpWidget-1\" style=\"border-width:0px;border-style:solid;\">\n                    <div class=\"evenement-tile-content\"><div class=\"event_date\" style=\"line-height: 1px; margin-bottom: 20px;\">26.09.2026 14:30 - 26.09.2026 16:30<\/div><div class=\"event_title\" style=\"font-size: 32px; font-weight: bold; min-height: 80px; margin-bottom: 12px;\"><a href=https:\/\/www.dudelange.lu\/index.php\/evenement\/kreative-schreifatelier\/>Kreative Schreifatelier<\/a><\/div><div style=\"border-bottom: 2px solid #ef4030; width: 28%; margin-bottom: 20px;\"><\/div><div class=\"event_venue\"><i class=\"fas fa-home\" style=\"font-size: 16px;\"><\/i>&nbsp;&nbsp;Biblioth\u00e8que<\/div><\/div><\/div>\n                    <div class=\"fusion-classic-product-image-wrapper fusion-woo-product-image fusion-post-card-image fusion-post-card-image-1 vdd-event-image\" data-layout=\"static\"><div class=\"fusion-image-wrapper\" aria-haspopup=\"true\">\n                        <a href=\"https:\/\/www.dudelange.lu\/index.php\/evenement\/kreative-schreifatelier\/\" aria-label=\"\">\n                      <img decoding=\"async\" src=\"https:\/\/sadudelangedata.blob.core.windows.net\/files\/2026\/08\/atelier-ecriture-bib.png\" class=\"attachment-full size-full wp-post-image lazyloaded\" alt=\"\" data-orig-src=\"https:\/\/sadudelangedata.blob.core.windows.net\/files\/2026\/08\/atelier-ecriture-bib.png\">\t\t\t<\/a>\n                          <\/div>\n    <\/div><\/div>\n    <style type=\"text\/css\">.fusion-builder-column-7 > .fusion-column-wrapper {padding-top : 30px !important;padding-right : 30px !important;padding-bottom : 0px !important;padding-left : 30px !important;}<\/style><\/li><li class=\"fusion-layout-column fusion_builder_column fusion-builder-column-7 fusion-flex-column post-card fusion-grid-column fusion-post-cards-grid-column\">\n                    <div class=\"fusion-column-wrapper fusion-column-has-shadow fusion-flex-justify-content-space-between fusion-content-layout-column\" style=\"background-position:left top;background-blend-mode: overlay;background-repeat:no-repeat;-webkit-background-size:cover;-moz-background-size:cover;-o-background-size:cover;background-size:cover;background-color:#ffffff;box-shadow:2px 2px 4px 0px rgba(0,0,0,0.2);;padding: 30px 30px 0px 30px;\">\n                    <div class=\"fusion-widget fusion-widget-element fusion-widget-area fusion-content-widget-area wpWidget-1\" style=\"border-width:0px;border-style:solid;\">\n                    <div class=\"evenement-tile-content\"><div class=\"event_date\" style=\"line-height: 1px; margin-bottom: 20px;\">29.09.2026 09:30 - 29.09.2026 11:30<\/div><div class=\"event_title\" style=\"font-size: 32px; font-weight: bold; min-height: 80px; margin-bottom: 12px;\"><a href=https:\/\/www.dudelange.lu\/index.php\/evenement\/e-banking-01\/>E\u2011Banking pour senior\u00b7es<\/a><\/div><div style=\"border-bottom: 2px solid #ef4030; width: 28%; margin-bottom: 20px;\"><\/div><div class=\"event_venue\"><i class=\"fas fa-home\" style=\"font-size: 16px;\"><\/i>&nbsp;&nbsp;GMP<\/div><\/div><\/div>\n                    <div class=\"fusion-classic-product-image-wrapper fusion-woo-product-image fusion-post-card-image fusion-post-card-image-1 vdd-event-image\" data-layout=\"static\"><div class=\"fusion-image-wrapper\" aria-haspopup=\"true\">\n                        <a href=\"https:\/\/www.dudelange.lu\/index.php\/evenement\/e-banking-01\/\" aria-label=\"\">\n                      <img decoding=\"async\" src=\"https:\/\/sadudelangedata.blob.core.windows.net\/files\/2026\/08\/e-banking.png\" class=\"attachment-full size-full wp-post-image lazyloaded\" alt=\"\" data-orig-src=\"https:\/\/sadudelangedata.blob.core.windows.net\/files\/2026\/08\/e-banking.png\">\t\t\t<\/a>\n                          <\/div>\n    <\/div><\/div>\n    <style type=\"text\/css\">.fusion-builder-column-7 > .fusion-column-wrapper {padding-top : 30px !important;padding-right : 30px !important;padding-bottom : 0px !important;padding-left : 30px !important;}<\/style><\/li><li class=\"fusion-layout-column fusion_builder_column fusion-builder-column-7 fusion-flex-column post-card fusion-grid-column fusion-post-cards-grid-column\">\n                    <div class=\"fusion-column-wrapper fusion-column-has-shadow fusion-flex-justify-content-space-between fusion-content-layout-column\" style=\"background-position:left top;background-blend-mode: overlay;background-repeat:no-repeat;-webkit-background-size:cover;-moz-background-size:cover;-o-background-size:cover;background-size:cover;background-color:#ffffff;box-shadow:2px 2px 4px 0px rgba(0,0,0,0.2);;padding: 30px 30px 0px 30px;\">\n                    <div class=\"fusion-widget fusion-widget-element fusion-widget-area fusion-content-widget-area wpWidget-1\" style=\"border-width:0px;border-style:solid;\">\n                    <div class=\"evenement-tile-content\"><div class=\"event_date\" style=\"line-height: 1px; margin-bottom: 20px;\">01.10.2026 08:30 - 01.10.2026 10:00<\/div><div class=\"event_title\" style=\"font-size: 32px; font-weight: bold; min-height: 80px; margin-bottom: 12px;\"><a href=https:\/\/www.dudelange.lu\/index.php\/evenement\/seniors-cafe-croissant\/>Internationalen Senior*innendag<\/a><\/div><div style=\"border-bottom: 2px solid #ef4030; width: 28%; margin-bottom: 20px;\"><\/div><div class=\"event_venue\"><i class=\"fas fa-home\" style=\"font-size: 16px;\"><\/i>&nbsp;&nbsp;Pl. H\u00f4tel de Ville<\/div><\/div><\/div>\n                    <div class=\"fusion-classic-product-image-wrapper fusion-woo-product-image fusion-post-card-image fusion-post-card-image-1 vdd-event-image\" data-layout=\"static\"><div class=\"fusion-image-wrapper\" aria-haspopup=\"true\">\n                        <a href=\"https:\/\/www.dudelange.lu\/index.php\/evenement\/seniors-cafe-croissant\/\" aria-label=\"\">\n                      <img decoding=\"async\" src=\"https:\/\/sadudelangedata.blob.core.windows.net\/files\/2026\/08\/seniors-breakfast2.png\" class=\"attachment-full size-full wp-post-image lazyloaded\" alt=\"\" data-orig-src=\"https:\/\/sadudelangedata.blob.core.windows.net\/files\/2026\/08\/seniors-breakfast2.png\">\t\t\t<\/a>\n                          <\/div>\n    <\/div><\/div>\n    <style type=\"text\/css\">.fusion-builder-column-7 > .fusion-column-wrapper {padding-top : 30px !important;padding-right : 30px !important;padding-bottom : 0px !important;padding-left : 30px !important;}<\/style><\/li><li class=\"fusion-layout-column fusion_builder_column fusion-builder-column-7 fusion-flex-column post-card fusion-grid-column fusion-post-cards-grid-column\">\n                    <div class=\"fusion-column-wrapper fusion-column-has-shadow fusion-flex-justify-content-space-between fusion-content-layout-column\" style=\"background-position:left top;background-blend-mode: overlay;background-repeat:no-repeat;-webkit-background-size:cover;-moz-background-size:cover;-o-background-size:cover;background-size:cover;background-color:#ffffff;box-shadow:2px 2px 4px 0px rgba(0,0,0,0.2);;padding: 30px 30px 0px 30px;\">\n                    <div class=\"fusion-widget fusion-widget-element fusion-widget-area fusion-content-widget-area wpWidget-1\" style=\"border-width:0px;border-style:solid;\">\n                    <div class=\"evenement-tile-content\"><div class=\"event_date\" style=\"line-height: 1px; margin-bottom: 20px;\">05.10.2026 20:00<\/div><div class=\"event_title\" style=\"font-size: 32px; font-weight: bold; min-height: 80px; margin-bottom: 12px;\"><a href=https:\/\/www.dudelange.lu\/index.php\/evenement\/diddelenger-geschichten-jean-claude-muller\/>Diddelenger Geschicht(en) | Jean-Claude M\u00fcller<\/a><\/div><div style=\"border-bottom: 2px solid #ef4030; width: 28%; margin-bottom: 20px;\"><\/div><div class=\"event_venue\"><i class=\"fas fa-home\" style=\"font-size: 16px;\"><\/i>&nbsp;&nbsp;opderschmelz<\/div><div class=\"event_website\"><a href=https:\/\/opderschmelz.lu\/agenda\/2194_2308 target=\"_blank\"><i class=\"fas fa-mouse-pointer\" style=\"font-size: 16px;\"><\/i>&nbsp;&nbsp;https:\/\/opderschmelz.lu\/agenda\/2194_2308<\/a><\/div><\/div><\/div>\n                    <div class=\"fusion-classic-product-image-wrapper fusion-woo-product-image fusion-post-card-image fusion-post-card-image-1 vdd-event-image\" data-layout=\"static\"><div class=\"fusion-image-wrapper\" aria-haspopup=\"true\">\n                        <a href=\"https:\/\/www.dudelange.lu\/index.php\/evenement\/diddelenger-geschichten-jean-claude-muller\/\" aria-label=\"\">\n                      <img decoding=\"async\" src=\"https:\/\/sadudelangedata.blob.core.windows.net\/files\/2026\/08\/768347740_1522496953223791_6436705620448048394_n.jpg\" class=\"attachment-full size-full wp-post-image lazyloaded\" alt=\"\" data-orig-src=\"https:\/\/sadudelangedata.blob.core.windows.net\/files\/2026\/08\/768347740_1522496953223791_6436705620448048394_n.jpg\">\t\t\t<\/a>\n                          <\/div>\n    <\/div><\/div>\n    <style type=\"text\/css\">.fusion-builder-column-7 > .fusion-column-wrapper {padding-top : 30px !important;padding-right : 30px !important;padding-bottom : 0px !important;padding-left : 30px !important;}<\/style><\/li><li class=\"fusion-layout-column fusion_builder_column fusion-builder-column-7 fusion-flex-column post-card fusion-grid-column fusion-post-cards-grid-column\">\n                    <div class=\"fusion-column-wrapper fusion-column-has-shadow fusion-flex-justify-content-space-between fusion-content-layout-column\" style=\"background-position:left top;background-blend-mode: overlay;background-repeat:no-repeat;-webkit-background-size:cover;-moz-background-size:cover;-o-background-size:cover;background-size:cover;background-color:#ffffff;box-shadow:2px 2px 4px 0px rgba(0,0,0,0.2);;padding: 30px 30px 0px 30px;\">\n                    <div class=\"fusion-widget fusion-widget-element fusion-widget-area fusion-content-widget-area wpWidget-1\" style=\"border-width:0px;border-style:solid;\">\n                    <div class=\"evenement-tile-content\"><div class=\"event_date\" style=\"line-height: 1px; margin-bottom: 20px;\">06.10.2026 19:00 - 06.10.2026 20:30<\/div><div class=\"event_title\" style=\"font-size: 32px; font-weight: bold; min-height: 80px; margin-bottom: 12px;\"><a href=https:\/\/www.dudelange.lu\/index.php\/evenement\/cafe-des-langues-0610\/>Caf\u00e9 des langues<\/a><\/div><div style=\"border-bottom: 2px solid #ef4030; width: 28%; margin-bottom: 20px;\"><\/div><div class=\"event_venue\"><i class=\"fas fa-home\" style=\"font-size: 16px;\"><\/i>&nbsp;&nbsp;Centre culturel opderschmelz<\/div><\/div><\/div>\n                    <div class=\"fusion-classic-product-image-wrapper fusion-woo-product-image fusion-post-card-image fusion-post-card-image-1 vdd-event-image\" data-layout=\"static\"><div class=\"fusion-image-wrapper\" aria-haspopup=\"true\">\n                        <a href=\"https:\/\/www.dudelange.lu\/index.php\/evenement\/cafe-des-langues-0610\/\" aria-label=\"\">\n                      <img decoding=\"async\" src=\"https:\/\/sadudelangedata.blob.core.windows.net\/files\/2023\/02\/Cafe-des-langues.png\" class=\"attachment-full size-full wp-post-image lazyloaded\" alt=\"\" data-orig-src=\"https:\/\/sadudelangedata.blob.core.windows.net\/files\/2023\/02\/Cafe-des-langues.png\">\t\t\t<\/a>\n                          <\/div>\n    <\/div><\/div>\n    <style type=\"text\/css\">.fusion-builder-column-7 > .fusion-column-wrapper {padding-top : 30px !important;padding-right : 30px !important;padding-bottom : 0px !important;padding-left : 30px !important;}<\/style><\/li><li class=\"fusion-layout-column fusion_builder_column fusion-builder-column-7 fusion-flex-column post-card fusion-grid-column fusion-post-cards-grid-column\">\n                    <div class=\"fusion-column-wrapper fusion-column-has-shadow fusion-flex-justify-content-space-between fusion-content-layout-column\" style=\"background-position:left top;background-blend-mode: overlay;background-repeat:no-repeat;-webkit-background-size:cover;-moz-background-size:cover;-o-background-size:cover;background-size:cover;background-color:#ffffff;box-shadow:2px 2px 4px 0px rgba(0,0,0,0.2);;padding: 30px 30px 0px 30px;\">\n                    <div class=\"fusion-widget fusion-widget-element fusion-widget-area fusion-content-widget-area wpWidget-1\" style=\"border-width:0px;border-style:solid;\">\n                    <div class=\"evenement-tile-content\"><div class=\"event_date\" style=\"line-height: 1px; margin-bottom: 20px;\">09.10.2026 - 18.10.2026<\/div><div class=\"event_title\" style=\"font-size: 32px; font-weight: bold; min-height: 80px; margin-bottom: 12px;\"><a href=https:\/\/www.dudelange.lu\/index.php\/evenement\/hierschtkiermes\/>Hierschtkiermes<\/a><\/div><div style=\"border-bottom: 2px solid #ef4030; width: 28%; margin-bottom: 20px;\"><\/div><div class=\"event_venue\"><i class=\"fas fa-home\" style=\"font-size: 16px;\"><\/i>&nbsp;&nbsp;Pl. Fohrmann<\/div><\/div><\/div>\n                    <div class=\"fusion-classic-product-image-wrapper fusion-woo-product-image fusion-post-card-image fusion-post-card-image-1 vdd-event-image\" data-layout=\"static\"><div class=\"fusion-image-wrapper\" aria-haspopup=\"true\">\n                        <a href=\"https:\/\/www.dudelange.lu\/index.php\/evenement\/hierschtkiermes\/\" aria-label=\"\">\n                      <img decoding=\"async\" src=\"https:\/\/sadudelangedata.blob.core.windows.net\/files\/2025\/02\/kermesse-automne-67af4d2a71881.png\" class=\"attachment-full size-full wp-post-image lazyloaded\" alt=\"\" data-orig-src=\"https:\/\/sadudelangedata.blob.core.windows.net\/files\/2025\/02\/kermesse-automne-67af4d2a71881.png\">\t\t\t<\/a>\n                          <\/div>\n    <\/div><\/div>\n    <style type=\"text\/css\">.fusion-builder-column-7 > .fusion-column-wrapper {padding-top : 30px !important;padding-right : 30px !important;padding-bottom : 0px !important;padding-left : 30px !important;}<\/style><\/li><li class=\"fusion-layout-column fusion_builder_column fusion-builder-column-7 fusion-flex-column post-card fusion-grid-column fusion-post-cards-grid-column\">\n                    <div class=\"fusion-column-wrapper fusion-column-has-shadow fusion-flex-justify-content-space-between fusion-content-layout-column\" style=\"background-position:left top;background-blend-mode: overlay;background-repeat:no-repeat;-webkit-background-size:cover;-moz-background-size:cover;-o-background-size:cover;background-size:cover;background-color:#ffffff;box-shadow:2px 2px 4px 0px rgba(0,0,0,0.2);;padding: 30px 30px 0px 30px;\">\n                    <div class=\"fusion-widget fusion-widget-element fusion-widget-area fusion-content-widget-area wpWidget-1\" style=\"border-width:0px;border-style:solid;\">\n                    <div class=\"evenement-tile-content\"><div class=\"event_date\" style=\"line-height: 1px; margin-bottom: 20px;\">10.10.2026 09:30 - 10.10.2026 12:30<\/div><div class=\"event_title\" style=\"font-size: 32px; font-weight: bold; min-height: 80px; margin-bottom: 12px;\"><a href=https:\/\/www.dudelange.lu\/index.php\/evenement\/forum-etre-mere\/>Forum: \u00catre m\u00e8re<\/a><\/div><div style=\"border-bottom: 2px solid #ef4030; width: 28%; margin-bottom: 20px;\"><\/div><div class=\"event_venue\"><i class=\"fas fa-home\" style=\"font-size: 16px;\"><\/i>&nbsp;&nbsp;H\u00f4tel de Ville<\/div><\/div><\/div>\n                    <div class=\"fusion-classic-product-image-wrapper fusion-woo-product-image fusion-post-card-image fusion-post-card-image-1 vdd-event-image\" data-layout=\"static\"><div class=\"fusion-image-wrapper\" aria-haspopup=\"true\">\n                        <a href=\"https:\/\/www.dudelange.lu\/index.php\/evenement\/forum-etre-mere\/\" aria-label=\"\">\n                      <img decoding=\"async\" src=\"https:\/\/sadudelangedata.blob.core.windows.net\/files\/2026\/08\/forum-mere-web.png\" class=\"attachment-full size-full wp-post-image lazyloaded\" alt=\"\" data-orig-src=\"https:\/\/sadudelangedata.blob.core.windows.net\/files\/2026\/08\/forum-mere-web.png\">\t\t\t<\/a>\n                          <\/div>\n    <\/div><\/div>\n    <style type=\"text\/css\">.fusion-builder-column-7 > .fusion-column-wrapper {padding-top : 30px !important;padding-right : 30px !important;padding-bottom : 0px !important;padding-left : 30px !important;}<\/style><\/li><li class=\"fusion-layout-column fusion_builder_column fusion-builder-column-7 fusion-flex-column post-card fusion-grid-column fusion-post-cards-grid-column\">\n                    <div class=\"fusion-column-wrapper fusion-column-has-shadow fusion-flex-justify-content-space-between fusion-content-layout-column\" style=\"background-position:left top;background-blend-mode: overlay;background-repeat:no-repeat;-webkit-background-size:cover;-moz-background-size:cover;-o-background-size:cover;background-size:cover;background-color:#ffffff;box-shadow:2px 2px 4px 0px rgba(0,0,0,0.2);;padding: 30px 30px 0px 30px;\">\n                    <div class=\"fusion-widget fusion-widget-element fusion-widget-area fusion-content-widget-area wpWidget-1\" style=\"border-width:0px;border-style:solid;\">\n                    <div class=\"evenement-tile-content\"><div class=\"event_date\" style=\"line-height: 1px; margin-bottom: 20px;\">10.10.2026 10:30 - 10.10.2026 11:15<\/div><div class=\"event_title\" style=\"font-size: 32px; font-weight: bold; min-height: 80px; margin-bottom: 12px;\"><a href=https:\/\/www.dudelange.lu\/index.php\/evenement\/bellibimbam\/>Kannerliesung<\/a><\/div><div style=\"border-bottom: 2px solid #ef4030; width: 28%; margin-bottom: 20px;\"><\/div><div class=\"event_venue\"><i class=\"fas fa-home\" style=\"font-size: 16px;\"><\/i>&nbsp;&nbsp;Biblioth\u00e8que<\/div><\/div><\/div>\n                    <div class=\"fusion-classic-product-image-wrapper fusion-woo-product-image fusion-post-card-image fusion-post-card-image-1 vdd-event-image\" data-layout=\"static\"><div class=\"fusion-image-wrapper\" aria-haspopup=\"true\">\n                        <a href=\"https:\/\/www.dudelange.lu\/index.php\/evenement\/bellibimbam\/\" aria-label=\"\">\n                      <img decoding=\"async\" src=\"https:\/\/sadudelangedata.blob.core.windows.net\/files\/2026\/08\/lecture-bib.png\" class=\"attachment-full size-full wp-post-image lazyloaded\" alt=\"\" data-orig-src=\"https:\/\/sadudelangedata.blob.core.windows.net\/files\/2026\/08\/lecture-bib.png\">\t\t\t<\/a>\n                          <\/div>\n    <\/div><\/div>\n    <style type=\"text\/css\">.fusion-builder-column-7 > .fusion-column-wrapper {padding-top : 30px !important;padding-right : 30px !important;padding-bottom : 0px !important;padding-left : 30px !important;}<\/style><\/li><li class=\"fusion-layout-column fusion_builder_column fusion-builder-column-7 fusion-flex-column post-card fusion-grid-column fusion-post-cards-grid-column\">\n                    <div class=\"fusion-column-wrapper fusion-column-has-shadow fusion-flex-justify-content-space-between fusion-content-layout-column\" style=\"background-position:left top;background-blend-mode: overlay;background-repeat:no-repeat;-webkit-background-size:cover;-moz-background-size:cover;-o-background-size:cover;background-size:cover;background-color:#ffffff;box-shadow:2px 2px 4px 0px rgba(0,0,0,0.2);;padding: 30px 30px 0px 30px;\">\n                    <div class=\"fusion-widget fusion-widget-element fusion-widget-area fusion-content-widget-area wpWidget-1\" style=\"border-width:0px;border-style:solid;\">\n                    <div class=\"evenement-tile-content\"><div class=\"event_date\" style=\"line-height: 1px; margin-bottom: 20px;\">10.10.2026 - 10.10.2026<\/div><div class=\"event_title\" style=\"font-size: 32px; font-weight: bold; min-height: 80px; margin-bottom: 12px;\"><a href=https:\/\/www.dudelange.lu\/index.php\/evenement\/film-mothers-baby\/>Film: Mother's baby<\/a><\/div><div style=\"border-bottom: 2px solid #ef4030; width: 28%; margin-bottom: 20px;\"><\/div><div class=\"event_venue\"><i class=\"fas fa-home\" style=\"font-size: 16px;\"><\/i>&nbsp;&nbsp;Cin\u00e9 Le Paris, Bettembourg<\/div><\/div><\/div>\n                    <div class=\"fusion-classic-product-image-wrapper fusion-woo-product-image fusion-post-card-image fusion-post-card-image-1 vdd-event-image\" data-layout=\"static\"><div class=\"fusion-image-wrapper\" aria-haspopup=\"true\">\n                        <a href=\"https:\/\/www.dudelange.lu\/index.php\/evenement\/film-mothers-baby\/\" aria-label=\"\">\n                      <img decoding=\"async\" src=\"https:\/\/sadudelangedata.blob.core.windows.net\/files\/2026\/08\/Mothers-Baby-web.jpg\" class=\"attachment-full size-full wp-post-image lazyloaded\" alt=\"\" data-orig-src=\"https:\/\/sadudelangedata.blob.core.windows.net\/files\/2026\/08\/Mothers-Baby-web.jpg\">\t\t\t<\/a>\n                          <\/div>\n    <\/div><\/div>\n    <style type=\"text\/css\">.fusion-builder-column-7 > .fusion-column-wrapper {padding-top : 30px !important;padding-right : 30px !important;padding-bottom : 0px !important;padding-left : 30px !important;}<\/style><\/li><li class=\"fusion-layout-column fusion_builder_column fusion-builder-column-7 fusion-flex-column post-card fusion-grid-column fusion-post-cards-grid-column\">\n                    <div class=\"fusion-column-wrapper fusion-column-has-shadow fusion-flex-justify-content-space-between fusion-content-layout-column\" style=\"background-position:left top;background-blend-mode: overlay;background-repeat:no-repeat;-webkit-background-size:cover;-moz-background-size:cover;-o-background-size:cover;background-size:cover;background-color:#ffffff;box-shadow:2px 2px 4px 0px rgba(0,0,0,0.2);;padding: 30px 30px 0px 30px;\">\n                    <div class=\"fusion-widget fusion-widget-element fusion-widget-area fusion-content-widget-area wpWidget-1\" style=\"border-width:0px;border-style:solid;\">\n                    <div class=\"evenement-tile-content\"><div class=\"event_date\" style=\"line-height: 1px; margin-bottom: 20px;\">15.10.2026 15:00 - 15.10.2026 17:00<\/div><div class=\"event_title\" style=\"font-size: 32px; font-weight: bold; min-height: 80px; margin-bottom: 12px;\"><a href=https:\/\/www.dudelange.lu\/index.php\/evenement\/e-banking-02\/>E\u2011Banking pour senior\u00b7es<\/a><\/div><div style=\"border-bottom: 2px solid #ef4030; width: 28%; margin-bottom: 20px;\"><\/div><div class=\"event_venue\"><i class=\"fas fa-home\" style=\"font-size: 16px;\"><\/i>&nbsp;&nbsp;Hall polyvalent<\/div><\/div><\/div>\n                    <div class=\"fusion-classic-product-image-wrapper fusion-woo-product-image fusion-post-card-image fusion-post-card-image-1 vdd-event-image\" data-layout=\"static\"><div class=\"fusion-image-wrapper\" aria-haspopup=\"true\">\n                        <a href=\"https:\/\/www.dudelange.lu\/index.php\/evenement\/e-banking-02\/\" aria-label=\"\">\n                      <img decoding=\"async\" src=\"https:\/\/sadudelangedata.blob.core.windows.net\/files\/2026\/08\/e-banking.png\" class=\"attachment-full size-full wp-post-image lazyloaded\" alt=\"\" data-orig-src=\"https:\/\/sadudelangedata.blob.core.windows.net\/files\/2026\/08\/e-banking.png\">\t\t\t<\/a>\n                          <\/div>\n    <\/div><\/div>\n    <style type=\"text\/css\">.fusion-builder-column-7 > .fusion-column-wrapper {padding-top : 30px !important;padding-right : 30px !important;padding-bottom : 0px !important;padding-left : 30px !important;}<\/style><\/li><li class=\"fusion-layout-column fusion_builder_column fusion-builder-column-7 fusion-flex-column post-card fusion-grid-column fusion-post-cards-grid-column\">\n                    <div class=\"fusion-column-wrapper fusion-column-has-shadow fusion-flex-justify-content-space-between fusion-content-layout-column\" style=\"background-position:left top;background-blend-mode: overlay;background-repeat:no-repeat;-webkit-background-size:cover;-moz-background-size:cover;-o-background-size:cover;background-size:cover;background-color:#ffffff;box-shadow:2px 2px 4px 0px rgba(0,0,0,0.2);;padding: 30px 30px 0px 30px;\">\n                    <div class=\"fusion-widget fusion-widget-element fusion-widget-area fusion-content-widget-area wpWidget-1\" style=\"border-width:0px;border-style:solid;\">\n                    <div class=\"evenement-tile-content\"><div class=\"event_date\" style=\"line-height: 1px; margin-bottom: 20px;\">16.10.2026 20:00<\/div><div class=\"event_title\" style=\"font-size: 32px; font-weight: bold; min-height: 80px; margin-bottom: 12px;\"><a href=https:\/\/www.dudelange.lu\/index.php\/evenement\/luca-de-dios\/>Luca de Dios<\/a><\/div><div style=\"border-bottom: 2px solid #ef4030; width: 28%; margin-bottom: 20px;\"><\/div><div class=\"event_venue\"><i class=\"fas fa-home\" style=\"font-size: 16px;\"><\/i>&nbsp;&nbsp;opderschmelz<\/div><div class=\"event_website\"><a href=https:\/\/opderschmelz.lu\/agenda\/2169_2270 target=\"_blank\"><i class=\"fas fa-mouse-pointer\" style=\"font-size: 16px;\"><\/i>&nbsp;&nbsp;https:\/\/opderschmelz.lu\/agenda\/2169_2270<\/a><\/div><\/div><\/div>\n                    <div class=\"fusion-classic-product-image-wrapper fusion-woo-product-image fusion-post-card-image fusion-post-card-image-1 vdd-event-image\" data-layout=\"static\"><div class=\"fusion-image-wrapper\" aria-haspopup=\"true\">\n                        <a href=\"https:\/\/www.dudelange.lu\/index.php\/evenement\/luca-de-dios\/\" aria-label=\"\">\n                      <img decoding=\"async\" src=\"https:\/\/sadudelangedata.blob.core.windows.net\/files\/2026\/08\/cShadeCumini2.jpg\" class=\"attachment-full size-full wp-post-image lazyloaded\" alt=\"\" data-orig-src=\"https:\/\/sadudelangedata.blob.core.windows.net\/files\/2026\/08\/cShadeCumini2.jpg\">\t\t\t<\/a>\n                          <\/div>\n    <\/div><\/div>\n    <style type=\"text\/css\">.fusion-builder-column-7 > .fusion-column-wrapper {padding-top : 30px !important;padding-right : 30px !important;padding-bottom : 0px !important;padding-left : 30px !important;}<\/style><\/li><li class=\"fusion-layout-column fusion_builder_column fusion-builder-column-7 fusion-flex-column post-card fusion-grid-column fusion-post-cards-grid-column\">\n                    <div class=\"fusion-column-wrapper fusion-column-has-shadow fusion-flex-justify-content-space-between fusion-content-layout-column\" style=\"background-position:left top;background-blend-mode: overlay;background-repeat:no-repeat;-webkit-background-size:cover;-moz-background-size:cover;-o-background-size:cover;background-size:cover;background-color:#ffffff;box-shadow:2px 2px 4px 0px rgba(0,0,0,0.2);;padding: 30px 30px 0px 30px;\">\n                    <div class=\"fusion-widget fusion-widget-element fusion-widget-area fusion-content-widget-area wpWidget-1\" style=\"border-width:0px;border-style:solid;\">\n                    <div class=\"evenement-tile-content\"><div class=\"event_date\" style=\"line-height: 1px; margin-bottom: 20px;\">17.10.2026 14:00 - 17.10.2026 15:30<\/div><div class=\"event_title\" style=\"font-size: 32px; font-weight: bold; min-height: 80px; margin-bottom: 12px;\"><a href=https:\/\/www.dudelange.lu\/index.php\/evenement\/ressources-fr\/>Ressources en ligne<\/a><\/div><div style=\"border-bottom: 2px solid #ef4030; width: 28%; margin-bottom: 20px;\"><\/div><div class=\"event_venue\"><i class=\"fas fa-home\" style=\"font-size: 16px;\"><\/i>&nbsp;&nbsp;Biblioth\u00e8que<\/div><\/div><\/div>\n                    <div class=\"fusion-classic-product-image-wrapper fusion-woo-product-image fusion-post-card-image fusion-post-card-image-1 vdd-event-image\" data-layout=\"static\"><div class=\"fusion-image-wrapper\" aria-haspopup=\"true\">\n                        <a href=\"https:\/\/www.dudelange.lu\/index.php\/evenement\/ressources-fr\/\" aria-label=\"\">\n                      <img decoding=\"async\" src=\"https:\/\/sadudelangedata.blob.core.windows.net\/files\/2026\/08\/laptop-bib.png\" class=\"attachment-full size-full wp-post-image lazyloaded\" alt=\"\" data-orig-src=\"https:\/\/sadudelangedata.blob.core.windows.net\/files\/2026\/08\/laptop-bib.png\">\t\t\t<\/a>\n                          <\/div>\n    <\/div><\/div>\n    <style type=\"text\/css\">.fusion-builder-column-7 > .fusion-column-wrapper {padding-top : 30px !important;padding-right : 30px !important;padding-bottom : 0px !important;padding-left : 30px !important;}<\/style><\/li><li class=\"fusion-layout-column fusion_builder_column fusion-builder-column-7 fusion-flex-column post-card fusion-grid-column fusion-post-cards-grid-column\">\n                    <div class=\"fusion-column-wrapper fusion-column-has-shadow fusion-flex-justify-content-space-between fusion-content-layout-column\" style=\"background-position:left top;background-blend-mode: overlay;background-repeat:no-repeat;-webkit-background-size:cover;-moz-background-size:cover;-o-background-size:cover;background-size:cover;background-color:#ffffff;box-shadow:2px 2px 4px 0px rgba(0,0,0,0.2);;padding: 30px 30px 0px 30px;\">\n                    <div class=\"fusion-widget fusion-widget-element fusion-widget-area fusion-content-widget-area wpWidget-1\" style=\"border-width:0px;border-style:solid;\">\n                    <div class=\"evenement-tile-content\"><div class=\"event_date\" style=\"line-height: 1px; margin-bottom: 20px;\">19.10.2026 20:00<\/div><div class=\"event_title\" style=\"font-size: 32px; font-weight: bold; min-height: 80px; margin-bottom: 12px;\"><a href=https:\/\/www.dudelange.lu\/index.php\/evenement\/diddelenger-geschichten-francoise-levie-marc-quaghebeur\/>Diddelenger Geschicht(en) | Fran\u0107oise Levie & Marc Quaghebeur<\/a><\/div><div style=\"border-bottom: 2px solid #ef4030; width: 28%; margin-bottom: 20px;\"><\/div><div class=\"event_venue\"><i class=\"fas fa-home\" style=\"font-size: 16px;\"><\/i>&nbsp;&nbsp;opderschmelz<\/div><div class=\"event_website\"><a href=https:\/\/opderschmelz.lu\/agenda\/2196_2310 target=\"_blank\"><i class=\"fas fa-mouse-pointer\" style=\"font-size: 16px;\"><\/i>&nbsp;&nbsp;https:\/\/opderschmelz.lu\/agenda\/2196_2310<\/a><\/div><\/div><\/div>\n                    <div class=\"fusion-classic-product-image-wrapper fusion-woo-product-image fusion-post-card-image fusion-post-card-image-1 vdd-event-image\" data-layout=\"static\"><div class=\"fusion-image-wrapper\" aria-haspopup=\"true\">\n                        <a href=\"https:\/\/www.dudelange.lu\/index.php\/evenement\/diddelenger-geschichten-francoise-levie-marc-quaghebeur\/\" aria-label=\"\">\n                      <img decoding=\"async\" src=\"https:\/\/sadudelangedata.blob.core.windows.net\/files\/2026\/08\/769251926_1522498996556920_6473432795457626038_n.jpg\" class=\"attachment-full size-full wp-post-image lazyloaded\" alt=\"\" data-orig-src=\"https:\/\/sadudelangedata.blob.core.windows.net\/files\/2026\/08\/769251926_1522498996556920_6473432795457626038_n.jpg\">\t\t\t<\/a>\n                          <\/div>\n    <\/div><\/div>\n    <style type=\"text\/css\">.fusion-builder-column-7 > .fusion-column-wrapper {padding-top : 30px !important;padding-right : 30px !important;padding-bottom : 0px !important;padding-left : 30px !important;}<\/style><\/li><li class=\"fusion-layout-column fusion_builder_column fusion-builder-column-7 fusion-flex-column post-card fusion-grid-column fusion-post-cards-grid-column\">\n                    <div class=\"fusion-column-wrapper fusion-column-has-shadow fusion-flex-justify-content-space-between fusion-content-layout-column\" style=\"background-position:left top;background-blend-mode: overlay;background-repeat:no-repeat;-webkit-background-size:cover;-moz-background-size:cover;-o-background-size:cover;background-size:cover;background-color:#ffffff;box-shadow:2px 2px 4px 0px rgba(0,0,0,0.2);;padding: 30px 30px 0px 30px;\">\n                    <div class=\"fusion-widget fusion-widget-element fusion-widget-area fusion-content-widget-area wpWidget-1\" style=\"border-width:0px;border-style:solid;\">\n                    <div class=\"evenement-tile-content\"><div class=\"event_date\" style=\"line-height: 1px; margin-bottom: 20px;\">22.10.2026 20:00<\/div><div class=\"event_title\" style=\"font-size: 32px; font-weight: bold; min-height: 80px; margin-bottom: 12px;\"><a href=https:\/\/www.dudelange.lu\/index.php\/evenement\/una-serata-italiana-2\/>Una serata italiana<\/a><\/div><div style=\"border-bottom: 2px solid #ef4030; width: 28%; margin-bottom: 20px;\"><\/div><div class=\"event_venue\"><i class=\"fas fa-home\" style=\"font-size: 16px;\"><\/i>&nbsp;&nbsp;opderschmelz<\/div><div class=\"event_website\"><a href=https:\/\/opderschmelz.lu\/agenda\/2200_2314 target=\"_blank\"><i class=\"fas fa-mouse-pointer\" style=\"font-size: 16px;\"><\/i>&nbsp;&nbsp;https:\/\/opderschmelz.lu\/agenda\/2200_2314<\/a><\/div><\/div><\/div>\n                    <div class=\"fusion-classic-product-image-wrapper fusion-woo-product-image fusion-post-card-image fusion-post-card-image-1 vdd-event-image\" data-layout=\"static\"><div class=\"fusion-image-wrapper\" aria-haspopup=\"true\">\n                        <a href=\"https:\/\/www.dudelange.lu\/index.php\/evenement\/una-serata-italiana-2\/\" aria-label=\"\">\n                      <img decoding=\"async\" src=\"https:\/\/sadudelangedata.blob.core.windows.net\/files\/2026\/08\/Copia-di-IMG_20250415_161613.jpg\" class=\"attachment-full size-full wp-post-image lazyloaded\" alt=\"\" data-orig-src=\"https:\/\/sadudelangedata.blob.core.windows.net\/files\/2026\/08\/Copia-di-IMG_20250415_161613.jpg\">\t\t\t<\/a>\n                          <\/div>\n    <\/div><\/div>\n    <style type=\"text\/css\">.fusion-builder-column-7 > .fusion-column-wrapper {padding-top : 30px !important;padding-right : 30px !important;padding-bottom : 0px !important;padding-left : 30px !important;}<\/style><\/li><li class=\"fusion-layout-column fusion_builder_column fusion-builder-column-7 fusion-flex-column post-card fusion-grid-column fusion-post-cards-grid-column\">\n                    <div class=\"fusion-column-wrapper fusion-column-has-shadow fusion-flex-justify-content-space-between fusion-content-layout-column\" style=\"background-position:left top;background-blend-mode: overlay;background-repeat:no-repeat;-webkit-background-size:cover;-moz-background-size:cover;-o-background-size:cover;background-size:cover;background-color:#ffffff;box-shadow:2px 2px 4px 0px rgba(0,0,0,0.2);;padding: 30px 30px 0px 30px;\">\n                    <div class=\"fusion-widget fusion-widget-element fusion-widget-area fusion-content-widget-area wpWidget-1\" style=\"border-width:0px;border-style:solid;\">\n                    <div class=\"evenement-tile-content\"><div class=\"event_date\" style=\"line-height: 1px; margin-bottom: 20px;\">24.10.2026 09:30 - 24.10.2026 13:00<\/div><div class=\"event_title\" style=\"font-size: 32px; font-weight: bold; min-height: 80px; margin-bottom: 12px;\"><a href=https:\/\/www.dudelange.lu\/index.php\/evenement\/repair-cafe-2\/>Repair Caf\u00e9<\/a><\/div><div style=\"border-bottom: 2px solid #ef4030; width: 28%; margin-bottom: 20px;\"><\/div><div class=\"event_venue\"><i class=\"fas fa-home\" style=\"font-size: 16px;\"><\/i>&nbsp;&nbsp;VeWa (NeiSchmelz)<\/div><\/div><\/div>\n                    <div class=\"fusion-classic-product-image-wrapper fusion-woo-product-image fusion-post-card-image fusion-post-card-image-1 vdd-event-image\" data-layout=\"static\"><div class=\"fusion-image-wrapper\" aria-haspopup=\"true\">\n                        <a href=\"https:\/\/www.dudelange.lu\/index.php\/evenement\/repair-cafe-2\/\" aria-label=\"\">\n                      <img decoding=\"async\" src=\"https:\/\/sadudelangedata.blob.core.windows.net\/files\/2026\/01\/Repaircafe.png\" class=\"attachment-full size-full wp-post-image lazyloaded\" alt=\"\" data-orig-src=\"https:\/\/sadudelangedata.blob.core.windows.net\/files\/2026\/01\/Repaircafe.png\">\t\t\t<\/a>\n                          <\/div>\n    <\/div><\/div>\n    <style type=\"text\/css\">.fusion-builder-column-7 > .fusion-column-wrapper {padding-top : 30px !important;padding-right : 30px !important;padding-bottom : 0px !important;padding-left : 30px !important;}<\/style><\/li><li class=\"fusion-layout-column fusion_builder_column fusion-builder-column-7 fusion-flex-column post-card fusion-grid-column fusion-post-cards-grid-column\">\n                    <div class=\"fusion-column-wrapper fusion-column-has-shadow fusion-flex-justify-content-space-between fusion-content-layout-column\" style=\"background-position:left top;background-blend-mode: overlay;background-repeat:no-repeat;-webkit-background-size:cover;-moz-background-size:cover;-o-background-size:cover;background-size:cover;background-color:#ffffff;box-shadow:2px 2px 4px 0px rgba(0,0,0,0.2);;padding: 30px 30px 0px 30px;\">\n                    <div class=\"fusion-widget fusion-widget-element fusion-widget-area fusion-content-widget-area wpWidget-1\" style=\"border-width:0px;border-style:solid;\">\n                    <div class=\"evenement-tile-content\"><div class=\"event_date\" style=\"line-height: 1px; margin-bottom: 20px;\">26.10.2026 20:00<\/div><div class=\"event_title\" style=\"font-size: 32px; font-weight: bold; min-height: 80px; margin-bottom: 12px;\"><a href=https:\/\/www.dudelange.lu\/index.php\/evenement\/diddelenger-geschichten-zoe-konsbruck\/>Diddelenger Geschicht(en) | Zo\u00e9 Konsbr\u00fcck<\/a><\/div><div style=\"border-bottom: 2px solid #ef4030; width: 28%; margin-bottom: 20px;\"><\/div><div class=\"event_venue\"><i class=\"fas fa-home\" style=\"font-size: 16px;\"><\/i>&nbsp;&nbsp;opderschmelz<\/div><div class=\"event_website\"><a href=https:\/\/opderschmelz.lu\/agenda\/2197_2311 target=\"_blank\"><i class=\"fas fa-mouse-pointer\" style=\"font-size: 16px;\"><\/i>&nbsp;&nbsp;https:\/\/opderschmelz.lu\/agenda\/2197_2311<\/a><\/div><\/div><\/div>\n                    <div class=\"fusion-classic-product-image-wrapper fusion-woo-product-image fusion-post-card-image fusion-post-card-image-1 vdd-event-image\" data-layout=\"static\"><div class=\"fusion-image-wrapper\" aria-haspopup=\"true\">\n                        <a href=\"https:\/\/www.dudelange.lu\/index.php\/evenement\/diddelenger-geschichten-zoe-konsbruck\/\" aria-label=\"\">\n                      <img decoding=\"async\" src=\"https:\/\/sadudelangedata.blob.core.windows.net\/files\/2026\/08\/771808468_1522501829889970_6270578362781394544_n.jpg\" class=\"attachment-full size-full wp-post-image lazyloaded\" alt=\"\" data-orig-src=\"https:\/\/sadudelangedata.blob.core.windows.net\/files\/2026\/08\/771808468_1522501829889970_6270578362781394544_n.jpg\">\t\t\t<\/a>\n                          <\/div>\n    <\/div><\/div>\n    <style type=\"text\/css\">.fusion-builder-column-7 > .fusion-column-wrapper {padding-top : 30px !important;padding-right : 30px !important;padding-bottom : 0px !important;padding-left : 30px !important;}<\/style><\/li><li class=\"fusion-layout-column fusion_builder_column fusion-builder-column-7 fusion-flex-column post-card fusion-grid-column fusion-post-cards-grid-column\">\n                    <div class=\"fusion-column-wrapper fusion-column-has-shadow fusion-flex-justify-content-space-between fusion-content-layout-column\" style=\"background-position:left top;background-blend-mode: overlay;background-repeat:no-repeat;-webkit-background-size:cover;-moz-background-size:cover;-o-background-size:cover;background-size:cover;background-color:#ffffff;box-shadow:2px 2px 4px 0px rgba(0,0,0,0.2);;padding: 30px 30px 0px 30px;\">\n                    <div class=\"fusion-widget fusion-widget-element fusion-widget-area fusion-content-widget-area wpWidget-1\" style=\"border-width:0px;border-style:solid;\">\n                    <div class=\"evenement-tile-content\"><div class=\"event_date\" style=\"line-height: 1px; margin-bottom: 20px;\">28.10.2026 19:00 - 28.10.2026 20:30<\/div><div class=\"event_title\" style=\"font-size: 32px; font-weight: bold; min-height: 80px; margin-bottom: 12px;\"><a href=https:\/\/www.dudelange.lu\/index.php\/evenement\/letz-druddel\/>Kabarettistesch Liesung<\/a><\/div><div style=\"border-bottom: 2px solid #ef4030; width: 28%; margin-bottom: 20px;\"><\/div><div class=\"event_venue\"><i class=\"fas fa-home\" style=\"font-size: 16px;\"><\/i>&nbsp;&nbsp;Biblioth\u00e8que<\/div><\/div><\/div>\n                    <div class=\"fusion-classic-product-image-wrapper fusion-woo-product-image fusion-post-card-image fusion-post-card-image-1 vdd-event-image\" data-layout=\"static\"><div class=\"fusion-image-wrapper\" aria-haspopup=\"true\">\n                        <a href=\"https:\/\/www.dudelange.lu\/index.php\/evenement\/letz-druddel\/\" aria-label=\"\">\n                      <img decoding=\"async\" src=\"https:\/\/sadudelangedata.blob.core.windows.net\/files\/2026\/08\/weydert-bib.png\" class=\"attachment-full size-full wp-post-image lazyloaded\" alt=\"\" data-orig-src=\"https:\/\/sadudelangedata.blob.core.windows.net\/files\/2026\/08\/weydert-bib.png\">\t\t\t<\/a>\n                          <\/div>\n    <\/div><\/div>\n    <style type=\"text\/css\">.fusion-builder-column-7 > .fusion-column-wrapper {padding-top : 30px !important;padding-right : 30px !important;padding-bottom : 0px !important;padding-left : 30px !important;}<\/style><\/li><li class=\"fusion-layout-column fusion_builder_column fusion-builder-column-7 fusion-flex-column post-card fusion-grid-column fusion-post-cards-grid-column\">\n                    <div class=\"fusion-column-wrapper fusion-column-has-shadow fusion-flex-justify-content-space-between fusion-content-layout-column\" style=\"background-position:left top;background-blend-mode: overlay;background-repeat:no-repeat;-webkit-background-size:cover;-moz-background-size:cover;-o-background-size:cover;background-size:cover;background-color:#ffffff;box-shadow:2px 2px 4px 0px rgba(0,0,0,0.2);;padding: 30px 30px 0px 30px;\">\n                    <div class=\"fusion-widget fusion-widget-element fusion-widget-area fusion-content-widget-area wpWidget-1\" style=\"border-width:0px;border-style:solid;\">\n                    <div class=\"evenement-tile-content\"><div class=\"event_date\" style=\"line-height: 1px; margin-bottom: 20px;\">29.10.2026 - 29.10.2026<\/div><div class=\"event_title\" style=\"font-size: 32px; font-weight: bold; min-height: 80px; margin-bottom: 12px;\"><a href=https:\/\/www.dudelange.lu\/index.php\/evenement\/e-banking-03\/>E\u2011Banking pour senior\u00b7es<\/a><\/div><div style=\"border-bottom: 2px solid #ef4030; width: 28%; margin-bottom: 20px;\"><\/div><div class=\"event_venue\"><i class=\"fas fa-home\" style=\"font-size: 16px;\"><\/i>&nbsp;&nbsp;Hall polyvalent<\/div><\/div><\/div>\n                    <div class=\"fusion-classic-product-image-wrapper fusion-woo-product-image fusion-post-card-image fusion-post-card-image-1 vdd-event-image\" data-layout=\"static\"><div class=\"fusion-image-wrapper\" aria-haspopup=\"true\">\n                        <a href=\"https:\/\/www.dudelange.lu\/index.php\/evenement\/e-banking-03\/\" aria-label=\"\">\n                      <img decoding=\"async\" src=\"https:\/\/sadudelangedata.blob.core.windows.net\/files\/2026\/08\/e-banking.png\" class=\"attachment-full size-full wp-post-image lazyloaded\" alt=\"\" data-orig-src=\"https:\/\/sadudelangedata.blob.core.windows.net\/files\/2026\/08\/e-banking.png\">\t\t\t<\/a>\n                          <\/div>\n    <\/div><\/div>\n    <style type=\"text\/css\">.fusion-builder-column-7 > .fusion-column-wrapper {padding-top : 30px !important;padding-right : 30px !important;padding-bottom : 0px !important;padding-left : 30px !important;}<\/style><\/li><li class=\"fusion-layout-column fusion_builder_column fusion-builder-column-7 fusion-flex-column post-card fusion-grid-column fusion-post-cards-grid-column\">\n                    <div class=\"fusion-column-wrapper fusion-column-has-shadow fusion-flex-justify-content-space-between fusion-content-layout-column\" style=\"background-position:left top;background-blend-mode: overlay;background-repeat:no-repeat;-webkit-background-size:cover;-moz-background-size:cover;-o-background-size:cover;background-size:cover;background-color:#ffffff;box-shadow:2px 2px 4px 0px rgba(0,0,0,0.2);;padding: 30px 30px 0px 30px;\">\n                    <div class=\"fusion-widget fusion-widget-element fusion-widget-area fusion-content-widget-area wpWidget-1\" style=\"border-width:0px;border-style:solid;\">\n                    <div class=\"evenement-tile-content\"><div class=\"event_date\" style=\"line-height: 1px; margin-bottom: 20px;\">31.10.2026 10:30 - 31.10.2026 11:15<\/div><div class=\"event_title\" style=\"font-size: 32px; font-weight: bold; min-height: 80px; margin-bottom: 12px;\"><a href=https:\/\/www.dudelange.lu\/index.php\/evenement\/kannerliesung-halloween\/>Kannerliesung<\/a><\/div><div style=\"border-bottom: 2px solid #ef4030; width: 28%; margin-bottom: 20px;\"><\/div><div class=\"event_venue\"><i class=\"fas fa-home\" style=\"font-size: 16px;\"><\/i>&nbsp;&nbsp;Biblioth\u00e8que<\/div><\/div><\/div>\n                    <div class=\"fusion-classic-product-image-wrapper fusion-woo-product-image fusion-post-card-image fusion-post-card-image-1 vdd-event-image\" data-layout=\"static\"><div class=\"fusion-image-wrapper\" aria-haspopup=\"true\">\n                        <a href=\"https:\/\/www.dudelange.lu\/index.php\/evenement\/kannerliesung-halloween\/\" aria-label=\"\">\n                      <img decoding=\"async\" src=\"https:\/\/sadudelangedata.blob.core.windows.net\/files\/2026\/08\/halloween-bib.png\" class=\"attachment-full size-full wp-post-image lazyloaded\" alt=\"\" data-orig-src=\"https:\/\/sadudelangedata.blob.core.windows.net\/files\/2026\/08\/halloween-bib.png\">\t\t\t<\/a>\n                          <\/div>\n    <\/div><\/div>\n    <style type=\"text\/css\">.fusion-builder-column-7 > .fusion-column-wrapper {padding-top : 30px !important;padding-right : 30px !important;padding-bottom : 0px !important;padding-left : 30px !important;}<\/style><\/li><li class=\"fusion-layout-column fusion_builder_column fusion-builder-column-7 fusion-flex-column post-card fusion-grid-column fusion-post-cards-grid-column\">\n                    <div class=\"fusion-column-wrapper fusion-column-has-shadow fusion-flex-justify-content-space-between fusion-content-layout-column\" style=\"background-position:left top;background-blend-mode: overlay;background-repeat:no-repeat;-webkit-background-size:cover;-moz-background-size:cover;-o-background-size:cover;background-size:cover;background-color:#ffffff;box-shadow:2px 2px 4px 0px rgba(0,0,0,0.2);;padding: 30px 30px 0px 30px;\">\n                    <div class=\"fusion-widget fusion-widget-element fusion-widget-area fusion-content-widget-area wpWidget-1\" style=\"border-width:0px;border-style:solid;\">\n                    <div class=\"evenement-tile-content\"><div class=\"event_date\" style=\"line-height: 1px; margin-bottom: 20px;\">03.11.2026 19:00 - 03.11.2026 20:30<\/div><div class=\"event_title\" style=\"font-size: 32px; font-weight: bold; min-height: 80px; margin-bottom: 12px;\"><a href=https:\/\/www.dudelange.lu\/index.php\/evenement\/cafe-des-langues-0311\/>Caf\u00e9 des langues<\/a><\/div><div style=\"border-bottom: 2px solid #ef4030; width: 28%; margin-bottom: 20px;\"><\/div><div class=\"event_venue\"><i class=\"fas fa-home\" style=\"font-size: 16px;\"><\/i>&nbsp;&nbsp;Centre culturel opderschmelz<\/div><\/div><\/div>\n                    <div class=\"fusion-classic-product-image-wrapper fusion-woo-product-image fusion-post-card-image fusion-post-card-image-1 vdd-event-image\" data-layout=\"static\"><div class=\"fusion-image-wrapper\" aria-haspopup=\"true\">\n                        <a href=\"https:\/\/www.dudelange.lu\/index.php\/evenement\/cafe-des-langues-0311\/\" aria-label=\"\">\n                      <img decoding=\"async\" src=\"https:\/\/sadudelangedata.blob.core.windows.net\/files\/2023\/02\/Cafe-des-langues.png\" class=\"attachment-full size-full wp-post-image lazyloaded\" alt=\"\" data-orig-src=\"https:\/\/sadudelangedata.blob.core.windows.net\/files\/2023\/02\/Cafe-des-langues.png\">\t\t\t<\/a>\n                          <\/div>\n    <\/div><\/div>\n    <style type=\"text\/css\">.fusion-builder-column-7 > .fusion-column-wrapper {padding-top : 30px !important;padding-right : 30px !important;padding-bottom : 0px !important;padding-left : 30px !important;}<\/style><\/li><li class=\"fusion-layout-column fusion_builder_column fusion-builder-column-7 fusion-flex-column post-card fusion-grid-column fusion-post-cards-grid-column\">\n                    <div class=\"fusion-column-wrapper fusion-column-has-shadow fusion-flex-justify-content-space-between fusion-content-layout-column\" style=\"background-position:left top;background-blend-mode: overlay;background-repeat:no-repeat;-webkit-background-size:cover;-moz-background-size:cover;-o-background-size:cover;background-size:cover;background-color:#ffffff;box-shadow:2px 2px 4px 0px rgba(0,0,0,0.2);;padding: 30px 30px 0px 30px;\">\n                    <div class=\"fusion-widget fusion-widget-element fusion-widget-area fusion-content-widget-area wpWidget-1\" style=\"border-width:0px;border-style:solid;\">\n                    <div class=\"evenement-tile-content\"><div class=\"event_date\" style=\"line-height: 1px; margin-bottom: 20px;\">07.11.2026 10:30 - 07.11.2026 11:15<\/div><div class=\"event_title\" style=\"font-size: 32px; font-weight: bold; min-height: 80px; margin-bottom: 12px;\"><a href=https:\/\/www.dudelange.lu\/index.php\/evenement\/kannerliesung-pt\/>Leitura para crian\u00e7as<\/a><\/div><div style=\"border-bottom: 2px solid #ef4030; width: 28%; margin-bottom: 20px;\"><\/div><div class=\"event_venue\"><i class=\"fas fa-home\" style=\"font-size: 16px;\"><\/i>&nbsp;&nbsp;Biblioth\u00e8que<\/div><\/div><\/div>\n                    <div class=\"fusion-classic-product-image-wrapper fusion-woo-product-image fusion-post-card-image fusion-post-card-image-1 vdd-event-image\" data-layout=\"static\"><div class=\"fusion-image-wrapper\" aria-haspopup=\"true\">\n                        <a href=\"https:\/\/www.dudelange.lu\/index.php\/evenement\/kannerliesung-pt\/\" aria-label=\"\">\n                      <img decoding=\"async\" src=\"https:\/\/sadudelangedata.blob.core.windows.net\/files\/2026\/08\/lecture-bib.png\" class=\"attachment-full size-full wp-post-image lazyloaded\" alt=\"\" data-orig-src=\"https:\/\/sadudelangedata.blob.core.windows.net\/files\/2026\/08\/lecture-bib.png\">\t\t\t<\/a>\n                          <\/div>\n    <\/div><\/div>\n    <style type=\"text\/css\">.fusion-builder-column-7 > .fusion-column-wrapper {padding-top : 30px !important;padding-right : 30px !important;padding-bottom : 0px !important;padding-left : 30px !important;}<\/style><\/li><li class=\"fusion-layout-column fusion_builder_column fusion-builder-column-7 fusion-flex-column post-card fusion-grid-column fusion-post-cards-grid-column\">\n                    <div class=\"fusion-column-wrapper fusion-column-has-shadow fusion-flex-justify-content-space-between fusion-content-layout-column\" style=\"background-position:left top;background-blend-mode: overlay;background-repeat:no-repeat;-webkit-background-size:cover;-moz-background-size:cover;-o-background-size:cover;background-size:cover;background-color:#ffffff;box-shadow:2px 2px 4px 0px rgba(0,0,0,0.2);;padding: 30px 30px 0px 30px;\">\n                    <div class=\"fusion-widget fusion-widget-element fusion-widget-area fusion-content-widget-area wpWidget-1\" style=\"border-width:0px;border-style:solid;\">\n                    <div class=\"evenement-tile-content\"><div class=\"event_date\" style=\"line-height: 1px; margin-bottom: 20px;\">07.11.2026 20:00<\/div><div class=\"event_title\" style=\"font-size: 32px; font-weight: bold; min-height: 80px; margin-bottom: 12px;\"><a href=https:\/\/www.dudelange.lu\/index.php\/evenement\/pendragon-2\/>Pendragon<\/a><\/div><div style=\"border-bottom: 2px solid #ef4030; width: 28%; margin-bottom: 20px;\"><\/div><div class=\"event_venue\"><i class=\"fas fa-home\" style=\"font-size: 16px;\"><\/i>&nbsp;&nbsp;opderschmelz<\/div><div class=\"event_website\"><a href=https:\/\/opderschmelz.lu\/agenda\/2157_2254 target=\"_blank\"><i class=\"fas fa-mouse-pointer\" style=\"font-size: 16px;\"><\/i>&nbsp;&nbsp;https:\/\/opderschmelz.lu\/agenda\/2157_2254<\/a><\/div><\/div><\/div>\n                    <div class=\"fusion-classic-product-image-wrapper fusion-woo-product-image fusion-post-card-image fusion-post-card-image-1 vdd-event-image\" data-layout=\"static\"><div class=\"fusion-image-wrapper\" aria-haspopup=\"true\">\n                        <a href=\"https:\/\/www.dudelange.lu\/index.php\/evenement\/pendragon-2\/\" aria-label=\"\">\n                      <img decoding=\"async\" src=\"https:\/\/sadudelangedata.blob.core.windows.net\/files\/2026\/04\/441505251_10224632936032894_8292803883840247060_n.jpg\" class=\"attachment-full size-full wp-post-image lazyloaded\" alt=\"\" data-orig-src=\"https:\/\/sadudelangedata.blob.core.windows.net\/files\/2026\/04\/441505251_10224632936032894_8292803883840247060_n.jpg\">\t\t\t<\/a>\n                          <\/div>\n    <\/div><\/div>\n    <style type=\"text\/css\">.fusion-builder-column-7 > .fusion-column-wrapper {padding-top : 30px !important;padding-right : 30px !important;padding-bottom : 0px !important;padding-left : 30px !important;}<\/style><\/li><li class=\"fusion-layout-column fusion_builder_column fusion-builder-column-7 fusion-flex-column post-card fusion-grid-column fusion-post-cards-grid-column\">\n                    <div class=\"fusion-column-wrapper fusion-column-has-shadow fusion-flex-justify-content-space-between fusion-content-layout-column\" style=\"background-position:left top;background-blend-mode: overlay;background-repeat:no-repeat;-webkit-background-size:cover;-moz-background-size:cover;-o-background-size:cover;background-size:cover;background-color:#ffffff;box-shadow:2px 2px 4px 0px rgba(0,0,0,0.2);;padding: 30px 30px 0px 30px;\">\n                    <div class=\"fusion-widget fusion-widget-element fusion-widget-area fusion-content-widget-area wpWidget-1\" style=\"border-width:0px;border-style:solid;\">\n                    <div class=\"evenement-tile-content\"><div class=\"event_date\" style=\"line-height: 1px; margin-bottom: 20px;\">10.11.2026 15:00<\/div><div class=\"event_title\" style=\"font-size: 32px; font-weight: bold; min-height: 80px; margin-bottom: 12px;\"><a href=https:\/\/www.dudelange.lu\/index.php\/evenement\/hengerhautgeschichten\/>H\u00e9ngerhautgeschichten<\/a><\/div><div style=\"border-bottom: 2px solid #ef4030; width: 28%; margin-bottom: 20px;\"><\/div><div class=\"event_venue\"><i class=\"fas fa-home\" style=\"font-size: 16px;\"><\/i>&nbsp;&nbsp;opderschmelz<\/div><div class=\"event_website\"><a href=https:\/\/opderschmelz.lu\/agenda\/2125_2192 target=\"_blank\"><i class=\"fas fa-mouse-pointer\" style=\"font-size: 16px;\"><\/i>&nbsp;&nbsp;https:\/\/opderschmelz.lu\/agenda\/2125_2192<\/a><\/div><\/div><\/div>\n                    <div class=\"fusion-classic-product-image-wrapper fusion-woo-product-image fusion-post-card-image fusion-post-card-image-1 vdd-event-image\" data-layout=\"static\"><div class=\"fusion-image-wrapper\" aria-haspopup=\"true\">\n                        <a href=\"https:\/\/www.dudelange.lu\/index.php\/evenement\/hengerhautgeschichten\/\" aria-label=\"\">\n                      <img decoding=\"async\" src=\"https:\/\/sadudelangedata.blob.core.windows.net\/files\/2026\/08\/HENGERHAUT-c-Bohumil-KOSTOHRYZ_0204.jpg\" class=\"attachment-full size-full wp-post-image lazyloaded\" alt=\"\" data-orig-src=\"https:\/\/sadudelangedata.blob.core.windows.net\/files\/2026\/08\/HENGERHAUT-c-Bohumil-KOSTOHRYZ_0204.jpg\">\t\t\t<\/a>\n                          <\/div>\n    <\/div><\/div>\n    <style type=\"text\/css\">.fusion-builder-column-7 > .fusion-column-wrapper {padding-top : 30px !important;padding-right : 30px !important;padding-bottom : 0px !important;padding-left : 30px !important;}<\/style><\/li><li class=\"fusion-layout-column fusion_builder_column fusion-builder-column-7 fusion-flex-column post-card fusion-grid-column fusion-post-cards-grid-column\">\n                    <div class=\"fusion-column-wrapper fusion-column-has-shadow fusion-flex-justify-content-space-between fusion-content-layout-column\" style=\"background-position:left top;background-blend-mode: overlay;background-repeat:no-repeat;-webkit-background-size:cover;-moz-background-size:cover;-o-background-size:cover;background-size:cover;background-color:#ffffff;box-shadow:2px 2px 4px 0px rgba(0,0,0,0.2);;padding: 30px 30px 0px 30px;\">\n                    <div class=\"fusion-widget fusion-widget-element fusion-widget-area fusion-content-widget-area wpWidget-1\" style=\"border-width:0px;border-style:solid;\">\n                    <div class=\"evenement-tile-content\"><div class=\"event_date\" style=\"line-height: 1px; margin-bottom: 20px;\">10.11.2026 19:00 - 10.11.2026 22:00<\/div><div class=\"event_title\" style=\"font-size: 32px; font-weight: bold; min-height: 80px; margin-bottom: 12px;\"><a href=https:\/\/www.dudelange.lu\/index.php\/evenement\/gesondheetsquiz\/>Gesondheetsquiz<\/a><\/div><div style=\"border-bottom: 2px solid #ef4030; width: 28%; margin-bottom: 20px;\"><\/div><div class=\"event_venue\"><i class=\"fas fa-home\" style=\"font-size: 16px;\"><\/i>&nbsp;&nbsp;Hall Polyvalent<\/div><\/div><\/div>\n                    <div class=\"fusion-classic-product-image-wrapper fusion-woo-product-image fusion-post-card-image fusion-post-card-image-1 vdd-event-image\" data-layout=\"static\"><div class=\"fusion-image-wrapper\" aria-haspopup=\"true\">\n                        <a href=\"https:\/\/www.dudelange.lu\/index.php\/evenement\/gesondheetsquiz\/\" aria-label=\"\">\n                      <img decoding=\"async\" src=\"https:\/\/sadudelangedata.blob.core.windows.net\/files\/2025\/10\/Quiz-web.gif\" class=\"attachment-full size-full wp-post-image lazyloaded\" alt=\"\" data-orig-src=\"https:\/\/sadudelangedata.blob.core.windows.net\/files\/2025\/10\/Quiz-web.gif\">\t\t\t<\/a>\n                          <\/div>\n    <\/div><\/div>\n    <style type=\"text\/css\">.fusion-builder-column-7 > .fusion-column-wrapper {padding-top : 30px !important;padding-right : 30px !important;padding-bottom : 0px !important;padding-left : 30px !important;}<\/style><\/li><li class=\"fusion-layout-column fusion_builder_column fusion-builder-column-7 fusion-flex-column post-card fusion-grid-column fusion-post-cards-grid-column\">\n                    <div class=\"fusion-column-wrapper fusion-column-has-shadow fusion-flex-justify-content-space-between fusion-content-layout-column\" style=\"background-position:left top;background-blend-mode: overlay;background-repeat:no-repeat;-webkit-background-size:cover;-moz-background-size:cover;-o-background-size:cover;background-size:cover;background-color:#ffffff;box-shadow:2px 2px 4px 0px rgba(0,0,0,0.2);;padding: 30px 30px 0px 30px;\">\n                    <div class=\"fusion-widget fusion-widget-element fusion-widget-area fusion-content-widget-area wpWidget-1\" style=\"border-width:0px;border-style:solid;\">\n                    <div class=\"evenement-tile-content\"><div class=\"event_date\" style=\"line-height: 1px; margin-bottom: 20px;\">12.11.2026 18:00 - 12.11.2026 20:00<\/div><div class=\"event_title\" style=\"font-size: 32px; font-weight: bold; min-height: 80px; margin-bottom: 12px;\"><a href=https:\/\/www.dudelange.lu\/index.php\/evenement\/bee-secure-1\/>S\u00e9cher am Internet \u00ebnnerwee sinn<\/a><\/div><div style=\"border-bottom: 2px solid #ef4030; width: 28%; margin-bottom: 20px;\"><\/div><div class=\"event_venue\"><i class=\"fas fa-home\" style=\"font-size: 16px;\"><\/i>&nbsp;&nbsp;H\u00f4tel de Ville<\/div><\/div><\/div>\n                    <div class=\"fusion-classic-product-image-wrapper fusion-woo-product-image fusion-post-card-image fusion-post-card-image-1 vdd-event-image\" data-layout=\"static\"><div class=\"fusion-image-wrapper\" aria-haspopup=\"true\">\n                        <a href=\"https:\/\/www.dudelange.lu\/index.php\/evenement\/bee-secure-1\/\" aria-label=\"\">\n                      <img decoding=\"async\" src=\"https:\/\/sadudelangedata.blob.core.windows.net\/files\/2026\/08\/formation-beesecure-elteren-web.png\" class=\"attachment-full size-full wp-post-image lazyloaded\" alt=\"\" data-orig-src=\"https:\/\/sadudelangedata.blob.core.windows.net\/files\/2026\/08\/formation-beesecure-elteren-web.png\">\t\t\t<\/a>\n                          <\/div>\n    <\/div><\/div>\n    <style type=\"text\/css\">.fusion-builder-column-7 > .fusion-column-wrapper {padding-top : 30px !important;padding-right : 30px !important;padding-bottom : 0px !important;padding-left : 30px !important;}<\/style><\/li><li class=\"fusion-layout-column fusion_builder_column fusion-builder-column-7 fusion-flex-column post-card fusion-grid-column fusion-post-cards-grid-column\">\n                    <div class=\"fusion-column-wrapper fusion-column-has-shadow fusion-flex-justify-content-space-between fusion-content-layout-column\" style=\"background-position:left top;background-blend-mode: overlay;background-repeat:no-repeat;-webkit-background-size:cover;-moz-background-size:cover;-o-background-size:cover;background-size:cover;background-color:#ffffff;box-shadow:2px 2px 4px 0px rgba(0,0,0,0.2);;padding: 30px 30px 0px 30px;\">\n                    <div class=\"fusion-widget fusion-widget-element fusion-widget-area fusion-content-widget-area wpWidget-1\" style=\"border-width:0px;border-style:solid;\">\n                    <div class=\"evenement-tile-content\"><div class=\"event_date\" style=\"line-height: 1px; margin-bottom: 20px;\">12.11.2026 20:00<\/div><div class=\"event_title\" style=\"font-size: 32px; font-weight: bold; min-height: 80px; margin-bottom: 12px;\"><a href=https:\/\/www.dudelange.lu\/index.php\/evenement\/the-official-blues-brothers-revue\/>The Official Blues Brothers Revue<\/a><\/div><div style=\"border-bottom: 2px solid #ef4030; width: 28%; margin-bottom: 20px;\"><\/div><div class=\"event_venue\"><i class=\"fas fa-home\" style=\"font-size: 16px;\"><\/i>&nbsp;&nbsp;opderschmelz<\/div><div class=\"event_website\"><a href=https:\/\/opderschmelz.lu\/agenda\/2158_2255 target=\"_blank\"><i class=\"fas fa-mouse-pointer\" style=\"font-size: 16px;\"><\/i>&nbsp;&nbsp;https:\/\/opderschmelz.lu\/agenda\/2158_2255<\/a><\/div><\/div><\/div>\n                    <div class=\"fusion-classic-product-image-wrapper fusion-woo-product-image fusion-post-card-image fusion-post-card-image-1 vdd-event-image\" data-layout=\"static\"><div class=\"fusion-image-wrapper\" aria-haspopup=\"true\">\n                        <a href=\"https:\/\/www.dudelange.lu\/index.php\/evenement\/the-official-blues-brothers-revue\/\" aria-label=\"\">\n                      <img decoding=\"async\" src=\"https:\/\/sadudelangedata.blob.core.windows.net\/files\/2026\/04\/BB_1060_BLUE.jpg\" class=\"attachment-full size-full wp-post-image lazyloaded\" alt=\"\" data-orig-src=\"https:\/\/sadudelangedata.blob.core.windows.net\/files\/2026\/04\/BB_1060_BLUE.jpg\">\t\t\t<\/a>\n                          <\/div>\n    <\/div><\/div>\n    <style type=\"text\/css\">.fusion-builder-column-7 > .fusion-column-wrapper {padding-top : 30px !important;padding-right : 30px !important;padding-bottom : 0px !important;padding-left : 30px !important;}<\/style><\/li><li class=\"fusion-layout-column fusion_builder_column fusion-builder-column-7 fusion-flex-column post-card fusion-grid-column fusion-post-cards-grid-column\">\n                    <div class=\"fusion-column-wrapper fusion-column-has-shadow fusion-flex-justify-content-space-between fusion-content-layout-column\" style=\"background-position:left top;background-blend-mode: overlay;background-repeat:no-repeat;-webkit-background-size:cover;-moz-background-size:cover;-o-background-size:cover;background-size:cover;background-color:#ffffff;box-shadow:2px 2px 4px 0px rgba(0,0,0,0.2);;padding: 30px 30px 0px 30px;\">\n                    <div class=\"fusion-widget fusion-widget-element fusion-widget-area fusion-content-widget-area wpWidget-1\" style=\"border-width:0px;border-style:solid;\">\n                    <div class=\"evenement-tile-content\"><div class=\"event_date\" style=\"line-height: 1px; margin-bottom: 20px;\">14.11.2026 14:00 - 14.11.2026 15:30<\/div><div class=\"event_title\" style=\"font-size: 32px; font-weight: bold; min-height: 80px; margin-bottom: 12px;\"><a href=https:\/\/www.dudelange.lu\/index.php\/evenement\/ressources-lu\/>Ressources en ligne<\/a><\/div><div style=\"border-bottom: 2px solid #ef4030; width: 28%; margin-bottom: 20px;\"><\/div><div class=\"event_venue\"><i class=\"fas fa-home\" style=\"font-size: 16px;\"><\/i>&nbsp;&nbsp;CNA<\/div><\/div><\/div>\n                    <div class=\"fusion-classic-product-image-wrapper fusion-woo-product-image fusion-post-card-image fusion-post-card-image-1 vdd-event-image\" data-layout=\"static\"><div class=\"fusion-image-wrapper\" aria-haspopup=\"true\">\n                        <a href=\"https:\/\/www.dudelange.lu\/index.php\/evenement\/ressources-lu\/\" aria-label=\"\">\n                      <img decoding=\"async\" src=\"https:\/\/sadudelangedata.blob.core.windows.net\/files\/2026\/08\/laptop-bib.png\" class=\"attachment-full size-full wp-post-image lazyloaded\" alt=\"\" data-orig-src=\"https:\/\/sadudelangedata.blob.core.windows.net\/files\/2026\/08\/laptop-bib.png\">\t\t\t<\/a>\n                          <\/div>\n    <\/div><\/div>\n    <style type=\"text\/css\">.fusion-builder-column-7 > .fusion-column-wrapper {padding-top : 30px !important;padding-right : 30px !important;padding-bottom : 0px !important;padding-left : 30px !important;}<\/style><\/li><li class=\"fusion-layout-column fusion_builder_column fusion-builder-column-7 fusion-flex-column post-card fusion-grid-column fusion-post-cards-grid-column\">\n                    <div class=\"fusion-column-wrapper fusion-column-has-shadow fusion-flex-justify-content-space-between fusion-content-layout-column\" style=\"background-position:left top;background-blend-mode: overlay;background-repeat:no-repeat;-webkit-background-size:cover;-moz-background-size:cover;-o-background-size:cover;background-size:cover;background-color:#ffffff;box-shadow:2px 2px 4px 0px rgba(0,0,0,0.2);;padding: 30px 30px 0px 30px;\">\n                    <div class=\"fusion-widget fusion-widget-element fusion-widget-area fusion-content-widget-area wpWidget-1\" style=\"border-width:0px;border-style:solid;\">\n                    <div class=\"evenement-tile-content\"><div class=\"event_date\" style=\"line-height: 1px; margin-bottom: 20px;\">14.11.2026 20:00<\/div><div class=\"event_title\" style=\"font-size: 32px; font-weight: bold; min-height: 80px; margin-bottom: 12px;\"><a href=https:\/\/www.dudelange.lu\/index.php\/evenement\/lucas-ferraz\/>Lucas Ferraz<\/a><\/div><div style=\"border-bottom: 2px solid #ef4030; width: 28%; margin-bottom: 20px;\"><\/div><div class=\"event_venue\"><i class=\"fas fa-home\" style=\"font-size: 16px;\"><\/i>&nbsp;&nbsp;opderschmelz<\/div><div class=\"event_website\"><a href=https:\/\/opderschmelz.lu\/agenda\/2140_2218 target=\"_blank\"><i class=\"fas fa-mouse-pointer\" style=\"font-size: 16px;\"><\/i>&nbsp;&nbsp;https:\/\/opderschmelz.lu\/agenda\/2140_2218<\/a><\/div><\/div><\/div>\n                    <div class=\"fusion-classic-product-image-wrapper fusion-woo-product-image fusion-post-card-image fusion-post-card-image-1 vdd-event-image\" data-layout=\"static\"><div class=\"fusion-image-wrapper\" aria-haspopup=\"true\">\n                        <a href=\"https:\/\/www.dudelange.lu\/index.php\/evenement\/lucas-ferraz\/\" aria-label=\"\">\n                      <img decoding=\"async\" src=\"https:\/\/sadudelangedata.blob.core.windows.net\/files\/2026\/08\/Lucasferraz_fullband-6.jpg\" class=\"attachment-full size-full wp-post-image lazyloaded\" alt=\"\" data-orig-src=\"https:\/\/sadudelangedata.blob.core.windows.net\/files\/2026\/08\/Lucasferraz_fullband-6.jpg\">\t\t\t<\/a>\n                          <\/div>\n    <\/div><\/div>\n    <style type=\"text\/css\">.fusion-builder-column-7 > .fusion-column-wrapper {padding-top : 30px !important;padding-right : 30px !important;padding-bottom : 0px !important;padding-left : 30px !important;}<\/style><\/li><li class=\"fusion-layout-column fusion_builder_column fusion-builder-column-7 fusion-flex-column post-card fusion-grid-column fusion-post-cards-grid-column\">\n                    <div class=\"fusion-column-wrapper fusion-column-has-shadow fusion-flex-justify-content-space-between fusion-content-layout-column\" style=\"background-position:left top;background-blend-mode: overlay;background-repeat:no-repeat;-webkit-background-size:cover;-moz-background-size:cover;-o-background-size:cover;background-size:cover;background-color:#ffffff;box-shadow:2px 2px 4px 0px rgba(0,0,0,0.2);;padding: 30px 30px 0px 30px;\">\n                    <div class=\"fusion-widget fusion-widget-element fusion-widget-area fusion-content-widget-area wpWidget-1\" style=\"border-width:0px;border-style:solid;\">\n                    <div class=\"evenement-tile-content\"><div class=\"event_date\" style=\"line-height: 1px; margin-bottom: 20px;\">17.11.2026 19:00 - 17.11.2026 20:30<\/div><div class=\"event_title\" style=\"font-size: 32px; font-weight: bold; min-height: 80px; margin-bottom: 12px;\"><a href=https:\/\/www.dudelange.lu\/index.php\/evenement\/cafe-des-langues-1711\/>Caf\u00e9 des langues<\/a><\/div><div style=\"border-bottom: 2px solid #ef4030; width: 28%; margin-bottom: 20px;\"><\/div><div class=\"event_venue\"><i class=\"fas fa-home\" style=\"font-size: 16px;\"><\/i>&nbsp;&nbsp;Centre culturel opderschmelz<\/div><\/div><\/div>\n                    <div class=\"fusion-classic-product-image-wrapper fusion-woo-product-image fusion-post-card-image fusion-post-card-image-1 vdd-event-image\" data-layout=\"static\"><div class=\"fusion-image-wrapper\" aria-haspopup=\"true\">\n                        <a href=\"https:\/\/www.dudelange.lu\/index.php\/evenement\/cafe-des-langues-1711\/\" aria-label=\"\">\n                      <img decoding=\"async\" src=\"https:\/\/sadudelangedata.blob.core.windows.net\/files\/2023\/02\/Cafe-des-langues.png\" class=\"attachment-full size-full wp-post-image lazyloaded\" alt=\"\" data-orig-src=\"https:\/\/sadudelangedata.blob.core.windows.net\/files\/2023\/02\/Cafe-des-langues.png\">\t\t\t<\/a>\n                          <\/div>\n    <\/div><\/div>\n    <style type=\"text\/css\">.fusion-builder-column-7 > .fusion-column-wrapper {padding-top : 30px !important;padding-right : 30px !important;padding-bottom : 0px !important;padding-left : 30px !important;}<\/style><\/li><li class=\"fusion-layout-column fusion_builder_column fusion-builder-column-7 fusion-flex-column post-card fusion-grid-column fusion-post-cards-grid-column\">\n                    <div class=\"fusion-column-wrapper fusion-column-has-shadow fusion-flex-justify-content-space-between fusion-content-layout-column\" style=\"background-position:left top;background-blend-mode: overlay;background-repeat:no-repeat;-webkit-background-size:cover;-moz-background-size:cover;-o-background-size:cover;background-size:cover;background-color:#ffffff;box-shadow:2px 2px 4px 0px rgba(0,0,0,0.2);;padding: 30px 30px 0px 30px;\">\n                    <div class=\"fusion-widget fusion-widget-element fusion-widget-area fusion-content-widget-area wpWidget-1\" style=\"border-width:0px;border-style:solid;\">\n                    <div class=\"evenement-tile-content\"><div class=\"event_date\" style=\"line-height: 1px; margin-bottom: 20px;\">18.11.2026 10:00<\/div><div class=\"event_title\" style=\"font-size: 32px; font-weight: bold; min-height: 80px; margin-bottom: 12px;\"><a href=https:\/\/www.dudelange.lu\/index.php\/evenement\/murmures\/>Murmures<\/a><\/div><div style=\"border-bottom: 2px solid #ef4030; width: 28%; margin-bottom: 20px;\"><\/div><div class=\"event_venue\"><i class=\"fas fa-home\" style=\"font-size: 16px;\"><\/i>&nbsp;&nbsp;opderschmelz<\/div><div class=\"event_website\"><a href=https:\/\/opderschmelz.lu\/agenda\/2153_2241 target=\"_blank\"><i class=\"fas fa-mouse-pointer\" style=\"font-size: 16px;\"><\/i>&nbsp;&nbsp;https:\/\/opderschmelz.lu\/agenda\/2153_2241<\/a><\/div><\/div><\/div>\n                    <div class=\"fusion-classic-product-image-wrapper fusion-woo-product-image fusion-post-card-image fusion-post-card-image-1 vdd-event-image\" data-layout=\"static\"><div class=\"fusion-image-wrapper\" aria-haspopup=\"true\">\n                        <a href=\"https:\/\/www.dudelange.lu\/index.php\/evenement\/murmures\/\" aria-label=\"\">\n                      <img decoding=\"async\" src=\"https:\/\/sadudelangedata.blob.core.windows.net\/files\/2026\/08\/Murmures2-Credit-Giovanni-Zazzera.jpg\" class=\"attachment-full size-full wp-post-image lazyloaded\" alt=\"\" data-orig-src=\"https:\/\/sadudelangedata.blob.core.windows.net\/files\/2026\/08\/Murmures2-Credit-Giovanni-Zazzera.jpg\">\t\t\t<\/a>\n                          <\/div>\n    <\/div><\/div>\n    <style type=\"text\/css\">.fusion-builder-column-7 > .fusion-column-wrapper {padding-top : 30px !important;padding-right : 30px !important;padding-bottom : 0px !important;padding-left : 30px !important;}<\/style><\/li><li class=\"fusion-layout-column fusion_builder_column fusion-builder-column-7 fusion-flex-column post-card fusion-grid-column fusion-post-cards-grid-column\">\n                    <div class=\"fusion-column-wrapper fusion-column-has-shadow fusion-flex-justify-content-space-between fusion-content-layout-column\" style=\"background-position:left top;background-blend-mode: overlay;background-repeat:no-repeat;-webkit-background-size:cover;-moz-background-size:cover;-o-background-size:cover;background-size:cover;background-color:#ffffff;box-shadow:2px 2px 4px 0px rgba(0,0,0,0.2);;padding: 30px 30px 0px 30px;\">\n                    <div class=\"fusion-widget fusion-widget-element fusion-widget-area fusion-content-widget-area wpWidget-1\" style=\"border-width:0px;border-style:solid;\">\n                    <div class=\"evenement-tile-content\"><div class=\"event_date\" style=\"line-height: 1px; margin-bottom: 20px;\">21.11.2026 20:00<\/div><div class=\"event_title\" style=\"font-size: 32px; font-weight: bold; min-height: 80px; margin-bottom: 12px;\"><a href=https:\/\/www.dudelange.lu\/index.php\/evenement\/mnozil-brass\/>Mnozil Brass<\/a><\/div><div style=\"border-bottom: 2px solid #ef4030; width: 28%; margin-bottom: 20px;\"><\/div><div class=\"event_venue\"><i class=\"fas fa-home\" style=\"font-size: 16px;\"><\/i>&nbsp;&nbsp;opderschmelz<\/div><div class=\"event_website\"><a href=https:\/\/opderschmelz.lu\/agenda\/2110_2161 target=\"_blank\"><i class=\"fas fa-mouse-pointer\" style=\"font-size: 16px;\"><\/i>&nbsp;&nbsp;https:\/\/opderschmelz.lu\/agenda\/2110_2161<\/a><\/div><\/div><\/div>\n                    <div class=\"fusion-classic-product-image-wrapper fusion-woo-product-image fusion-post-card-image fusion-post-card-image-1 vdd-event-image\" data-layout=\"static\"><div class=\"fusion-image-wrapper\" aria-haspopup=\"true\">\n                        <a href=\"https:\/\/www.dudelange.lu\/index.php\/evenement\/mnozil-brass\/\" aria-label=\"\">\n                      <img decoding=\"async\" src=\"https:\/\/sadudelangedata.blob.core.windows.net\/files\/2026\/04\/MB_Jubelei_30_Jahre_A_1C0A6520_c_MariaFrodl-3000.jpg\" class=\"attachment-full size-full wp-post-image lazyloaded\" alt=\"\" data-orig-src=\"https:\/\/sadudelangedata.blob.core.windows.net\/files\/2026\/04\/MB_Jubelei_30_Jahre_A_1C0A6520_c_MariaFrodl-3000.jpg\">\t\t\t<\/a>\n                          <\/div>\n    <\/div><\/div>\n    <style type=\"text\/css\">.fusion-builder-column-7 > .fusion-column-wrapper {padding-top : 30px !important;padding-right : 30px !important;padding-bottom : 0px !important;padding-left : 30px !important;}<\/style><\/li><li class=\"fusion-layout-column fusion_builder_column fusion-builder-column-7 fusion-flex-column post-card fusion-grid-column fusion-post-cards-grid-column\">\n                    <div class=\"fusion-column-wrapper fusion-column-has-shadow fusion-flex-justify-content-space-between fusion-content-layout-column\" style=\"background-position:left top;background-blend-mode: overlay;background-repeat:no-repeat;-webkit-background-size:cover;-moz-background-size:cover;-o-background-size:cover;background-size:cover;background-color:#ffffff;box-shadow:2px 2px 4px 0px rgba(0,0,0,0.2);;padding: 30px 30px 0px 30px;\">\n                    <div class=\"fusion-widget fusion-widget-element fusion-widget-area fusion-content-widget-area wpWidget-1\" style=\"border-width:0px;border-style:solid;\">\n                    <div class=\"evenement-tile-content\"><div class=\"event_date\" style=\"line-height: 1px; margin-bottom: 20px;\">23.11.2026 20:00<\/div><div class=\"event_title\" style=\"font-size: 32px; font-weight: bold; min-height: 80px; margin-bottom: 12px;\"><a href=https:\/\/www.dudelange.lu\/index.php\/evenement\/diddelenger-geschichten-henri-glesener\/>Diddelenger Geschicht(en) | Henri Glesener<\/a><\/div><div style=\"border-bottom: 2px solid #ef4030; width: 28%; margin-bottom: 20px;\"><\/div><div class=\"event_venue\"><i class=\"fas fa-home\" style=\"font-size: 16px;\"><\/i>&nbsp;&nbsp;opderschmelz<\/div><div class=\"event_website\"><a href=https:\/\/opderschmelz.lu\/agenda\/2199_2313 target=\"_blank\"><i class=\"fas fa-mouse-pointer\" style=\"font-size: 16px;\"><\/i>&nbsp;&nbsp;https:\/\/opderschmelz.lu\/agenda\/2199_2313<\/a><\/div><\/div><\/div>\n                    <div class=\"fusion-classic-product-image-wrapper fusion-woo-product-image fusion-post-card-image fusion-post-card-image-1 vdd-event-image\" data-layout=\"static\"><div class=\"fusion-image-wrapper\" aria-haspopup=\"true\">\n                        <a href=\"https:\/\/www.dudelange.lu\/index.php\/evenement\/diddelenger-geschichten-henri-glesener\/\" aria-label=\"\">\n                      <img decoding=\"async\" src=\"https:\/\/sadudelangedata.blob.core.windows.net\/files\/2026\/08\/769251928_1522503766556443_3448850451664633499_n.jpg\" class=\"attachment-full size-full wp-post-image lazyloaded\" alt=\"\" data-orig-src=\"https:\/\/sadudelangedata.blob.core.windows.net\/files\/2026\/08\/769251928_1522503766556443_3448850451664633499_n.jpg\">\t\t\t<\/a>\n                          <\/div>\n    <\/div><\/div>\n    <style type=\"text\/css\">.fusion-builder-column-7 > .fusion-column-wrapper {padding-top : 30px !important;padding-right : 30px !important;padding-bottom : 0px !important;padding-left : 30px !important;}<\/style><\/li><li class=\"fusion-layout-column fusion_builder_column fusion-builder-column-7 fusion-flex-column post-card fusion-grid-column fusion-post-cards-grid-column\">\n                    <div class=\"fusion-column-wrapper fusion-column-has-shadow fusion-flex-justify-content-space-between fusion-content-layout-column\" style=\"background-position:left top;background-blend-mode: overlay;background-repeat:no-repeat;-webkit-background-size:cover;-moz-background-size:cover;-o-background-size:cover;background-size:cover;background-color:#ffffff;box-shadow:2px 2px 4px 0px rgba(0,0,0,0.2);;padding: 30px 30px 0px 30px;\">\n                    <div class=\"fusion-widget fusion-widget-element fusion-widget-area fusion-content-widget-area wpWidget-1\" style=\"border-width:0px;border-style:solid;\">\n                    <div class=\"evenement-tile-content\"><div class=\"event_date\" style=\"line-height: 1px; margin-bottom: 20px;\">28.11.2026 - 20.12.2026<\/div><div class=\"event_title\" style=\"font-size: 32px; font-weight: bold; min-height: 80px; margin-bottom: 12px;\"><a href=https:\/\/www.dudelange.lu\/index.php\/evenement\/marche-hiver\/>March\u00e9 d'hiver<\/a><\/div><div style=\"border-bottom: 2px solid #ef4030; width: 28%; margin-bottom: 20px;\"><\/div><div class=\"event_venue\"><i class=\"fas fa-home\" style=\"font-size: 16px;\"><\/i>&nbsp;&nbsp;Place Am Duerf<\/div><\/div><\/div>\n                    <div class=\"fusion-classic-product-image-wrapper fusion-woo-product-image fusion-post-card-image fusion-post-card-image-1 vdd-event-image\" data-layout=\"static\"><div class=\"fusion-image-wrapper\" aria-haspopup=\"true\">\n                        <a href=\"https:\/\/www.dudelange.lu\/index.php\/evenement\/marche-hiver\/\" aria-label=\"\">\n                      <img decoding=\"async\" src=\"https:\/\/sadudelangedata.blob.core.windows.net\/files\/2023\/10\/Marche-Hiver.png\" class=\"attachment-full size-full wp-post-image lazyloaded\" alt=\"\" data-orig-src=\"https:\/\/sadudelangedata.blob.core.windows.net\/files\/2023\/10\/Marche-Hiver.png\">\t\t\t<\/a>\n                          <\/div>\n    <\/div><\/div>\n    <style type=\"text\/css\">.fusion-builder-column-7 > .fusion-column-wrapper {padding-top : 30px !important;padding-right : 30px !important;padding-bottom : 0px !important;padding-left : 30px !important;}<\/style><\/li><li class=\"fusion-layout-column fusion_builder_column fusion-builder-column-7 fusion-flex-column post-card fusion-grid-column fusion-post-cards-grid-column\">\n                    <div class=\"fusion-column-wrapper fusion-column-has-shadow fusion-flex-justify-content-space-between fusion-content-layout-column\" style=\"background-position:left top;background-blend-mode: overlay;background-repeat:no-repeat;-webkit-background-size:cover;-moz-background-size:cover;-o-background-size:cover;background-size:cover;background-color:#ffffff;box-shadow:2px 2px 4px 0px rgba(0,0,0,0.2);;padding: 30px 30px 0px 30px;\">\n                    <div class=\"fusion-widget fusion-widget-element fusion-widget-area fusion-content-widget-area wpWidget-1\" style=\"border-width:0px;border-style:solid;\">\n                    <div class=\"evenement-tile-content\"><div class=\"event_date\" style=\"line-height: 1px; margin-bottom: 20px;\">29.11.2026 - 29.11.2026<\/div><div class=\"event_title\" style=\"font-size: 32px; font-weight: bold; min-height: 80px; margin-bottom: 12px;\"><a href=https:\/\/www.dudelange.lu\/index.php\/evenement\/kleeschen\/>St Nicolas arrive \u00e0 Dudelange<\/a><\/div><div style=\"border-bottom: 2px solid #ef4030; width: 28%; margin-bottom: 20px;\"><\/div><div class=\"event_venue\"><i class=\"fas fa-home\" style=\"font-size: 16px;\"><\/i>&nbsp;&nbsp;Centre-ville<\/div><\/div><\/div>\n                    <div class=\"fusion-classic-product-image-wrapper fusion-woo-product-image fusion-post-card-image fusion-post-card-image-1 vdd-event-image\" data-layout=\"static\"><div class=\"fusion-image-wrapper\" aria-haspopup=\"true\">\n                        <a href=\"https:\/\/www.dudelange.lu\/index.php\/evenement\/kleeschen\/\" aria-label=\"\">\n                      <img decoding=\"async\" src=\"https:\/\/sadudelangedata.blob.core.windows.net\/files\/2025\/02\/StNicolas.png\" class=\"attachment-full size-full wp-post-image lazyloaded\" alt=\"\" data-orig-src=\"https:\/\/sadudelangedata.blob.core.windows.net\/files\/2025\/02\/StNicolas.png\">\t\t\t<\/a>\n                          <\/div>\n    <\/div><\/div>\n    <style type=\"text\/css\">.fusion-builder-column-7 > .fusion-column-wrapper {padding-top : 30px !important;padding-right : 30px !important;padding-bottom : 0px !important;padding-left : 30px !important;}<\/style><\/li><li class=\"fusion-layout-column fusion_builder_column fusion-builder-column-7 fusion-flex-column post-card fusion-grid-column fusion-post-cards-grid-column\">\n                    <div class=\"fusion-column-wrapper fusion-column-has-shadow fusion-flex-justify-content-space-between fusion-content-layout-column\" style=\"background-position:left top;background-blend-mode: overlay;background-repeat:no-repeat;-webkit-background-size:cover;-moz-background-size:cover;-o-background-size:cover;background-size:cover;background-color:#ffffff;box-shadow:2px 2px 4px 0px rgba(0,0,0,0.2);;padding: 30px 30px 0px 30px;\">\n                    <div class=\"fusion-widget fusion-widget-element fusion-widget-area fusion-content-widget-area wpWidget-1\" style=\"border-width:0px;border-style:solid;\">\n                    <div class=\"evenement-tile-content\"><div class=\"event_date\" style=\"line-height: 1px; margin-bottom: 20px;\">30.11.2026 19:00 - 30.11.2026 20:30<\/div><div class=\"event_title\" style=\"font-size: 32px; font-weight: bold; min-height: 80px; margin-bottom: 12px;\"><a href=https:\/\/www.dudelange.lu\/index.php\/evenement\/cafe-des-langues-3011\/>Caf\u00e9 des langues<\/a><\/div><div style=\"border-bottom: 2px solid #ef4030; width: 28%; margin-bottom: 20px;\"><\/div><div class=\"event_venue\"><i class=\"fas fa-home\" style=\"font-size: 16px;\"><\/i>&nbsp;&nbsp;Centre culturel opderschmelz<\/div><\/div><\/div>\n                    <div class=\"fusion-classic-product-image-wrapper fusion-woo-product-image fusion-post-card-image fusion-post-card-image-1 vdd-event-image\" data-layout=\"static\"><div class=\"fusion-image-wrapper\" aria-haspopup=\"true\">\n                        <a href=\"https:\/\/www.dudelange.lu\/index.php\/evenement\/cafe-des-langues-3011\/\" aria-label=\"\">\n                      <img decoding=\"async\" src=\"https:\/\/sadudelangedata.blob.core.windows.net\/files\/2023\/02\/Cafe-des-langues.png\" class=\"attachment-full size-full wp-post-image lazyloaded\" alt=\"\" data-orig-src=\"https:\/\/sadudelangedata.blob.core.windows.net\/files\/2023\/02\/Cafe-des-langues.png\">\t\t\t<\/a>\n                          <\/div>\n    <\/div><\/div>\n    <style type=\"text\/css\">.fusion-builder-column-7 > .fusion-column-wrapper {padding-top : 30px !important;padding-right : 30px !important;padding-bottom : 0px !important;padding-left : 30px !important;}<\/style><\/li><li class=\"fusion-layout-column fusion_builder_column fusion-builder-column-7 fusion-flex-column post-card fusion-grid-column fusion-post-cards-grid-column\">\n                    <div class=\"fusion-column-wrapper fusion-column-has-shadow fusion-flex-justify-content-space-between fusion-content-layout-column\" style=\"background-position:left top;background-blend-mode: overlay;background-repeat:no-repeat;-webkit-background-size:cover;-moz-background-size:cover;-o-background-size:cover;background-size:cover;background-color:#ffffff;box-shadow:2px 2px 4px 0px rgba(0,0,0,0.2);;padding: 30px 30px 0px 30px;\">\n                    <div class=\"fusion-widget fusion-widget-element fusion-widget-area fusion-content-widget-area wpWidget-1\" style=\"border-width:0px;border-style:solid;\">\n                    <div class=\"evenement-tile-content\"><div class=\"event_date\" style=\"line-height: 1px; margin-bottom: 20px;\">01.12.2026 20:00<\/div><div class=\"event_title\" style=\"font-size: 32px; font-weight: bold; min-height: 80px; margin-bottom: 12px;\"><a href=https:\/\/www.dudelange.lu\/index.php\/evenement\/lambchop\/>Lambchop<\/a><\/div><div style=\"border-bottom: 2px solid #ef4030; width: 28%; margin-bottom: 20px;\"><\/div><div class=\"event_venue\"><i class=\"fas fa-home\" style=\"font-size: 16px;\"><\/i>&nbsp;&nbsp;opderschmelz<\/div><div class=\"event_website\"><a href=https:\/\/opderschmelz.lu\/agenda\/2128_2202 target=\"_blank\"><i class=\"fas fa-mouse-pointer\" style=\"font-size: 16px;\"><\/i>&nbsp;&nbsp;https:\/\/opderschmelz.lu\/agenda\/2128_2202<\/a><\/div><\/div><\/div>\n                    <div class=\"fusion-classic-product-image-wrapper fusion-woo-product-image fusion-post-card-image fusion-post-card-image-1 vdd-event-image\" data-layout=\"static\"><div class=\"fusion-image-wrapper\" aria-haspopup=\"true\">\n                        <a href=\"https:\/\/www.dudelange.lu\/index.php\/evenement\/lambchop\/\" aria-label=\"\">\n                      <img decoding=\"async\" src=\"https:\/\/sadudelangedata.blob.core.windows.net\/files\/2026\/04\/Lambchop-Ingo-Pertramer-WEB.jpg\" class=\"attachment-full size-full wp-post-image lazyloaded\" alt=\"\" data-orig-src=\"https:\/\/sadudelangedata.blob.core.windows.net\/files\/2026\/04\/Lambchop-Ingo-Pertramer-WEB.jpg\">\t\t\t<\/a>\n                          <\/div>\n    <\/div><\/div>\n    <style type=\"text\/css\">.fusion-builder-column-7 > .fusion-column-wrapper {padding-top : 30px !important;padding-right : 30px !important;padding-bottom : 0px !important;padding-left : 30px !important;}<\/style><\/li><li class=\"fusion-layout-column fusion_builder_column fusion-builder-column-7 fusion-flex-column post-card fusion-grid-column fusion-post-cards-grid-column\">\n                    <div class=\"fusion-column-wrapper fusion-column-has-shadow fusion-flex-justify-content-space-between fusion-content-layout-column\" style=\"background-position:left top;background-blend-mode: overlay;background-repeat:no-repeat;-webkit-background-size:cover;-moz-background-size:cover;-o-background-size:cover;background-size:cover;background-color:#ffffff;box-shadow:2px 2px 4px 0px rgba(0,0,0,0.2);;padding: 30px 30px 0px 30px;\">\n                    <div class=\"fusion-widget fusion-widget-element fusion-widget-area fusion-content-widget-area wpWidget-1\" style=\"border-width:0px;border-style:solid;\">\n                    <div class=\"evenement-tile-content\"><div class=\"event_date\" style=\"line-height: 1px; margin-bottom: 20px;\">02.12.2026 20:00<\/div><div class=\"event_title\" style=\"font-size: 32px; font-weight: bold; min-height: 80px; margin-bottom: 12px;\"><a href=https:\/\/www.dudelange.lu\/index.php\/evenement\/ina-forsman\/>Ina Forsman<\/a><\/div><div style=\"border-bottom: 2px solid #ef4030; width: 28%; margin-bottom: 20px;\"><\/div><div class=\"event_venue\"><i class=\"fas fa-home\" style=\"font-size: 16px;\"><\/i>&nbsp;&nbsp;opderschmelz<\/div><div class=\"event_website\"><a href=https:\/\/opderschmelz.lu\/agenda\/2173_2279 target=\"_blank\"><i class=\"fas fa-mouse-pointer\" style=\"font-size: 16px;\"><\/i>&nbsp;&nbsp;https:\/\/opderschmelz.lu\/agenda\/2173_2279<\/a><\/div><\/div><\/div>\n                    <div class=\"fusion-classic-product-image-wrapper fusion-woo-product-image fusion-post-card-image fusion-post-card-image-1 vdd-event-image\" data-layout=\"static\"><div class=\"fusion-image-wrapper\" aria-haspopup=\"true\">\n                        <a href=\"https:\/\/www.dudelange.lu\/index.php\/evenement\/ina-forsman\/\" aria-label=\"\">\n                      <img decoding=\"async\" src=\"https:\/\/sadudelangedata.blob.core.windows.net\/files\/2026\/04\/InaF_Horizontal_2-Large.jpeg\" class=\"attachment-full size-full wp-post-image lazyloaded\" alt=\"\" data-orig-src=\"https:\/\/sadudelangedata.blob.core.windows.net\/files\/2026\/04\/InaF_Horizontal_2-Large.jpeg\">\t\t\t<\/a>\n                          <\/div>\n    <\/div><\/div>\n    <style type=\"text\/css\">.fusion-builder-column-7 > .fusion-column-wrapper {padding-top : 30px !important;padding-right : 30px !important;padding-bottom : 0px !important;padding-left : 30px !important;}<\/style><\/li><li class=\"fusion-layout-column fusion_builder_column fusion-builder-column-7 fusion-flex-column post-card fusion-grid-column fusion-post-cards-grid-column\">\n                    <div class=\"fusion-column-wrapper fusion-column-has-shadow fusion-flex-justify-content-space-between fusion-content-layout-column\" style=\"background-position:left top;background-blend-mode: overlay;background-repeat:no-repeat;-webkit-background-size:cover;-moz-background-size:cover;-o-background-size:cover;background-size:cover;background-color:#ffffff;box-shadow:2px 2px 4px 0px rgba(0,0,0,0.2);;padding: 30px 30px 0px 30px;\">\n                    <div class=\"fusion-widget fusion-widget-element fusion-widget-area fusion-content-widget-area wpWidget-1\" style=\"border-width:0px;border-style:solid;\">\n                    <div class=\"evenement-tile-content\"><div class=\"event_date\" style=\"line-height: 1px; margin-bottom: 20px;\">05.12.2026 10:30 - 05.12.2026 11:15<\/div><div class=\"event_title\" style=\"font-size: 32px; font-weight: bold; min-height: 80px; margin-bottom: 12px;\"><a href=https:\/\/www.dudelange.lu\/index.php\/evenement\/kannerliesung-kleeschen\/>Kannerliesung<\/a><\/div><div style=\"border-bottom: 2px solid #ef4030; width: 28%; margin-bottom: 20px;\"><\/div><div class=\"event_venue\"><i class=\"fas fa-home\" style=\"font-size: 16px;\"><\/i>&nbsp;&nbsp;Biblioth\u00e8que<\/div><\/div><\/div>\n                    <div class=\"fusion-classic-product-image-wrapper fusion-woo-product-image fusion-post-card-image fusion-post-card-image-1 vdd-event-image\" data-layout=\"static\"><div class=\"fusion-image-wrapper\" aria-haspopup=\"true\">\n                        <a href=\"https:\/\/www.dudelange.lu\/index.php\/evenement\/kannerliesung-kleeschen\/\" aria-label=\"\">\n                      <img decoding=\"async\" src=\"https:\/\/sadudelangedata.blob.core.windows.net\/files\/2026\/08\/st-nicolas-bib.png\" class=\"attachment-full size-full wp-post-image lazyloaded\" alt=\"\" data-orig-src=\"https:\/\/sadudelangedata.blob.core.windows.net\/files\/2026\/08\/st-nicolas-bib.png\">\t\t\t<\/a>\n                          <\/div>\n    <\/div><\/div>\n    <style type=\"text\/css\">.fusion-builder-column-7 > .fusion-column-wrapper {padding-top : 30px !important;padding-right : 30px !important;padding-bottom : 0px !important;padding-left : 30px !important;}<\/style><\/li><li class=\"fusion-layout-column fusion_builder_column fusion-builder-column-7 fusion-flex-column post-card fusion-grid-column fusion-post-cards-grid-column\">\n                    <div class=\"fusion-column-wrapper fusion-column-has-shadow fusion-flex-justify-content-space-between fusion-content-layout-column\" style=\"background-position:left top;background-blend-mode: overlay;background-repeat:no-repeat;-webkit-background-size:cover;-moz-background-size:cover;-o-background-size:cover;background-size:cover;background-color:#ffffff;box-shadow:2px 2px 4px 0px rgba(0,0,0,0.2);;padding: 30px 30px 0px 30px;\">\n                    <div class=\"fusion-widget fusion-widget-element fusion-widget-area fusion-content-widget-area wpWidget-1\" style=\"border-width:0px;border-style:solid;\">\n                    <div class=\"evenement-tile-content\"><div class=\"event_date\" style=\"line-height: 1px; margin-bottom: 20px;\">05.12.2026 20:00<\/div><div class=\"event_title\" style=\"font-size: 32px; font-weight: bold; min-height: 80px; margin-bottom: 12px;\"><a href=https:\/\/www.dudelange.lu\/index.php\/evenement\/kabaret-roll-gelhausen-t-ass-net-ze-gleewen\/>Kabaret Roll Gelhausen: 't ass net ze gleewen<\/a><\/div><div style=\"border-bottom: 2px solid #ef4030; width: 28%; margin-bottom: 20px;\"><\/div><div class=\"event_venue\"><i class=\"fas fa-home\" style=\"font-size: 16px;\"><\/i>&nbsp;&nbsp;opderschmelz<\/div><div class=\"event_website\"><a href=https:\/\/opderschmelz.lu\/agenda\/2192_2305 target=\"_blank\"><i class=\"fas fa-mouse-pointer\" style=\"font-size: 16px;\"><\/i>&nbsp;&nbsp;https:\/\/opderschmelz.lu\/agenda\/2192_2305<\/a><\/div><\/div><\/div>\n                    <div class=\"fusion-classic-product-image-wrapper fusion-woo-product-image fusion-post-card-image fusion-post-card-image-1 vdd-event-image\" data-layout=\"static\"><div class=\"fusion-image-wrapper\" aria-haspopup=\"true\">\n                        <a href=\"https:\/\/www.dudelange.lu\/index.php\/evenement\/kabaret-roll-gelhausen-t-ass-net-ze-gleewen\/\" aria-label=\"\">\n                      <img decoding=\"async\" src=\"https:\/\/sadudelangedata.blob.core.windows.net\/files\/2026\/08\/Roland-Gelhausen.jpg\" class=\"attachment-full size-full wp-post-image lazyloaded\" alt=\"\" data-orig-src=\"https:\/\/sadudelangedata.blob.core.windows.net\/files\/2026\/08\/Roland-Gelhausen.jpg\">\t\t\t<\/a>\n                          <\/div>\n    <\/div><\/div>\n    <style type=\"text\/css\">.fusion-builder-column-7 > .fusion-column-wrapper {padding-top : 30px !important;padding-right : 30px !important;padding-bottom : 0px !important;padding-left : 30px !important;}<\/style><\/li><li class=\"fusion-layout-column fusion_builder_column fusion-builder-column-7 fusion-flex-column post-card fusion-grid-column fusion-post-cards-grid-column\">\n                    <div class=\"fusion-column-wrapper fusion-column-has-shadow fusion-flex-justify-content-space-between fusion-content-layout-column\" style=\"background-position:left top;background-blend-mode: overlay;background-repeat:no-repeat;-webkit-background-size:cover;-moz-background-size:cover;-o-background-size:cover;background-size:cover;background-color:#ffffff;box-shadow:2px 2px 4px 0px rgba(0,0,0,0.2);;padding: 30px 30px 0px 30px;\">\n                    <div class=\"fusion-widget fusion-widget-element fusion-widget-area fusion-content-widget-area wpWidget-1\" style=\"border-width:0px;border-style:solid;\">\n                    <div class=\"evenement-tile-content\"><div class=\"event_date\" style=\"line-height: 1px; margin-bottom: 20px;\">11.12.2026 - 20.12.2026<\/div><div class=\"event_title\" style=\"font-size: 32px; font-weight: bold; min-height: 80px; margin-bottom: 12px;\"><a href=https:\/\/www.dudelange.lu\/index.php\/evenement\/marche-de-noel\/>March\u00e9 de No\u00ebl traditionnel<\/a><\/div><div style=\"border-bottom: 2px solid #ef4030; width: 28%; margin-bottom: 20px;\"><\/div><div class=\"event_venue\"><i class=\"fas fa-home\" style=\"font-size: 16px;\"><\/i>&nbsp;&nbsp;Pl. H\u00f4tel de Ville<\/div><\/div><\/div>\n                    <div class=\"fusion-classic-product-image-wrapper fusion-woo-product-image fusion-post-card-image fusion-post-card-image-1 vdd-event-image\" data-layout=\"static\"><div class=\"fusion-image-wrapper\" aria-haspopup=\"true\">\n                        <a href=\"https:\/\/www.dudelange.lu\/index.php\/evenement\/marche-de-noel\/\" aria-label=\"\">\n                      <img decoding=\"async\" src=\"https:\/\/sadudelangedata.blob.core.windows.net\/files\/2023\/10\/Marche-de-Noel-trad.png\" class=\"attachment-full size-full wp-post-image lazyloaded\" alt=\"\" data-orig-src=\"https:\/\/sadudelangedata.blob.core.windows.net\/files\/2023\/10\/Marche-de-Noel-trad.png\">\t\t\t<\/a>\n                          <\/div>\n    <\/div><\/div>\n    <style type=\"text\/css\">.fusion-builder-column-7 > .fusion-column-wrapper {padding-top : 30px !important;padding-right : 30px !important;padding-bottom : 0px !important;padding-left : 30px !important;}<\/style><\/li><li class=\"fusion-layout-column fusion_builder_column fusion-builder-column-7 fusion-flex-column post-card fusion-grid-column fusion-post-cards-grid-column\">\n                    <div class=\"fusion-column-wrapper fusion-column-has-shadow fusion-flex-justify-content-space-between fusion-content-layout-column\" style=\"background-position:left top;background-blend-mode: overlay;background-repeat:no-repeat;-webkit-background-size:cover;-moz-background-size:cover;-o-background-size:cover;background-size:cover;background-color:#ffffff;box-shadow:2px 2px 4px 0px rgba(0,0,0,0.2);;padding: 30px 30px 0px 30px;\">\n                    <div class=\"fusion-widget fusion-widget-element fusion-widget-area fusion-content-widget-area wpWidget-1\" style=\"border-width:0px;border-style:solid;\">\n                    <div class=\"evenement-tile-content\"><div class=\"event_date\" style=\"line-height: 1px; margin-bottom: 20px;\">11.12.2026 - 20.12.2026<\/div><div class=\"event_title\" style=\"font-size: 32px; font-weight: bold; min-height: 80px; margin-bottom: 12px;\"><a href=https:\/\/www.dudelange.lu\/index.php\/evenement\/marche-de-noel-medieval\/>March\u00e9 de No\u00ebl m\u00e9di\u00e9val<\/a><\/div><div style=\"border-bottom: 2px solid #ef4030; width: 28%; margin-bottom: 20px;\"><\/div><div class=\"event_venue\"><i class=\"fas fa-home\" style=\"font-size: 16px;\"><\/i>&nbsp;&nbsp;Place Kinnen<\/div><\/div><\/div>\n                    <div class=\"fusion-classic-product-image-wrapper fusion-woo-product-image fusion-post-card-image fusion-post-card-image-1 vdd-event-image\" data-layout=\"static\"><div class=\"fusion-image-wrapper\" aria-haspopup=\"true\">\n                        <a href=\"https:\/\/www.dudelange.lu\/index.php\/evenement\/marche-de-noel-medieval\/\" aria-label=\"\">\n                      <img decoding=\"async\" src=\"https:\/\/sadudelangedata.blob.core.windows.net\/files\/2023\/10\/Marche-de-Noel-medieval.png\" class=\"attachment-full size-full wp-post-image lazyloaded\" alt=\"\" data-orig-src=\"https:\/\/sadudelangedata.blob.core.windows.net\/files\/2023\/10\/Marche-de-Noel-medieval.png\">\t\t\t<\/a>\n                          <\/div>\n    <\/div><\/div>\n    <style type=\"text\/css\">.fusion-builder-column-7 > .fusion-column-wrapper {padding-top : 30px !important;padding-right : 30px !important;padding-bottom : 0px !important;padding-left : 30px !important;}<\/style><\/li><li class=\"fusion-layout-column fusion_builder_column fusion-builder-column-7 fusion-flex-column post-card fusion-grid-column fusion-post-cards-grid-column\">\n                    <div class=\"fusion-column-wrapper fusion-column-has-shadow fusion-flex-justify-content-space-between fusion-content-layout-column\" style=\"background-position:left top;background-blend-mode: overlay;background-repeat:no-repeat;-webkit-background-size:cover;-moz-background-size:cover;-o-background-size:cover;background-size:cover;background-color:#ffffff;box-shadow:2px 2px 4px 0px rgba(0,0,0,0.2);;padding: 30px 30px 0px 30px;\">\n                    <div class=\"fusion-widget fusion-widget-element fusion-widget-area fusion-content-widget-area wpWidget-1\" style=\"border-width:0px;border-style:solid;\">\n                    <div class=\"evenement-tile-content\"><div class=\"event_date\" style=\"line-height: 1px; margin-bottom: 20px;\">15.12.2026 19:00 - 15.12.2026 20:30<\/div><div class=\"event_title\" style=\"font-size: 32px; font-weight: bold; min-height: 80px; margin-bottom: 12px;\"><a href=https:\/\/www.dudelange.lu\/index.php\/evenement\/cafe-des-langues-1512\/>Caf\u00e9 des langues<\/a><\/div><div style=\"border-bottom: 2px solid #ef4030; width: 28%; margin-bottom: 20px;\"><\/div><div class=\"event_venue\"><i class=\"fas fa-home\" style=\"font-size: 16px;\"><\/i>&nbsp;&nbsp;Centre culturel opderschmelz<\/div><\/div><\/div>\n                    <div class=\"fusion-classic-product-image-wrapper fusion-woo-product-image fusion-post-card-image fusion-post-card-image-1 vdd-event-image\" data-layout=\"static\"><div class=\"fusion-image-wrapper\" aria-haspopup=\"true\">\n                        <a href=\"https:\/\/www.dudelange.lu\/index.php\/evenement\/cafe-des-langues-1512\/\" aria-label=\"\">\n                      <img decoding=\"async\" src=\"https:\/\/sadudelangedata.blob.core.windows.net\/files\/2023\/02\/Cafe-des-langues.png\" class=\"attachment-full size-full wp-post-image lazyloaded\" alt=\"\" data-orig-src=\"https:\/\/sadudelangedata.blob.core.windows.net\/files\/2023\/02\/Cafe-des-langues.png\">\t\t\t<\/a>\n                          <\/div>\n    <\/div><\/div>\n    <style type=\"text\/css\">.fusion-builder-column-7 > .fusion-column-wrapper {padding-top : 30px !important;padding-right : 30px !important;padding-bottom : 0px !important;padding-left : 30px !important;}<\/style><\/li><li class=\"fusion-layout-column fusion_builder_column fusion-builder-column-7 fusion-flex-column post-card fusion-grid-column fusion-post-cards-grid-column\">\n                    <div class=\"fusion-column-wrapper fusion-column-has-shadow fusion-flex-justify-content-space-between fusion-content-layout-column\" style=\"background-position:left top;background-blend-mode: overlay;background-repeat:no-repeat;-webkit-background-size:cover;-moz-background-size:cover;-o-background-size:cover;background-size:cover;background-color:#ffffff;box-shadow:2px 2px 4px 0px rgba(0,0,0,0.2);;padding: 30px 30px 0px 30px;\">\n                    <div class=\"fusion-widget fusion-widget-element fusion-widget-area fusion-content-widget-area wpWidget-1\" style=\"border-width:0px;border-style:solid;\">\n                    <div class=\"evenement-tile-content\"><div class=\"event_date\" style=\"line-height: 1px; margin-bottom: 20px;\">09.03.2027 14:30 - 09.03.2027 16:30<\/div><div class=\"event_title\" style=\"font-size: 32px; font-weight: bold; min-height: 80px; margin-bottom: 12px;\"><a href=https:\/\/www.dudelange.lu\/index.php\/evenement\/beesecure2\/>BeeSecure-Workshop fir Kanner<\/a><\/div><div style=\"border-bottom: 2px solid #ef4030; width: 28%; margin-bottom: 20px;\"><\/div><div class=\"event_venue\"><i class=\"fas fa-home\" style=\"font-size: 16px;\"><\/i>&nbsp;&nbsp;H\u00f4tel de Ville<\/div><\/div><\/div>\n                    <div class=\"fusion-classic-product-image-wrapper fusion-woo-product-image fusion-post-card-image fusion-post-card-image-1 vdd-event-image\" data-layout=\"static\"><div class=\"fusion-image-wrapper\" aria-haspopup=\"true\">\n                        <a href=\"https:\/\/www.dudelange.lu\/index.php\/evenement\/beesecure2\/\" aria-label=\"\">\n                      <img decoding=\"async\" src=\"https:\/\/sadudelangedata.blob.core.windows.net\/files\/2026\/08\/bee-secure-internet.png\" class=\"attachment-full size-full wp-post-image lazyloaded\" alt=\"\" data-orig-src=\"https:\/\/sadudelangedata.blob.core.windows.net\/files\/2026\/08\/bee-secure-internet.png\">\t\t\t<\/a>\n                          <\/div>\n    <\/div><\/div>\n    <style type=\"text\/css\">.fusion-builder-column-7 > .fusion-column-wrapper {padding-top : 30px !important;padding-right : 30px !important;padding-bottom : 0px !important;padding-left : 30px !important;}<\/style><\/li><li class=\"fusion-layout-column fusion_builder_column fusion-builder-column-7 fusion-flex-column post-card fusion-grid-column fusion-post-cards-grid-column\">\n                    <div class=\"fusion-column-wrapper fusion-column-has-shadow fusion-flex-justify-content-space-between fusion-content-layout-column\" style=\"background-position:left top;background-blend-mode: overlay;background-repeat:no-repeat;-webkit-background-size:cover;-moz-background-size:cover;-o-background-size:cover;background-size:cover;background-color:#ffffff;box-shadow:2px 2px 4px 0px rgba(0,0,0,0.2);;padding: 30px 30px 0px 30px;\">\n                    <div class=\"fusion-widget fusion-widget-element fusion-widget-area fusion-content-widget-area wpWidget-1\" style=\"border-width:0px;border-style:solid;\">\n                    <div class=\"evenement-tile-content\"><div class=\"event_date\" style=\"line-height: 1px; margin-bottom: 20px;\">27.04.2027 14:30 - 27.04.2027 16:30<\/div><div class=\"event_title\" style=\"font-size: 32px; font-weight: bold; min-height: 80px; margin-bottom: 12px;\"><a href=https:\/\/www.dudelange.lu\/index.php\/evenement\/beesecure3\/>BeeSecure-Workshop fir Kanner<\/a><\/div><div style=\"border-bottom: 2px solid #ef4030; width: 28%; margin-bottom: 20px;\"><\/div><div class=\"event_venue\"><i class=\"fas fa-home\" style=\"font-size: 16px;\"><\/i>&nbsp;&nbsp;H\u00f4tel de Ville<\/div><\/div><\/div>\n                    <div class=\"fusion-classic-product-image-wrapper fusion-woo-product-image fusion-post-card-image fusion-post-card-image-1 vdd-event-image\" data-layout=\"static\"><div class=\"fusion-image-wrapper\" aria-haspopup=\"true\">\n                        <a href=\"https:\/\/www.dudelange.lu\/index.php\/evenement\/beesecure3\/\" aria-label=\"\">\n                      <img decoding=\"async\" src=\"https:\/\/sadudelangedata.blob.core.windows.net\/files\/2026\/09\/bee-secure-internet-2.png\" class=\"attachment-full size-full wp-post-image lazyloaded\" alt=\"\" data-orig-src=\"https:\/\/sadudelangedata.blob.core.windows.net\/files\/2026\/09\/bee-secure-internet-2.png\">\t\t\t<\/a>\n                          <\/div>\n    <\/div><\/div>\n    <style type=\"text\/css\">.fusion-builder-column-7 > .fusion-column-wrapper {padding-top : 30px !important;padding-right : 30px !important;padding-bottom : 0px !important;padding-left : 30px !important;}<\/style><\/li><\/ul><\/div><\/div><\/div><style type=\"text\/css\">.fusion-body .fusion-builder-column-0{width:100% !important;margin-top : 0px;margin-bottom : 20px;}.fusion-builder-column-0 > .fusion-column-wrapper {padding-top : 0px !important;padding-right : 0px !important;margin-right : 1.92%;padding-bottom : 0px !important;padding-left : 0px !important;margin-left : 1.92%;}@media only screen and (max-width:1024px) {.fusion-body .fusion-builder-column-0{width:100% !important;order : 0;}.fusion-builder-column-0 > .fusion-column-wrapper {margin-right : 1.92%;margin-left : 1.92%;}}@media only screen and (max-width:640px) {.fusion-body .fusion-builder-column-0{width:100% !important;order : 0;}.fusion-builder-column-0 > .fusion-column-wrapper {margin-right : 1.92%;margin-left : 1.92%;}}<\/style><\/div><\/div><style type=\"text\/css\">.fusion-body .fusion-flex-container.fusion-builder-row-1{ padding-top : 0px;margin-top : 0px;padding-right : 0px;padding-bottom : 0px;margin-bottom : 0px;padding-left : 0px;}<\/style><\/div>\n","protected":false},"excerpt":{"rendered":"","protected":false},"author":1,"featured_media":0,"parent":0,"menu_order":0,"comment_status":"closed","ping_status":"closed","template":"","meta":{"footnotes":""},"class_list":["post-1859","page","type-page","status-publish","hentry"],"publishpress_future_action":{"enabled":false,"date":"2026-09-08 07:42:42","action":"change-status","newStatus":"draft","terms":[],"taxonomy":"","extraData":[]},"publishpress_future_workflow_manual_trigger":{"enabledWorkflows":[]},"_links":{"self":[{"href":"https:\/\/www.dudelange.lu\/index.php\/wp-json\/wp\/v2\/pages\/1859","targetHints":{"allow":["GET"]}}],"collection":[{"href":"https:\/\/www.dudelange.lu\/index.php\/wp-json\/wp\/v2\/pages"}],"about":[{"href":"https:\/\/www.dudelange.lu\/index.php\/wp-json\/wp\/v2\/types\/page"}],"author":[{"embeddable":true,"href":"https:\/\/www.dudelange.lu\/index.php\/wp-json\/wp\/v2\/users\/1"}],"replies":[{"embeddable":true,"href":"https:\/\/www.dudelange.lu\/index.php\/wp-json\/wp\/v2\/comments?post=1859"}],"version-history":[{"count":11,"href":"https:\/\/www.dudelange.lu\/index.php\/wp-json\/wp\/v2\/pages\/1859\/revisions"}],"predecessor-version":[{"id":19867,"href":"https:\/\/www.dudelange.lu\/index.php\/wp-json\/wp\/v2\/pages\/1859\/revisions\/19867"}],"wp:attachment":[{"href":"https:\/\/www.dudelange.lu\/index.php\/wp-json\/wp\/v2\/media?parent=1859"}],"curies":[{"name":"wp","href":"https:\/\/api.w.org\/{rel}","templated":true}]}}