{"id":21210,"date":"2023-07-06T15:20:07","date_gmt":"2023-07-06T13:20:07","guid":{"rendered":"https:\/\/www.dudelange.lu\/?page_id=21210"},"modified":"2025-03-27T11:15:05","modified_gmt":"2025-03-27T10:15:05","slug":"participation-citoyenne","status":"publish","type":"page","link":"https:\/\/www.dudelange.lu\/index.php\/services-communaux\/participation-citoyenne\/","title":{"rendered":"D\u00e9mocratie participative"},"content":{"rendered":"<p>Annexe de l\u2019H\u00f4tel de Ville, 2 rue Karl Marx \u2013 bureau 106<\/p>\n<p>Le Service de la D\u00e9mocratie Participative de la Ville de Dudelange est d\u00e9di\u00e9 \u00e0 la promotion de l&rsquo;engagement citoyen et au renforcement des liens entre l\u2019administration et ses habitant\u00b7es.<\/p>\n<p><span style=\"text-decoration: underline;\">Missions<\/span> :<\/p>\n<p>1. Participation citoyenne<\/p>\n<ul>\n<li>Promotion et supervision des dispositifs de participation citoyenne ;<\/li>\n<li>Facilitation du dialogue communautaire pour encourager l\u2019implication des habitant\u00b7es ;<\/li>\n<li>Mise en place de m\u00e9canismes participatifs accessibles et transparents ;<\/li>\n<li>Garantie de l\u2019accessibilit\u00e9 des informations \u00e0 tous\u00b7tes.<\/li>\n<\/ul>\n<p>2. Vivre-ensemble interculturel<\/p>\n<ul>\n<li>Coordination du Pacte communal du vivre-ensemble interculturel ;<\/li>\n<li>Promotion de la coh\u00e9sion sociale et du respect entre les communaut\u00e9s.<\/li>\n<\/ul>\n<p>F\u00e9lix BONNE<br \/>\nCoordinateur<br \/>\nT 51 61 21 \u2013 2614<br \/>\n<span style=\"text-decoration: underline; color: #ef4030;\"><a style=\"color: #ef4030; text-decoration: underline;\" href=\"mailto:felix.bonne@dudelange.lu\">Prendre contact<\/a><\/span><\/p>\n<p>Ressources en ligne :<\/p>\n<ul>\n<li>Plateforme : <span style=\"text-decoration: underline; color: #ef4030;\"><a style=\"color: #ef4030; text-decoration: underline;\" href=\"https:\/\/jeparticipe.dudelange.lu\/fr-FR\/\">https:\/\/jeparticipe.dudelange.lu<\/a><\/span><\/li>\n<\/ul>\n<p>&nbsp;<\/p>\n","protected":false},"excerpt":{"rendered":"<p>Annexe de l\u2019H\u00f4tel de Ville, 2 rue Karl Marx \u2013 [&hellip;]<\/p>\n","protected":false},"author":10,"featured_media":0,"parent":2203,"menu_order":0,"comment_status":"closed","ping_status":"closed","template":"","meta":{"footnotes":""},"class_list":["post-21210","page","type-page","status-publish","hentry"],"publishpress_future_action":{"enabled":false,"date":"2026-05-06 23:23:01","action":"change-status","newStatus":"draft","terms":[],"taxonomy":"","extraData":[]},"publishpress_future_workflow_manual_trigger":{"enabledWorkflows":[]},"_links":{"self":[{"href":"https:\/\/www.dudelange.lu\/index.php\/wp-json\/wp\/v2\/pages\/21210","targetHints":{"allow":["GET"]}}],"collection":[{"href":"https:\/\/www.dudelange.lu\/index.php\/wp-json\/wp\/v2\/pages"}],"about":[{"href":"https:\/\/www.dudelange.lu\/index.php\/wp-json\/wp\/v2\/types\/page"}],"author":[{"embeddable":true,"href":"https:\/\/www.dudelange.lu\/index.php\/wp-json\/wp\/v2\/users\/10"}],"replies":[{"embeddable":true,"href":"https:\/\/www.dudelange.lu\/index.php\/wp-json\/wp\/v2\/comments?post=21210"}],"version-history":[{"count":18,"href":"https:\/\/www.dudelange.lu\/index.php\/wp-json\/wp\/v2\/pages\/21210\/revisions"}],"predecessor-version":[{"id":27090,"href":"https:\/\/www.dudelange.lu\/index.php\/wp-json\/wp\/v2\/pages\/21210\/revisions\/27090"}],"up":[{"embeddable":true,"href":"https:\/\/www.dudelange.lu\/index.php\/wp-json\/wp\/v2\/pages\/2203"}],"wp:attachment":[{"href":"https:\/\/www.dudelange.lu\/index.php\/wp-json\/wp\/v2\/media?parent=21210"}],"curies":[{"name":"wp","href":"https:\/\/api.w.org\/{rel}","templated":true}]}}