{"id":3576,"date":"2021-09-20T15:05:28","date_gmt":"2021-09-20T13:05:28","guid":{"rendered":"https:\/\/dudelange.devoteamlab.lu\/?page_id=3576"},"modified":"2026-03-26T08:11:38","modified_gmt":"2026-03-26T07:11:38","slug":"gaz-et-eau","status":"publish","type":"page","link":"https:\/\/www.dudelange.lu\/index.php\/services-communaux\/gaz-et-eau\/","title":{"rendered":"Gaz-Eau-Canalisation"},"content":{"rendered":"<p>7 rue de l&rsquo;Abattoir, L-3409 Dudelange<br \/>\nHeures d&rsquo;ouverture: lundi-vendredi 8h00-12h00 et 13h00-17h00<\/p>\n<p><strong>Service de permanence en dehors des heures de bureau et num\u00e9ros en cas d&rsquo;urgence:<\/strong><\/p>\n<ul style=\"list-style-type: disc;\">\n<li>Permanence gaz : M 691 680 680<\/li>\n<li>Permanence eau: M 691 680 680<\/li>\n<li>Permanence canalisation : M 691 428 485<\/li>\n<li>Police de proximit\u00e9: T 24 462 -200<\/li>\n<li>Police intervention: T 24 469 -500<\/li>\n<\/ul>\n<p>&nbsp;<\/p>\n<p><strong>Liens utiles et documents \u00e0 t\u00e9l\u00e9charger:<\/strong><\/p>\n<ul>\n<li><span style=\"text-decoration: underline;\"><span style=\"color: #ef4030; text-decoration: underline;\"><a style=\"color: #ef4030; text-decoration: underline;\" href=\"https:\/\/sadudelangedata.blob.core.windows.net\/files\/2025\/07\/Catalogue-de-services-du-GRD-gaz-de-la-Ville-de-Dudelange.pdf\" target=\"_blank\" rel=\"noopener\">Catalogue de services du GRD gaz de la Ville de Dudelange<\/a><\/span><\/span><\/li>\n<li><span style=\"text-decoration: underline;\"><span style=\"color: #ef4030; text-decoration: underline;\"><a style=\"color: #ef4030; text-decoration: underline;\" href=\"https:\/\/sadudelangedata.blob.core.windows.net\/files\/2021\/09\/6148843524fc6-6148843524fc8Conditions-Generales-Acces-Reseau-VILLE-DE-DUDELANGE-16102018-v1.4.pdf.pdf\" target=\"_blank\" rel=\"noopener\">Conditions g\u00e9n\u00e9rales d\u2019acc\u00e8s au r\u00e9seau de distribution du gaz naturel<\/a><\/span><\/span><\/li>\n<li><span style=\"text-decoration: underline;\"><span style=\"color: #ef4030; text-decoration: underline;\"><a style=\"color: #ef4030; text-decoration: underline;\" href=\"https:\/\/sadudelangedata.blob.core.windows.net\/files\/2021\/09\/614883891eb4b-614883891eb4cCG-Branchement-v3.0.pdf.pdf\" target=\"_blank\" rel=\"noopener\">Conditions g\u00e9n\u00e9rales de branchement distribution<\/a><\/span><\/span><\/li>\n<li><span style=\"text-decoration: underline;\"><span style=\"color: #ef4030; text-decoration: underline;\"><a style=\"color: #ef4030; text-decoration: underline;\" href=\"https:\/\/sadudelangedata.blob.core.windows.net\/files\/2021\/09\/6148847f97254-6148847f97255Conditions-Generales-Raccordement-VILLE-DE-DUDELANGE-16102018-v1.3.pdf.pdf\" target=\"_blank\" rel=\"noopener\">Conditions g\u00e9n\u00e9rales de raccordement d&rsquo;un client final au r\u00e9seau de distribution<\/a><\/span><\/span><\/li>\n<li><span style=\"text-decoration: underline;\"><span style=\"color: #ef4030; text-decoration: underline;\"><a style=\"color: #ef4030; text-decoration: underline;\" href=\"https:\/\/sadudelangedata.blob.core.windows.net\/files\/2021\/09\/6148833e6719b-6148833e6719cConditions-particulieres-dacces-au-reseau-v0.6.pdf.pdf\" target=\"_blank\" rel=\"noopener\">Conditions particuli\u00e8res d&rsquo;acc\u00e8s au r\u00e9seau<\/a><\/span><\/span><\/li>\n<li><span style=\"text-decoration: underline;\"><span style=\"color: #ef4030; text-decoration: underline;\"><a style=\"color: #ef4030; text-decoration: underline;\" href=\"https:\/\/sadudelangedata.blob.core.windows.net\/files\/2021\/09\/614882ef661f9-614882ef661faContrat-dacheminement-sur-le-reseau-de-distribution-V1.5.pdf.pdf\" target=\"_blank\" rel=\"noopener\">Contrat d&rsquo;acheminement sur le r\u00e9seau de distribution<\/a><\/span><\/span><\/li>\n<li><span style=\"text-decoration: underline;\"><span style=\"color: #ef4030; text-decoration: underline;\"><a style=\"color: #ef4030; text-decoration: underline;\" href=\"https:\/\/www.dudelange.lu\/index.php\/demarches-administratives\/gaz-et-eau\/\" target=\"_blank\" rel=\"noopener\">D\u00e9marches administratives Gaz et Eau<\/a><\/span><\/span><span style=\"text-decoration: underline;\"><span style=\"color: #ef4030; text-decoration: underline;\"><br \/>\n<\/span><\/span><\/li>\n<li><span style=\"text-decoration: underline;\"><span style=\"color: #ef4030; text-decoration: underline;\"><a style=\"color: #ef4030; text-decoration: underline;\" href=\"https:\/\/sadudelangedata.blob.core.windows.net\/files\/2021\/09\/6148855776c5e-6148855776c5fGAZ-DemandeDonneesConsommation-v1.0.pdf.pdf\" target=\"_blank\" rel=\"noopener\">Formulaire de demande de communication des donn\u00e9es de consommation aupr\u00e8s du GRD gaz de la Ville de Dudelange<\/a><\/span><\/span><\/li>\n<li><span style=\"text-decoration: underline;\"><span style=\"color: #ef4030; text-decoration: underline;\"><a style=\"color: #ef4030; text-decoration: underline;\" href=\"https:\/\/www.dudelange.lu\/index.php\/formulaire-lecture-des-compteurs-gaz-et-eau\/\" target=\"_blank\" rel=\"noopener\">Formulaire lecture des compteurs gaz et eau<\/a><\/span><\/span><span style=\"text-decoration: underline;\"><span style=\"color: #ef4030; text-decoration: underline;\"><br \/>\n<\/span><\/span><\/li>\n<li><span style=\"text-decoration: underline;\"><span style=\"color: #ef4030;\"><a style=\"color: #ef4030; text-decoration: underline;\" href=\"https:\/\/www.dudelange.lu\/index.php\/4893-2\/\" target=\"_blank\" rel=\"noopener\">Num\u00e9ros utiles<\/a><\/span><\/span><\/li>\n<li><span style=\"text-decoration: underline;\"><span style=\"color: #ef4030; text-decoration: underline;\"><a style=\"color: #ef4030; text-decoration: underline;\" href=\"https:\/\/sadudelangedata.blob.core.windows.net\/files\/2021\/11\/Chapitre20-Prestations-diverses.pdf\" target=\"_blank\" rel=\"noopener\">R\u00e8glement de taxes<\/a><\/span><\/span><\/li>\n<li><span style=\"text-decoration: underline;\"><span style=\"color: #ef4030; text-decoration: underline;\"><a style=\"color: #ef4030; text-decoration: underline;\" href=\"https:\/\/sadudelangedata.blob.core.windows.net\/files\/2026\/03\/ILR-acceptation-du-tarif-dutilisation-du-reseau-gaz-2026.pdf\" target=\"_blank\" rel=\"noopener\">Tarifs d&rsquo;utilisation du r\u00e9seau gaz 2026<\/a><\/span><\/span><\/li>\n<\/ul>\n<p>&nbsp;<\/p>\n<p>Pour consulter le r\u00e8glement g\u00e9n\u00e9ral sur la protection des donn\u00e9es, cliquez ici:<br \/>\n<a title=\"RGPD Service Gaz Et Eau\" href=\"https:\/\/sadudelangedata.blob.core.windows.net\/files\/2021\/09\/614885d8e23f7-614885d8e23f8Notice-information-generale-RGPD-Gaz-Eau-Canalisations-VDD.pdf.pdf\" target=\"_blank\" rel=\"noopener\"><span style=\"text-decoration: underline;\"><span style=\"color: #ef4030; text-decoration: underline;\">RGPD Service Gaz et Eau<\/span><\/span><\/a>\u00a0(PDF, 293 KB)<\/p>\n<p>&nbsp;<\/p>\n<p><strong><span style=\"color: #ef4030;\">COMPTAGE INTELLIGENT, GESTION TARIF ET R\u00c9GULATION (BACK OFFICE)<\/span><\/strong><\/p>\n<p>Frank CALY<br \/>\nT 516121 -960<br \/>\n<span style=\"text-decoration: underline;\"><span id=\"DeltaPlaceHolderMain\" style=\"color: #ef4030; text-decoration: underline;\"><a style=\"color: #ef4030; text-decoration: underline;\" href=\"mailto:gazeteau@dudelange.lu\" target=\"_blank\" rel=\"noopener\">Prendre contact<\/a><\/span><\/span><\/p>\n<p><span id=\"DeltaPlaceHolderMain\" style=\"color: #ef4030; text-decoration: underline;\"><\/span><span id=\"DeltaPlaceHolderMain\"><\/span>Mich\u00e8le SCHANCK<br \/>\nT 516121 -979<br \/>\n<span id=\"DeltaPlaceHolderMain\"><\/span><span style=\"text-decoration: underline;\"><span id=\"DeltaPlaceHolderMain\" style=\"color: #ef4030; text-decoration: underline;\"><a style=\"color: #ef4030; text-decoration: underline;\" href=\"mailto:gazeteau@dudelange.lu\" target=\"_blank\" rel=\"noopener\">Prendre contact\u200b<\/a><\/span><\/span><\/p>\n<p><strong>Missions : <\/strong><\/p>\n<ul>\n<li>D\u00e9veloppement, impl\u00e9mentation et d\u00e9ploiement des outils pour les besoins du comptage intelligent dans le domaine gaz et eau<\/li>\n<li>Luxmeetering pour toute la cha\u00eene allant du point de comptage, compteur jusqu&rsquo;\u00e0 la publication journali\u00e8re de donn\u00e9es et leurs traitements cons\u00e9cutifs<\/li>\n<li>Analyse des diff\u00e9rentes donn\u00e9es en gaz et le reporting vers l&rsquo;ILR<\/li>\n<li>Analyse des donn\u00e9es et \u00e9tablissement des factures fournisseurs<\/li>\n<li>Supervision de la lecture annuelle et facturation des d\u00e9comptes fournisseurs<\/li>\n<\/ul>\n<p>&nbsp;<\/p>\n<p><span style=\"color: #ef4030;\"><strong>GESTION TECHNIQUE DES R\u00c9SEAUX GAZ-EAU-CANALISATION<\/strong><\/span><\/p>\n<p>Marc RIPPLINGER<br \/>\nChef de service<br \/>\nT 516121 -9404<br \/>\n<span style=\"text-decoration: underline;\"><span id=\"DeltaPlaceHolderMain\" style=\"color: #ef4030;\"><a style=\"color: #ef4030; text-decoration: underline;\" href=\"mailto:marc.ripplinger@dudelange.lu\" target=\"_blank\" rel=\"noopener\">Prendre contact<\/a><\/span><\/span><\/p>\n<p>Alain PALZER<br \/>\nResponsable gestion technique r\u00e9seaux gaz, eau, canalisation<br \/>\nTel 516121 -9402<br \/>\n<span style=\"text-decoration: underline;\"><span id=\"DeltaPlaceHolderMain\" style=\"color: #ef4030;\"><a style=\"color: #ef4030; text-decoration: underline;\" href=\"mailto:alain.palzer@dudelange.lu\" target=\"_blank\" rel=\"noopener\">Prendre contact<\/a><\/span><\/span><\/p>\n<p>&nbsp;<\/p>\n<p><strong>Responsable \u00e9quipes gaz et eau:<\/strong><\/p>\n<p>\u21d2 P<strong>ermanence gaz et eau:<\/strong> M 691 680 680<\/p>\n<p>Manuel RODRIGUES \u2013 contrema\u00eetre<br \/>\nT 516121 -971<br \/>\n<span style=\"text-decoration: underline;\"><span id=\"DeltaPlaceHolderMain\" style=\"color: #ef4030;\"><a style=\"color: #ef4030; text-decoration: underline;\" title=\"Prendre Contact\" href=\"mailto:manuel.rodrigues@dudelange.lu\" target=\"_blank\" rel=\"noopener\">Prendre contact<\/a><\/span><\/span><\/p>\n<p>Martin BERG &#8211; chef d&rsquo;\u00e9quipe<br \/>\nT 516121 -9821<br \/>\n<span style=\"text-decoration: underline;\"><span id=\"DeltaPlaceHolderMain\" style=\"color: #ef4030;\"><a style=\"color: #ef4030; text-decoration: underline;\" title=\"Prendre Contact\" href=\"mailto:martin.berg@dudelange.lu\" target=\"_blank\" rel=\"noopener\">Prendre contact<\/a><\/span><\/span><\/p>\n<p>&nbsp;<\/p>\n<p><strong>Missions\u00a0:<\/strong><\/p>\n<ul>\n<li>Gestion, planification, renouvellement, extension et raccordement des r\u00e9seaux gaz, eau potable et assainissement<\/li>\n<li>Permanence et d\u00e9pannage en cas de fuites<\/li>\n<li>Gestion et maintenance des stations gaz<\/li>\n<li>Gestion et maintenance des r\u00e9servoirs d\u2019eau<\/li>\n<li>Contr\u00f4le de la qualit\u00e9 de l\u2019eau potable<\/li>\n<\/ul>\n<p>&nbsp;<\/p>\n<p><strong>Responsable \u00e9quipes canalisation:<\/strong><\/p>\n<p>\u21d2 <strong>Permanence gaz et eau:<\/strong> M 621 428 485<\/p>\n<p>Luciano PIAZZA<br \/>\nT 516121 -966<br \/>\n<span style=\"text-decoration: underline;\"><span id=\"DeltaPlaceHolderMain\" style=\"color: #ef4030;\"><a style=\"color: #ef4030; text-decoration: underline;\" href=\"mailto:luciano.piazza@dudelange.lu\" target=\"_blank\" rel=\"noopener\">Prendre contact<\/a><\/span><\/span><\/p>\n<p>&nbsp;<\/p>\n<p><strong>Missions\u00a0:<\/strong><\/p>\n<ul>\n<li>Nettoyage du r\u00e9seau public de canalisation des eaux us\u00e9es et eaux pluviales<\/li>\n<li>Vidange siphons et fosses septiques de la ville de Dudelange<\/li>\n<li>Nettoyage et entretien des fontaines publiques<\/li>\n<li>Service d\u2019urgence en cas d\u2019obstruction ou engorgement du r\u00e9seau communal<\/li>\n<li>D\u00e9ratisation du domaine public<\/li>\n<\/ul>\n","protected":false},"excerpt":{"rendered":"<p>7 rue de l&rsquo;Abattoir, L-3409 Dudelange Heures d&rsquo;ouverture: lundi-vendredi 8h00-12h00 [&hellip;]<\/p>\n","protected":false},"author":9,"featured_media":0,"parent":2203,"menu_order":0,"comment_status":"closed","ping_status":"closed","template":"","meta":{"footnotes":""},"class_list":["post-3576","page","type-page","status-publish","hentry"],"publishpress_future_action":{"enabled":false,"date":"2026-05-09 00:01:47","action":"change-status","newStatus":"draft","terms":[],"taxonomy":"","extraData":[]},"publishpress_future_workflow_manual_trigger":{"enabledWorkflows":[]},"_links":{"self":[{"href":"https:\/\/www.dudelange.lu\/index.php\/wp-json\/wp\/v2\/pages\/3576","targetHints":{"allow":["GET"]}}],"collection":[{"href":"https:\/\/www.dudelange.lu\/index.php\/wp-json\/wp\/v2\/pages"}],"about":[{"href":"https:\/\/www.dudelange.lu\/index.php\/wp-json\/wp\/v2\/types\/page"}],"author":[{"embeddable":true,"href":"https:\/\/www.dudelange.lu\/index.php\/wp-json\/wp\/v2\/users\/9"}],"replies":[{"embeddable":true,"href":"https:\/\/www.dudelange.lu\/index.php\/wp-json\/wp\/v2\/comments?post=3576"}],"version-history":[{"count":46,"href":"https:\/\/www.dudelange.lu\/index.php\/wp-json\/wp\/v2\/pages\/3576\/revisions"}],"predecessor-version":[{"id":30287,"href":"https:\/\/www.dudelange.lu\/index.php\/wp-json\/wp\/v2\/pages\/3576\/revisions\/30287"}],"up":[{"embeddable":true,"href":"https:\/\/www.dudelange.lu\/index.php\/wp-json\/wp\/v2\/pages\/2203"}],"wp:attachment":[{"href":"https:\/\/www.dudelange.lu\/index.php\/wp-json\/wp\/v2\/media?parent=3576"}],"curies":[{"name":"wp","href":"https:\/\/api.w.org\/{rel}","templated":true}]}}