{"id":4177,"date":"2021-09-27T12:07:56","date_gmt":"2021-09-27T10:07:56","guid":{"rendered":"https:\/\/dudelange.devoteamlab.lu\/?page_id=4177"},"modified":"2026-07-24T07:18:24","modified_gmt":"2026-07-24T05:18:24","slug":"dechets-encombrants","status":"publish","type":"page","link":"https:\/\/www.dudelange.lu\/index.php\/demarches-administratives\/dechets-encombrants\/","title":{"rendered":"D\u00e9chets encombrants"},"content":{"rendered":"<p>L\u2019Accueil du Service Gestion et Maintien du Patrimoine est votre contact pour\u202f:<\/p>\n<ul>\n<li>D\u00e9chets encombrants, arbres et arbustes<\/li>\n<li>Recycling\u2011Taxi (appareils \u00e9lectrom\u00e9nagers)<\/li>\n<li>Superdrecksk\u00ebscht<\/li>\n<\/ul>\n<p>Contact :<br \/>\n<a href=\"mailto:poubelles@dudelange.lu\" target=\"_blank\" rel=\"noopener\"><span style=\"text-decoration: underline;\"><span style=\"color: #ef4030; text-decoration: underline;\">poubelles@dudelange.lu<\/span><\/span><\/a><br \/>\nT 51 61 21 \u2013 9810 \/ \u2013 901<\/p>\n<hr \/>\n<h5>Enl\u00e8vement des d\u00e9chets encombrants<\/h5>\n<p>Le jour du rendez vous, les d\u00e9chets doivent \u00eatre d\u00e9pos\u00e9s sur la voie publique, avant 6h00.<br \/>\nVotre pr\u00e9sence est requise pour le pesage, qui d\u00e9termine le prix :<\/p>\n<ul>\n<li>15 \u20ac jusqu\u2019\u00e0 50 kg<\/li>\n<li>0,35 \u20ac \/ kg suppl\u00e9mentaire<\/li>\n<\/ul>\n<p><strong>D\u00e9chets accept\u00e9s :<\/strong><\/p>\n<ul>\n<li>Meubles usag\u00e9s, matelas, tapis, moquettes<\/li>\n<li>Bois trait\u00e9 (clous enlev\u00e9s ou rabattus, paquets max. 1,50 m)<\/li>\n<li>Plastiques non recyclables, volets, ch\u00e2ssis sans vitrage<\/li>\n<\/ul>\n<p><strong>\u00c0 part :<\/strong><\/p>\n<ul>\n<li>Appareils \u00e9lectriques : collecte s\u00e9par\u00e9e<\/li>\n<li>Ferraille : \u00e0 pr\u00e9parer s\u00e9par\u00e9ment (m\u00eames jours)<\/li>\n<\/ul>\n<p>Les d\u00e9chets encombrants n\u2019incluent pas les ordures m\u00e9nag\u00e8res en sacs !<\/p>\n<hr \/>\n<h5>Recycling-Taxi<\/h5>\n<p>Le Recycling Taxi est destin\u00e9 aux personnes \u00e0 mobilit\u00e9 r\u00e9duite pour profiter du parc de recyclage STEP.<br \/>\nLes autres m\u00e9nages peuvent aussi utiliser ce service jusqu\u2019\u00e0 4 fois par an.<br \/>\nUn carnet de 4 bons : 12 \u20ac, disponible \u00e0 l\u2019accueil de l\u2019H\u00f4tel de Ville<\/p>\n<p>Pour fixer un rendez-vous, contactez l\u2019accueil du Service Gestion et Maintien du Patrimoine :<br \/>\n<a href=\"mailto:poubelles@dudelange.lu\" target=\"_blank\" rel=\"noopener\"><span style=\"text-decoration: underline;\"><span style=\"color: #ef4030; text-decoration: underline;\">poubelles@dudelange.lu<\/span><\/span><\/a>, T 51 61 21 \u2013 9810 \/ \u2013 901<\/p>\n<p>D\u00e9chets accept\u00e9s :<br \/>\nV\u00eatements et chaussures, \u00e9crans et t\u00e9l\u00e9viseurs, appareils \u00e9lectrom\u00e9nagers, mat\u00e9riel informatique, c\u00e2bles \u00e9lectriques et bo\u00eetes m\u00e9talliques.<\/p>\n<hr \/>\n<h5><span style=\"color: #3e3e3e;\"><strong>Syndicat intercommunal STEP<\/strong><\/span><\/h5>\n<p>Pour acc\u00e9der aux parcs de recyclage STEP, une carte STEP est obligatoire. Elle est d\u00e9livr\u00e9e \u00e0 l\u2019Office des citoyens.<\/p>\n<p><strong>Parcs de recyclage<\/strong><\/p>\n<ul>\n<li>Dudelange \/ Bettembourg<br \/>\nRoute de Luxembourg, L 3515 Dudelange<br \/>\nT 52 28 34, <span style=\"text-decoration: underline;\"><span style=\"text-decoration: underline;\"><a href=\"mailto:recyclage@step.lu\" target=\"_blank\" rel=\"noopener\">recyclage@step.lu<\/a><\/span><\/span><\/li>\n<li>T\u00e9tange \/ Rumelange<br \/>\nRue de la Fontaine, L 3768 T\u00e9tange<br \/>\nT 56 03 65, <span style=\"text-decoration: underline;\"><a href=\"mailto:recyclage@step.lu\" target=\"_blank\" rel=\"noopener\">recyclage@step.lu<\/a><\/span><\/li>\n<\/ul>\n<p>Infos &amp; horaires : <span style=\"text-decoration: underline;\"><span style=\"color: #ef4030; text-decoration: underline;\"><a style=\"color: #ef4030; text-decoration: underline;\" href=\"https:\/\/www.step.lu\" target=\"_blank\" rel=\"noopener\">www.step.lu<\/a><\/span><\/span><\/p>\n<p>Documents utiles :<br \/>\n\u2022 <span style=\"color: #ef4030;\"><a style=\"color: #ef4030;\" href=\"https:\/\/sadudelangedata.blob.core.windows.net\/files\/2021\/09\/6153080b3b6b9-6153080b3b6baY20M09D25-Step_Brochure_FR_web.pdf.pdf\" target=\"_blank\" rel=\"noopener\"><span style=\"text-decoration: underline;\">Guide du recyclage STEP<\/span><\/a><\/span>\u00a0\u2013\u00a0<span style=\"text-decoration: underline;\"><span style=\"color: #ef4030;\"><a style=\"color: #ef4030; text-decoration: underline;\" href=\"https:\/\/sadudelangedata.blob.core.windows.net\/files\/2021\/09\/6153083f87582-6153083f87583Y20M09D25-Step_Brochure_DE_web.pdf.pdf\" target=\"_blank\" rel=\"noopener\">Recyclingleitfaden STEP<\/a><\/span><\/span><br \/>\n\u2022 <span style=\"text-decoration: underline;\"><span style=\"color: #ef4030;\"><a style=\"color: #ef4030; text-decoration: underline;\" href=\"https:\/\/sadudelangedata.blob.core.windows.net\/files\/2021\/09\/615307d0c1787-615307d0c1788Y20M03D04-STEP_Reglement_RC_VF.pdf.pdf\" target=\"_blank\" rel=\"noopener\">R\u00e8glement STEP<\/a><\/span><\/span><\/p>\n<hr \/>\n<h5><span style=\"color: #3e3e3e;\">Informations utiles<\/span><\/h5>\n<p><strong>Liens utiles<\/strong><\/p>\n<ul>\n<li><a href=\"https:\/\/www.dudelange.lu\/index.php\/4522-2\/\"><span style=\"text-decoration: underline;\"><span style=\"color: #ef4030; text-decoration: underline;\">\u00cbmweltberodung \u2013 Conseils<\/span><\/span><\/a><\/li>\n<li><a href=\"https:\/\/sadudelangedata.blob.core.windows.net\/files\/2021\/11\/Chapitre32-Mise-decharge-dechets-inertes.pdf\"><span style=\"text-decoration: underline;\"><span style=\"color: #ef4030; text-decoration: underline;\">Mise en d\u00e9charge de d\u00e9chets inertes<\/span><\/span><\/a><\/li>\n<li><span style=\"text-decoration: underline;\"><span style=\"color: #ef4030;\"><a style=\"color: #ef4030; text-decoration: underline;\" href=\"https:\/\/sadudelangedata.blob.core.windows.net\/files\/2023\/01\/20230103_VDD_CampagneDechets_Depliant_Brochure_HD_WEB_v01.pdf\">Guide des d\u00e9chets<\/a><\/span><\/span><\/li>\n<li><span style=\"text-decoration: underline;\"><span style=\"color: #ef4030;\"><a style=\"color: #ef4030; text-decoration: underline;\" href=\"https:\/\/sadudelangedata.blob.core.windows.net\/files\/2023\/01\/2022.11.11-DECHETS-Nouvelle-fixation-du-chapitre-VIII-Dechets-du-reglement-taxe-general.pdf\">R\u00e8glement taxe des d\u00e9chets<\/a><\/span><\/span><\/li>\n<li><span style=\"text-decoration: underline;\"><span style=\"color: #ef4030;\"><a style=\"color: #ef4030; text-decoration: underline;\" href=\"https:\/\/www.dudelange.lu\/index.php\/services-communaux\/3309-2\/\">Service \u00e9cologique \u2013 Maison verte<\/a><\/span><\/span><\/li>\n<\/ul>\n<p>&nbsp;<\/p>\n<p><strong>Collecte de d\u00e9chets<\/strong><\/p>\n<ul>\n<li>[PDF] <span style=\"text-decoration: underline;\"><span style=\"color: #ef4030; text-decoration: underline;\"><a style=\"color: #ef4030; text-decoration: underline;\" href=\"https:\/\/sadudelangedata.blob.core.windows.net\/files\/2025\/12\/20251113_VDD_Calendrier_2026_v09-DEF.pdf\" target=\"_blank\" rel=\"noopener\">Calendrier des d\u00e9chets 2026<\/a><\/span><\/span><\/li>\n<li>[PDF] <span style=\"text-decoration: underline;\"><span style=\"color: #ef4030; text-decoration: underline;\"><a style=\"color: #ef4030; text-decoration: underline;\" href=\"https:\/\/sadudelangedata.blob.core.windows.net\/files\/2026\/01\/20260120_VDD_Calendrier2026_Changements_HD_Web_v01.pdf\" target=\"_blank\" rel=\"noopener\">Changements 2026 (jours f\u00e9ri\u00e9s)<\/a><\/span><\/span><\/li>\n<li>[PDF] <span style=\"text-decoration: underline;\"><span style=\"color: #ef4030;\"><a style=\"color: #ef4030; text-decoration: underline;\" href=\"https:\/\/sadudelangedata.blob.core.windows.net\/files\/2021\/11\/Dechets-et-rats.pdf\" target=\"_blank\" rel=\"noopener\">D\u00e9chets et rats<\/a><\/span><\/span><\/li>\n<li>[PDF\u200b] <a href=\"https:\/\/sadudelangedata.blob.core.windows.net\/files\/2021\/09\/6153067119e86-6153067119e88vdd_antilittering_depliant.pdf.pdf\" target=\"_blank\" rel=\"noopener\"><span style=\"text-decoration: underline;\"><span style=\"color: #ef4030; text-decoration: underline;\">Campagne Anti-Littering<\/span><\/span><\/a><\/li>\n<\/ul>\n<p>&nbsp;<\/p>\n<p><strong>Guide des d\u00e9chets<\/strong><\/p>\n<p><span id=\"DeltaPlaceHolderMain\"><img decoding=\"async\" class=\" lazyloaded\" src=\"https:\/\/cdn-icons-png.flaticon.com\/512\/329\/329980.png\" width=\"23\" height=\"23\" data-orig-src=\"https:\/\/cdn-icons-png.flaticon.com\/512\/329\/329980.png\" \/> <span style=\"text-decoration: underline;\"><span style=\"color: #ef4030; text-decoration: underline;\"><a style=\"color: #ef4030; text-decoration: underline;\" href=\"https:\/\/sadudelangedata.blob.core.windows.net\/files\/2023\/01\/20230103_VDD_CampagneDechets_Depliant_Brochure_HD_WEB_v01.pdf\" target=\"_blank\" rel=\"noopener\">Guide des d\u00e9chets <\/a><a style=\"color: #ef4030; text-decoration: underline;\" href=\"https:\/\/sadudelangedata.blob.core.windows.net\/files\/2023\/01\/20230103_VDD_CampagneDechets_Depliant_Brochure_HD_WEB_v01.pdf\" target=\"_blank\" rel=\"noopener\">(<\/a><a style=\"color: #ef4030; text-decoration: underline;\" href=\"https:\/\/sadudelangedata.blob.core.windows.net\/files\/2023\/01\/20230103_VDD_CampagneDechets_Depliant_Brochure_HD_WEB_v01.pdf\" target=\"_blank\" rel=\"noopener\">R\u00e8glement communal relatif \u00e0 la gestion des d\u00e9chets<\/a><a style=\"color: #ef4030; text-decoration: underline;\" href=\"https:\/\/sadudelangedata.blob.core.windows.net\/files\/2023\/01\/20230103_VDD_CampagneDechets_Depliant_Brochure_HD_WEB_v01.pdf\" target=\"_blank\" rel=\"noopener\">)<\/a><\/span><\/span><\/span><\/p>\n<p><span id=\"DeltaPlaceHolderMain\"><img decoding=\"async\" class=\" lazyloaded\" src=\"https:\/\/cdn-icons-png.flaticon.com\/512\/329\/329985.png\" alt=\"Germany free icon\" width=\"23\" height=\"23\" data-orig-src=\"https:\/\/cdn-icons-png.flaticon.com\/512\/329\/329985.png\" \/> <\/span><span id=\"DeltaPlaceHolderMain\"><span style=\"text-decoration: underline;\"><span style=\"color: #ef4030; text-decoration: underline;\"><a style=\"color: #ef4030; text-decoration: underline;\" href=\"https:\/\/sadudelangedata.blob.core.windows.net\/files\/2023\/01\/20230103_VDD_CampagneDechets_Depliant_Brochure_HD_WEB_v01.pdf\" target=\"_blank\" rel=\"noopener\">Abfallratgeber <\/a><a style=\"color: #ef4030; text-decoration: underline;\" href=\"https:\/\/sadudelangedata.blob.core.windows.net\/files\/2023\/01\/20230103_VDD_CampagneDechets_Depliant_Brochure_HD_WEB_v01.pdf\" target=\"_blank\" rel=\"noopener\">(Kommunale Verordnung \u00fcber die Abfallwirtschaft)<\/a><\/span><\/span><\/span><\/p>\n<p><img decoding=\"async\" class=\" lazyloaded\" src=\"https:\/\/cdn-icons-png.flaticon.com\/512\/330\/330146.png\" alt=\"United kingdom free icon\" width=\"23\" height=\"23\" data-orig-src=\"https:\/\/cdn-icons-png.flaticon.com\/512\/330\/330146.png\" \/> <span style=\"text-decoration: underline;\"><span style=\"color: #ef4030;\"><a style=\"color: #ef4030; text-decoration: underline;\" href=\"https:\/\/sadudelangedata.blob.core.windows.net\/files\/2023\/02\/Trad_EN_Dechets-MA.docx\">Waste guidebook (Communal regulation on waste management)<\/a><\/span><\/span><\/p>\n<p><img decoding=\"async\" class=\" lazyloaded\" src=\"https:\/\/cdn-icons-png.flaticon.com\/512\/330\/330079.png\" width=\"23\" height=\"23\" data-orig-src=\"https:\/\/cdn-icons-png.flaticon.com\/512\/330\/330079.png\" \/> <span style=\"text-decoration: underline;\"><span style=\"color: #ef4030;\"><a style=\"color: #ef4030; text-decoration: underline;\" href=\"https:\/\/sadudelangedata.blob.core.windows.net\/files\/2023\/02\/Regulamento-municipal-relativo-a-gestao-dos-residuos.pdf\">Guia dos res\u00edduos (Regulamento municipal relativo \u00e0 gest\u00e3o dos res\u00edduos)<\/a><\/span><\/span><\/p>\n<p>&nbsp;<\/p>\n<p><strong>Quels d\u00e9chets peut-on jeter dans les diff\u00e9rentes poubelles?<\/strong><\/p>\n<ul>\n<li><span style=\"color: #ef4030;\"><a style=\"color: #ef4030; text-decoration: underline;\" href=\"https:\/\/sadudelangedata.blob.core.windows.net\/files\/2023\/08\/VDD_CampagneDechets_Fiches_A4_De\u0301chets-encombrants-_-Ferraille-\u2013-Sperrmu\u0308ll-_-Altmetall.pdf\" target=\"_blank\" rel=\"noopener\">De\u0301chets encombrants-Ferraille \u2013 Sperrmu\u0308ll-Altmetall<\/a><\/span><\/li>\n<li><span style=\"color: #ef4030;\"><a style=\"color: #ef4030; text-decoration: underline;\" href=\"https:\/\/sadudelangedata.blob.core.windows.net\/files\/2023\/08\/VDD_CampagneDechets_Fiches_A4_DE\u0301CHETS-ME\u0301NAGERS-\u2013-HAUSABFA\u0308LLE.pdf\" target=\"_blank\" rel=\"noopener\">D\u00e9chets m\u00e9nagers \u2013 Hausabf\u00e4lle<\/a><\/span><\/li>\n<li><span style=\"color: #ef4030;\"><a style=\"color: #ef4030; text-decoration: underline;\" href=\"https:\/\/sadudelangedata.blob.core.windows.net\/files\/2023\/08\/VDD_CampagneDechets_Fiches_A4_DE\u0301CHETS-BIOLOGIQUES-\u2013-BIOABFA\u0308LLE.pdf\" target=\"_blank\" rel=\"noopener\">D\u00e9chets biologiques \u2013 Bioabf\u00e4lle<\/a><\/span><\/li>\n<li><span style=\"color: #ef4030;\"><a style=\"color: #ef4030; text-decoration: underline;\" href=\"https:\/\/sadudelangedata.blob.core.windows.net\/files\/2023\/08\/VDD_CampagneDechets_Fiches_A4_PAPIER-_-CARTON-\u2013-PAPIER-_-KARTON.pdf\" target=\"_blank\" rel=\"noopener\">Papier-Carton \u2013 Papier-Karton<\/a><\/span><\/li>\n<li><span style=\"color: #ef4030;\"><a style=\"color: #ef4030; text-decoration: underline;\" href=\"https:\/\/sadudelangedata.blob.core.windows.net\/files\/2023\/08\/VDD_CampagneDechets_Fiches_A4_VERRE-\u2013-GLAS.pdf\" target=\"_blank\" rel=\"noopener\">Verre \u2013 Glas<\/a><\/span><\/li>\n<li><span style=\"color: #ef4030;\"><a style=\"color: #ef4030; text-decoration: underline;\" href=\"https:\/\/sadudelangedata.blob.core.windows.net\/files\/2023\/08\/VDD_CampagneDechets_Fiches_A4_VALORLUX.pdf\" target=\"_blank\" rel=\"noopener\">Valorlux<\/a><\/span><\/li>\n<\/ul>\n","protected":false},"excerpt":{"rendered":"<p>L\u2019Accueil du Service Gestion et Maintien du Patrimoine est votre [&hellip;]<\/p>\n","protected":false},"author":11,"featured_media":0,"parent":2127,"menu_order":0,"comment_status":"closed","ping_status":"closed","template":"","meta":{"footnotes":""},"class_list":["post-4177","page","type-page","status-publish","hentry"],"publishpress_future_action":{"enabled":false,"date":"2026-09-09 17:39:33","action":"change-status","newStatus":"draft","terms":[],"taxonomy":"","extraData":[]},"publishpress_future_workflow_manual_trigger":{"enabledWorkflows":[]},"_links":{"self":[{"href":"https:\/\/www.dudelange.lu\/index.php\/wp-json\/wp\/v2\/pages\/4177","targetHints":{"allow":["GET"]}}],"collection":[{"href":"https:\/\/www.dudelange.lu\/index.php\/wp-json\/wp\/v2\/pages"}],"about":[{"href":"https:\/\/www.dudelange.lu\/index.php\/wp-json\/wp\/v2\/types\/page"}],"author":[{"embeddable":true,"href":"https:\/\/www.dudelange.lu\/index.php\/wp-json\/wp\/v2\/users\/11"}],"replies":[{"embeddable":true,"href":"https:\/\/www.dudelange.lu\/index.php\/wp-json\/wp\/v2\/comments?post=4177"}],"version-history":[{"count":24,"href":"https:\/\/www.dudelange.lu\/index.php\/wp-json\/wp\/v2\/pages\/4177\/revisions"}],"predecessor-version":[{"id":31488,"href":"https:\/\/www.dudelange.lu\/index.php\/wp-json\/wp\/v2\/pages\/4177\/revisions\/31488"}],"up":[{"embeddable":true,"href":"https:\/\/www.dudelange.lu\/index.php\/wp-json\/wp\/v2\/pages\/2127"}],"wp:attachment":[{"href":"https:\/\/www.dudelange.lu\/index.php\/wp-json\/wp\/v2\/media?parent=4177"}],"curies":[{"name":"wp","href":"https:\/\/api.w.org\/{rel}","templated":true}]}}