{"id":4511,"date":"2021-09-28T11:02:59","date_gmt":"2021-09-28T09:02:59","guid":{"rendered":"https:\/\/dudelange.devoteamlab.lu\/?page_id=4511"},"modified":"2025-04-02T14:01:29","modified_gmt":"2025-04-02T12:01:29","slug":"cadastre-solaire","status":"publish","type":"page","link":"https:\/\/www.dudelange.lu\/index.php\/cadastre-solaire\/","title":{"rendered":"Cadastre solaire"},"content":{"rendered":"<p>Il s\u2019agit d\u2019un outil, mis \u00e0 la disposition de tous les citoyens de Dudelange afin d\u2019\u00e9valuer l\u2019opportunit\u00e9 d\u2019utiliser la surface d\u2019un toit d\u2019habitation pour l\u2019installation d\u2019un syst\u00e8me photovolta\u00efque (pour la production d\u2019\u00e9nergie) ou d\u2019\u00e9nergie thermique solaire (pour la production d\u2019eau chaude).<\/p>\n<p>Il suffit pour cela d\u2019introduire l\u2019adresse de l\u2019habitation ou de la situer sur le plan qui appara\u00eet \u00e0 l\u2019\u00e9cran. Un devis plus d\u00e9taill\u00e9 devra ensuite \u00eatre demand\u00e9 \u00e0 un installateur sp\u00e9cialis\u00e9. Le lien internet comprend \u00e9galement un calculateur de rentabilit\u00e9 qui d\u00e9finit virtuellement le temps qu\u2019il faudra \u00e0 une installation photovolta\u00efque pour \u00eatre amortie. Des informations de base sur l\u2019utilisation d\u2019une telle installation pourront \u00eatre fournies par le service \u00e9cologique qui se tient \u00e0 la disposition des habitants.<\/p>\n<p><span style=\"text-decoration: underline;\"><span style=\"color: #ef4030; text-decoration: underline;\"><a style=\"color: #ef4030; text-decoration: underline;\" href=\"https:\/\/obviewsly.de\/dudelange_solar\" target=\"_blank\" rel=\"noopener\">Cadastre solaire : cliquez ici<\/a><\/span><\/span><\/p>\n<p><strong>Service \u00e9cologique<\/strong><br \/>\n25 rue Jean Jaur\u00e8s, L-3490 Dudelange<br \/>\n<span style=\"text-decoration: underline;\"><span id=\"DeltaPlaceHolderMain\" style=\"color: #ef4030; text-decoration: underline;\"><a style=\"color: #ef4030; text-decoration: underline;\" href=\"mailto:ecologie@dudelange.lu\" target=\"_blank\" rel=\"noopener\">Prendre contact<\/a><\/span><\/span><\/p>\n<p>&nbsp;<\/p>\n","protected":false},"excerpt":{"rendered":"<p>Il s\u2019agit d\u2019un outil, mis \u00e0 la disposition de tous [&hellip;]<\/p>\n","protected":false},"author":8,"featured_media":4512,"parent":0,"menu_order":0,"comment_status":"closed","ping_status":"closed","template":"","meta":{"footnotes":""},"class_list":["post-4511","page","type-page","status-publish","has-post-thumbnail","hentry"],"publishpress_future_action":{"enabled":false,"date":"2026-05-08 13:48:31","action":"change-status","newStatus":"draft","terms":[],"taxonomy":"","extraData":[]},"publishpress_future_workflow_manual_trigger":{"enabledWorkflows":[]},"_links":{"self":[{"href":"https:\/\/www.dudelange.lu\/index.php\/wp-json\/wp\/v2\/pages\/4511","targetHints":{"allow":["GET"]}}],"collection":[{"href":"https:\/\/www.dudelange.lu\/index.php\/wp-json\/wp\/v2\/pages"}],"about":[{"href":"https:\/\/www.dudelange.lu\/index.php\/wp-json\/wp\/v2\/types\/page"}],"author":[{"embeddable":true,"href":"https:\/\/www.dudelange.lu\/index.php\/wp-json\/wp\/v2\/users\/8"}],"replies":[{"embeddable":true,"href":"https:\/\/www.dudelange.lu\/index.php\/wp-json\/wp\/v2\/comments?post=4511"}],"version-history":[{"count":10,"href":"https:\/\/www.dudelange.lu\/index.php\/wp-json\/wp\/v2\/pages\/4511\/revisions"}],"predecessor-version":[{"id":27188,"href":"https:\/\/www.dudelange.lu\/index.php\/wp-json\/wp\/v2\/pages\/4511\/revisions\/27188"}],"wp:featuredmedia":[{"embeddable":true,"href":"https:\/\/www.dudelange.lu\/index.php\/wp-json\/wp\/v2\/media\/4512"}],"wp:attachment":[{"href":"https:\/\/www.dudelange.lu\/index.php\/wp-json\/wp\/v2\/media?parent=4511"}],"curies":[{"name":"wp","href":"https:\/\/api.w.org\/{rel}","templated":true}]}}