{"id":4522,"date":"2021-09-28T11:10:55","date_gmt":"2021-09-28T09:10:55","guid":{"rendered":"https:\/\/dudelange.devoteamlab.lu\/?page_id=4522"},"modified":"2025-11-21T10:35:36","modified_gmt":"2025-11-21T09:35:36","slug":"4522-2","status":"publish","type":"page","link":"https:\/\/www.dudelange.lu\/index.php\/4522-2\/","title":{"rendered":"Conseils environnementaux"},"content":{"rendered":"<p><strong>Administration de la gestion d&rsquo;eau<\/strong><\/p>\n<ul style=\"list-style-type: disc;\">\n<li><span style=\"text-decoration: underline;\"><span style=\"color: #ef4030; text-decoration: underline;\"><a style=\"color: #ef4030; text-decoration: underline;\" href=\"https:\/\/sadudelangedata.blob.core.windows.net\/files\/2023\/07\/2023-075-flyer-agissons-ensemble-fr-de-en-pt.pdf\" target=\"_blank\" rel=\"noopener\">Agissons ensemble: voici comment \u00e9conomiser l&rsquo;eau\/Handeln wir zusammen: so k\u00f6nnen Sie Wasser sparen<\/a><\/span><\/span><\/li>\n<\/ul>\n<p><strong>Administration de la nature et des for\u00eats<\/strong><\/p>\n<ul>\n<li><span style=\"text-decoration: underline;\"><span style=\"color: #ef4030;\"><a style=\"color: #ef4030; text-decoration: underline;\" href=\"https:\/\/sadudelangedata.blob.core.windows.net\/files\/2021\/09\/61531d417ef14-61531d417ef15ANF-Guide-de-conduite-Minette-web.pdf.pdf\" target=\"_blank\" rel=\"noopener\">Guide de conduite Minette\u200b<\/a><\/span><\/span><br \/>\n\u200b<\/li>\n<\/ul>\n<p><strong>\u00cbmweltberodung L\u00ebtzebuerg a.s.b.l<\/strong><br \/>\nProjet: E klenge Schr\u00ebtt fir mech, e grousse Schr\u00ebtt fir meng \u00cbmwelt<br \/>\n<a href=\"http:\/\/www.klengschrett.lu\" target=\"_blank\" rel=\"noopener\"><span style=\"text-decoration: underline;\"><span style=\"color: #ef4030; text-decoration: underline;\">www.klengschrett.lu<\/span><\/span><\/a><\/p>\n<p>Infographies:<\/p>\n<ul>\n<li><span style=\"text-decoration: underline;\"><span style=\"color: #ef4030; text-decoration: underline;\"><a style=\"color: #ef4030; text-decoration: underline;\" href=\"https:\/\/sadudelangedata.blob.core.windows.net\/files\/2021\/09\/6152fe589f62d-6152fe589f62eEBL_Littering.pdf.pdf\" target=\"_blank\" rel=\"noopener\">Littering<\/a><\/span><\/span><\/li>\n<li><span style=\"text-decoration: underline;\"><span style=\"color: #ef4030; text-decoration: underline;\"><a style=\"color: #ef4030; text-decoration: underline;\" href=\"https:\/\/sadudelangedata.blob.core.windows.net\/files\/2021\/09\/6153068560cc6-6153068560cc7EBL_Muelltrennung.pdf.pdf\" target=\"_blank\" rel=\"noopener\">Tri des d\u00e9chets<\/a><\/span><\/span><\/li>\n<li><span style=\"text-decoration: underline;\"><span style=\"color: #ef4030; text-decoration: underline;\"><a style=\"color: #ef4030; text-decoration: underline;\" href=\"https:\/\/sadudelangedata.blob.core.windows.net\/files\/2021\/09\/6153065e17bae-6153065e17bafEBL_Geschichten.pdf.pdf\" target=\"_blank\" rel=\"noopener\">Les histoires de ma vie<\/a><\/span><\/span><\/li>\n<li><span style=\"text-decoration: underline;\"><span style=\"color: #ef4030; text-decoration: underline;\"><a style=\"color: #ef4030; text-decoration: underline;\" href=\"https:\/\/sadudelangedata.blob.core.windows.net\/files\/2021\/09\/6152ff56983e1-6152ff56983e2EBL_Infographik_Leitungswasser-vs.-Flaschenwasser_Diddeleng.pdf.pdf\" target=\"_blank\" rel=\"noopener\">L&rsquo;eau du robinet vs. l&rsquo;eau en bouteille<\/a><\/span><\/span><\/li>\n<li><span style=\"text-decoration: underline;\"><span style=\"color: #ef4030; text-decoration: underline;\"><a style=\"color: #ef4030; text-decoration: underline;\" href=\"https:\/\/sadudelangedata.blob.core.windows.net\/files\/2021\/09\/6153061deacfb-6153061deacfcEBL_UebstGemeis.pdf.pdf\" target=\"_blank\" rel=\"noopener\">Fruits &amp; l\u00e9gumes<\/a><\/span><\/span><\/li>\n<li><span style=\"text-decoration: underline;\"><span style=\"color: #ef4030; text-decoration: underline;\"><a style=\"color: #ef4030; text-decoration: underline;\" href=\"https:\/\/sadudelangedata.blob.core.windows.net\/files\/2021\/09\/6152ffa4c5106-6152ffa4c51070-EBL-Infographik-_Mein-Beitrag-zum-Klimaschutz_Diddeleng.pdf.pdf\" target=\"_blank\" rel=\"noopener\">Ma contribution \u00e0 la protection du climat<\/a><\/span><\/span><\/li>\n<li><span style=\"text-decoration: underline;\"><span style=\"color: #ef4030; text-decoration: underline;\"><a style=\"color: #ef4030; text-decoration: underline;\" href=\"https:\/\/sadudelangedata.blob.core.windows.net\/files\/2021\/09\/615300041f4a5-615300041f4a6EBL_Geschenk.pdf.pdf\" target=\"_blank\" rel=\"noopener\">Le cadeau id\u00e9al<\/a><\/span><\/span><\/li>\n<li><span style=\"text-decoration: underline;\"><span style=\"color: #ef4030; text-decoration: underline;\"><a style=\"color: #ef4030; text-decoration: underline;\" href=\"https:\/\/sadudelangedata.blob.core.windows.net\/files\/2021\/09\/615306a2e31a8-615306a2e31a9EBL_duerchootmen.pdf.pdf\" target=\"_blank\" rel=\"noopener\">Respirer profond\u00e9ment<\/a><\/span><\/span><\/li>\n<li><span style=\"text-decoration: underline;\"><span style=\"color: #ef4030; text-decoration: underline;\"><a style=\"color: #ef4030; text-decoration: underline;\" href=\"https:\/\/sadudelangedata.blob.core.windows.net\/files\/2021\/09\/615306c9d17b9-615306c9d17baEBL_GreenInternet.pdf.pdf\" target=\"_blank\" rel=\"noopener\">L&rsquo;internet \u00e9cologique<\/a><\/span><\/span><\/li>\n<li><span style=\"text-decoration: underline;\"><span style=\"color: #ef4030; text-decoration: underline;\"><a style=\"color: #ef4030; text-decoration: underline;\" href=\"https:\/\/sadudelangedata.blob.core.windows.net\/files\/2021\/09\/6153179610fad-6153179610faeEBL_Luuchten.pdf.pdf\" target=\"_blank\" rel=\"noopener\">Moins d&rsquo;\u00e9clairage, plus d&rsquo;\u00e9toiles, plus de vie<\/a><\/span><\/span><\/li>\n<li><span style=\"text-decoration: underline;\"><span style=\"color: #ef4030; text-decoration: underline;\"><a style=\"color: #ef4030; text-decoration: underline;\" href=\"https:\/\/sadudelangedata.blob.core.windows.net\/files\/2021\/09\/615306ff96c1b-615306ff96c1c0-EBL-Infographik_Trennen-ohne-Trennungsschmerz-n\u00b02_Diddeleng.pdf.pdf\" target=\"_blank\" rel=\"noopener\">Trier correctement et sans souffrance !<\/a><\/span><\/span><\/li>\n<li><span style=\"text-decoration: underline;\"><span style=\"color: #ef4030; text-decoration: underline;\"><a style=\"color: #ef4030; text-decoration: underline;\" href=\"https:\/\/sadudelangedata.blob.core.windows.net\/files\/2021\/09\/615303f40b7c7-615303f40b7c8EBL_Schutzmasken.pdf.pdf\" target=\"_blank\" rel=\"noopener\">Jamais sans mon masque de protection !<\/a><\/span><\/span><\/li>\n<li><span style=\"text-decoration: underline;\"><span style=\"color: #ef4030; text-decoration: underline;\"><a style=\"color: #ef4030; text-decoration: underline;\" href=\"https:\/\/sadudelangedata.blob.core.windows.net\/files\/2021\/09\/615305dba591d-615305dba591eEBL_MuelltrennungResidenzen.pdf.pdf\" target=\"_blank\" rel=\"noopener\">Le tri des d\u00e9chets, aussi dans les r\u00e9sidences<\/a><\/span><\/span><\/li>\n<li><span style=\"text-decoration: underline;\"><span style=\"color: #ef4030; text-decoration: underline;\"><a style=\"color: #ef4030; text-decoration: underline;\" href=\"https:\/\/sadudelangedata.blob.core.windows.net\/files\/2021\/09\/615305b2287e5-615305b2287e6Kleng-Schrett_Infografik_Plastik_Dudelange.pdf.pdf\" target=\"_blank\" rel=\"noopener\">Moins de plastique &#8211; Manner Plastik<\/a><\/span><\/span><\/li>\n<li><span style=\"text-decoration: underline;\"><span style=\"color: #ef4030; text-decoration: underline;\"><a style=\"color: #ef4030; text-decoration: underline;\" href=\"https:\/\/sadudelangedata.blob.core.windows.net\/files\/2021\/09\/6153038714a9a-6153038714a9bEBL_chauffer.pdf.pdf\" target=\"_blank\" rel=\"noopener\">Chauffer fut\u00e9 &#8211; Richteg h\u00ebtzen<\/a><\/span><\/span><\/li>\n<li><span style=\"text-decoration: underline;\"><span style=\"color: #ef4030; text-decoration: underline;\"><a style=\"color: #ef4030; text-decoration: underline;\" href=\"https:\/\/sadudelangedata.blob.core.windows.net\/files\/2021\/10\/6167feca41f60-6167feca41f61Classeur1.pdf.pdf\" target=\"_blank\" rel=\"noopener\">Points lumineux pour l\u2019environnement \u2013 Lichtblicke f\u00fcr unsere Umwelt<\/a><\/span><\/span><\/li>\n<li><span style=\"text-decoration: underline;\"><span style=\"color: #ef4030;\"><a style=\"color: #ef4030; text-decoration: underline;\" href=\"https:\/\/sadudelangedata.blob.core.windows.net\/files\/2021\/09\/615304b173035-615304b173036EBL_OuniPestiziden.pdf.pdf\" target=\"_blank\" rel=\"noopener\">Sans pesticides &#8211; Ouni Pestiziden<\/a><\/span><\/span><\/li>\n<li><span style=\"text-decoration: underline;\"><span style=\"color: #ef4030;\"><a style=\"color: #ef4030; text-decoration: underline;\" href=\"https:\/\/sadudelangedata.blob.core.windows.net\/files\/2021\/09\/615304dcd8d31-615304dcd8d32EBL_animaux.pdf.pdf\" target=\"_blank\" rel=\"noopener\">Prot\u00e9ger les animaux sauvages et exotiques &#8211; W\u00ebll an exotesch D\u00e9ieren sch\u00fctzen<\/a><\/span><\/span><\/li>\n<li><span style=\"text-decoration: underline;\"><span style=\"color: #ef4030; text-decoration: underline;\"><a style=\"color: #ef4030; text-decoration: underline;\" href=\"https:\/\/sadudelangedata.blob.core.windows.net\/files\/2021\/10\/6168019c2e7d5-6168019c2e7d6Classeur1.pdf.pdf\" target=\"_blank\" rel=\"noopener\">Pigeons &#8211; Dauwen\u200b\u200b<\/a><\/span><\/span><\/li>\n<li><span style=\"text-decoration: underline;\"><span style=\"color: #ef4030; text-decoration: underline;\"><a style=\"color: #ef4030; text-decoration: underline;\" href=\"https:\/\/sadudelangedata.blob.core.windows.net\/files\/2021\/09\/61531c14448f0-61531c14448f1EBL_alimentation_durable_Infografik.pdf.pdf\" target=\"_blank\" rel=\"noopener\">Alimentation durable &#8211; Nohalteg Ern\u00e4rung\u200b<\/a><\/span><\/span><\/li>\n<li><span style=\"text-decoration: underline;\"><span style=\"color: #ef4030; text-decoration: underline;\"><a style=\"color: #ef4030; text-decoration: underline;\" href=\"https:\/\/sadudelangedata.blob.core.windows.net\/files\/2021\/09\/61531c4b07e52-61531c4b07e53EBL_mobilite_active_.pdf.pdf\" target=\"_blank\" rel=\"noopener\">Mobilit\u00e9 active &#8211; Aktiv Mobilit\u00e9it\u200b<\/a><\/span><\/span><\/li>\n<li><span style=\"text-decoration: underline;\"><span style=\"color: #ef4030;\"><a style=\"color: #ef4030; text-decoration: underline;\" href=\"https:\/\/sadudelangedata.blob.core.windows.net\/files\/2021\/10\/6167fcfbc3e82-6167fcfbc3e83EBL-Infografik-2021-09-Zigarettestemp_Dudelange.pdf.pdf\" target=\"_blank\" rel=\"noopener\">M\u00e9gots &#8211; Zigarettenkippen<\/a><\/span><\/span><\/li>\n<li><span style=\"text-decoration: underline;\"><span style=\"color: #ef4030;\"><a style=\"color: #ef4030; text-decoration: underline;\" href=\"https:\/\/sadudelangedata.blob.core.windows.net\/files\/2021\/12\/EBL-Infografik_De-perfekte-Kaddo-1.pdf\" target=\"_blank\" rel=\"noopener\">Le cadeau parfait pour No\u00ebl<\/a><\/span><\/span><\/li>\n<li><span style=\"text-decoration: underline;\"><span style=\"color: #ef4030; text-decoration: underline;\"><a style=\"color: #ef4030; text-decoration: underline;\" href=\"https:\/\/sadudelangedata.blob.core.windows.net\/files\/2022\/07\/Energie-spueren_Infografiken_Dudelange.pdf\" target=\"_blank\" rel=\"noopener\">Economiser l&rsquo;\u00e9nergie &#8211; Energie spueren<\/a><\/span><\/span><\/li>\n<li><span style=\"text-decoration: underline;\"><span style=\"color: #ef4030;\"><a style=\"color: #ef4030; text-decoration: underline;\" href=\"https:\/\/sadudelangedata.blob.core.windows.net\/files\/2022\/11\/Eist-Klima_Infografik.pdf\" target=\"_blank\" rel=\"noopener\">Notre climat &#8211; Eist Klima<\/a><\/span><\/span><\/li>\n<li><span style=\"text-decoration: underline;\"><span style=\"color: #ef4030; text-decoration: underline;\"><a style=\"color: #ef4030; text-decoration: underline;\" href=\"https:\/\/sadudelangedata.blob.core.windows.net\/files\/2022\/12\/EBL-Infografik_Chreschtdagsbeliichtung_Dudelange.pdf\" target=\"_blank\" rel=\"noopener\">\u00c9conomiser de l&rsquo;\u00e9nergie avec mes illuminations de No\u00ebl &#8211; Energiesparen bei der Weihnachtsbeleuchtung<\/a><\/span><\/span><\/li>\n<li><span style=\"text-decoration: underline;\"><span style=\"color: #ef4030; text-decoration: underline;\"><a style=\"color: #ef4030; text-decoration: underline;\" href=\"https:\/\/sadudelangedata.blob.core.windows.net\/files\/2023\/02\/Null-Offall_Infografik.pdf\" target=\"_blank\" rel=\"noopener\">Z\u00e9ro d\u00e9chets &#8211; Null Offall<\/a><\/span><\/span><\/li>\n<li><span style=\"text-decoration: underline;\"><span style=\"color: #ef4030; text-decoration: underline;\"><a style=\"color: #ef4030; text-decoration: underline;\" href=\"https:\/\/sadudelangedata.blob.core.windows.net\/files\/2023\/03\/EBL-Infografik_Onbeleift-Deieren_Dudelange.pdf\" target=\"_blank\" rel=\"noopener\">Les mal-aim\u00e9s de la biodiversit\u00e9 &#8211; D\u00e9i Onbel\u00e9ifsten aus der Biodiversit\u00e9it<\/a><\/span><\/span><\/li>\n<li><span style=\"text-decoration: underline;\"><span style=\"color: #ef4030; text-decoration: underline;\"><a style=\"color: #ef4030; text-decoration: underline;\" href=\"https:\/\/sadudelangedata.blob.core.windows.net\/files\/2023\/04\/EBL-Infografik_Emwelt-Apps_Dudelange.pdf\" target=\"_blank\" rel=\"noopener\">Applis-\u00e9cologiques &#8211; \u00cbmwelt-Apps<\/a><\/span><\/span><\/li>\n<li><span style=\"text-decoration: underline;\"><span style=\"color: #ef4030; text-decoration: underline;\"><a style=\"color: #ef4030; text-decoration: underline;\" href=\"https:\/\/sadudelangedata.blob.core.windows.net\/files\/2023\/05\/EBL-Infografik_Insektefrendlech-meien_Dudelange.pdf\" target=\"_blank\" rel=\"noopener\">La tonte et les insectes &#8211; Insektefr\u00ebndlech m\u00e9ien<\/a><\/span><\/span><\/li>\n<li><span style=\"text-decoration: underline;\"><span style=\"color: #ef4030;\"><a style=\"color: #ef4030; text-decoration: underline;\" href=\"https:\/\/sadudelangedata.blob.core.windows.net\/files\/2023\/08\/EBL-Infografik_Onbeleift-Deieren_Raten_Dudelange-1.pdf\" target=\"_blank\" rel=\"noopener\">Les mal-aim\u00e9s de la biodiversit\u00e9: le rat &#8211; D\u00e9i Onbel\u00e9ifsten aus der Biodiversit\u00e9it: d&rsquo;Rat<\/a><\/span><\/span><\/li>\n<li><span style=\"text-decoration: underline;\"><span style=\"color: #ef4030; text-decoration: underline;\"><a style=\"color: #ef4030; text-decoration: underline;\" href=\"https:\/\/sadudelangedata.blob.core.windows.net\/files\/2023\/12\/EBL-Infografik-_Eis-Hausdeieren-Hondskeip_Dudelange.pdf\" target=\"_blank\" rel=\"noopener\">Nos animaux domestiques: et si on parlait de crottes de chien &#8211; Eis Hausd\u00e9ieren: komm mir schw\u00e4tzen iwwer Hondsk\u00e9ip<\/a><\/span><\/span><\/li>\n<li><span style=\"text-decoration: underline;\"><span style=\"color: #ef4030; text-decoration: underline;\"><a style=\"color: #ef4030; text-decoration: underline;\" href=\"https:\/\/sadudelangedata.blob.core.windows.net\/files\/2024\/04\/EBL-Infografik_Liewensqualiteit-am-naturnoe-Gaart_Dudelange.pdf\" target=\"_blank\" rel=\"noopener\">Qualit\u00e9 de vie dans le jardin naturel &#8211; Liewensqualit\u00e9it am naturnoe Gaart<\/a><\/span><\/span><\/li>\n<li><span style=\"text-decoration: underline;\"><span style=\"color: #ef4030; text-decoration: underline;\"><a style=\"color: #ef4030; text-decoration: underline;\" href=\"https:\/\/sadudelangedata.blob.core.windows.net\/files\/2024\/04\/662b6a67c5e28-662b6a67c5e29Mei-Bleien-mei-Liewen_Dudelange.pdf.pdf\" target=\"_blank\" rel=\"noopener\">Les abeilles et autres pollinisateurs sont essentiels \u00e0 l&rsquo;environnement et aux humains &#8211; Beien an aner Best\u00ebbser si liewensnoutwendeg fir d&rsquo;\u00cbmwelt a fir d&rsquo;M\u00ebnschen<\/a><\/span><\/span><\/li>\n<li><span style=\"text-decoration: underline;\"><span style=\"color: #ef4030;\"><a style=\"color: #ef4030; text-decoration: underline;\" href=\"https:\/\/sadudelangedata.blob.core.windows.net\/files\/2024\/06\/EBL-Kompost_Dudelange.pdf\" target=\"_blank\" rel=\"noopener\">Mission: mon compost dans le jardin \/ Mission: Mein eigener Kompost im Garten<\/a><\/span><\/span><\/li>\n<li><span style=\"text-decoration: underline;\"><span style=\"color: #ef4030; text-decoration: underline;\"><a style=\"color: #ef4030; text-decoration: underline;\" href=\"https:\/\/sadudelangedata.blob.core.windows.net\/files\/2024\/07\/EBL-Infografik_Reewaasser_Dudelange.pdf\" target=\"_blank\" rel=\"noopener\">L&rsquo;eau de pluie, notre alli\u00e9e \/ Regenwasser clever nutzen<\/a><\/span><\/span><\/li>\n<li><span style=\"text-decoration: underline;\"><span style=\"color: #ef4030; text-decoration: underline;\"><a style=\"color: #ef4030; text-decoration: underline;\" href=\"https:\/\/sadudelangedata.blob.core.windows.net\/files\/2024\/10\/Waasser-schatzen_Infografik.pdf\" target=\"_blank\" rel=\"noopener\">Valoriser l&rsquo;eau \/ Waasser sch\u00e4tzen<\/a><\/span><\/span><\/li>\n<li><span style=\"text-decoration: underline;\"><span style=\"color: #ef4030; text-decoration: underline;\"><a style=\"color: #ef4030; text-decoration: underline;\" href=\"https:\/\/sadudelangedata.blob.core.windows.net\/files\/2025\/01\/EBL-Infografik_Freedefeier_Dudelange.pdf\" target=\"_blank\" rel=\"noopener\">Le vrai co\u00fbt des feux d&rsquo;artifice \/ Der wahre Preis des Feuerwerks \/ The true price of fireworks<\/a><\/span><\/span><\/li>\n<li><span style=\"text-decoration: underline;\"><span style=\"color: #ef4030; text-decoration: underline;\"><a style=\"color: #ef4030; text-decoration: underline;\" href=\"https:\/\/sadudelangedata.blob.core.windows.net\/files\/2025\/10\/De-Waert-vun-engem-Bam_Dudelange.pdf\" target=\"_blank\" rel=\"noopener\">La valeur d&rsquo;un arbre \/ De W\u00e4ert vun engem Bam \/ The value of a tree<\/a><\/span><\/span><\/li>\n<\/ul>\n<p>&nbsp;<\/p>\n<p><strong>Klima-Agence<\/strong><br \/>\n<span style=\"text-decoration: underline;\"><span style=\"color: #ef4030; text-decoration: underline;\"><a style=\"color: #ef4030; text-decoration: underline;\" href=\"https:\/\/www.klima-agence.lu\/fr\" target=\"_blank\" rel=\"noopener\">www.klima-agence.lu\u00a0<\/a><\/span><\/span><\/p>\n<p><strong>\u21d2 Articles Klima-Agence:<\/strong><\/p>\n<ul>\n<li>Et si votre projet d\u2019habitat ou de mobilit\u00e9 prenait vie gr\u00e2ce \u00e0 Klima-Agence ? \/ Was w\u00e4re, wenn Ihr Wohn- oder Mobilit\u00e4tsprojekt dank Klima-Agence Wirklichkeit werden w\u00fcrde? <strong>[PDF]\u00a0 <span style=\"text-decoration: underline;\"><span style=\"color: #ef4030; text-decoration: underline;\"><a style=\"color: #ef4030; text-decoration: underline;\" href=\"https:\/\/sadudelangedata.blob.core.windows.net\/files\/2022\/07\/2022064756_klima-agence_infopoint-article-Klima-Agence-mye_Diddeleng.pdf\" target=\"_blank\" rel=\"noopener\">Lien article<\/a><\/span><\/span><\/strong><\/li>\n<li>Connaissez-vous les aides Klimabonus dont vous pouvez b\u00e9n\u00e9ficier pour vos projets durables ? \/ Wussten Sie schon, dass Sie f\u00fcr Ihre nachhaltigen Projekte Klimabonus-F\u00f6rderungen in Anspruch nehmen k\u00f6nnen? <strong>[PDF]<\/strong>\u00a0 <strong><span style=\"text-decoration: underline;\"><span style=\"color: #ef4030; text-decoration: underline;\"><a style=\"color: #ef4030; text-decoration: underline;\" href=\"https:\/\/sadudelangedata.blob.core.windows.net\/files\/2022\/07\/klima-agence_article-Infopoint-Klimabonus_Diddeleng.pdf\" target=\"_blank\" rel=\"noopener\">Lien article<\/a><\/span><\/span><\/strong><\/li>\n<li>Et si vous pouviez produire de l\u2019\u00e9nergie \u2026 \u00e0 partir du soleil et sur votre balcon ? \/Wie w\u00e4re es, wenn Sie Energie erzeugen k\u00f6nnten &#8230; mit der Sonne und auf Ihrem Balkon? <strong>[PDF]<\/strong> <strong><span style=\"text-decoration: underline;\"><span style=\"color: #4e0000; text-decoration: underline;\"><a style=\"color: #4e0000; text-decoration: underline;\" href=\"https:\/\/sadudelangedata.blob.core.windows.net\/files\/2023\/07\/1-Balkonkraftwerk-Text.pdf\" target=\"_blank\" rel=\"noopener\"><span style=\"color: #ef4030; text-decoration: underline;\">Lien article<\/span><\/a><\/span><\/span><\/strong><\/li>\n<li>Et si vous pouviez \u00e9conomiser de l\u2019argent et de l\u2019\u00e9nergie \u2026 gr\u00e2ce \u00e0 la r\u00e9novation \u00e9nerg\u00e9tique de votre domicile ? \/ Wie w\u00e4re es, wenn Sie Geld und Energie sparen k\u00f6nnten &#8230; durch eine energetische Renovierung Ihres Hauses? <strong>[PDF] <span style=\"text-decoration: underline;\"><span style=\"color: #ef4030; text-decoration: underline;\"><a style=\"color: #ef4030; text-decoration: underline;\" href=\"https:\/\/sadudelangedata.blob.core.windows.net\/files\/2023\/10\/article-Renovation_Diddeleng.pdf\" target=\"_blank\" rel=\"noopener\">Lien article\u00a0<\/a><\/span><\/span><\/strong><\/li>\n<li>Et si vous utilisiez votre propre \u00e9nergie \u2026 pour renforcer votre autonomie \u00e9nerg\u00e9tique et contribuer \u00e0 la protection du climat. \/ Wie w\u00e4re es, wenn Sie Ihren eigenen Strom nutzen &#8230; um Ihre Energieautonomie zu erh\u00f6hen und zum Klimaschutz beizutragen. <strong>[PDF] <span style=\"text-decoration: underline;\"><span style=\"color: #ef4030; text-decoration: underline;\"><a style=\"color: #ef4030; text-decoration: underline;\" href=\"https:\/\/sadudelangedata.blob.core.windows.net\/files\/2024\/07\/1-Klima-Agence_article-autoconsommation.pdf\" target=\"_blank\" rel=\"noopener\">Lien article<\/a><\/span><\/span><\/strong><\/li>\n<li>Et si vous receviez une aide \u00e9tatique Klimabonus pour passer \u00e0 l\u2019\u00e9lectrique ? \/ Wie w\u00e4re es, wenn Sie eine staatliche Klimabonus-F\u00f6rderung f\u00fcr den Umstieg auf Elektromobilit\u00e4t erhalten? <strong>[PDF] <span style=\"text-decoration: underline;\"><span style=\"color: #ef4030; text-decoration: underline;\"><a style=\"color: #ef4030; text-decoration: underline;\" href=\"https:\/\/sadudelangedata.blob.core.windows.net\/files\/2024\/09\/article-mobilite_-Dudelange.pdf\" target=\"_blank\" rel=\"noopener\">Lien article<\/a><\/span><\/span><\/strong><\/li>\n<li>Simulez les montants des aides pour vos projets d&rsquo;habitat et de mobilit\u00e9 durables \/ Sumulieren Sie die Beihilfen f\u00fcr Ihre Projekte f\u00fcr nachhaltiges Wohnen und Mobilit\u00e4t. <strong>[PDF] <a href=\"https:\/\/sadudelangedata.blob.core.windows.net\/files\/2024\/10\/2024085272_Klima-Agence_infotipp-simulateurs.pdf\" target=\"_blank\" rel=\"noopener\"><span style=\"text-decoration: underline; color: #ef4030;\">Lien article\u00a0<\/span><\/a><\/strong><\/li>\n<li>Et si vous r\u00e9duisiez vos co\u00fbts d\u2019\u00e9lectricit\u00e9 en adoptant quelques gestes simples ?\u00a0 \/ Wie w\u00e4re es, wenn Sie Ihre Stromkosten durch ein paar einfache Verhaltensweisen senken w\u00fcrden? <strong>[PDF] <span style=\"text-decoration: underline;\"><span style=\"color: #ef4030; text-decoration: underline;\"><a style=\"color: #ef4030; text-decoration: underline;\" href=\"https:\/\/sadudelangedata.blob.core.windows.net\/files\/2025\/03\/article-Stroumtarif_Dudelange.pdf\" target=\"_blank\" rel=\"noopener\">Lien article<\/a><\/span><\/span><\/strong><\/li>\n<li>Trouvez la solution de charge pour votre r\u00e9sidence gr\u00e2ce au comparateur de bornes et de syst\u00e8mes de gestion \/ Finden Sie mit dem Vergleichstool f\u00fcr Ladestationen und Managementsysteme die passende Ladel\u00f6sung f\u00fcr Ihr Wohngeb\u00e4ude\u00a0<strong>[PDF]<\/strong> <span style=\"text-decoration: underline;\"><strong><span style=\"color: #ef4030; text-decoration: underline;\"><a style=\"color: #ef4030; text-decoration: underline;\" href=\"https:\/\/sadudelangedata.blob.core.windows.net\/files\/2025\/09\/article-comparateur-de-bornes_Diddeleng.pdf\" target=\"_blank\" rel=\"noopener\">Lien article<\/a><\/span><\/strong><\/span><\/li>\n<li>Et si, avec l\u2019installation d\u2019une pompe \u00e0 chaleur, vous pouviez allier confort et \u00e9nergie durable ? \/ Wie w\u00e4re es, wenn Sie mit der Installation einer W\u00e4rmepumpe Komfort und erneuerbare Energien vereinen? <strong>[PDF]<\/strong> <span style=\"text-decoration: underline;\"><span style=\"color: #ef4030;\"><strong><a style=\"color: #ef4030; text-decoration: underline;\" href=\"https:\/\/sadudelangedata.blob.core.windows.net\/files\/2025\/11\/article-Waermepumpe_Diddeleng.pdf\" target=\"_blank\" rel=\"noopener\">Lien article<\/a><\/strong><\/span><\/span><\/li>\n<\/ul>\n<p><strong>\u21d2 Conseils Klima-Agence<\/strong><\/p>\n<ul>\n<li><span style=\"text-decoration: underline;\"><span style=\"color: #ef4030; text-decoration: underline;\"><a style=\"color: #ef4030; text-decoration: underline;\" href=\"https:\/\/sadudelangedata.blob.core.windows.net\/files\/2022\/07\/2022064757_klima-agence_infotipp-Klimabonus_annA5_r3.pdf\" target=\"_blank\" rel=\"noopener\">Klimabonus<\/a><\/span><\/span><\/li>\n<li><span style=\"text-decoration: underline;\"><span style=\"color: #ef4030; text-decoration: underline;\"><a style=\"color: #ef4030; text-decoration: underline;\" href=\"https:\/\/sadudelangedata.blob.core.windows.net\/files\/2021\/09\/61531a621b665-61531a621b666myenergy-conseil-beratung.pdf.pdf\" target=\"_blank\" rel=\"noopener\">Conseil \/ Beratung myenergy<\/a><\/span><\/span><\/li>\n<li><span style=\"text-decoration: underline;\"><span style=\"color: #ef4030; text-decoration: underline;\"><a style=\"color: #ef4030; text-decoration: underline;\" href=\"https:\/\/sadudelangedata.blob.core.windows.net\/files\/2021\/09\/61531a509a201-61531a509a202Ventilation.pdf.pdf\" target=\"_blank\" rel=\"noopener\">Ventilation<\/a><\/span><\/span><\/li>\n<li><span style=\"text-decoration: underline;\"><span style=\"color: #ef4030; text-decoration: underline;\"><a style=\"color: #ef4030; text-decoration: underline;\" href=\"https:\/\/sadudelangedata.blob.core.windows.net\/files\/2021\/09\/61531a3a4b525-61531a3a4b526Systeme-de-ventilation-de-confort-Komfortluftungsanlage.pdf.pdf\" target=\"_blank\" rel=\"noopener\">Syst\u00e8me de ventilation de confort &#8211; Komfortl\u00fcftungsanlage<\/a><\/span><\/span><\/li>\n<li><span style=\"text-decoration: underline;\"><span style=\"color: #ef4030; text-decoration: underline;\"><a style=\"color: #ef4030; text-decoration: underline;\" href=\"https:\/\/sadudelangedata.blob.core.windows.net\/files\/2021\/09\/61531a23aae48-61531a23aae49Refrigerateur-Kuhlschrank.pdf.pdf\" target=\"_blank\" rel=\"noopener\">R\u00e9frig\u00e9rateur &#8211; K\u00fchlschrank<\/a><\/span><\/span><\/li>\n<li><span style=\"text-decoration: underline;\"><span style=\"color: #ef4030; text-decoration: underline;\"><a style=\"color: #ef4030; text-decoration: underline;\" href=\"https:\/\/sadudelangedata.blob.core.windows.net\/files\/2021\/09\/61531a11e5e1f-61531a11e5e20PRIMe-House-nouv.-regime-neues-Forderprogramm.pdf.pdf\" target=\"_blank\" rel=\"noopener\">PRIMe-House nouv. r\u00e9gime &#8211; neues F\u00f6rderprogramm<\/a><\/span><\/span><\/li>\n<li><span style=\"text-decoration: underline;\"><span style=\"color: #ef4030; text-decoration: underline;\"><a style=\"color: #ef4030; text-decoration: underline;\" href=\"https:\/\/sadudelangedata.blob.core.windows.net\/files\/2021\/09\/615319fd192a7-615319fd192a8Pret-climatique-Klimadarlehen.pdf.pdf\" target=\"_blank\" rel=\"noopener\">Pr\u00eat climatique &#8211; Klimadarlehen<\/a><\/span><\/span><\/li>\n<li><span style=\"text-decoration: underline;\"><span style=\"color: #ef4030; text-decoration: underline;\"><a style=\"color: #ef4030; text-decoration: underline;\" href=\"https:\/\/sadudelangedata.blob.core.windows.net\/files\/2021\/09\/615319e1717e6-615319e1717e7Passeport-energetique-batiments-habitation-Energiepass-Wohngebaude.pdf.pdf\" target=\"_blank\" rel=\"noopener\">Passeport \u00e9nerg\u00e9tique b\u00e2timents d&rsquo;habitation &#8211; Energiepass Wohngeb\u00e4ude<\/a><\/span><\/span><\/li>\n<li><span style=\"text-decoration: underline;\"><span style=\"color: #ef4030; text-decoration: underline;\"><a style=\"color: #ef4030; text-decoration: underline;\" href=\"https:\/\/sadudelangedata.blob.core.windows.net\/files\/2021\/09\/615319b255939-615319b25593aInstallations-photovoltaiques-privees-Photovoltaikanlagen-fur-Privatpersonen.pdf.pdf\" target=\"_blank\" rel=\"noopener\">Installations photovolta\u00efques priv\u00e9es &#8211; Photovoltaikanlagen f\u00fcr Privatpersonen<\/a><\/span><\/span><\/li>\n<li><span style=\"text-decoration: underline;\"><span style=\"color: #ef4030; text-decoration: underline;\"><a style=\"color: #ef4030; text-decoration: underline;\" href=\"https:\/\/sadudelangedata.blob.core.windows.net\/files\/2021\/09\/615319c56ee73-615319c56ee74Installations-photovoltaiques-pour-cooperatives-Photovoltaikanlagen-fur-Kooperativen.pdf.pdf\" target=\"_blank\" rel=\"noopener\">Installations photovolta\u00efques pour coop\u00e9ratives &#8211; Photovoltaikanlagen f\u00fcr Kooperativen<\/a><\/span><\/span><\/li>\n<li><span style=\"text-decoration: underline;\"><span style=\"color: #ef4030; text-decoration: underline;\"><a style=\"color: #ef4030; text-decoration: underline;\" href=\"https:\/\/sadudelangedata.blob.core.windows.net\/files\/2021\/09\/615319843141a-615319843141bEnergie-solaire-Sonnenenergie.pdf.pdf\" target=\"_blank\" rel=\"noopener\">\u00c9nergie solaire &#8211; Sonnenenergie<\/a><\/span><\/span><\/li>\n<li><span style=\"text-decoration: underline;\"><span style=\"color: #ef4030; text-decoration: underline;\"><a style=\"color: #ef4030; text-decoration: underline;\" href=\"https:\/\/sadudelangedata.blob.core.windows.net\/files\/2021\/09\/615319987ff7d-615319987ff7eEnergie-solaire-installation-privee-Solarenergie-Privatanlage.pdf.pdf\" target=\"_blank\" rel=\"noopener\">\u00c9nergie solaire installation priv\u00e9e &#8211; Solarenergie Privatanlage<\/a><\/span><\/span><\/li>\n<li><span style=\"text-decoration: underline;\"><span style=\"color: #ef4030; text-decoration: underline;\"><a style=\"color: #ef4030; text-decoration: underline;\" href=\"https:\/\/sadudelangedata.blob.core.windows.net\/files\/2021\/09\/61531957df893-61531957df894Electromobilite-Elektromobilitat.pdf.pdf\" target=\"_blank\" rel=\"noopener\">\u00c9lectromobilit\u00e9 &#8211; Elektromobilit\u00e4t<\/a><\/span><\/span><\/li>\n<li><span style=\"text-decoration: underline;\"><span style=\"color: #ef4030; text-decoration: underline;\"><a style=\"color: #ef4030; text-decoration: underline;\" href=\"https:\/\/sadudelangedata.blob.core.windows.net\/files\/2021\/09\/6153196c7d1bb-6153196c7d1bcElectromobilite-chargement-Elektroauto-Ladesaule.pdf.pdf\" target=\"_blank\" rel=\"noopener\">\u00c9lectromobilit\u00e9 chargement &#8211; Elektroauto Lades\u00e4ule<\/a><\/span><\/span><\/li>\n<li><span style=\"text-decoration: underline;\"><span style=\"color: #ef4030; text-decoration: underline;\"><a style=\"color: #ef4030; text-decoration: underline;\" href=\"https:\/\/sadudelangedata.blob.core.windows.net\/files\/2021\/09\/61531940e318d-61531940e318eCheck-list-renovation-Checkliste-Renovation.pdf.pdf\" target=\"_blank\" rel=\"noopener\">Check-list r\u00e9novation &#8211; Checkliste Renovation<\/a><\/span><\/span><\/li>\n<li><span style=\"text-decoration: underline;\"><span style=\"color: #ef4030; text-decoration: underline;\"><a style=\"color: #ef4030; text-decoration: underline;\" href=\"https:\/\/sadudelangedata.blob.core.windows.net\/files\/2021\/09\/6153192de5336-6153192de5337Check-list-nouvelle-construction-Checkliste-Neubau.pdf.pdf\" target=\"_blank\" rel=\"noopener\">Check-list nouvelle construction &#8211; Checkliste Neubau<\/a><\/span><\/span><\/li>\n<li><span style=\"text-decoration: underline;\"><span style=\"color: #ef4030; text-decoration: underline;\"><a style=\"color: #ef4030; text-decoration: underline;\" href=\"https:\/\/sadudelangedata.blob.core.windows.net\/files\/2021\/09\/6153191997f51-6153191997f52Chauffer-correctement-Richtig-heizen.pdf.pdf\" target=\"_blank\" rel=\"noopener\">Chauffer correctement &#8211; Richtig heizen<\/a><\/span><\/span><\/li>\n<li><span style=\"text-decoration: underline;\"><span style=\"color: #ef4030; text-decoration: underline;\"><a style=\"color: #ef4030; text-decoration: underline;\" href=\"https:\/\/sadudelangedata.blob.core.windows.net\/files\/2021\/09\/615319052f7a1-615319052f7a2Chauffer-au-bois-Heizen-mit-Holz.pdf.pdf\" target=\"_blank\" rel=\"noopener\">Chauffer au bois &#8211; Heizen mit Holz<\/a><\/span><\/span><\/li>\n<li><span style=\"text-decoration: underline;\"><span style=\"color: #ef4030; text-decoration: underline;\"><a style=\"color: #ef4030; text-decoration: underline;\" href=\"https:\/\/sadudelangedata.blob.core.windows.net\/files\/2021\/09\/615318d8dc79c-615318d8dc79dBien-isoler-Gut-isolieren.pdf.pdf\" target=\"_blank\" rel=\"noopener\">Bien isoler &#8211; Gut isolieren<\/a><\/span><\/span><\/li>\n<li><span style=\"color: #ef4030;\"><a style=\"color: #ef4030;\" href=\"https:\/\/aides.klima-agence.lu\/\" target=\"_blank\" rel=\"noopener\"><span style=\"color: #ef4030;\"><span style=\"text-decoration: underline;\">Simulateur des aides<\/span><\/span><\/a><\/span><\/li>\n<li><span style=\"text-decoration: underline;\"><span style=\"color: #ef4030;\"><a style=\"color: #ef4030; text-decoration: underline;\" href=\"https:\/\/sadudelangedata.blob.core.windows.net\/files\/2021\/11\/myenergy_article_Et-si_chauffage.pdf\" target=\"_blank\" rel=\"noopener\">Co\u00fbts de chauffage<\/a><\/span><\/span><\/li>\n<li><a href=\"https:\/\/sadudelangedata.blob.core.windows.net\/files\/2022\/01\/myenergy_article_Et-si_borne-murale_Dudelange.pdf\" target=\"_blank\" rel=\"noopener\"><span style=\"text-decoration: underline;\"><span style=\"color: #ef4030; text-decoration: underline;\">Borne de charge\/Ladestationen<\/span><\/span><\/a><\/li>\n<li><span style=\"text-decoration: underline;\"><span style=\"color: #ef4030;\"><a style=\"color: #ef4030; text-decoration: underline;\" href=\"https:\/\/sadudelangedata.blob.core.windows.net\/files\/2022\/03\/Infotipp-borne-residence_r2.pdf\" target=\"_blank\" rel=\"noopener\">Chargez votre voiture \u00e9lectrique dans votre r\u00e9sidence\/Laden Sie Ihr Elektroauto in Ihrem Wohngeb\u00e4ude<\/a><\/span><\/span><\/li>\n<li><span style=\"text-decoration: underline;\"><span style=\"color: #ef4030;\"><a style=\"color: #ef4030; text-decoration: underline;\" href=\"https:\/\/sadudelangedata.blob.core.windows.net\/files\/2022\/09\/2022094797_klima-agence_infotipp-Energie-Spueren_annA5_r3.pdf\" target=\"_blank\" rel=\"noopener\">Des conseils pour \u00e9conomiser de l\u2019\u00e9nergie et de l\u2019argent\/Tipps zum Sparen von Energie und Geld<\/a><\/span><\/span><\/li>\n<li><span style=\"text-decoration: underline;\"><span style=\"color: #ef4030; text-decoration: underline;\"><a style=\"color: #ef4030; text-decoration: underline;\" href=\"https:\/\/sadudelangedata.blob.core.windows.net\/files\/2022\/11\/klima-agence_article-Infopoint-consommation_Dudelange.pdf\" target=\"_blank\" rel=\"noopener\">Optimisiez votre consommation d\u2019\u00e9nergie \u2026\u00a0 gr\u00e2ce \u00e0 quelques petits gestes au quotidien\/Optimieren Sie Ihren Energieverbrauch &#8230; mit ein paar Handgriffen im Alltag<\/a><\/span><\/span><\/li>\n<li><span style=\"text-decoration: underline;\"><span style=\"color: #ef4030; text-decoration: underline;\"><a style=\"color: #ef4030; text-decoration: underline;\" href=\"https:\/\/sadudelangedata.blob.core.windows.net\/files\/2023\/03\/article-Waermepompel_Diddeleng-002.pdf\" target=\"_blank\" rel=\"noopener\">La pompe \u00e0 chaleur devient le chauffage de r\u00e9f\u00e9rence pour les nouvelles constructions\/Die W\u00e4rmepumpe wird zur Referenzheizung im Neubau<\/a><\/span><\/span><\/li>\n<li><span style=\"text-decoration: underline;\"><span style=\"color: #ef4030; text-decoration: underline;\"><a style=\"color: #ef4030; text-decoration: underline;\" href=\"https:\/\/sadudelangedata.blob.core.windows.net\/files\/2024\/04\/article-Waermepompel_A4_Diddeleng.pdf\" target=\"_blank\" rel=\"noopener\">Et si la pompe \u00e0 chaleur vous offrait \u2026 une solution efficiente et \u00e9cologique\u00a0 pour chauffer votre logement.\/Wie w\u00e4re es, wenn die W\u00e4rmepumpe Ihnen &#8230; eine effiziente und umweltfreundliche L\u00f6sung\u00a0 f\u00fcr die Beheizung Ihrer Wohnung bieten w\u00fcrde?<\/a><\/span><\/span><\/li>\n<li><span style=\"text-decoration: underline;\"><span style=\"color: #ef4030; text-decoration: underline;\"><a style=\"color: #ef4030; text-decoration: underline;\" href=\"https:\/\/sadudelangedata.blob.core.windows.net\/files\/2024\/12\/article-mobilite_Dudelange.pdf\" target=\"_blank\" rel=\"noopener\">Et si vous receviez une aide \u00e9tatique Klimabonus pour passer \u00e0 l\u2019\u00e9lectrique ? \/ Wie w\u00e4re es, wenn Sie eine staatliche Klimabonus-F\u00f6rderung f\u00fcr den Umstieg auf Elektromobilit\u00e4t erhalten?<\/a><\/span><\/span><\/li>\n<li><span style=\"text-decoration: underline;\"><span style=\"color: #ef4030; text-decoration: underline;\"><a style=\"color: #ef4030; text-decoration: underline;\" href=\"https:\/\/sadudelangedata.blob.core.windows.net\/files\/2025\/07\/article-Partage-Electricite_Diddeleng-002.pdf\" target=\"_blank\" rel=\"noopener\">Partage de l\u2019\u00e9lectricit\u00e9 : une utilisation optimale de ma production d\u2019\u00e9lectricit\u00e9 renouvelable \/ Strom teilen: So nutze ich optimal meine erneuerbare Stromproduktion<\/a><\/span><\/span><\/li>\n<\/ul>\n<p>&nbsp;<\/p>\n<p><strong>Superdrecksk\u00ebscht<br \/>\n<\/strong><a href=\"https:\/\/sdk.lu\/\" target=\"_blank\" rel=\"noopener\"><span style=\"text-decoration: underline;\"><span style=\"color: #ef4030; text-decoration: underline;\">www.sdk.lu<\/span><\/span><\/a><\/p>\n<ul>\n<li><span style=\"text-decoration: underline;\"><span style=\"color: #ef4030;\"><a style=\"color: #ef4030; text-decoration: underline;\" href=\"https:\/\/sadudelangedata.blob.core.windows.net\/files\/2021\/09\/6153188372727-6153188372728SDK-Residences.pdf.pdf\" target=\"_blank\" rel=\"noopener\">Conservation des ressources dans les r\u00e9sidences &#8211; Ressourcen schonen in Residenzen\u200b\u200b\u200b\u200b<\/a><\/span><\/span><\/li>\n<li><span style=\"text-decoration: underline; color: #ef4030;\"><a style=\"color: #ef4030; text-decoration: underline;\" href=\"https:\/\/sadudelangedata.blob.core.windows.net\/files\/2021\/12\/Infografik-Kerzen-V2-2021-12-Dudelange.pdf\" target=\"_blank\" rel=\"noopener\">Recyclage des bougies &#8211; Kerzen-Recycling<\/a><\/span><\/li>\n<li><span style=\"text-decoration: underline;\"><span style=\"color: #ef4030; text-decoration: underline;\"><a style=\"color: #ef4030; text-decoration: underline;\" href=\"https:\/\/sadudelangedata.blob.core.windows.net\/files\/2022\/01\/Infoblat-012022_2-Dudelange.pdf\" target=\"_blank\" rel=\"noopener\">\u00c9liminer en toute s\u00e9curit\u00e9 &#8211; Sicher entsorgen<\/a><\/span><\/span><\/li>\n<li><span style=\"text-decoration: underline;\"><span style=\"color: #ef4030; text-decoration: underline;\"><a style=\"color: #ef4030; text-decoration: underline;\" href=\"https:\/\/sadudelangedata.blob.core.windows.net\/files\/2022\/01\/Infoblat-012022-Dudelange.pdf\" target=\"_blank\" rel=\"noopener\">Clever akafen: Papiers hygi\u00e9niques &#8211; Hygienepapiere<\/a><\/span><\/span><\/li>\n<li><span style=\"color: #ef4030;\"><a style=\"color: #ef4030; text-decoration: underline;\" href=\"https:\/\/sadudelangedata.blob.core.windows.net\/files\/2022\/03\/Infoblat-022022-Dudelange.pdf\" target=\"_blank\" rel=\"noopener\">Une seconde vie pour les vieilles lentilles\/Ein zweites Leben f\u00fcr Altbrillen<\/a><\/span><\/li>\n<li><span style=\"text-decoration: underline;\"><span style=\"color: #ef4030; text-decoration: underline;\"><a style=\"color: #ef4030; text-decoration: underline;\" href=\"https:\/\/sadudelangedata.blob.core.windows.net\/files\/2022\/03\/Infoblat-022022_2-Dudelange.pdf\" target=\"_blank\" rel=\"noopener\">M\u00e9dicaments: comment les recycler correctement\/Medikamente: wie werden sie richtig entsorgt<\/a><\/span><\/span><\/li>\n<li><span style=\"text-decoration: underline;\"><span style=\"color: #ef4030; text-decoration: underline;\"><a style=\"color: #ef4030; text-decoration: underline;\" href=\"https:\/\/sadudelangedata.blob.core.windows.net\/files\/2022\/03\/Infoblat-032022_-Dudelange.pdf\" target=\"_blank\" rel=\"noopener\">Lessives et produits de nettoyage\/Wasch- und Reinigungsmittel<\/a><\/span><\/span><\/li>\n<li><span style=\"text-decoration: underline;\"><span style=\"color: #ef4030;\"><a style=\"color: #ef4030; text-decoration: underline;\" href=\"https:\/\/sadudelangedata.blob.core.windows.net\/files\/2022\/10\/Infoblat-042022_-Dudelange-1.pdf\" target=\"_blank\" rel=\"noopener\">Produit de protection du bois\/Holzschutzmittel<\/a><\/span><\/span><\/li>\n<li><span style=\"text-decoration: underline;\"><span style=\"color: #ef4030;\"><a style=\"color: #ef4030; text-decoration: underline;\" href=\"https:\/\/sadudelangedata.blob.core.windows.net\/files\/2022\/07\/Infoblat-052022_-Dudelange.pdf\" target=\"_blank\" rel=\"noopener\">\u00c9conomie circulaire dans l\u2018agriculture !\/Circular Economy im Landwirtschaftsbetrieb !<\/a><\/span><\/span><\/li>\n<li><span style=\"text-decoration: underline;\"><span style=\"color: #ef4030;\"><a style=\"color: #ef4030; text-decoration: underline;\" href=\"https:\/\/sadudelangedata.blob.core.windows.net\/files\/2022\/07\/Infoblat-072022_-Dudelange.pdf\" target=\"_blank\" rel=\"noopener\">RobinLoop &#8211; L\u2018\u00e9conomie circulaire pratiqu\u00e9e au Luxembourg\/RobinLoop &#8211; Praktizierte Kreislaufwirtschaft in Luxemburg<\/a><\/span><\/span><\/li>\n<li><span style=\"text-decoration: underline;\"><span style=\"color: #ef4030;\"><a style=\"color: #ef4030; text-decoration: underline;\" href=\"https:\/\/sadudelangedata.blob.core.windows.net\/files\/2022\/10\/Infoblat-082022_Dudelange.pdf\" target=\"_blank\" rel=\"noopener\">Cartouches de toner et d&rsquo;encre\/Tonerkartuschen und Tintenpatronen<\/a><\/span><\/span><\/li>\n<li><span style=\"text-decoration: underline;\"><span style=\"color: #ef4030; text-decoration: underline;\"><a style=\"color: #ef4030; text-decoration: underline;\" href=\"https:\/\/sadudelangedata.blob.core.windows.net\/files\/2022\/11\/Infoblat-112022_Dudelange.pdf\" target=\"_blank\" rel=\"noopener\">D\u00e9chets organiques provenant du jardin et de la cuisine\/Organische Abf\u00e4lle aus Garten und K\u00fcche<\/a><\/span><\/span><\/li>\n<li><span style=\"text-decoration: underline;\"><span style=\"color: #ef4030; text-decoration: underline;\"><a style=\"color: #ef4030; text-decoration: underline;\" href=\"https:\/\/sadudelangedata.blob.core.windows.net\/files\/2023\/06\/Infoblat-012023_Dudelange.pdf\" target=\"_blank\" rel=\"noopener\">Cendre de bois &#8211; Le bon traitement\/Holzasche-Der richtige Umgang<\/a><\/span><\/span><\/li>\n<li><span style=\"text-decoration: underline;\"><span style=\"color: #ef4030; text-decoration: underline;\"><a style=\"color: #ef4030; text-decoration: underline;\" href=\"https:\/\/sadudelangedata.blob.core.windows.net\/files\/2023\/06\/Infoblat-022023_Dudelange.pdf\" target=\"_blank\" rel=\"noopener\">R\u00e9sidus de bitume et carton bitum\u00e9 &#8211; \u00c0 quoi faut-il faire attention?\/Bitumenreste und Dachpappe &#8211; Worauf man achten soll?<\/a><\/span><\/span><\/li>\n<li><span style=\"text-decoration: underline;\"><span style=\"color: #ef4030; text-decoration: underline;\"><a style=\"color: #ef4030; text-decoration: underline;\" href=\"https:\/\/sadudelangedata.blob.core.windows.net\/files\/2023\/06\/Infoblat-032023_Dudelange.pdf\" target=\"_blank\" rel=\"noopener\">Bouteilles d\u2019helium &#8211; Ce qu\u2019il faut savoir\/Heliumgasflaschen &#8211; Was Sie wissen Bombes a\u00e9rosols<\/a><\/span><\/span><\/li>\n<li><span style=\"text-decoration: underline;\"><span style=\"color: #ef4030; text-decoration: underline;\"><a style=\"color: #ef4030; text-decoration: underline;\" href=\"https:\/\/sadudelangedata.blob.core.windows.net\/files\/2023\/06\/Infoblat-042023_Dudelange.pdf\" target=\"_blank\" rel=\"noopener\">Bombes a\u00e9rosols: \u00c9liminer en toute s\u00e9curit\u00e9 &#8211; utiliser des alternatives\/Spraydosen: Sicher entsorgen &#8211; Alternativen nutzen<\/a><\/span><\/span><\/li>\n<li><span style=\"text-decoration: underline;\"><span style=\"color: #ef4030; text-decoration: underline;\"><a style=\"color: #ef4030; text-decoration: underline;\" href=\"https:\/\/sadudelangedata.blob.core.windows.net\/files\/2023\/09\/Infoblat-052023_Dudelange.pdf\" target=\"_blank\" rel=\"noopener\">Peintures &amp; laques: travailler propre, pr\u00eater attention \u00e0 la qualit\u00e9, recycler en toute s\u00e9curit\u00e9\/Farben &amp; Lacke: sauber arbeiten, auf Qualit\u00e4t achten, sicher verwerten<\/a><\/span><\/span><\/li>\n<\/ul>\n<p>&nbsp;<\/p>\n<p><strong>Oekotopten<\/strong><br \/>\nOekotopten vous guide dans vos achats, pour le respect de l&rsquo;environnement et une meilleure performance \u00e9nerg\u00e9tique. <a href=\"http:\/\/www.oekotopten.lu\" target=\"_blank\" rel=\"noopener\"><span style=\"text-decoration: underline;\"><span style=\"color: #ef4030; text-decoration: underline;\">www.oekotopten.lu<\/span><\/span><\/a><\/p>\n","protected":false},"excerpt":{"rendered":"<p>Administration de la gestion d&rsquo;eau Agissons ensemble: voici comment \u00e9conomiser [&hellip;]<\/p>\n","protected":false},"author":8,"featured_media":28968,"parent":0,"menu_order":0,"comment_status":"closed","ping_status":"closed","template":"","meta":{"footnotes":""},"class_list":["post-4522","page","type-page","status-publish","has-post-thumbnail","hentry"],"publishpress_future_action":{"enabled":false,"date":"2026-05-09 08:07:48","action":"change-status","newStatus":"draft","terms":[],"taxonomy":"","extraData":[]},"publishpress_future_workflow_manual_trigger":{"enabledWorkflows":[]},"_links":{"self":[{"href":"https:\/\/www.dudelange.lu\/index.php\/wp-json\/wp\/v2\/pages\/4522","targetHints":{"allow":["GET"]}}],"collection":[{"href":"https:\/\/www.dudelange.lu\/index.php\/wp-json\/wp\/v2\/pages"}],"about":[{"href":"https:\/\/www.dudelange.lu\/index.php\/wp-json\/wp\/v2\/types\/page"}],"author":[{"embeddable":true,"href":"https:\/\/www.dudelange.lu\/index.php\/wp-json\/wp\/v2\/users\/8"}],"replies":[{"embeddable":true,"href":"https:\/\/www.dudelange.lu\/index.php\/wp-json\/wp\/v2\/comments?post=4522"}],"version-history":[{"count":102,"href":"https:\/\/www.dudelange.lu\/index.php\/wp-json\/wp\/v2\/pages\/4522\/revisions"}],"predecessor-version":[{"id":29270,"href":"https:\/\/www.dudelange.lu\/index.php\/wp-json\/wp\/v2\/pages\/4522\/revisions\/29270"}],"wp:featuredmedia":[{"embeddable":true,"href":"https:\/\/www.dudelange.lu\/index.php\/wp-json\/wp\/v2\/media\/28968"}],"wp:attachment":[{"href":"https:\/\/www.dudelange.lu\/index.php\/wp-json\/wp\/v2\/media?parent=4522"}],"curies":[{"name":"wp","href":"https:\/\/api.w.org\/{rel}","templated":true}]}}