{"id":4544,"date":"2021-09-28T14:01:05","date_gmt":"2021-09-28T12:01:05","guid":{"rendered":"https:\/\/dudelange.devoteamlab.lu\/?page_id=4544"},"modified":"2026-01-23T13:23:34","modified_gmt":"2026-01-23T12:23:34","slug":"dechets","status":"publish","type":"page","link":"https:\/\/www.dudelange.lu\/index.php\/dechets\/","title":{"rendered":"D\u00e9chets"},"content":{"rendered":"<div class=\"fusion-fullwidth fullwidth-box fusion-builder-row-1 fusion-flex-container nonhundred-percent-fullwidth non-hundred-percent-height-scrolling\" style=\"background-color: rgba(255,255,255,0);background-position: center center;background-repeat: no-repeat;border-width: 0px 0px 0px 0px;border-color:#e2e2e2;border-style:solid;\" ><div class=\"fusion-builder-row fusion-row fusion-flex-align-items-flex-start\" style=\"max-width:1424.8px;margin-left: calc(-4% \/ 2 );margin-right: calc(-4% \/ 2 );\"><div class=\"fusion-layout-column fusion_builder_column fusion-builder-column-0 fusion_builder_column_1_1 1_1 fusion-flex-column\"><div class=\"fusion-column-wrapper fusion-flex-justify-content-flex-start fusion-content-layout-column\" style=\"background-position:left top;background-repeat:no-repeat;-webkit-background-size:cover;-moz-background-size:cover;-o-background-size:cover;background-size:cover;padding: 0px 0px 0px 0px;\"><div class=\"fusion-text fusion-text-1\"><p><strong>Collecte de d\u00e9chets<\/strong><\/p>\n<ul>\n<li>[PDF] <span style=\"text-decoration: underline;\"><span style=\"color: #ef4030; text-decoration: underline;\"><a style=\"color: #ef4030; text-decoration: underline;\" href=\"https:\/\/sadudelangedata.blob.core.windows.net\/files\/2025\/12\/20251113_VDD_Calendrier_2026_v09-DEF.pdf\" target=\"_blank\" rel=\"noopener\">Calendrier des d\u00e9chets 2026<\/a><\/span><\/span><\/li>\n<li>[PDF] <span style=\"text-decoration: underline;\"><span style=\"color: #ef4030; text-decoration: underline;\"><a style=\"color: #ef4030; text-decoration: underline;\" href=\"https:\/\/sadudelangedata.blob.core.windows.net\/files\/2026\/01\/20260120_VDD_Calendrier2026_Changements_HD_Web_v01.pdf\" target=\"_blank\" rel=\"noopener\">Changements 2026 (jours f\u00e9ri\u00e9s)<\/a><\/span><\/span><\/li>\n<li>[PDF] <span style=\"text-decoration: underline;\"><span style=\"color: #ef4030;\"><a style=\"color: #ef4030; text-decoration: underline;\" href=\"https:\/\/sadudelangedata.blob.core.windows.net\/files\/2021\/11\/Dechets-et-rats.pdf\" target=\"_blank\" rel=\"noopener\">D\u00e9chets et rats<\/a><\/span><\/span><\/li>\n<\/ul>\n<p><strong>Guide des d\u00e9chets<\/strong><\/p>\n<p><span id=\"DeltaPlaceHolderMain\"><img decoding=\"async\" class=\" lazyloaded\" src=\"https:\/\/cdn-icons-png.flaticon.com\/512\/329\/329980.png\" width=\"23\" height=\"23\" data-orig-src=\"https:\/\/cdn-icons-png.flaticon.com\/512\/329\/329980.png\" \/> <span style=\"text-decoration: underline;\"><span style=\"color: #ef4030; text-decoration: underline;\"><a style=\"color: #ef4030; text-decoration: underline;\" href=\"https:\/\/sadudelangedata.blob.core.windows.net\/files\/2023\/01\/20230103_VDD_CampagneDechets_Depliant_Brochure_HD_WEB_v01.pdf\" target=\"_blank\" rel=\"noopener\">Guide des d\u00e9chets <\/a><a style=\"color: #ef4030; text-decoration: underline;\" href=\"https:\/\/sadudelangedata.blob.core.windows.net\/files\/2023\/01\/20230103_VDD_CampagneDechets_Depliant_Brochure_HD_WEB_v01.pdf\" target=\"_blank\" rel=\"noopener\">(<\/a><a style=\"color: #ef4030; text-decoration: underline;\" href=\"https:\/\/sadudelangedata.blob.core.windows.net\/files\/2023\/01\/20230103_VDD_CampagneDechets_Depliant_Brochure_HD_WEB_v01.pdf\" target=\"_blank\" rel=\"noopener\">R\u00e8glement communal relatif \u00e0 la gestion des d\u00e9chets<\/a><a style=\"color: #ef4030; text-decoration: underline;\" href=\"https:\/\/sadudelangedata.blob.core.windows.net\/files\/2023\/01\/20230103_VDD_CampagneDechets_Depliant_Brochure_HD_WEB_v01.pdf\" target=\"_blank\" rel=\"noopener\">)<\/a><\/span><\/span><\/span><\/p>\n<p><span id=\"DeltaPlaceHolderMain\"><img decoding=\"async\" class=\" lazyloaded\" src=\"https:\/\/cdn-icons-png.flaticon.com\/512\/329\/329985.png\" alt=\"Germany free icon\" width=\"23\" height=\"23\" data-orig-src=\"https:\/\/cdn-icons-png.flaticon.com\/512\/329\/329985.png\" \/> <\/span><span id=\"DeltaPlaceHolderMain\"><span style=\"text-decoration: underline;\"><span style=\"color: #ef4030; text-decoration: underline;\"><a style=\"color: #ef4030; text-decoration: underline;\" href=\"https:\/\/sadudelangedata.blob.core.windows.net\/files\/2023\/01\/20230103_VDD_CampagneDechets_Depliant_Brochure_HD_WEB_v01.pdf\" target=\"_blank\" rel=\"noopener\">Abfallratgeber <\/a><a style=\"color: #ef4030; text-decoration: underline;\" href=\"https:\/\/sadudelangedata.blob.core.windows.net\/files\/2023\/01\/20230103_VDD_CampagneDechets_Depliant_Brochure_HD_WEB_v01.pdf\" target=\"_blank\" rel=\"noopener\">(Kommunale Verordnung \u00fcber die Abfallwirtschaft)<\/a><\/span><\/span><\/span><\/p>\n<p><img decoding=\"async\" class=\" lazyloaded\" src=\"https:\/\/cdn-icons-png.flaticon.com\/512\/330\/330146.png\" alt=\"United kingdom free icon\" width=\"23\" height=\"23\" data-orig-src=\"https:\/\/cdn-icons-png.flaticon.com\/512\/330\/330146.png\" \/> <span style=\"text-decoration: underline;\"><span style=\"color: #ef4030;\"><a style=\"color: #ef4030; text-decoration: underline;\" href=\"https:\/\/sadudelangedata.blob.core.windows.net\/files\/2023\/02\/Trad_EN_Dechets-MA.docx\">Waste guidebook (Communal regulation on waste management)<\/a><\/span><\/span><\/p>\n<p><img decoding=\"async\" class=\" lazyloaded\" src=\"https:\/\/cdn-icons-png.flaticon.com\/512\/330\/330079.png\" width=\"23\" height=\"23\" data-orig-src=\"https:\/\/cdn-icons-png.flaticon.com\/512\/330\/330079.png\" \/> <span style=\"text-decoration: underline;\"><span style=\"color: #ef4030;\"><a style=\"color: #ef4030; text-decoration: underline;\" href=\"https:\/\/sadudelangedata.blob.core.windows.net\/files\/2023\/02\/Regulamento-municipal-relativo-a-gestao-dos-residuos.pdf\">Guia dos res\u00edduos (Regulamento municipal relativo \u00e0 gest\u00e3o dos res\u00edduos)<\/a><\/span><\/span><\/p>\n<p><strong>Quels d\u00e9chets peut-on jeter dans les diff\u00e9rentes poubelles et et qu\u2019est-ce qu\u2019il ne faut en aucun cas y jeter ? \/ Welche Abf\u00e4lle k\u00f6nnen in die verschiedenen M\u00fclltonnen geworfen werden und was auf keinen Fall?<\/strong><\/p>\n<ul>\n<li><span style=\"color: #ef4030;\"><a style=\"color: #ef4030; text-decoration: underline;\" href=\"https:\/\/sadudelangedata.blob.core.windows.net\/files\/2023\/08\/VDD_CampagneDechets_Fiches_A4_DE\u0301CHETS-ME\u0301NAGERS-\u2013-HAUSABFA\u0308LLE.pdf\" target=\"_blank\" rel=\"noopener\">D\u00e9chets m\u00e9nagers \u2013 Hausabf\u00e4lle<\/a><\/span><\/li>\n<li><span style=\"color: #ef4030;\"><a style=\"color: #ef4030; text-decoration: underline;\" href=\"https:\/\/sadudelangedata.blob.core.windows.net\/files\/2023\/08\/VDD_CampagneDechets_Fiches_A4_DE\u0301CHETS-BIOLOGIQUES-\u2013-BIOABFA\u0308LLE.pdf\" target=\"_blank\" rel=\"noopener\">D\u00e9chets biologiques \u2013 Bioabf\u00e4lle<\/a><\/span><\/li>\n<li><span style=\"color: #ef4030;\"><a style=\"color: #ef4030; text-decoration: underline;\" href=\"https:\/\/sadudelangedata.blob.core.windows.net\/files\/2023\/08\/VDD_CampagneDechets_Fiches_A4_PAPIER-_-CARTON-\u2013-PAPIER-_-KARTON.pdf\" target=\"_blank\" rel=\"noopener\">Papier-Carton \u2013 Papier-Karton<\/a><\/span><\/li>\n<li><span style=\"color: #ef4030;\"><a style=\"color: #ef4030; text-decoration: underline;\" href=\"https:\/\/sadudelangedata.blob.core.windows.net\/files\/2023\/08\/VDD_CampagneDechets_Fiches_A4_VERRE-\u2013-GLAS.pdf\" target=\"_blank\" rel=\"noopener\">Verre \u2013 Glas<\/a><\/span><\/li>\n<li><span style=\"color: #ef4030;\"><a style=\"color: #ef4030; text-decoration: underline;\" href=\"https:\/\/sadudelangedata.blob.core.windows.net\/files\/2023\/08\/VDD_CampagneDechets_Fiches_A4_VALORLUX.pdf\" target=\"_blank\" rel=\"noopener\">Valorlux<\/a><\/span><\/li>\n<li><span style=\"color: #ef4030;\"><a style=\"color: #ef4030; text-decoration: underline;\" href=\"https:\/\/sadudelangedata.blob.core.windows.net\/files\/2023\/08\/VDD_CampagneDechets_Fiches_A4_De\u0301chets-encombrants-_-Ferraille-\u2013-Sperrmu\u0308ll-_-Altmetall.pdf\" target=\"_blank\" rel=\"noopener\">De\u0301chets encombrants-Ferraille \u2013 Sperrmu\u0308ll-Altmetall<\/a><\/span><\/li>\n<\/ul>\n<p><strong>Campagne Anti-Littering<\/strong><\/p>\n<ul>\n<li>[PDF\u200b] <a href=\"https:\/\/sadudelangedata.blob.core.windows.net\/files\/2021\/09\/6153067119e86-6153067119e88vdd_antilittering_depliant.pdf.pdf\" target=\"_blank\" rel=\"noopener\"><span style=\"text-decoration: underline;\"><span style=\"color: #ef4030; text-decoration: underline;\">Anti-Littering<\/span><\/span><\/a><\/li>\n<\/ul>\n<p><strong>Poubelles<\/strong><\/p>\n<p>Pour commander, r\u00e9silier ou effectuer des changements de poubelles, vous pouvez contacter:<strong><br \/>\n<\/strong><\/p>\n<ul>\n<li><span style=\"text-decoration: underline; color: #ef4030;\"><a href=\"https:\/\/www.dudelange.lu\/index.php\/services-communaux\/ateliers-communaux\/\" target=\"_blank\" rel=\"noopener\">Secr\u00e9tariat des <\/a><a href=\"https:\/\/www.dudelange.lu\/index.php\/services-communaux\/gestion-et-collecte-des-dechets\/\" target=\"_blank\" rel=\"noopener noreferrer\">ateliers <\/a><a href=\"https:\/\/www.dudelange.lu\/index.php\/services-communaux\/ateliers-communaux\/\" target=\"_blank\" rel=\"noopener\">communaux<\/a><\/span><span id=\"DeltaPlaceHolderMain\"><br \/>\n<\/span><span id=\"DeltaPlaceHolderMain\"><\/span><\/li>\n<li><span style=\"text-decoration: underline;\"><span style=\"color: #ef4030;\"><a style=\"color: #ef4030; text-decoration: underline;\" href=\"https:\/\/www.dudelange.lu\/index.php\/services-communaux\/office-des-citoyens-biergeramt\/\" target=\"_blank\" rel=\"noopener\">Office des\u200b citoyens<\/a><\/span><\/span><\/li>\n<\/ul>\n<p><strong>Sacs-poubelle<\/strong><\/p>\n<p>Pour acheter des <span style=\"text-decoration: underline;\">sacs-poubelle noirs<\/span> (d\u00e9chets m\u00e9nagers) ou bien recevoir des <span style=\"text-decoration: underline;\">sacs-poubelle bleus Valorlux<\/span>, <span id=\"DeltaPlaceHolderMain\">vous pouvez vous adresser \u00e0 l&rsquo;<span style=\"text-decoration: underline;\"><span style=\"color: #ef4030; text-decoration: underline;\"><a style=\"color: #ef4030; text-decoration: underline;\" href=\"https:\/\/www.dudelange.lu\/index.php\/services-communaux\/accueil\/\">a<\/a><\/span><\/span><\/span><span style=\"text-decoration: underline;\"><span style=\"color: #ef4030; text-decoration: underline;\">ccueil de l\u2019H\u00f4tel de Ville<\/span><\/span>.<\/p>\n<p><strong>D\u00e9chets encombrants<\/strong><\/p>\n<p>Pour commander l\u2019enl\u00e8vement de d\u00e9chets encombrants, contactez le <a href=\"https:\/\/www.dudelange.lu\/index.php\/services-communaux\/ateliers-communaux\/\"><span style=\"text-decoration: underline; color: #ef4030;\">secr\u00e9tariat des ateliers communaux<\/span><\/a><\/p>\n<p>Vous devez d\u00e9poser les d\u00e9chets encombrants sur la voie publique \u00e0 l\u2019heure du rendez-vous fix\u00e9. Vous \u00eates pri\u00e9s d\u2019\u00eatre pr\u00e9sent pour ce rendez-vous, afin d\u2019assister au pesage des d\u00e9chets qui d\u00e9terminera le prix de l\u2019enl\u00e8vement : une taxe fixe de 15\u20ac sera factur\u00e9e pour la fixation du rendez-vous et l\u2019enl\u00e8vement des d\u00e9chets encombrants inf\u00e9rieurs \u00e0 50 kg. Tout kg suppl\u00e9mentaire sera factur\u00e9 0,35\u20ac\/kg. <span id=\"DeltaPlaceHolderMain\">La collecte des d\u00e9chets encombrants n\u2019est pas destin\u00e9e aux ordures m\u00e9nag\u00e8res en sacs plastique.<\/span><\/p>\n<p>La collecte des encombrants est <span style=\"text-decoration: underline;\">uniquement<\/span> destin\u00e9e aux d\u00e9chets suivants\u2009:<\/p>\n<ul>\n<li>Vieux meubles (fauteuils, canap\u00e9s, chaises, lits, armoires) ; bois trait\u00e9 (frises, palettes, plinthes et baguettes\u2009; sommiers \u00e0 lattes et claies) \u2013 pour des raisons de s\u00e9curit\u00e9, il est obligatoire d\u2019enlever ou de rabattre les clous\u2009; chambranles de portes et portes non vitr\u00e9es\u2009; ch\u00e2ssis de fen\u00eatres sans vitrage\u2009; volets roulants (en plastique ou en bois)\u2009; matelas\u2009; tapis et moquettes\u2009; mati\u00e8res plastiques non recyclables (films plastique, grands jouets, meubles de jardin, seaux, tonneaux, gaines).<\/li>\n<li>Le bois trait\u00e9, dont il faut enlever ou rabattre les clous, doit \u00eatre pr\u00e9sent\u00e9 sous forme de paquets. La longueur des paquets ne doit pas d\u00e9passer 1,50\u2009m. Les tapis et moquettes doivent \u00eatre enroul\u00e9s ou pr\u00e9sent\u00e9s sous formes de paquets.<\/li>\n<li>Les appareils \u00e9lectriques (t\u00e9l\u00e9viseurs, micro-ondes, &#8230;) sont collect\u00e9s s\u00e9par\u00e9ment, et non pas avec les d\u00e9chets encombrants.<\/li>\n<li>La collecte des ferrailles (jantes, sommiers,\u2009&#8230;) se fait les m\u00eames jours que les d\u00e9chets encombrants, toutefois la ferraille ne doit pas \u00eatre m\u00e9lang\u00e9e aux autres d\u00e9chets encombrants, mais pr\u00e9par\u00e9e s\u00e9par\u00e9ment.<\/li>\n<\/ul>\n<p><strong><span id=\"DeltaPlaceHolderMain\">Parcs de recyclage<\/span><\/strong><\/p>\n<p><strong><span id=\"DeltaPlaceHolderMain\">Syndicat intercommunal STEP<\/span><\/strong><strong><span id=\"DeltaPlaceHolderMain\"><br \/>\n<\/span><\/strong><span id=\"DeltaPlaceHolderMain\"><a href=\"http:\/\/www.step.lu\" target=\"_blank\" rel=\"noopener\"><span style=\"text-decoration: underline;\"><span style=\"color: #ef4030; text-decoration: underline;\">www.step.lu<\/span><\/span><\/a><\/span><\/p>\n<p>Vous obtiendrez votre carte STEP pour pouvoir vous rendre au parc de recyclage \u00e0 l\u2019<span style=\"text-decoration: underline;\"><span style=\"color: #ef4030;\"><a style=\"color: #ef4030; text-decoration: underline;\" href=\"https:\/\/www.dudelange.lu\/index.php\/services-communaux\/office-des-citoyens-biergeramt\/\" target=\"_blank\" rel=\"noopener\">Office des citoyens<\/a><\/span><\/span>.<\/p>\n<ul>\n<li><strong>Dudelange\/Bettembourg<\/strong><br \/>\nRoute de Luxembourg, L-3515 Dudelange<br \/>\nT 52 28 34 \/ <a href=\"mailto:recyclage@step.lu\" target=\"_blank\" rel=\"noopener\"><span style=\"text-decoration: underline; color: #ef4030;\">recyclage@step.lu<\/span><\/a><br \/>\nHoraires &amp; infos: <span style=\"text-decoration: underline;\"><span style=\"text-decoration: underline;\"><span style=\"text-decoration: underline;\"><span style=\"color: #ef4030; text-decoration: underline;\"><a style=\"color: #ef4030; text-decoration: underline;\" href=\"https:\/\/www.step.lu\/\" target=\"_blank\" rel=\"noopener\">www.step.lu<\/a><\/span><\/span><\/span><\/span><\/li>\n<li><strong>T\u00e9tange\/Rumelange<\/strong><br \/>\nRue de la Fontaine, L-3768 T\u00e9tange<br \/>\nT 56 03 65 \/ <span id=\"DeltaPlaceHolderMain\"><a href=\"mailto:recyclage@step.lu\" target=\"_blank\" rel=\"noopener\"><span style=\"text-decoration: underline; color: #ef4030;\">recyclage@step.lu<\/span><\/a><\/span><br \/>\nHoraires &amp; infos: <a href=\"https:\/\/www.step.lu\/\" target=\"_blank\" rel=\"noopener\"><span style=\"text-decoration: underline; color: #ef4030;\">www.step.lu<\/span><\/a><\/li>\n<li><span id=\"DeltaPlaceHolderMain\">[PDF] <a href=\"https:\/\/sadudelangedata.blob.core.windows.net\/files\/2021\/09\/6153080b3b6b9-6153080b3b6baY20M09D25-Step_Brochure_FR_web.pdf.pdf\" target=\"_blank\" rel=\"noopener\"><span style=\"text-decoration: underline;\"><span style=\"color: #ef4030; text-decoration: underline;\">G<\/span><span style=\"color: #ef4030; text-decoration: underline;\">uide du recyclage STEP<\/span><\/span><\/a> &#8211; <span style=\"text-decoration: underline;\"><span style=\"color: #ef4030; text-decoration: underline;\"><a style=\"color: #ef4030; text-decoration: underline;\" href=\"https:\/\/sadudelangedata.blob.core.windows.net\/files\/2021\/09\/6153083f87582-6153083f87583Y20M09D25-Step_Brochure_DE_web.pdf.pdf\" target=\"_blank\" rel=\"noopener\">Recyclingleitfaden STEP<\/a><\/span><\/span><\/span><span id=\"DeltaPlaceHolderMain\"><br \/>\n<\/span>[PDF] <span style=\"text-decoration: underline;\"><span style=\"color: #ef4030; text-decoration: underline;\"><a style=\"color: #ef4030; text-decoration: underline;\" href=\"https:\/\/sadudelangedata.blob.core.windows.net\/files\/2021\/09\/615307d0c1787-615307d0c1788Y20M03D04-STEP_Reglement_RC_VF.pdf.pdf\" target=\"_blank\" rel=\"noopener\">R\u00e8glement STEP<\/a><\/span><\/span><\/li>\n<\/ul>\n<p><strong>Recycling-Taxi<\/strong><\/p>\n<p>Le <span id=\"DeltaPlaceHolderMain\">&lsquo;Recycling-Taxi&rsquo; permet<\/span> aux personnes \u00e0 mobilit\u00e9 r\u00e9duite de profiter des services du parc de recyclage STEP. Les autres citoyens peuvent, eux aussi, en cas de besoin, faire appel \u00e0 ce service 4 fois par an (par m\u00e9nage). Vous pouvez vous procurer aupr\u00e8s <span id=\"DeltaPlaceHolderMain\">de l&rsquo;<span style=\"text-decoration: underline;\"><span style=\"color: #ef4030; text-decoration: underline;\"><a style=\"color: #ef4030; text-decoration: underline;\" href=\"https:\/\/www.dudelange.lu\/index.php\/services-communaux\/accueil\/\">a<\/a><\/span><\/span><\/span><span style=\"text-decoration: underline;\"><span style=\"color: #ef4030; text-decoration: underline;\">ccueil de l\u2019H\u00f4tel de Ville<\/span><\/span> un carnet contenant les bons n\u00e9cessaires, pour la somme de 12\u20ac seulement. Ensuite, vous pouvez <span style=\"text-decoration: underline;\">prendre rendez-vous<\/span> au t\u00e9l. 516121 -914. Les mati\u00e8res suivantes sont collect\u00e9es: vieux textiles et chaussures, t\u00e9l\u00e9viseurs et \u00e9crans d\u2019ordinateur, gros et petits appareils \u00e9lectrom\u00e9nagers, mat\u00e9riel informatique, chutes de c\u00e2bles \u00e9lectriques, bo\u00eetes m\u00e9talliques. Pour toutes les autres mati\u00e8res, la commune met \u00e0 disposition des services alternatifs.\u200b<span id=\"DeltaPlaceHolderMain\">\u200b<br \/>\n<\/span><span id=\"DeltaPlaceHolderMain\"><\/span><\/p>\n<div class=\"ms-rtestate-field\"><\/div>\n<p><strong>Plus d&rsquo;infos<br \/>\n<\/strong><span id=\"DeltaPlaceHolderMain\"><\/span><span id=\"DeltaPlaceHolderMain\">Service \u00e9cologique<strong><br \/>\n<\/strong><\/span>T 516121 -263 \/ -279 \/ -264<br \/>\n<span style=\"text-decoration: underline;\"><span style=\"color: #ef4030; text-decoration: underline;\"><a style=\"color: #ef4030; text-decoration: underline;\" href=\"mailto:ecologie@dudelange.lu\" target=\"_blank\" rel=\"noopener\"><span id=\"DeltaPlaceHolderMain\">ecologie@dudelange.lu<\/span><\/a><\/span><\/span><\/p>\n<\/div><\/div><style type=\"text\/css\">.fusion-body .fusion-builder-column-0{width:100% !important;margin-top : 0px;margin-bottom : 0px;}.fusion-builder-column-0 > .fusion-column-wrapper {padding-top : 0px !important;padding-right : 0px !important;margin-right : 1.92%;padding-bottom : 0px !important;padding-left : 0px !important;margin-left : 1.92%;}@media only screen and (max-width:1024px) {.fusion-body .fusion-builder-column-0{width:100% !important;}.fusion-builder-column-0 > .fusion-column-wrapper {margin-right : 1.92%;margin-left : 1.92%;}}@media only screen and (max-width:640px) {.fusion-body .fusion-builder-column-0{width:100% !important;}.fusion-builder-column-0 > .fusion-column-wrapper {margin-right : 1.92%;margin-left : 1.92%;}}<\/style><\/div><\/div><style type=\"text\/css\">.fusion-body .fusion-flex-container.fusion-builder-row-1{ padding-top : 0px;margin-top : 0px;padding-right : 0px;padding-bottom : 0px;margin-bottom : 0px;padding-left : 0px;}<\/style><\/div>\n","protected":false},"excerpt":{"rendered":"","protected":false},"author":8,"featured_media":4545,"parent":0,"menu_order":0,"comment_status":"closed","ping_status":"closed","template":"","meta":{"footnotes":""},"class_list":["post-4544","page","type-page","status-publish","has-post-thumbnail","hentry"],"publishpress_future_action":{"enabled":false,"date":"2026-05-07 22:32:42","action":"change-status","newStatus":"draft","terms":[],"taxonomy":"","extraData":[]},"publishpress_future_workflow_manual_trigger":{"enabledWorkflows":[]},"_links":{"self":[{"href":"https:\/\/www.dudelange.lu\/index.php\/wp-json\/wp\/v2\/pages\/4544","targetHints":{"allow":["GET"]}}],"collection":[{"href":"https:\/\/www.dudelange.lu\/index.php\/wp-json\/wp\/v2\/pages"}],"about":[{"href":"https:\/\/www.dudelange.lu\/index.php\/wp-json\/wp\/v2\/types\/page"}],"author":[{"embeddable":true,"href":"https:\/\/www.dudelange.lu\/index.php\/wp-json\/wp\/v2\/users\/8"}],"replies":[{"embeddable":true,"href":"https:\/\/www.dudelange.lu\/index.php\/wp-json\/wp\/v2\/comments?post=4544"}],"version-history":[{"count":62,"href":"https:\/\/www.dudelange.lu\/index.php\/wp-json\/wp\/v2\/pages\/4544\/revisions"}],"predecessor-version":[{"id":29904,"href":"https:\/\/www.dudelange.lu\/index.php\/wp-json\/wp\/v2\/pages\/4544\/revisions\/29904"}],"wp:featuredmedia":[{"embeddable":true,"href":"https:\/\/www.dudelange.lu\/index.php\/wp-json\/wp\/v2\/media\/4545"}],"wp:attachment":[{"href":"https:\/\/www.dudelange.lu\/index.php\/wp-json\/wp\/v2\/media?parent=4544"}],"curies":[{"name":"wp","href":"https:\/\/api.w.org\/{rel}","templated":true}]}}