{"id":4652,"date":"2021-09-28T15:33:38","date_gmt":"2021-09-28T13:33:38","guid":{"rendered":"https:\/\/dudelange.devoteamlab.lu\/?page_id=4652"},"modified":"2023-12-27T14:17:57","modified_gmt":"2023-12-27T13:17:57","slug":"qualites-de-lair-et-bruit","status":"publish","type":"page","link":"https:\/\/www.dudelange.lu\/index.php\/qualites-de-lair-et-bruit\/","title":{"rendered":"Qualit\u00e9s de l&rsquo;air et bruit"},"content":{"rendered":"<p><strong>Qualit\u00e9 de l&rsquo;air<br \/>\n<\/strong>Mesures enregistr\u00e9es \u00e0 Dudelange :<\/p>\n<ul>\n<li>[PDF] <span style=\"color: #ef4030;\"><a style=\"color: #ef4030; text-decoration: underline;\" href=\"https:\/\/sadudelangedata.blob.core.windows.net\/files\/2022\/11\/2022-06-NO-DUDELANGE-12.10.2022.pdf\" target=\"_blank\" rel=\"noopener\">Rapport annuel 2022<\/a><\/span><\/li>\n<li>[PDF] <span style=\"text-decoration: underline;\"><span style=\"color: #ef4030; text-decoration: underline;\"><a style=\"color: #ef4030; text-decoration: underline;\" href=\"https:\/\/sadudelangedata.blob.core.windows.net\/files\/2022\/08\/2021-NO2-DUDELANGE-Pacte-Climat-rapport-final.pdf\" target=\"_blank\" rel=\"noopener\">Rapport annuel 2021 <\/a><\/span><\/span><\/li>\n<li>[PDF] <a href=\"https:\/\/sadudelangedata.blob.core.windows.net\/files\/2021\/09\/615317f6a7925-615317f6a79262020-NO2-DUDELANGE-rapport-annuel.pdf.pdf\"><span style=\"text-decoration: underline;\"><span style=\"color: #ef4030; text-decoration: underline;\">Rapport annuel 2020<\/span><\/span><\/a><\/li>\n<li>[PDF] <span style=\"text-decoration: underline;\"><span style=\"color: #ef4030; text-decoration: underline;\"><a style=\"color: #ef4030; text-decoration: underline;\" href=\"https:\/\/sadudelangedata.blob.core.windows.net\/files\/2021\/09\/6153182e98a24-6153182e98a25rapport-annuel-NO2-2019.pdf.pdf\">Rapport annuel<\/a><\/span><\/span><span style=\"color: #ef4030;\"><a style=\"color: #ef4030; text-decoration: underline;\" href=\"https:\/\/sadudelangedata.blob.core.windows.net\/files\/2021\/09\/6153182e98a24-6153182e98a25rapport-annuel-NO2-2019.pdf.pdf\"> 2019<\/a><\/span><\/li>\n<\/ul>\n<p><strong><br \/>\nEmpreinte carbone<br \/>\n<\/strong>Calculez et compensez votre empreinte carbone gr\u00e2ce au calculateur <span style=\"color: #ef4030;\"><a style=\"color: #ef4030;\" href=\"http:\/\/co2.myclimate.org\" target=\"_blank\" rel=\"noopener\"><span style=\"text-decoration: underline;\">co2.myclimate.org<\/span><\/a>\u00a0<\/span><\/p>\n<p>&nbsp;<\/p>\n<p><strong>Carboncounter<br \/>\n<\/strong>Comparez les \u00e9missions de CO2 et les co\u00fbts totaux des v\u00e9hicules disponibles sur le march\u00e9 luxembourgeois en tenant compte de leur motorisation, leur cycle \u00e9conomique, leurs comparatifs, ainsi que de leur co\u00fbt de vie, de maintenance, d&rsquo;achat, d&rsquo;essence, de taxes, etc.<br \/>\n<span style=\"text-decoration: underline;\"><span style=\"color: #ef4030; text-decoration: underline;\"><a style=\"color: #ef4030; text-decoration: underline;\" href=\"http:\/\/carboncounter.lu\" target=\"_blank\" rel=\"noopener\">carboncounter.lu<\/a><\/span><\/span><\/p>\n<p>&nbsp;<\/p>\n<p><strong>R\u00e8glement contre le bruit<br \/>\n<\/strong>[PDF] <span style=\"text-decoration: underline;\"><span style=\"color: #ef4030;\"><a style=\"color: #ef4030; text-decoration: underline;\" href=\"https:\/\/sadudelangedata.blob.core.windows.net\/files\/2021\/09\/6153197a4a8df-6153197a4a8e0Reglement-contre-le-bruit.pdf.pdf.pdf\" target=\"_blank\" rel=\"noopener\">R\u00e8glement contre le bruit<\/a><\/span><\/span>\u00a0(FR\/DE)<\/p>\n<p>&nbsp;<\/p>\n","protected":false},"excerpt":{"rendered":"<p>Qualit\u00e9 de l&rsquo;air Mesures enregistr\u00e9es \u00e0 Dudelange : [PDF] Rapport [&hellip;]<\/p>\n","protected":false},"author":8,"featured_media":4653,"parent":0,"menu_order":0,"comment_status":"closed","ping_status":"closed","template":"","meta":{"footnotes":""},"class_list":["post-4652","page","type-page","status-publish","has-post-thumbnail","hentry"],"publishpress_future_action":{"enabled":false,"date":"2026-05-05 01:33:35","action":"change-status","newStatus":"draft","terms":[],"taxonomy":"","extraData":[]},"publishpress_future_workflow_manual_trigger":{"enabledWorkflows":[]},"_links":{"self":[{"href":"https:\/\/www.dudelange.lu\/index.php\/wp-json\/wp\/v2\/pages\/4652","targetHints":{"allow":["GET"]}}],"collection":[{"href":"https:\/\/www.dudelange.lu\/index.php\/wp-json\/wp\/v2\/pages"}],"about":[{"href":"https:\/\/www.dudelange.lu\/index.php\/wp-json\/wp\/v2\/types\/page"}],"author":[{"embeddable":true,"href":"https:\/\/www.dudelange.lu\/index.php\/wp-json\/wp\/v2\/users\/8"}],"replies":[{"embeddable":true,"href":"https:\/\/www.dudelange.lu\/index.php\/wp-json\/wp\/v2\/comments?post=4652"}],"version-history":[{"count":18,"href":"https:\/\/www.dudelange.lu\/index.php\/wp-json\/wp\/v2\/pages\/4652\/revisions"}],"predecessor-version":[{"id":23043,"href":"https:\/\/www.dudelange.lu\/index.php\/wp-json\/wp\/v2\/pages\/4652\/revisions\/23043"}],"wp:featuredmedia":[{"embeddable":true,"href":"https:\/\/www.dudelange.lu\/index.php\/wp-json\/wp\/v2\/media\/4653"}],"wp:attachment":[{"href":"https:\/\/www.dudelange.lu\/index.php\/wp-json\/wp\/v2\/media?parent=4652"}],"curies":[{"name":"wp","href":"https:\/\/api.w.org\/{rel}","templated":true}]}}