{"id":4877,"date":"2021-09-29T11:32:35","date_gmt":"2021-09-29T09:32:35","guid":{"rendered":"https:\/\/dudelange.devoteamlab.lu\/?page_id=4877"},"modified":"2026-04-16T17:54:38","modified_gmt":"2026-04-16T15:54:38","slug":"kannergemengerot","status":"publish","type":"page","link":"https:\/\/www.dudelange.lu\/index.php\/kannergemengerot\/","title":{"rendered":"Kannergemengerot"},"content":{"rendered":"<p>Le Conseil communal pour enfants a \u00e9t\u00e9 cr\u00e9\u00e9 en 2008 sur initiative du coll\u00e8ge des bourgmestre et \u00e9chevin\u00b7es et permet aux enfants de l\u2019enseignement fondamental des cycles 3.2, 4.1 et 4.2 de s\u2019initier \u00e0 la vie d\u00e9mocratique en s\u2019engageant sur base volontaire pour l\u2019am\u00e9lioration de la qualit\u00e9 de vie de l\u2019ensemble des enfants de Dudelange. Les \u00e9lections se d\u00e9roulent \u00e0 l\u2019image des \u00e9lections communales habituelles.<\/p>\n<p><strong>Contact<br \/>\n<\/strong>Service Jeunesse, Famille, Seniors et Hub Social<br \/>\nBarbara De Matteis<br \/>\nT\u00a0<span id=\"DeltaPlaceHolderMain\"><span lang=\"DE\">516121 -6621<\/span><\/span><br \/>\n<span style=\"text-decoration: underline;\"><span style=\"color: #ef4030; text-decoration: underline;\"><a style=\"color: #ef4030; text-decoration: underline;\" href=\"mailto:kannergemengerot@dudelange.lu\" target=\"_blank\" rel=\"noopener\">kannergemengerot@dudelange.lu<\/a><\/span><\/span><\/p>\n<p>&nbsp;<\/p>\n<p>&nbsp;<\/p>\n","protected":false},"excerpt":{"rendered":"<p>Le Conseil communal pour enfants a \u00e9t\u00e9 cr\u00e9\u00e9 en 2008 [&hellip;]<\/p>\n","protected":false},"author":11,"featured_media":5015,"parent":0,"menu_order":0,"comment_status":"closed","ping_status":"closed","template":"","meta":{"footnotes":""},"class_list":["post-4877","page","type-page","status-publish","has-post-thumbnail","hentry"],"publishpress_future_action":{"enabled":false,"date":"2026-05-07 21:29:47","action":"change-status","newStatus":"draft","terms":[],"taxonomy":"","extraData":[]},"publishpress_future_workflow_manual_trigger":{"enabledWorkflows":[]},"_links":{"self":[{"href":"https:\/\/www.dudelange.lu\/index.php\/wp-json\/wp\/v2\/pages\/4877","targetHints":{"allow":["GET"]}}],"collection":[{"href":"https:\/\/www.dudelange.lu\/index.php\/wp-json\/wp\/v2\/pages"}],"about":[{"href":"https:\/\/www.dudelange.lu\/index.php\/wp-json\/wp\/v2\/types\/page"}],"author":[{"embeddable":true,"href":"https:\/\/www.dudelange.lu\/index.php\/wp-json\/wp\/v2\/users\/11"}],"replies":[{"embeddable":true,"href":"https:\/\/www.dudelange.lu\/index.php\/wp-json\/wp\/v2\/comments?post=4877"}],"version-history":[{"count":3,"href":"https:\/\/www.dudelange.lu\/index.php\/wp-json\/wp\/v2\/pages\/4877\/revisions"}],"predecessor-version":[{"id":30582,"href":"https:\/\/www.dudelange.lu\/index.php\/wp-json\/wp\/v2\/pages\/4877\/revisions\/30582"}],"wp:featuredmedia":[{"embeddable":true,"href":"https:\/\/www.dudelange.lu\/index.php\/wp-json\/wp\/v2\/media\/5015"}],"wp:attachment":[{"href":"https:\/\/www.dudelange.lu\/index.php\/wp-json\/wp\/v2\/media?parent=4877"}],"curies":[{"name":"wp","href":"https:\/\/api.w.org\/{rel}","templated":true}]}}